{"id":3291,"date":"2023-08-16T11:29:00","date_gmt":"2023-08-16T09:29:00","guid":{"rendered":"https:\/\/revistes.proscenium.cat\/feria-titeres-lleida\/"},"modified":"2025-07-03T13:09:20","modified_gmt":"2025-07-03T11:09:20","slug":"feria-titeres-lleida","status":"publish","type":"page","link":"https:\/\/revistes.proscenium.cat\/es\/feria-titeres-lleida\/","title":{"rendered":"feria t\u00edteres lleida"},"content":{"rendered":"\t\t<div data-elementor-type=\"wp-page\" data-elementor-id=\"3291\" class=\"elementor elementor-3291 elementor-829\" data-elementor-post-type=\"page\">\n\t\t\t\t<div data-particle_enable=\"false\" data-particle-mobile-disabled=\"false\" class=\"elementor-element elementor-element-d1b321c e-con-full e-flex elementor-invisible e-con e-parent\" data-id=\"d1b321c\" data-element_type=\"container\" data-e-type=\"container\" data-settings=\"{&quot;animation&quot;:&quot;fadeIn&quot;}\">\n\t\t<div data-particle_enable=\"false\" data-particle-mobile-disabled=\"false\" class=\"elementor-element elementor-element-650a28d e-con-full e-flex e-con e-child\" data-id=\"650a28d\" data-element_type=\"container\" data-e-type=\"container\">\n\t\t\t\t<\/div>\n\t\t<div data-particle_enable=\"false\" data-particle-mobile-disabled=\"false\" class=\"elementor-element elementor-element-eccad9e e-con-full e-flex e-con e-child\" data-id=\"eccad9e\" data-element_type=\"container\" data-e-type=\"container\">\n\t\t<div data-particle_enable=\"false\" data-particle-mobile-disabled=\"false\" class=\"elementor-element elementor-element-6fc69e7 e-flex e-con-boxed e-con e-child\" data-id=\"6fc69e7\" data-element_type=\"container\" data-e-type=\"container\">\n\t\t\t\t\t<div class=\"e-con-inner\">\n\t\t\t\t<div class=\"elementor-element elementor-element-cd5a348 elementor-invisible elementor-widget elementor-widget-image\" data-id=\"cd5a348\" data-element_type=\"widget\" data-e-type=\"widget\" data-settings=\"{&quot;_animation&quot;:&quot;fadeInRight&quot;}\" data-widget_type=\"image.default\">\n\t\t\t\t<div class=\"elementor-widget-container\">\n\t\t\t\t\t\t\t\t\t\t\t\t\t\t\t<img fetchpriority=\"high\" decoding=\"async\" width=\"266\" height=\"302\" src=\"https:\/\/revistes.proscenium.cat\/wp-content\/uploads\/2023\/08\/picto-favicon.svg\" class=\"attachment-medium size-medium wp-image-2922\" alt=\"\" \/>\t\t\t\t\t\t\t\t\t\t\t\t\t\t\t<\/div>\n\t\t\t\t<\/div>\n\t\t\t\t\t<\/div>\n\t\t\t\t<\/div>\n\t\t\t\t<div class=\"elementor-element elementor-element-3af0e0f elementor-invisible elementor-widget elementor-widget-text-editor\" data-id=\"3af0e0f\" data-element_type=\"widget\" data-e-type=\"widget\" data-settings=\"{&quot;_animation&quot;:&quot;fadeInDown&quot;}\" data-widget_type=\"text-editor.default\">\n\t\t\t\t<div class=\"elementor-widget-container\">\n\t\t\t\t\t\t\t\t\t<p>EDICI\u00d3N 09<\/p>\t\t\t\t\t\t\t\t<\/div>\n\t\t\t\t<\/div>\n\t\t\t\t<div class=\"elementor-element elementor-element-4460f9d elementor-widget-divider--view-line elementor-invisible elementor-widget elementor-widget-divider\" data-id=\"4460f9d\" data-element_type=\"widget\" data-e-type=\"widget\" data-settings=\"{&quot;_animation&quot;:&quot;fadeIn&quot;}\" data-widget_type=\"divider.default\">\n\t\t\t\t<div class=\"elementor-widget-container\">\n\t\t\t\t\t\t\t<div class=\"elementor-divider\">\n\t\t\t<span class=\"elementor-divider-separator\">\n\t\t\t\t\t\t<\/span>\n\t\t<\/div>\n\t\t\t\t\t\t<\/div>\n\t\t\t\t<\/div>\n\t\t\t\t<div class=\"elementor-element elementor-element-98e8957 elementor-invisible elementor-widget elementor-widget-heading\" data-id=\"98e8957\" data-element_type=\"widget\" data-e-type=\"widget\" data-settings=\"{&quot;_animation&quot;:&quot;fadeInUp&quot;}\" data-widget_type=\"heading.default\">\n\t\t\t\t<div class=\"elementor-widget-container\">\n\t\t\t\t\t<h2 class=\"elementor-heading-title elementor-size-default\">REPORTAJE<\/h2>\t\t\t\t<\/div>\n\t\t\t\t<\/div>\n\t\t\t\t<div class=\"elementor-element elementor-element-d4d5525 elementor-invisible elementor-widget elementor-widget-heading\" data-id=\"d4d5525\" data-element_type=\"widget\" data-e-type=\"widget\" data-settings=\"{&quot;_animation&quot;:&quot;fadeInUp&quot;}\" data-widget_type=\"heading.default\">\n\t\t\t\t<div class=\"elementor-widget-container\">\n\t\t\t\t\t<h2 class=\"elementor-heading-title elementor-size-default\">FERIA T\u00cdTERES LLEIDA 2023<\/h2>\t\t\t\t<\/div>\n\t\t\t\t<\/div>\n\t\t\t\t<div class=\"elementor-element elementor-element-75fc86a elementor-widget-divider--view-line elementor-invisible elementor-widget elementor-widget-divider\" data-id=\"75fc86a\" data-element_type=\"widget\" data-e-type=\"widget\" data-settings=\"{&quot;_animation&quot;:&quot;fadeIn&quot;}\" data-widget_type=\"divider.default\">\n\t\t\t\t<div class=\"elementor-widget-container\">\n\t\t\t\t\t\t\t<div class=\"elementor-divider\">\n\t\t\t<span class=\"elementor-divider-separator\">\n\t\t\t\t\t\t<\/span>\n\t\t<\/div>\n\t\t\t\t\t\t<\/div>\n\t\t\t\t<\/div>\n\t\t\t\t<div class=\"elementor-element elementor-element-170dc88 elementor-widget elementor-widget-spacer\" data-id=\"170dc88\" data-element_type=\"widget\" data-e-type=\"widget\" data-widget_type=\"spacer.default\">\n\t\t\t\t<div class=\"elementor-widget-container\">\n\t\t\t\t\t\t\t<div class=\"elementor-spacer\">\n\t\t\t<div class=\"elementor-spacer-inner\"><\/div>\n\t\t<\/div>\n\t\t\t\t\t\t<\/div>\n\t\t\t\t<\/div>\n\t\t\t\t<\/div>\n\t\t\t\t<\/div>\n\t\t<div data-particle_enable=\"false\" data-particle-mobile-disabled=\"false\" class=\"elementor-element elementor-element-65a2c33 e-flex e-con-boxed e-con e-parent\" data-id=\"65a2c33\" data-element_type=\"container\" data-e-type=\"container\" data-settings=\"{&quot;background_background&quot;:&quot;classic&quot;}\">\n\t\t\t\t\t<div class=\"e-con-inner\">\n\t\t\t\t<div class=\"elementor-element elementor-element-3b61e2d elementor-widget elementor-widget-spacer\" data-id=\"3b61e2d\" data-element_type=\"widget\" data-e-type=\"widget\" data-widget_type=\"spacer.default\">\n\t\t\t\t<div class=\"elementor-widget-container\">\n\t\t\t\t\t\t\t<div class=\"elementor-spacer\">\n\t\t\t<div class=\"elementor-spacer-inner\"><\/div>\n\t\t<\/div>\n\t\t\t\t\t\t<\/div>\n\t\t\t\t<\/div>\n\t\t\t\t<div class=\"elementor-element elementor-element-004e485 elementor-invisible elementor-widget elementor-widget-image\" data-id=\"004e485\" data-element_type=\"widget\" data-e-type=\"widget\" data-settings=\"{&quot;_animation&quot;:&quot;wobble&quot;}\" data-widget_type=\"image.default\">\n\t\t\t\t<div class=\"elementor-widget-container\">\n\t\t\t\t\t\t\t\t\t\t\t\t\t\t\t<img decoding=\"async\" width=\"1131\" height=\"1600\" src=\"https:\/\/revistes.proscenium.cat\/wp-content\/uploads\/2023\/09\/34a_fira-cartell_web-gran.jpg\" class=\"attachment-full size-full wp-image-3065\" alt=\"\" srcset=\"https:\/\/revistes.proscenium.cat\/wp-content\/uploads\/2023\/09\/34a_fira-cartell_web-gran.jpg 1131w, https:\/\/revistes.proscenium.cat\/wp-content\/uploads\/2023\/09\/34a_fira-cartell_web-gran-212x300.jpg 212w, https:\/\/revistes.proscenium.cat\/wp-content\/uploads\/2023\/09\/34a_fira-cartell_web-gran-724x1024.jpg 724w, https:\/\/revistes.proscenium.cat\/wp-content\/uploads\/2023\/09\/34a_fira-cartell_web-gran-768x1086.jpg 768w, https:\/\/revistes.proscenium.cat\/wp-content\/uploads\/2023\/09\/34a_fira-cartell_web-gran-1086x1536.jpg 1086w\" sizes=\"(max-width: 1131px) 100vw, 1131px\" \/>\t\t\t\t\t\t\t\t\t\t\t\t\t\t\t<\/div>\n\t\t\t\t<\/div>\n\t\t\t\t\t<\/div>\n\t\t\t\t<\/div>\n\t\t\t\t\t<script>\n\t\t\t\t(function($) {\n                    \"use strict\";\n\n                    var target = $('.elementor-element-65a2c33');\n                    target.addClass('e-lazyloaded');\n\n                    \n                    var EaelParallaxElement = {\n\n\t\t\t\t\t\tinit: function() {\n\t\t\t\t\t\t\telementorFrontend.hooks.addAction('frontend\/element_ready\/global', EaelParallaxElement.initWidget);\n\t\t\t\t\t\t},\n                        responsiveParallax: function(){\n                            var android = 0,\n                                ios = 0;\n                            switch( true || 1 ){\n                                case android && ios:\n                                    return \/iPad|iPhone|iPod|Android\/;\n                                    break;\n                                case android && ! ios:\n                                    return \/Android\/;\n                                    break;\n                                case ! android && ios:\n                                    return \/iPad|iPhone|iPod\/;\n                                    break;\n                                case ( ! android && ! ios ):\n                                    return null;\n                            }\n                        },\n\t\t\t\t\t\tinitWidget: function( $scope ) {\n\n\t\t\t\t\t\t\ttarget.jarallax({\n\t\t\t\t\t\t\t\ttype: 'scroll',\n\t\t\t\t\t\t\t\tspeed: 2,\n\t\t\t\t\t\t\t\tkeepImg: true,\n                                disableParallax: EaelParallaxElement.responsiveParallax(),\n\t\t\t\t\t\t\t});\n\t\t\t\t\t\t}\n\n\t\t\t\t\t};\n\n\t\t\t\t\t$( window ).on('elementor\/frontend\/init', EaelParallaxElement.init);\n\n                    \t\t\t\t}( jQuery ) );\n\t\t\t<\/script>\n\t\t<div data-particle_enable=\"false\" data-particle-mobile-disabled=\"false\" class=\"elementor-element elementor-element-c213409 e-flex e-con-boxed e-con e-parent\" data-id=\"c213409\" data-element_type=\"container\" data-e-type=\"container\">\n\t\t\t\t\t<div class=\"e-con-inner\">\n\t\t<div data-particle_enable=\"false\" data-particle-mobile-disabled=\"false\" class=\"elementor-element elementor-element-db0c397 e-con-full e-flex e-con e-child\" data-id=\"db0c397\" data-element_type=\"container\" data-e-type=\"container\">\n\t\t\t\t<div class=\"elementor-element elementor-element-9629829 elementor-widget elementor-widget-spacer\" data-id=\"9629829\" data-element_type=\"widget\" data-e-type=\"widget\" data-widget_type=\"spacer.default\">\n\t\t\t\t<div class=\"elementor-widget-container\">\n\t\t\t\t\t\t\t<div class=\"elementor-spacer\">\n\t\t\t<div class=\"elementor-spacer-inner\"><\/div>\n\t\t<\/div>\n\t\t\t\t\t\t<\/div>\n\t\t\t\t<\/div>\n\t\t\t\t<\/div>\n\t\t\t\t\t<\/div>\n\t\t\t\t<\/div>\n\t\t<div data-particle_enable=\"false\" data-particle-mobile-disabled=\"false\" class=\"elementor-element elementor-element-b6f2566 e-con-full e-flex e-con e-parent\" data-id=\"b6f2566\" data-element_type=\"container\" data-e-type=\"container\" data-settings=\"{&quot;background_background&quot;:&quot;classic&quot;}\">\n\t\t\t\t<div class=\"elementor-element elementor-element-6311c9d elementor-widget elementor-widget-spacer\" data-id=\"6311c9d\" data-element_type=\"widget\" data-e-type=\"widget\" data-widget_type=\"spacer.default\">\n\t\t\t\t<div class=\"elementor-widget-container\">\n\t\t\t\t\t\t\t<div class=\"elementor-spacer\">\n\t\t\t<div class=\"elementor-spacer-inner\"><\/div>\n\t\t<\/div>\n\t\t\t\t\t\t<\/div>\n\t\t\t\t<\/div>\n\t\t\t\t<div class=\"elementor-element elementor-element-3e120c5 elementor-widget elementor-widget-spacer\" data-id=\"3e120c5\" data-element_type=\"widget\" data-e-type=\"widget\" data-widget_type=\"spacer.default\">\n\t\t\t\t<div class=\"elementor-widget-container\">\n\t\t\t\t\t\t\t<div class=\"elementor-spacer\">\n\t\t\t<div class=\"elementor-spacer-inner\"><\/div>\n\t\t<\/div>\n\t\t\t\t\t\t<\/div>\n\t\t\t\t<\/div>\n\t\t\t\t<div class=\"elementor-element elementor-element-183334e elementor-invisible elementor-widget elementor-widget-heading\" data-id=\"183334e\" data-element_type=\"widget\" data-e-type=\"widget\" data-settings=\"{&quot;_animation&quot;:&quot;fadeInDown&quot;}\" data-widget_type=\"heading.default\">\n\t\t\t\t<div class=\"elementor-widget-container\">\n\t\t\t\t\t<h2 class=\"elementor-heading-title elementor-size-default\">La Feria de T\u00edteres de El Testamento, Loco y Corpus<\/h2>\t\t\t\t<\/div>\n\t\t\t\t<\/div>\n\t\t\t\t<div class=\"elementor-element elementor-element-6546497 elementor-invisible elementor-widget elementor-widget-text-editor\" data-id=\"6546497\" data-element_type=\"widget\" data-e-type=\"widget\" data-settings=\"{&quot;_animation&quot;:&quot;fadeInUp&quot;}\" data-widget_type=\"text-editor.default\">\n\t\t\t\t<div class=\"elementor-widget-container\">\n\t\t\t\t\t\t\t\t\t<p><b>Dani Chicano<\/b><\/p>\t\t\t\t\t\t\t\t<\/div>\n\t\t\t\t<\/div>\n\t\t\t\t<div class=\"elementor-element elementor-element-f71d8b0 elementor-widget-divider--view-line elementor-invisible elementor-widget elementor-widget-divider\" data-id=\"f71d8b0\" data-element_type=\"widget\" data-e-type=\"widget\" data-settings=\"{&quot;_animation&quot;:&quot;fadeInDown&quot;}\" data-widget_type=\"divider.default\">\n\t\t\t\t<div class=\"elementor-widget-container\">\n\t\t\t\t\t\t\t<div class=\"elementor-divider\">\n\t\t\t<span class=\"elementor-divider-separator\">\n\t\t\t\t\t\t<\/span>\n\t\t<\/div>\n\t\t\t\t\t\t<\/div>\n\t\t\t\t<\/div>\n\t\t\t\t<div class=\"elementor-element elementor-element-bb20fa2 elementor-widget elementor-widget-spacer\" data-id=\"bb20fa2\" data-element_type=\"widget\" data-e-type=\"widget\" data-widget_type=\"spacer.default\">\n\t\t\t\t<div class=\"elementor-widget-container\">\n\t\t\t\t\t\t\t<div class=\"elementor-spacer\">\n\t\t\t<div class=\"elementor-spacer-inner\"><\/div>\n\t\t<\/div>\n\t\t\t\t\t\t<\/div>\n\t\t\t\t<\/div>\n\t\t\t\t<\/div>\n\t\t\t\t\t<script>\n\t\t\t\t(function($) {\n                    \"use strict\";\n\n                    var target = $('.elementor-element-b6f2566');\n                    target.addClass('e-lazyloaded');\n\n                    \n                    var EaelParallaxElement = {\n\n\t\t\t\t\t\tinit: function() {\n\t\t\t\t\t\t\telementorFrontend.hooks.addAction('frontend\/element_ready\/global', EaelParallaxElement.initWidget);\n\t\t\t\t\t\t},\n                        responsiveParallax: function(){\n                            var android = 0,\n                                ios = 0;\n                            switch( true || 1 ){\n                                case android && ios:\n                                    return \/iPad|iPhone|iPod|Android\/;\n                                    break;\n                                case android && ! ios:\n                                    return \/Android\/;\n                                    break;\n                                case ! android && ios:\n                                    return \/iPad|iPhone|iPod\/;\n                                    break;\n                                case ( ! android && ! ios ):\n                                    return null;\n                            }\n                        },\n\t\t\t\t\t\tinitWidget: function( $scope ) {\n\n\t\t\t\t\t\t\ttarget.jarallax({\n\t\t\t\t\t\t\t\ttype: 'scroll',\n\t\t\t\t\t\t\t\tspeed: 2,\n\t\t\t\t\t\t\t\tkeepImg: true,\n                                disableParallax: EaelParallaxElement.responsiveParallax(),\n\t\t\t\t\t\t\t});\n\t\t\t\t\t\t}\n\n\t\t\t\t\t};\n\n\t\t\t\t\t$( window ).on('elementor\/frontend\/init', EaelParallaxElement.init);\n\n                    \t\t\t\t}( jQuery ) );\n\t\t\t<\/script>\n\t\t<div data-particle_enable=\"false\" data-particle-mobile-disabled=\"false\" class=\"elementor-element elementor-element-066159e e-con-full e-flex e-con e-parent\" data-id=\"066159e\" data-element_type=\"container\" data-e-type=\"container\" data-settings=\"{&quot;background_background&quot;:&quot;classic&quot;}\">\n\t\t\t\t<div class=\"elementor-element elementor-element-baf81ab elementor-widget elementor-widget-text-editor\" data-id=\"baf81ab\" data-element_type=\"widget\" data-e-type=\"widget\" data-widget_type=\"text-editor.default\">\n\t\t\t\t<div class=\"elementor-widget-container\">\n\t\t\t\t\t\t\t\t\t<p><b>Ya son 34. Un a\u00f1o m\u00e1s ha sido una edici\u00f3n fascinante de la Feria de T\u00edteres de Lleida, la muestra m\u00e1s importante del g\u00e9nero en nuestro pa\u00eds. Recordaremos esta feria por la inauguraci\u00f3n, las <i>ShortStories<\/i> del <i>DIRTZ Theatre<\/i> , y su clausura, el <i>Loco<\/i> de la compa\u00f1\u00eda chilena Belova-Iacobelli, ambos espect\u00e1culos ejecutados con una t\u00e9cnica impecable, tachando el virtuosismo. Pero tambi\u00e9n la recordaremos por el sorprendente <i>El Testamento<\/i> , de Ramon Molins (ZumZum Teatre), por el sorprendente <i>Le Faux-Orchestre<\/i> de La Mue\/tte, por la nueva <i>delicatessen<\/i> de la compa\u00f1\u00eda El Patio, que se titula <i>Entra\u00f1as<\/i> , por el et\u00e9reo <i>Corpus<\/i> de Xavi Bob\u00e9s, por el virtuosismo en la manipulaci\u00f3n <i>de<\/i> la sensacional clase magistral-espect\u00e1culo del maestro del g\u00e9nero, Toni Rumbau.   <\/b><\/p>\t\t\t\t\t\t\t\t<\/div>\n\t\t\t\t<\/div>\n\t\t\t\t<\/div>\n\t\t<div data-particle_enable=\"false\" data-particle-mobile-disabled=\"false\" class=\"elementor-element elementor-element-3dd5706 e-con-full e-flex e-con e-parent\" data-id=\"3dd5706\" data-element_type=\"container\" data-e-type=\"container\" data-settings=\"{&quot;motion_fx_motion_fx_scrolling&quot;:&quot;yes&quot;,&quot;animation&quot;:&quot;none&quot;,&quot;background_background&quot;:&quot;classic&quot;,&quot;motion_fx_devices&quot;:[&quot;desktop&quot;,&quot;tablet_extra&quot;,&quot;tablet&quot;,&quot;mobile&quot;]}\">\n\t\t\t\t<div class=\"elementor-element elementor-element-ceeb145 elementor-widget elementor-widget-spacer\" data-id=\"ceeb145\" data-element_type=\"widget\" data-e-type=\"widget\" data-widget_type=\"spacer.default\">\n\t\t\t\t<div class=\"elementor-widget-container\">\n\t\t\t\t\t\t\t<div class=\"elementor-spacer\">\n\t\t\t<div class=\"elementor-spacer-inner\"><\/div>\n\t\t<\/div>\n\t\t\t\t\t\t<\/div>\n\t\t\t\t<\/div>\n\t\t\t\t<\/div>\n\t\t<div data-particle_enable=\"false\" data-particle-mobile-disabled=\"false\" class=\"elementor-element elementor-element-8d8b438 e-con-full e-flex e-con e-parent\" data-id=\"8d8b438\" data-element_type=\"container\" data-e-type=\"container\" data-settings=\"{&quot;background_background&quot;:&quot;classic&quot;}\">\n\t\t\t\t<div class=\"elementor-element elementor-element-aa2d9d9 elementor-widget elementor-widget-text-editor\" data-id=\"aa2d9d9\" data-element_type=\"widget\" data-e-type=\"widget\" data-widget_type=\"text-editor.default\">\n\t\t\t\t<div class=\"elementor-widget-container\">\n\t\t\t\t\t\t\t\t\t<p>S\u00f3lo puede pasar a Lleida que te reciban con una peque\u00f1a botellita de Eau de Marionette. Es de aquellos peque\u00f1os detalles t\u00edpicos de la organizaci\u00f3n de este certamen, que convierten la estancia de quienes vamos a Lleida en una experiencia memorable. profesionales y m\u00e1s medios para la realizaci\u00f3n de actividades profesionales y paralelas.  <\/p><p>La Lonja, precisamente, fue el escenario del espect\u00e1culo de inauguraci\u00f3n, a cargo de la compa\u00f1\u00eda occitana, de Ardeixa, D\u00cdRTZ Theatre. Los artistas Jolanda L\u00f6llmann y Charlie Denat, formados en circo, danza y t\u00edteres, sobresalieron en la representaci\u00f3n de <i>ShortStories<\/i> , un tr\u00edptico formado por las piezas breves <i>Alias<\/i> \u200b\u200b, <i>Nonna(s) don&#8217;t cry<\/i> y <i>Le troisi\u00e8me pas<\/i> . Las dos primeras son unos magn\u00edficos solos de Denat y L\u00f6llmann en los que se pregunta qui\u00e9n manipula a qui\u00e9n. Donde los int\u00e9rpretes juegan en torno al enigma del desdoblamiento, de la espiritualidad del ser humano, de la diferencia entre interior y exterior, sin tratar de contar una historia concreta, cuesti\u00f3n que, para un p\u00fablico que lleva una jornada intensa, dificulta su recepci\u00f3n. Todo es cuesti\u00f3n de dejarse sugerir.    <\/p>\t\t\t\t\t\t\t\t<\/div>\n\t\t\t\t<\/div>\n\t\t\t\t<\/div>\n\t\t<div data-particle_enable=\"false\" data-particle-mobile-disabled=\"false\" class=\"elementor-element elementor-element-84748e8 e-con-full e-flex e-con e-parent\" data-id=\"84748e8\" data-element_type=\"container\" data-e-type=\"container\" data-settings=\"{&quot;motion_fx_motion_fx_scrolling&quot;:&quot;yes&quot;,&quot;motion_fx_devices&quot;:[&quot;desktop&quot;,&quot;tablet_extra&quot;,&quot;tablet&quot;,&quot;mobile&quot;]}\">\n\t\t\t\t<div class=\"elementor-element elementor-element-ead10f3 elementor-widget elementor-widget-spacer\" data-id=\"ead10f3\" data-element_type=\"widget\" data-e-type=\"widget\" data-widget_type=\"spacer.default\">\n\t\t\t\t<div class=\"elementor-widget-container\">\n\t\t\t\t\t\t\t<div class=\"elementor-spacer\">\n\t\t\t<div class=\"elementor-spacer-inner\"><\/div>\n\t\t<\/div>\n\t\t\t\t\t\t<\/div>\n\t\t\t\t<\/div>\n\t\t\t\t<\/div>\n\t\t<div data-particle_enable=\"false\" data-particle-mobile-disabled=\"false\" class=\"elementor-element elementor-element-d82ec5b e-con-full e-flex e-con e-parent\" data-id=\"d82ec5b\" data-element_type=\"container\" data-e-type=\"container\" data-settings=\"{&quot;background_background&quot;:&quot;classic&quot;}\">\n\t\t\t\t<div class=\"elementor-element elementor-element-70050cb elementor-widget elementor-widget-text-editor\" data-id=\"70050cb\" data-element_type=\"widget\" data-e-type=\"widget\" data-widget_type=\"text-editor.default\">\n\t\t\t\t<div class=\"elementor-widget-container\">\n\t\t\t\t\t\t\t\t\t<p>En <i>ShortStories<\/i> , un hombre torturado, surgido del interior de un joven bailar\u00edn, que parece que lleve el peso del mundo a sus espaldas, da paso en la siguiente historia a una anciana manipulada por una mujer joven, a un nuevo juego entre interior y exterior, entre apariencia y realidad, que resulta un homenaje a todas las madres, a sus madres ya sus madres. sobre todo a la manipulaci\u00f3n de los t\u00edteres llega a su cenit en la tercera pieza del tr\u00edptico, un paso a deux, que se convierte en <i>un<\/i> paso a tres y que profundiza en la noci\u00f3n de interdependencia. Sensacionales.   <\/p><p>Antes del espect\u00e1culo inaugural, la actividad ya hab\u00eda comenzado con un volumen considerable, con una gran concentraci\u00f3n de espect\u00e1culos en la Seu Vella y su entorno. La Compa\u00f1\u00eda eLe, el d\u00fao formado por Raquel Batet y Marta Lorente, mostraron un trabajo a\u00fan no terminado, <i>L&#8217;Extraordin\u00e0ria<\/i> , una pieza de t\u00edteres de hilo que manipulan con destreza y que incide en la libertad individual de las personas mayores, en su autonom\u00eda personal a pesar de su edad. Presentan a dos ancianos y sus facecias en su residencia, salpicado de un humor absurdo y delirante que enternece la mirada del p\u00fablico. Falta terminar la pieza, pero el camino recorrido es prometedor. Y de <i>L&#8217;Extraordin\u00e0ria<\/i> ca\u00edmos en la fascinaci\u00f3n provocada por <i>Le Faux-Orchestre<\/i> de La Mue\/tte, que gan\u00f3 el Drag\u00f3n de Oro al mejor espect\u00e1culo de calle ya la propuesta m\u00e1s innovadora. Santiago Moreno es un hombre-orquesta literalmente, pero tambi\u00e9n es un titiritero. En la primera parte del espect\u00e1culo, cargando un artilugio parecido a una mochila que incorpora incontables instrumentos, con poleas y cuerdas que sirven para tocarlos, Moreno interpreta de forma impecable una pieza que podr\u00eda ser un bolero. En la segunda parte, Moreno tiene un compa\u00f1ero sobre la escena, su propio desdoblamiento, otro m\u00fasico con el que, espalda contra espalda, dialoga a trav\u00e9s de la m\u00fasica pero tambi\u00e9n del movimiento, las cuerdas y poleas que los unen y la dependencia que tiene el uno del otro. El efecto es asombroso.        <\/p>\t\t\t\t\t\t\t\t<\/div>\n\t\t\t\t<\/div>\n\t\t\t\t<\/div>\n\t\t<div data-particle_enable=\"false\" data-particle-mobile-disabled=\"false\" class=\"elementor-element elementor-element-8a3a0f9 e-con-full e-flex e-con e-parent\" data-id=\"8a3a0f9\" data-element_type=\"container\" data-e-type=\"container\" data-settings=\"{&quot;motion_fx_motion_fx_scrolling&quot;:&quot;yes&quot;,&quot;motion_fx_devices&quot;:[&quot;desktop&quot;,&quot;tablet_extra&quot;,&quot;tablet&quot;,&quot;mobile&quot;]}\">\n\t\t\t\t<div class=\"elementor-element elementor-element-e5a024b elementor-widget elementor-widget-spacer\" data-id=\"e5a024b\" data-element_type=\"widget\" data-e-type=\"widget\" data-widget_type=\"spacer.default\">\n\t\t\t\t<div class=\"elementor-widget-container\">\n\t\t\t\t\t\t\t<div class=\"elementor-spacer\">\n\t\t\t<div class=\"elementor-spacer-inner\"><\/div>\n\t\t<\/div>\n\t\t\t\t\t\t<\/div>\n\t\t\t\t<\/div>\n\t\t\t\t<\/div>\n\t\t<div data-particle_enable=\"false\" data-particle-mobile-disabled=\"false\" class=\"elementor-element elementor-element-f19d8f0 e-con-full e-flex e-con e-parent\" data-id=\"f19d8f0\" data-element_type=\"container\" data-e-type=\"container\">\n\t\t\t\t<div class=\"elementor-element elementor-element-324d123 elementor-widget elementor-widget-spacer\" data-id=\"324d123\" data-element_type=\"widget\" data-e-type=\"widget\" data-widget_type=\"spacer.default\">\n\t\t\t\t<div class=\"elementor-widget-container\">\n\t\t\t\t\t\t\t<div class=\"elementor-spacer\">\n\t\t\t<div class=\"elementor-spacer-inner\"><\/div>\n\t\t<\/div>\n\t\t\t\t\t\t<\/div>\n\t\t\t\t<\/div>\n\t\t\t\t<\/div>\n\t\t<div data-particle_enable=\"false\" data-particle-mobile-disabled=\"false\" class=\"elementor-element elementor-element-5b7eb5b e-con-full e-flex e-con e-parent\" data-id=\"5b7eb5b\" data-element_type=\"container\" data-e-type=\"container\" data-settings=\"{&quot;background_background&quot;:&quot;classic&quot;}\">\n\t\t\t\t<div class=\"elementor-element elementor-element-9124e09 elementor-widget elementor-widget-text-editor\" data-id=\"9124e09\" data-element_type=\"widget\" data-e-type=\"widget\" data-widget_type=\"text-editor.default\">\n\t\t\t\t<div class=\"elementor-widget-container\">\n\t\t\t\t\t\t\t\t\t<p><b>Virtualidad y virtuosismo<\/b><\/p><p><i>The Erlking<\/i> es una propuesta de t\u00edteres virtuales 360\u00ba del Puppet Theatre Zwickau (Alemania). Es toda una experiencia, con algunos inconvenientes para disfrutar plenamente. El espect\u00e1culo se basa en una leyenda perteneciente a la mitolog\u00eda n\u00f3rdica, la del Erlking, un siniestro rey elfo que reside en el bosque y mata a las criaturas que permanecen all\u00ed demasiado tiempo. Esta historia fue incorporada a la literatura rom\u00e1ntica alemana a trav\u00e9s de la obra de Herder, pero sobre todo de la de Goethe y el poema hom\u00f3nimo, que se basa en el espect\u00e1culo. Para disfrutar del espect\u00e1culo el p\u00fablico hace falta que se calce unas gafas de realidad virtual y es entonces cuando aparecen los problemas: te puedes marear y ese efecto se acent\u00faa porque te encuentras en un claro de bosque en el que entran y salen aleatoriamente los dos protagonistas humanos de la historia, los esp\u00edritus del bosque, el mismo Erlking&#8230;, pero girarte constantemente y pierdes parte de la acci\u00f3n, hasta que desistas de intentar localizar en qu\u00e9 punto del claro entrar\u00e1n los personajes. Los t\u00edteres, elaborados en su mayor\u00eda a base de huesos y ramas, son muy bonitos y la historia, rom\u00e1ntica, en el sentido m\u00e1s escabroso del t\u00e9rmino.     <\/p><p>El aire fresco se agradece, antes de entrar a ver a <i>Folie \u00e0 deux<\/i> , de la jovenc\u00edsima compa\u00f1\u00eda Colectivo La Di\u00f3genes. Laia Campam\u00e1 y Pau Garcia presentan una pieza breve, sin palabras, en la que dos personajes comparten espacio y bailan antes de la despedida definitiva. La dificultad para comunicarse parece ser el catalizador dram\u00e1tico de una historia en que los t\u00edteres son las manos de los titiriteros, que juegan pero con todo su cuerpo convirtiendo la media hora que dura el espect\u00e1culo en una coreograf\u00eda medid\u00edsima. La aportaci\u00f3n en la direcci\u00f3n de Zero en Conducta debe tener algo que ver. Imposible no pensar en los deliciosos 20 minutos de <i>Normalmente o viceversa<\/i> , de Tercio Incluso, que tambi\u00e9n pudo verse en Lleida en una edici\u00f3n anterior de la feria, en el mismo espacio (iglesia de Sant Mart\u00ed) y en una disposici\u00f3n esc\u00e9nica similar.      <span class=\"Apple-converted-space\">   <\/span><\/p>\t\t\t\t\t\t\t\t<\/div>\n\t\t\t\t<\/div>\n\t\t\t\t<\/div>\n\t\t<div data-particle_enable=\"false\" data-particle-mobile-disabled=\"false\" class=\"elementor-element elementor-element-fc1ae64 e-con-full e-flex e-con e-parent\" data-id=\"fc1ae64\" data-element_type=\"container\" data-e-type=\"container\">\n\t\t\t\t<div class=\"elementor-element elementor-element-a66cc18 elementor-widget elementor-widget-spacer\" data-id=\"a66cc18\" data-element_type=\"widget\" data-e-type=\"widget\" data-widget_type=\"spacer.default\">\n\t\t\t\t<div class=\"elementor-widget-container\">\n\t\t\t\t\t\t\t<div class=\"elementor-spacer\">\n\t\t\t<div class=\"elementor-spacer-inner\"><\/div>\n\t\t<\/div>\n\t\t\t\t\t\t<\/div>\n\t\t\t\t<\/div>\n\t\t\t\t<\/div>\n\t\t<div data-particle_enable=\"false\" data-particle-mobile-disabled=\"false\" class=\"elementor-element elementor-element-9ce664f e-con-full e-flex e-con e-parent\" data-id=\"9ce664f\" data-element_type=\"container\" data-e-type=\"container\" data-settings=\"{&quot;background_background&quot;:&quot;classic&quot;}\">\n\t\t\t\t<div class=\"elementor-element elementor-element-cede4d3 elementor-widget elementor-widget-text-editor\" data-id=\"cede4d3\" data-element_type=\"widget\" data-e-type=\"widget\" data-widget_type=\"text-editor.default\">\n\t\t\t\t<div class=\"elementor-widget-container\">\n\t\t\t\t\t\t\t\t\t<p><b>La trinidad de la excelencia y el gamberrismo<\/b><\/p><p><i>El Testamento<\/i> (Zum Zum Teatre), <i>Corpus<\/i> (Xavi Bob\u00e9s) y <i>Entra\u00f1as<\/i> (El Patio) fueron, de largo, los mejores espect\u00e1culos de la feria, junto a los espect\u00e1culos de inauguraci\u00f3n y clausura. <i>El Testamento<\/i> es una pieza de teatro de objetos para adultos fruto de un proceso de introspecci\u00f3n de su creador, Ramon Molins, instigado por Jokin Oregi, que participa en una<span class=\"Apple-converted-space\">  <\/span>dramaturgia y una direcci\u00f3n hechas a ocho brazos por los propios Oregi y Molins, pero tambi\u00e9n con la intervenci\u00f3n de Izaskun Fern\u00e1ndez y Julian S\u00e1enz, que son los miembros de la compa\u00f1\u00eda El Patio (La Rioja). A partir de una cuesti\u00f3n de car\u00e1cter existencial &#8211; \u00bfCu\u00e1l ser\u00e1 nuestra huella en esta sociedad? \u00bfQu\u00e9 dejaremos detr\u00e1s nuestro en herencia?\u2014 Ramon Molins construye un mon\u00f3logo cargado de humor, de emoci\u00f3n, de pasi\u00f3n y de amor haciendo un repaso a su trayectoria personal y profesional con una autenticidad, sencillez y humildad que desarman y provocan la catarsis colectiva que se vivi\u00f3 en la sala del oro.<span class=\"Apple-converted-space\"> <\/span><\/p><p>Ramon Molins, que se ha dedicado toda su vida al teatro pero que adem\u00e1s es lo que podr\u00edamos llamar activista cultural y vecinal, tiene la gran habilidad de resignificar los objetos neutros que va utilizando para contar la historia, otorg\u00e1ndoles una carga emocional y simb\u00f3lica nueva de manera similar a como lo hacen los Detectives de Objetos (Oligor) sus espect\u00e1culos. Lo mejor de todo es comprobar como esta propuesta, de un gran riesgo por lo que supone mostrarse, desnudarse, que siempre es un acto \u00edntimo, toma parad\u00f3jicamente una dimensi\u00f3n universal que permite que el p\u00fablico se vea reflejado en ella toda la vida.   <\/p>\t\t\t\t\t\t\t\t<\/div>\n\t\t\t\t<\/div>\n\t\t\t\t<\/div>\n\t\t<div data-particle_enable=\"false\" data-particle-mobile-disabled=\"false\" class=\"elementor-element elementor-element-7f15566 e-con-full e-flex e-con e-parent\" data-id=\"7f15566\" data-element_type=\"container\" data-e-type=\"container\">\n\t\t\t\t<div class=\"elementor-element elementor-element-15ccc14 elementor-widget elementor-widget-spacer\" data-id=\"15ccc14\" data-element_type=\"widget\" data-e-type=\"widget\" data-widget_type=\"spacer.default\">\n\t\t\t\t<div class=\"elementor-widget-container\">\n\t\t\t\t\t\t\t<div class=\"elementor-spacer\">\n\t\t\t<div class=\"elementor-spacer-inner\"><\/div>\n\t\t<\/div>\n\t\t\t\t\t\t<\/div>\n\t\t\t\t<\/div>\n\t\t\t\t<\/div>\n\t\t<div data-particle_enable=\"false\" data-particle-mobile-disabled=\"false\" class=\"elementor-element elementor-element-ed7dba6 e-con-full e-flex e-con e-parent\" data-id=\"ed7dba6\" data-element_type=\"container\" data-e-type=\"container\" data-settings=\"{&quot;background_background&quot;:&quot;classic&quot;}\">\n\t\t\t\t<div class=\"elementor-element elementor-element-655a79d elementor-widget elementor-widget-text-editor\" data-id=\"655a79d\" data-element_type=\"widget\" data-e-type=\"widget\" data-widget_type=\"text-editor.default\">\n\t\t\t\t<div class=\"elementor-widget-container\">\n\t\t\t\t\t\t\t\t\t<p>Otro maestro en la manipulaci\u00f3n de los objetos es Xavi Bob\u00e9s. Su <i>Corpus<\/i> es una pieza bell\u00edsima, profundamente humanista, en la que el manipulador recorre a principios del ikebana japon\u00e9s para mostrarnos de forma radicalmente po\u00e9tica el ciclo vital, siendo todo fruto de la observaci\u00f3n atenta. Percibimos el paso del tiempo, la interacci\u00f3n del hombre con la naturaleza, las heridas que \u00e9ste le inflige, la relaci\u00f3n con lo que le rodea y, finalmente, su desaparici\u00f3n mientras la vida contin\u00faa y la naturaleza vuelve a hacer suyo el espacio, para volver a empezar el c\u00edrculo. Mientras Bob\u00e9s se mueve con exactitud ritual, la escultura va tomando forma y Frances Bartlett, que interpreta con sabidur\u00eda piezas del barroco (EF dall&#8217; Abaco, O. Gibbons) y propias, pone la textura y la emoci\u00f3n. Tambi\u00e9n se aprecia en esta prenda una sutil cr\u00edtica al capitalismo. <i>Corpus<\/i> , que se estren\u00f3 en 2020, ha sido ganador del Drag\u00f3n de Oro del jurado internacional de la edici\u00f3n de este a\u00f1o de la feria.    <\/p>\t\t\t\t\t\t\t\t<\/div>\n\t\t\t\t<\/div>\n\t\t\t\t<\/div>\n\t\t<div data-particle_enable=\"false\" data-particle-mobile-disabled=\"false\" class=\"elementor-element elementor-element-a5984de e-con-full e-flex e-con e-parent\" data-id=\"a5984de\" data-element_type=\"container\" data-e-type=\"container\">\n\t\t\t\t<div class=\"elementor-element elementor-element-30e087d elementor-widget elementor-widget-spacer\" data-id=\"30e087d\" data-element_type=\"widget\" data-e-type=\"widget\" data-widget_type=\"spacer.default\">\n\t\t\t\t<div class=\"elementor-widget-container\">\n\t\t\t\t\t\t\t<div class=\"elementor-spacer\">\n\t\t\t<div class=\"elementor-spacer-inner\"><\/div>\n\t\t<\/div>\n\t\t\t\t\t\t<\/div>\n\t\t\t\t<\/div>\n\t\t\t\t<\/div>\n\t\t<div data-particle_enable=\"false\" data-particle-mobile-disabled=\"false\" class=\"elementor-element elementor-element-d8e6dd1 e-con-full e-flex e-con e-parent\" data-id=\"d8e6dd1\" data-element_type=\"container\" data-e-type=\"container\" data-settings=\"{&quot;background_background&quot;:&quot;classic&quot;}\">\n\t\t\t\t<div class=\"elementor-element elementor-element-fd34411 elementor-widget elementor-widget-text-editor\" data-id=\"fd34411\" data-element_type=\"widget\" data-e-type=\"widget\" data-widget_type=\"text-editor.default\">\n\t\t\t\t<div class=\"elementor-widget-container\">\n\t\t\t\t\t\t\t\t\t<p>La jornada se redonde\u00f3 con  <i>Entra\u00f1as<\/i>, el nuevo espect\u00e1culo de El Patio, que se estrenaba en Catalu\u00f1a. Izaskun Fern\u00e1ndez y Julian S\u00e1enz, tal y como explicaron despu\u00e9s de la funci\u00f3n, decidieron un buen d\u00eda iniciar un proceso de investigaci\u00f3n sobre la anatom\u00eda humana. Y quedaron atrapados. Buscando la respuesta a preguntas como, \u00bfde qu\u00e9 estamos hechos?, \u00bfo c\u00f3mo es posible que un conjunto de materia tome vida?, los dos titiriteros, atrapados por el lenguaje cient\u00edfico y su extra\u00f1a po\u00e9tica, rascaron y rascaron, hasta que el problema fue filtrar la cantidad de informaci\u00f3n que manejaban, acotar una cuesti\u00f3n que amenazaba con sepultarlos.<span class=\"Apple-converted-space\"> <\/span><\/p><p>Su af\u00e1n investigador al descubrir tratados antiguos sobre el cuerpo humano fue similar al del aventurero cuando choca con libros y grabados antiguos de geograf\u00eda o ciencias naturales, con mapas de lugares remotos, nombres ex\u00f3ticos y misteriosos. Las preguntas sobre este inesperado universo se amontonan y cuanto m\u00e1s se profundiza, surgen m\u00e1s dudas, que son el catalizador dramat\u00fargico de la pieza. En <i>Entra\u00f1as<\/i> funciona a la perfecci\u00f3n el juego de contraponer el plano cient\u00edfico, material, emp\u00edrico, racional, con el plano emocional, el de los sentimientos. Funciona gracias a que Fern\u00e1ndez y S\u00e1enz superan el reto de guiar al espectador en un viaje aparentemente complejo, que combina los dos planos, con el lenguaje art\u00edstico que ya los conocemos y que va creando escuela. El espect\u00e1culo fue merecedor del Drag\u00f3n de Oro a la mejor escenograf\u00eda.    <span class=\"Apple-converted-space\"> <\/span><\/p>\t\t\t\t\t\t\t\t<\/div>\n\t\t\t\t<\/div>\n\t\t\t\t<\/div>\n\t\t<div data-particle_enable=\"false\" data-particle-mobile-disabled=\"false\" class=\"elementor-element elementor-element-59a249d e-con-full e-flex e-con e-parent\" data-id=\"59a249d\" data-element_type=\"container\" data-e-type=\"container\">\n\t\t\t\t<div class=\"elementor-element elementor-element-3b65954 elementor-widget elementor-widget-spacer\" data-id=\"3b65954\" data-element_type=\"widget\" data-e-type=\"widget\" data-widget_type=\"spacer.default\">\n\t\t\t\t<div class=\"elementor-widget-container\">\n\t\t\t\t\t\t\t<div class=\"elementor-spacer\">\n\t\t\t<div class=\"elementor-spacer-inner\"><\/div>\n\t\t<\/div>\n\t\t\t\t\t\t<\/div>\n\t\t\t\t<\/div>\n\t\t\t\t<\/div>\n\t\t<div data-particle_enable=\"false\" data-particle-mobile-disabled=\"false\" class=\"elementor-element elementor-element-c40d7bb e-con-full e-flex e-con e-parent\" data-id=\"c40d7bb\" data-element_type=\"container\" data-e-type=\"container\" data-settings=\"{&quot;background_background&quot;:&quot;classic&quot;}\">\n\t\t\t\t<div class=\"elementor-element elementor-element-873d57a elementor-widget elementor-widget-text-editor\" data-id=\"873d57a\" data-element_type=\"widget\" data-e-type=\"widget\" data-widget_type=\"text-editor.default\">\n\t\t\t\t<div class=\"elementor-widget-container\">\n\t\t\t\t\t\t\t\t\t<p>La jornada cerr\u00f3 con una gamberrada, <i>Los secretos de Ecdisi<\/i> , de Twisted Fairground, que ellos mismos bautizan como experiencia \u201cbizarre\u201d (extra\u00f1a). Los secretos de Ecdisi presenta un par de charlatanes y tres atracciones que son una verdadera locura: Kazimira y los gemelos peligrosos, el Hospital del Infierno y Serpentina. Todo ello tiene el aire de una atracci\u00f3n de feria absolutamente decadente, con un presentador sin apenas voz, que no domina el idioma y que se entender\u00eda mejor incluso si hablara en su lengua materna, una ayudante de lo m\u00e1s inquietante, mu\u00f1ecos deformes, mucho descaro y un punto de humor negro que culmina con el humor negro bailarina del vientre con dos serpientes manipulado como un cami\u00f3n. Es todo pasado de tuerca, demencial, pero perfectamente adecuado en el contexto de una feria o festival.   <\/p>\t\t\t\t\t\t\t\t<\/div>\n\t\t\t\t<\/div>\n\t\t\t\t<\/div>\n\t\t<div data-particle_enable=\"false\" data-particle-mobile-disabled=\"false\" class=\"elementor-element elementor-element-3304285 e-con-full e-flex e-con e-parent\" data-id=\"3304285\" data-element_type=\"container\" data-e-type=\"container\">\n\t\t\t\t<div class=\"elementor-element elementor-element-3f4910e elementor-widget elementor-widget-spacer\" data-id=\"3f4910e\" data-element_type=\"widget\" data-e-type=\"widget\" data-widget_type=\"spacer.default\">\n\t\t\t\t<div class=\"elementor-widget-container\">\n\t\t\t\t\t\t\t<div class=\"elementor-spacer\">\n\t\t\t<div class=\"elementor-spacer-inner\"><\/div>\n\t\t<\/div>\n\t\t\t\t\t\t<\/div>\n\t\t\t\t<\/div>\n\t\t\t\t<\/div>\n\t\t<div data-particle_enable=\"false\" data-particle-mobile-disabled=\"false\" class=\"elementor-element elementor-element-3440354 e-con-full e-flex e-con e-parent\" data-id=\"3440354\" data-element_type=\"container\" data-e-type=\"container\">\n\t\t\t\t<div class=\"elementor-element elementor-element-70eca1e elementor-widget elementor-widget-spacer\" data-id=\"70eca1e\" data-element_type=\"widget\" data-e-type=\"widget\" data-widget_type=\"spacer.default\">\n\t\t\t\t<div class=\"elementor-widget-container\">\n\t\t\t\t\t\t\t<div class=\"elementor-spacer\">\n\t\t\t<div class=\"elementor-spacer-inner\"><\/div>\n\t\t<\/div>\n\t\t\t\t\t\t<\/div>\n\t\t\t\t<\/div>\n\t\t\t\t<\/div>\n\t\t<div data-particle_enable=\"false\" data-particle-mobile-disabled=\"false\" class=\"elementor-element elementor-element-481f0b4 e-con-full e-flex e-con e-parent\" data-id=\"481f0b4\" data-element_type=\"container\" data-e-type=\"container\" data-settings=\"{&quot;background_background&quot;:&quot;classic&quot;}\">\n\t\t\t\t<div class=\"elementor-element elementor-element-3fc80fb elementor-widget elementor-widget-text-editor\" data-id=\"3fc80fb\" data-element_type=\"widget\" data-e-type=\"widget\" data-widget_type=\"text-editor.default\">\n\t\t\t\t<div class=\"elementor-widget-container\">\n\t\t\t\t\t\t\t\t\t<p><b>Cierre excepcional<\/b><\/p><p>La \u00faltima jornada tambi\u00e9n result\u00f3 muy intensa. Para empezar, <i>Manual<\/i> , de los uruguayos Coriolis, una pieza construida a partir de varias manos que se mueven, trabajan y construyen varios mundos con una po\u00e9tica y plasticidad inusuales. Se trata de un espect\u00e1culo sin texto, que enlaza historias independientes entre ellas y que tocan varios temas que van desde la violencia, la soledad o el machismo, pasando por la solidaridad o el poder. Una t\u00e9cnica impecable y una dramaturgia con alg\u00fan punto d\u00e9bil que no impidi\u00f3 que se llevaran al Drag\u00f3n de Oro de jurado juvenil.   <\/p><p><i>Kahina<\/i> , de Blick Theatre, es una f\u00e1bula post-apocal\u00edptica m\u00e1s bien extra\u00f1a, que tiene una dramaturgia irregular y mezcla lenguajes como los t\u00edteres o el circo, pero no consigue enganchar al p\u00fablico. Tambi\u00e9n es irregular la dramaturgia de <i>KariGuri<\/i> de Giram\u00e0gic, aunque la pieza juega fuerte y con acierto \u2014s\u00f3lo hay que ver c\u00f3mo los ni\u00f1os se muestran alerta todo el rato\u2014 la carta de la magia y los trucos visuales. La obra se mantiene gracias a la continua creaci\u00f3n de im\u00e1genes que provoca el encuentro de dos personajes en un mundo on\u00edrico, que parece regido por una especie de filosof\u00eda <i>feng shui<\/i> . En la Muestra de Igualada se llev\u00f3 el premio del p\u00fablico y en Lleida ha ganado el Drac d&#8217;Or al mejor espect\u00e1culo infantil\/familiar.   <\/p>\t\t\t\t\t\t\t\t<\/div>\n\t\t\t\t<\/div>\n\t\t\t\t<\/div>\n\t\t<div data-particle_enable=\"false\" data-particle-mobile-disabled=\"false\" class=\"elementor-element elementor-element-e8a365a e-con-full e-flex e-con e-parent\" data-id=\"e8a365a\" data-element_type=\"container\" data-e-type=\"container\">\n\t\t\t\t<div class=\"elementor-element elementor-element-5541409 elementor-widget elementor-widget-spacer\" data-id=\"5541409\" data-element_type=\"widget\" data-e-type=\"widget\" data-widget_type=\"spacer.default\">\n\t\t\t\t<div class=\"elementor-widget-container\">\n\t\t\t\t\t\t\t<div class=\"elementor-spacer\">\n\t\t\t<div class=\"elementor-spacer-inner\"><\/div>\n\t\t<\/div>\n\t\t\t\t\t\t<\/div>\n\t\t\t\t<\/div>\n\t\t\t\t<\/div>\n\t\t<div data-particle_enable=\"false\" data-particle-mobile-disabled=\"false\" class=\"elementor-element elementor-element-15164ac e-con-full e-flex e-con e-parent\" data-id=\"15164ac\" data-element_type=\"container\" data-e-type=\"container\" data-settings=\"{&quot;background_background&quot;:&quot;classic&quot;}\">\n\t\t\t\t<div class=\"elementor-element elementor-element-f6b7bd9 elementor-widget elementor-widget-text-editor\" data-id=\"f6b7bd9\" data-element_type=\"widget\" data-e-type=\"widget\" data-widget_type=\"text-editor.default\">\n\t\t\t\t<div class=\"elementor-widget-container\">\n\t\t\t\t\t\t\t\t\t<p>El disgusto de no poder disfrutar del <i>Truciolio<\/i> de Coppelia Theatre, baja a \u00faltima hora, y su interpretaci\u00f3n de la obra surrealista de Remedios Varo, se vio asuviado por la asistencia a la sensacional conferencia-espect\u00e1culo del maestro Toni Rumbau, <i>Titiritero, Doble y Sombra<\/i> , a la que asisti\u00f3 mucho. Este titiritero de una trayectoria dilatada \u2014fue fundador de la hist\u00f3rica compa\u00f1\u00eda La Fanfarra y del Teatre Malic\u2014, investigador e imprescindible divulgador del g\u00e9nero \u2014es responsable de los portales Putxinel\u00b7li, Titeresante y Puppetring\u2014, que cont\u00f3 con la complicidad de Eudald Ferr\u00e9, empez\u00f3 hablando de la mano de la origen de los origen autonom\u00eda y se produce el desdoblamiento. Entonces hizo acto de presencia, invocado por el titiritero, un viejo compa\u00f1ero, el aventurero ib\u00e9rico y trif\u00e1sico, el hist\u00f3rico Malic. El humor, la iron\u00eda y una voluntad pedag\u00f3gica inequ\u00edvoca empaparon el discurso de Rumbau a la hora de tratar de explicar el hecho titiritero a trav\u00e9s del t\u00edtere de guante, pero tambi\u00e9n de la proyecci\u00f3n de sombras. Una verdadera delicia.    <\/p>\t\t\t\t\t\t\t\t<\/div>\n\t\t\t\t<\/div>\n\t\t\t\t<\/div>\n\t\t<div data-particle_enable=\"false\" data-particle-mobile-disabled=\"false\" class=\"elementor-element elementor-element-c8449cd e-con-full e-flex e-con e-parent\" data-id=\"c8449cd\" data-element_type=\"container\" data-e-type=\"container\">\n\t\t\t\t<div class=\"elementor-element elementor-element-6f3c4a8 elementor-widget elementor-widget-spacer\" data-id=\"6f3c4a8\" data-element_type=\"widget\" data-e-type=\"widget\" data-widget_type=\"spacer.default\">\n\t\t\t\t<div class=\"elementor-widget-container\">\n\t\t\t\t\t\t\t<div class=\"elementor-spacer\">\n\t\t\t<div class=\"elementor-spacer-inner\"><\/div>\n\t\t<\/div>\n\t\t\t\t\t\t<\/div>\n\t\t\t\t<\/div>\n\t\t\t\t<\/div>\n\t\t<div data-particle_enable=\"false\" data-particle-mobile-disabled=\"false\" class=\"elementor-element elementor-element-e1c8e00 e-con-full e-flex e-con e-parent\" data-id=\"e1c8e00\" data-element_type=\"container\" data-e-type=\"container\" data-settings=\"{&quot;background_background&quot;:&quot;classic&quot;}\">\n\t\t\t\t<div class=\"elementor-element elementor-element-3c8a4d5 elementor-widget elementor-widget-text-editor\" data-id=\"3c8a4d5\" data-element_type=\"widget\" data-e-type=\"widget\" data-widget_type=\"text-editor.default\">\n\t\t\t\t<div class=\"elementor-widget-container\">\n\t\t\t\t\t\t\t\t\t<p>Antes del espect\u00e1culo de clausura, el estadounidense Phillip Huber (Huber Marionettes) hizo una verdadera exhibici\u00f3n de virtuosismo en la manipulaci\u00f3n de t\u00edteres de hilo con el espect\u00e1culo en formato revista <i>Suspended Animation<\/i> , que se llev\u00f3 al Drag\u00f3n de Oro del jurado infantil. La traca final de la feria lleg\u00f3 de la mano de la compa\u00f1\u00eda chilena Belova-Iacobelli, que ofrecieron una funci\u00f3n de la pieza <i>Loco<\/i> , basada en <i>Diario de un loco<\/i> , de Gogol, en La Lonja. No es f\u00e1cil encontrar artistas que sobresalgan de la forma en que lo hicieron Tita Iacobelli y Marta Pereira tanto en la manipulaci\u00f3n del t\u00edtere que representa al protagonista, un humilde funcionario, un copista que inicia un periplo delirante en busca de su identidad hasta que se convence de que es el rey de Espa\u00f1a, como en la interpretaci\u00f3n, la impostaci\u00f3n de la voz  <span class=\"Apple-converted-space\">  <\/span>el movimiento preciso y la atenci\u00f3n a los detalles.<span class=\"Apple-converted-space\"> <\/span><\/p><p>La pieza de Gogol es ideal para su adaptaci\u00f3n a un espect\u00e1culo de t\u00edteres \u2014tambi\u00e9n constituye un riesgo\u2014 debido a que el autor ucraniano<span class=\"Apple-converted-space\">  <\/span>profundiza en la naturaleza m\u00faltiple de cada uno de nosotros, sobre nuestros deseos y la necesidad que tenemos de aparentar para ser aceptados, que desencadena una lucha contra la realidad, contra lo establecido. En este sentido, Iacobelli y Pereira hacen un trabajo primotero jugando a fondo los mecanismos de interdependencia que se establecen entre ellas y el t\u00edtere para mostrar todo su universo, muy particular. Es una puesta en escena de una sensacional altura po\u00e9tica, potenciada por una iluminaci\u00f3n muy bien pensada, por un espacio sonoro que acent\u00faa su car\u00e1cter on\u00edrico y por los trucos visuales. Todo aporta una especie de magia que favorece a los pasajes de teatro del absurdo, que frecuentan en esta historia del funcionario atrapado en la rutina hasta que los l\u00edmites de la realidad y la fantas\u00eda se difuminan y sumerge en un universo delirante. Inteligencia, sensibilidad, poes\u00eda, rigor, originalidad y profesionalidad son cualidades que se pueden atribuir a este montaje que cerr\u00f3 la Feria de T\u00edteres de Lleida 2023 y que dio paso a un emotivo acto de entrega de los premios Drac d&#8217;Or.      <span class=\"Apple-converted-space\">   <\/span><\/p>\t\t\t\t\t\t\t\t<\/div>\n\t\t\t\t<\/div>\n\t\t\t\t<\/div>\n\t\t<div data-particle_enable=\"false\" data-particle-mobile-disabled=\"false\" class=\"elementor-element elementor-element-df86e6d e-con-full e-flex e-con e-parent\" data-id=\"df86e6d\" data-element_type=\"container\" data-e-type=\"container\">\n\t\t<div data-particle_enable=\"false\" data-particle-mobile-disabled=\"false\" class=\"elementor-element elementor-element-e0593d9 e-con-full e-flex e-con e-child\" data-id=\"e0593d9\" data-element_type=\"container\" data-e-type=\"container\">\n\t\t<div data-particle_enable=\"false\" data-particle-mobile-disabled=\"false\" class=\"elementor-element elementor-element-bf5a8ab e-flex e-con-boxed e-con e-child\" data-id=\"bf5a8ab\" data-element_type=\"container\" data-e-type=\"container\">\n\t\t\t\t\t<div class=\"e-con-inner\">\n\t\t\t\t<div class=\"elementor-element elementor-element-33042f4 elementor-invisible elementor-widget elementor-widget-image\" data-id=\"33042f4\" data-element_type=\"widget\" data-e-type=\"widget\" data-settings=\"{&quot;_animation&quot;:&quot;fadeInRight&quot;}\" data-widget_type=\"image.default\">\n\t\t\t\t<div class=\"elementor-widget-container\">\n\t\t\t\t\t\t\t\t\t\t\t\t\t\t\t<img fetchpriority=\"high\" decoding=\"async\" width=\"266\" height=\"302\" src=\"https:\/\/revistes.proscenium.cat\/wp-content\/uploads\/2023\/08\/picto-favicon.svg\" class=\"attachment-medium size-medium wp-image-2922\" alt=\"\" \/>\t\t\t\t\t\t\t\t\t\t\t\t\t\t\t<\/div>\n\t\t\t\t<\/div>\n\t\t\t\t\t<\/div>\n\t\t\t\t<\/div>\n\t\t\t\t<div class=\"elementor-element elementor-element-3171d28 elementor-widget-divider--view-line elementor-invisible elementor-widget elementor-widget-divider\" data-id=\"3171d28\" data-element_type=\"widget\" data-e-type=\"widget\" data-settings=\"{&quot;_animation&quot;:&quot;fadeIn&quot;}\" data-widget_type=\"divider.default\">\n\t\t\t\t<div class=\"elementor-widget-container\">\n\t\t\t\t\t\t\t<div class=\"elementor-divider\">\n\t\t\t<span class=\"elementor-divider-separator\">\n\t\t\t\t\t\t<\/span>\n\t\t<\/div>\n\t\t\t\t\t\t<\/div>\n\t\t\t\t<\/div>\n\t\t\t\t<div class=\"elementor-element elementor-element-324cc63 elementor-invisible elementor-widget elementor-widget-heading\" data-id=\"324cc63\" data-element_type=\"widget\" data-e-type=\"widget\" data-settings=\"{&quot;_animation&quot;:&quot;fadeInUp&quot;}\" data-widget_type=\"heading.default\">\n\t\t\t\t<div class=\"elementor-widget-container\">\n\t\t\t\t\t<h2 class=\"elementor-heading-title elementor-size-default\">REPORTAJE<\/h2>\t\t\t\t<\/div>\n\t\t\t\t<\/div>\n\t\t\t\t<div class=\"elementor-element elementor-element-e0a6f9e elementor-invisible elementor-widget elementor-widget-heading\" data-id=\"e0a6f9e\" data-element_type=\"widget\" data-e-type=\"widget\" data-settings=\"{&quot;_animation&quot;:&quot;fadeInUp&quot;}\" data-widget_type=\"heading.default\">\n\t\t\t\t<div class=\"elementor-widget-container\">\n\t\t\t\t\t<h2 class=\"elementor-heading-title elementor-size-default\">FERIA T\u00cdTERES LLEIDA 2023<\/h2>\t\t\t\t<\/div>\n\t\t\t\t<\/div>\n\t\t\t\t<div class=\"elementor-element elementor-element-87b3fe6 elementor-widget-divider--view-line elementor-invisible elementor-widget elementor-widget-divider\" data-id=\"87b3fe6\" data-element_type=\"widget\" data-e-type=\"widget\" data-settings=\"{&quot;_animation&quot;:&quot;fadeIn&quot;}\" data-widget_type=\"divider.default\">\n\t\t\t\t<div class=\"elementor-widget-container\">\n\t\t\t\t\t\t\t<div class=\"elementor-divider\">\n\t\t\t<span class=\"elementor-divider-separator\">\n\t\t\t\t\t\t<\/span>\n\t\t<\/div>\n\t\t\t\t\t\t<\/div>\n\t\t\t\t<\/div>\n\t\t\t\t<div class=\"elementor-element elementor-element-aedbcf9 elementor-widget elementor-widget-spacer\" data-id=\"aedbcf9\" data-element_type=\"widget\" data-e-type=\"widget\" data-widget_type=\"spacer.default\">\n\t\t\t\t<div class=\"elementor-widget-container\">\n\t\t\t\t\t\t\t<div class=\"elementor-spacer\">\n\t\t\t<div class=\"elementor-spacer-inner\"><\/div>\n\t\t<\/div>\n\t\t\t\t\t\t<\/div>\n\t\t\t\t<\/div>\n\t\t\t\t<\/div>\n\t\t\t\t<\/div>\n\t\t\t\t<\/div>\n\t\t","protected":false},"excerpt":{"rendered":"<p>EDICI\u00d3N 09 REPORTAJE FERIA T\u00cdTERES LLEIDA 2023 La Feria de T\u00edteres de El Testamento, Loco y Corpus Dani Chicano Ya son 34. Un a\u00f1o m\u00e1s ha sido una edici\u00f3n fascinante de la Feria de T\u00edteres de Lleida, la muestra m\u00e1s importante del g\u00e9nero en nuestro pa\u00eds. Recordaremos esta feria por la inauguraci\u00f3n, las ShortStories del [&hellip;]<\/p>\n","protected":false},"author":1,"featured_media":0,"parent":0,"menu_order":27,"comment_status":"closed","ping_status":"closed","template":"","meta":{"footnotes":""},"edicions":[10],"class_list":["post-3291","page","type-page","status-publish","hentry","edicions-10"],"yoast_head":"<!-- This site is optimized with the Yoast SEO plugin v27.4 - https:\/\/yoast.com\/product\/yoast-seo-wordpress\/ -->\n<title>feria t\u00edteres lleida - Proscenium<\/title>\n<meta name=\"robots\" content=\"index, follow, max-snippet:-1, max-image-preview:large, max-video-preview:-1\" \/>\n<link rel=\"canonical\" href=\"https:\/\/revistes.proscenium.cat\/es\/feria-titeres-lleida\/\" \/>\n<meta property=\"og:locale\" content=\"es_ES\" \/>\n<meta property=\"og:type\" content=\"article\" \/>\n<meta property=\"og:title\" content=\"feria t\u00edteres lleida - Proscenium\" \/>\n<meta property=\"og:description\" content=\"EDICI\u00d3N 09 REPORTAJE FERIA T\u00cdTERES LLEIDA 2023 La Feria de T\u00edteres de El Testamento, Loco y Corpus Dani Chicano Ya son 34. Un a\u00f1o m\u00e1s ha sido una edici\u00f3n fascinante de la Feria de T\u00edteres de Lleida, la muestra m\u00e1s importante del g\u00e9nero en nuestro pa\u00eds. Recordaremos esta feria por la inauguraci\u00f3n, las ShortStories del [&hellip;]\" \/>\n<meta property=\"og:url\" content=\"https:\/\/revistes.proscenium.cat\/es\/feria-titeres-lleida\/\" \/>\n<meta property=\"og:site_name\" content=\"Proscenium\" \/>\n<meta property=\"article:modified_time\" content=\"2025-07-03T11:09:20+00:00\" \/>\n<meta name=\"twitter:card\" content=\"summary_large_image\" \/>\n<meta name=\"twitter:label1\" content=\"Tiempo de lectura\" \/>\n\t<meta name=\"twitter:data1\" content=\"14 minutos\" \/>\n<script type=\"application\/ld+json\" class=\"yoast-schema-graph\">{\"@context\":\"https:\\\/\\\/schema.org\",\"@graph\":[{\"@type\":\"WebPage\",\"@id\":\"https:\\\/\\\/revistes.proscenium.cat\\\/es\\\/feria-titeres-lleida\\\/\",\"url\":\"https:\\\/\\\/revistes.proscenium.cat\\\/es\\\/feria-titeres-lleida\\\/\",\"name\":\"feria t\u00edteres lleida - Proscenium\",\"isPartOf\":{\"@id\":\"https:\\\/\\\/revistes.proscenium.cat\\\/es\\\/#website\"},\"primaryImageOfPage\":{\"@id\":\"https:\\\/\\\/revistes.proscenium.cat\\\/es\\\/feria-titeres-lleida\\\/#primaryimage\"},\"image\":{\"@id\":\"https:\\\/\\\/revistes.proscenium.cat\\\/es\\\/feria-titeres-lleida\\\/#primaryimage\"},\"thumbnailUrl\":\"https:\\\/\\\/revistes.proscenium.cat\\\/wp-content\\\/uploads\\\/2023\\\/08\\\/picto-favicon.svg\",\"datePublished\":\"2023-08-16T09:29:00+00:00\",\"dateModified\":\"2025-07-03T11:09:20+00:00\",\"breadcrumb\":{\"@id\":\"https:\\\/\\\/revistes.proscenium.cat\\\/es\\\/feria-titeres-lleida\\\/#breadcrumb\"},\"inLanguage\":\"es\",\"potentialAction\":[{\"@type\":\"ReadAction\",\"target\":[\"https:\\\/\\\/revistes.proscenium.cat\\\/es\\\/feria-titeres-lleida\\\/\"]}]},{\"@type\":\"ImageObject\",\"inLanguage\":\"es\",\"@id\":\"https:\\\/\\\/revistes.proscenium.cat\\\/es\\\/feria-titeres-lleida\\\/#primaryimage\",\"url\":\"https:\\\/\\\/revistes.proscenium.cat\\\/wp-content\\\/uploads\\\/2023\\\/08\\\/picto-favicon.svg\",\"contentUrl\":\"https:\\\/\\\/revistes.proscenium.cat\\\/wp-content\\\/uploads\\\/2023\\\/08\\\/picto-favicon.svg\"},{\"@type\":\"BreadcrumbList\",\"@id\":\"https:\\\/\\\/revistes.proscenium.cat\\\/es\\\/feria-titeres-lleida\\\/#breadcrumb\",\"itemListElement\":[{\"@type\":\"ListItem\",\"position\":1,\"name\":\"Inici\",\"item\":\"https:\\\/\\\/revistes.proscenium.cat\\\/es\\\/portada-y-sumario-2024-25\\\/\"},{\"@type\":\"ListItem\",\"position\":2,\"name\":\"feria t\u00edteres lleida\"}]},{\"@type\":\"WebSite\",\"@id\":\"https:\\\/\\\/revistes.proscenium.cat\\\/es\\\/#website\",\"url\":\"https:\\\/\\\/revistes.proscenium.cat\\\/es\\\/\",\"name\":\"Revista Proscenium\",\"description\":\"Revista d&#039;arts esc\u00e8niques\",\"publisher\":{\"@id\":\"https:\\\/\\\/revistes.proscenium.cat\\\/es\\\/#organization\"},\"potentialAction\":[{\"@type\":\"SearchAction\",\"target\":{\"@type\":\"EntryPoint\",\"urlTemplate\":\"https:\\\/\\\/revistes.proscenium.cat\\\/es\\\/?s={search_term_string}\"},\"query-input\":{\"@type\":\"PropertyValueSpecification\",\"valueRequired\":true,\"valueName\":\"search_term_string\"}}],\"inLanguage\":\"es\"},{\"@type\":\"Organization\",\"@id\":\"https:\\\/\\\/revistes.proscenium.cat\\\/es\\\/#organization\",\"name\":\"Editorial Proscenium\",\"url\":\"https:\\\/\\\/revistes.proscenium.cat\\\/es\\\/\",\"logo\":{\"@type\":\"ImageObject\",\"inLanguage\":\"es\",\"@id\":\"https:\\\/\\\/revistes.proscenium.cat\\\/es\\\/#\\\/schema\\\/logo\\\/image\\\/\",\"url\":\"https:\\\/\\\/revistes.proscenium.cat\\\/wp-content\\\/uploads\\\/2023\\\/11\\\/proscenium-logo.jpg\",\"contentUrl\":\"https:\\\/\\\/revistes.proscenium.cat\\\/wp-content\\\/uploads\\\/2023\\\/11\\\/proscenium-logo.jpg\",\"width\":400,\"height\":310,\"caption\":\"Editorial Proscenium\"},\"image\":{\"@id\":\"https:\\\/\\\/revistes.proscenium.cat\\\/es\\\/#\\\/schema\\\/logo\\\/image\\\/\"}}]}<\/script>\n<!-- \/ Yoast SEO plugin. -->","yoast_head_json":{"title":"feria t\u00edteres lleida - Proscenium","robots":{"index":"index","follow":"follow","max-snippet":"max-snippet:-1","max-image-preview":"max-image-preview:large","max-video-preview":"max-video-preview:-1"},"canonical":"https:\/\/revistes.proscenium.cat\/es\/feria-titeres-lleida\/","og_locale":"es_ES","og_type":"article","og_title":"feria t\u00edteres lleida - Proscenium","og_description":"EDICI\u00d3N 09 REPORTAJE FERIA T\u00cdTERES LLEIDA 2023 La Feria de T\u00edteres de El Testamento, Loco y Corpus Dani Chicano Ya son 34. Un a\u00f1o m\u00e1s ha sido una edici\u00f3n fascinante de la Feria de T\u00edteres de Lleida, la muestra m\u00e1s importante del g\u00e9nero en nuestro pa\u00eds. Recordaremos esta feria por la inauguraci\u00f3n, las ShortStories del [&hellip;]","og_url":"https:\/\/revistes.proscenium.cat\/es\/feria-titeres-lleida\/","og_site_name":"Proscenium","article_modified_time":"2025-07-03T11:09:20+00:00","twitter_card":"summary_large_image","twitter_misc":{"Tiempo de lectura":"14 minutos"},"schema":{"@context":"https:\/\/schema.org","@graph":[{"@type":"WebPage","@id":"https:\/\/revistes.proscenium.cat\/es\/feria-titeres-lleida\/","url":"https:\/\/revistes.proscenium.cat\/es\/feria-titeres-lleida\/","name":"feria t\u00edteres lleida - Proscenium","isPartOf":{"@id":"https:\/\/revistes.proscenium.cat\/es\/#website"},"primaryImageOfPage":{"@id":"https:\/\/revistes.proscenium.cat\/es\/feria-titeres-lleida\/#primaryimage"},"image":{"@id":"https:\/\/revistes.proscenium.cat\/es\/feria-titeres-lleida\/#primaryimage"},"thumbnailUrl":"https:\/\/revistes.proscenium.cat\/wp-content\/uploads\/2023\/08\/picto-favicon.svg","datePublished":"2023-08-16T09:29:00+00:00","dateModified":"2025-07-03T11:09:20+00:00","breadcrumb":{"@id":"https:\/\/revistes.proscenium.cat\/es\/feria-titeres-lleida\/#breadcrumb"},"inLanguage":"es","potentialAction":[{"@type":"ReadAction","target":["https:\/\/revistes.proscenium.cat\/es\/feria-titeres-lleida\/"]}]},{"@type":"ImageObject","inLanguage":"es","@id":"https:\/\/revistes.proscenium.cat\/es\/feria-titeres-lleida\/#primaryimage","url":"https:\/\/revistes.proscenium.cat\/wp-content\/uploads\/2023\/08\/picto-favicon.svg","contentUrl":"https:\/\/revistes.proscenium.cat\/wp-content\/uploads\/2023\/08\/picto-favicon.svg"},{"@type":"BreadcrumbList","@id":"https:\/\/revistes.proscenium.cat\/es\/feria-titeres-lleida\/#breadcrumb","itemListElement":[{"@type":"ListItem","position":1,"name":"Inici","item":"https:\/\/revistes.proscenium.cat\/es\/portada-y-sumario-2024-25\/"},{"@type":"ListItem","position":2,"name":"feria t\u00edteres lleida"}]},{"@type":"WebSite","@id":"https:\/\/revistes.proscenium.cat\/es\/#website","url":"https:\/\/revistes.proscenium.cat\/es\/","name":"Revista Proscenium","description":"Revista d&#039;arts esc\u00e8niques","publisher":{"@id":"https:\/\/revistes.proscenium.cat\/es\/#organization"},"potentialAction":[{"@type":"SearchAction","target":{"@type":"EntryPoint","urlTemplate":"https:\/\/revistes.proscenium.cat\/es\/?s={search_term_string}"},"query-input":{"@type":"PropertyValueSpecification","valueRequired":true,"valueName":"search_term_string"}}],"inLanguage":"es"},{"@type":"Organization","@id":"https:\/\/revistes.proscenium.cat\/es\/#organization","name":"Editorial Proscenium","url":"https:\/\/revistes.proscenium.cat\/es\/","logo":{"@type":"ImageObject","inLanguage":"es","@id":"https:\/\/revistes.proscenium.cat\/es\/#\/schema\/logo\/image\/","url":"https:\/\/revistes.proscenium.cat\/wp-content\/uploads\/2023\/11\/proscenium-logo.jpg","contentUrl":"https:\/\/revistes.proscenium.cat\/wp-content\/uploads\/2023\/11\/proscenium-logo.jpg","width":400,"height":310,"caption":"Editorial Proscenium"},"image":{"@id":"https:\/\/revistes.proscenium.cat\/es\/#\/schema\/logo\/image\/"}}]}},"_links":{"self":[{"href":"https:\/\/revistes.proscenium.cat\/es\/wp-json\/wp\/v2\/pages\/3291","targetHints":{"allow":["GET"]}}],"collection":[{"href":"https:\/\/revistes.proscenium.cat\/es\/wp-json\/wp\/v2\/pages"}],"about":[{"href":"https:\/\/revistes.proscenium.cat\/es\/wp-json\/wp\/v2\/types\/page"}],"author":[{"embeddable":true,"href":"https:\/\/revistes.proscenium.cat\/es\/wp-json\/wp\/v2\/users\/1"}],"replies":[{"embeddable":true,"href":"https:\/\/revistes.proscenium.cat\/es\/wp-json\/wp\/v2\/comments?post=3291"}],"version-history":[{"count":2,"href":"https:\/\/revistes.proscenium.cat\/es\/wp-json\/wp\/v2\/pages\/3291\/revisions"}],"predecessor-version":[{"id":3514,"href":"https:\/\/revistes.proscenium.cat\/es\/wp-json\/wp\/v2\/pages\/3291\/revisions\/3514"}],"wp:attachment":[{"href":"https:\/\/revistes.proscenium.cat\/es\/wp-json\/wp\/v2\/media?parent=3291"}],"wp:term":[{"taxonomy":"edicions","embeddable":true,"href":"https:\/\/revistes.proscenium.cat\/es\/wp-json\/wp\/v2\/edicions?post=3291"}],"curies":[{"name":"wp","href":"https:\/\/api.w.org\/{rel}","templated":true}]}}