{"id":3266,"date":"2023-09-16T12:18:23","date_gmt":"2023-09-16T10:18:23","guid":{"rendered":"https:\/\/revistes.proscenium.cat\/museo-internacional-de-los-titeres\/"},"modified":"2025-07-03T13:10:23","modified_gmt":"2025-07-03T11:10:23","slug":"museo-internacional-de-los-titeres","status":"publish","type":"page","link":"https:\/\/revistes.proscenium.cat\/es\/museo-internacional-de-los-titeres\/","title":{"rendered":"museo internacional de los t\u00edteres"},"content":{"rendered":"\t\t<div data-elementor-type=\"wp-page\" data-elementor-id=\"3266\" class=\"elementor elementor-3266 elementor-869\" data-elementor-post-type=\"page\">\n\t\t\t\t<div data-particle_enable=\"false\" data-particle-mobile-disabled=\"false\" class=\"elementor-element elementor-element-d1b321c e-con-full e-flex elementor-invisible e-con e-parent\" data-id=\"d1b321c\" data-element_type=\"container\" data-e-type=\"container\" data-settings=\"{&quot;animation&quot;:&quot;fadeIn&quot;}\">\n\t\t<div data-particle_enable=\"false\" data-particle-mobile-disabled=\"false\" class=\"elementor-element elementor-element-650a28d e-con-full e-flex e-con e-child\" data-id=\"650a28d\" data-element_type=\"container\" data-e-type=\"container\">\n\t\t\t\t<\/div>\n\t\t<div data-particle_enable=\"false\" data-particle-mobile-disabled=\"false\" class=\"elementor-element elementor-element-eccad9e e-con-full e-flex e-con e-child\" data-id=\"eccad9e\" data-element_type=\"container\" data-e-type=\"container\">\n\t\t<div data-particle_enable=\"false\" data-particle-mobile-disabled=\"false\" class=\"elementor-element elementor-element-6fc69e7 e-flex e-con-boxed e-con e-child\" data-id=\"6fc69e7\" data-element_type=\"container\" data-e-type=\"container\">\n\t\t\t\t\t<div class=\"e-con-inner\">\n\t\t\t\t<div class=\"elementor-element elementor-element-cd5a348 elementor-invisible elementor-widget elementor-widget-image\" data-id=\"cd5a348\" data-element_type=\"widget\" data-e-type=\"widget\" data-settings=\"{&quot;_animation&quot;:&quot;fadeInRight&quot;}\" data-widget_type=\"image.default\">\n\t\t\t\t<div class=\"elementor-widget-container\">\n\t\t\t\t\t\t\t\t\t\t\t\t\t\t\t<img fetchpriority=\"high\" decoding=\"async\" width=\"266\" height=\"302\" src=\"https:\/\/revistes.proscenium.cat\/wp-content\/uploads\/2023\/08\/picto-favicon.svg\" class=\"attachment-medium size-medium wp-image-2922\" alt=\"\" \/>\t\t\t\t\t\t\t\t\t\t\t\t\t\t\t<\/div>\n\t\t\t\t<\/div>\n\t\t\t\t\t<\/div>\n\t\t\t\t<\/div>\n\t\t\t\t<div class=\"elementor-element elementor-element-3af0e0f elementor-invisible elementor-widget elementor-widget-text-editor\" data-id=\"3af0e0f\" data-element_type=\"widget\" data-e-type=\"widget\" data-settings=\"{&quot;_animation&quot;:&quot;fadeInDown&quot;}\" data-widget_type=\"text-editor.default\">\n\t\t\t\t<div class=\"elementor-widget-container\">\n\t\t\t\t\t\t\t\t\t<p>EDICI\u00d3N 09<\/p>\t\t\t\t\t\t\t\t<\/div>\n\t\t\t\t<\/div>\n\t\t\t\t<div class=\"elementor-element elementor-element-4460f9d elementor-widget-divider--view-line elementor-invisible elementor-widget elementor-widget-divider\" data-id=\"4460f9d\" data-element_type=\"widget\" data-e-type=\"widget\" data-settings=\"{&quot;_animation&quot;:&quot;fadeIn&quot;}\" data-widget_type=\"divider.default\">\n\t\t\t\t<div class=\"elementor-widget-container\">\n\t\t\t\t\t\t\t<div class=\"elementor-divider\">\n\t\t\t<span class=\"elementor-divider-separator\">\n\t\t\t\t\t\t<\/span>\n\t\t<\/div>\n\t\t\t\t\t\t<\/div>\n\t\t\t\t<\/div>\n\t\t\t\t<div class=\"elementor-element elementor-element-98e8957 elementor-invisible elementor-widget elementor-widget-heading\" data-id=\"98e8957\" data-element_type=\"widget\" data-e-type=\"widget\" data-settings=\"{&quot;_animation&quot;:&quot;fadeInUp&quot;}\" data-widget_type=\"heading.default\">\n\t\t\t\t<div class=\"elementor-widget-container\">\n\t\t\t\t\t<h2 class=\"elementor-heading-title elementor-size-default\">REPORTAJE<\/h2>\t\t\t\t<\/div>\n\t\t\t\t<\/div>\n\t\t\t\t<div class=\"elementor-element elementor-element-d4d5525 elementor-invisible elementor-widget elementor-widget-heading\" data-id=\"d4d5525\" data-element_type=\"widget\" data-e-type=\"widget\" data-settings=\"{&quot;_animation&quot;:&quot;fadeInUp&quot;}\" data-widget_type=\"heading.default\">\n\t\t\t\t<div class=\"elementor-widget-container\">\n\t\t\t\t\t<h2 class=\"elementor-heading-title elementor-size-default\">MUSEO INTERNACIONAL DE LOS T\u00cdTERES<\/h2>\t\t\t\t<\/div>\n\t\t\t\t<\/div>\n\t\t\t\t<div class=\"elementor-element elementor-element-75fc86a elementor-widget-divider--view-line elementor-invisible elementor-widget elementor-widget-divider\" data-id=\"75fc86a\" data-element_type=\"widget\" data-e-type=\"widget\" data-settings=\"{&quot;_animation&quot;:&quot;fadeIn&quot;}\" data-widget_type=\"divider.default\">\n\t\t\t\t<div class=\"elementor-widget-container\">\n\t\t\t\t\t\t\t<div class=\"elementor-divider\">\n\t\t\t<span class=\"elementor-divider-separator\">\n\t\t\t\t\t\t<\/span>\n\t\t<\/div>\n\t\t\t\t\t\t<\/div>\n\t\t\t\t<\/div>\n\t\t\t\t<div class=\"elementor-element elementor-element-170dc88 elementor-widget elementor-widget-spacer\" data-id=\"170dc88\" data-element_type=\"widget\" data-e-type=\"widget\" data-widget_type=\"spacer.default\">\n\t\t\t\t<div class=\"elementor-widget-container\">\n\t\t\t\t\t\t\t<div class=\"elementor-spacer\">\n\t\t\t<div class=\"elementor-spacer-inner\"><\/div>\n\t\t<\/div>\n\t\t\t\t\t\t<\/div>\n\t\t\t\t<\/div>\n\t\t\t\t<\/div>\n\t\t\t\t<\/div>\n\t\t<div data-particle_enable=\"false\" data-particle-mobile-disabled=\"false\" class=\"elementor-element elementor-element-c213409 e-flex e-con-boxed e-con e-parent\" data-id=\"c213409\" data-element_type=\"container\" data-e-type=\"container\">\n\t\t\t\t\t<div class=\"e-con-inner\">\n\t\t<div data-particle_enable=\"false\" data-particle-mobile-disabled=\"false\" class=\"elementor-element elementor-element-db0c397 e-con-full e-flex e-con e-child\" data-id=\"db0c397\" data-element_type=\"container\" data-e-type=\"container\">\n\t\t\t\t<div class=\"elementor-element elementor-element-9629829 elementor-widget elementor-widget-spacer\" data-id=\"9629829\" data-element_type=\"widget\" data-e-type=\"widget\" data-widget_type=\"spacer.default\">\n\t\t\t\t<div class=\"elementor-widget-container\">\n\t\t\t\t\t\t\t<div class=\"elementor-spacer\">\n\t\t\t<div class=\"elementor-spacer-inner\"><\/div>\n\t\t<\/div>\n\t\t\t\t\t\t<\/div>\n\t\t\t\t<\/div>\n\t\t\t\t<div class=\"elementor-element elementor-element-7251c92 elementor-invisible elementor-widget elementor-widget-image\" data-id=\"7251c92\" data-element_type=\"widget\" data-e-type=\"widget\" data-settings=\"{&quot;_animation&quot;:&quot;rubberBand&quot;,&quot;motion_fx_motion_fx_scrolling&quot;:&quot;yes&quot;,&quot;motion_fx_translateX_effect&quot;:&quot;yes&quot;,&quot;motion_fx_translateX_direction&quot;:&quot;negative&quot;,&quot;motion_fx_translateX_speed&quot;:{&quot;unit&quot;:&quot;px&quot;,&quot;size&quot;:4,&quot;sizes&quot;:[]},&quot;motion_fx_translateX_affectedRange&quot;:{&quot;unit&quot;:&quot;%&quot;,&quot;size&quot;:&quot;&quot;,&quot;sizes&quot;:{&quot;start&quot;:0,&quot;end&quot;:100}},&quot;motion_fx_devices&quot;:[&quot;desktop&quot;,&quot;tablet_extra&quot;,&quot;tablet&quot;,&quot;mobile&quot;]}\" data-widget_type=\"image.default\">\n\t\t\t\t<div class=\"elementor-widget-container\">\n\t\t\t\t\t\t\t\t\t\t\t\t\t\t\t<img decoding=\"async\" width=\"768\" height=\"384\" src=\"https:\/\/revistes.proscenium.cat\/wp-content\/uploads\/2023\/09\/mit_negre-3000x1500-px-1-768x384.png\" class=\"attachment-medium_large size-medium_large wp-image-3079\" alt=\"\" srcset=\"https:\/\/revistes.proscenium.cat\/wp-content\/uploads\/2023\/09\/mit_negre-3000x1500-px-1-768x384.png 768w, https:\/\/revistes.proscenium.cat\/wp-content\/uploads\/2023\/09\/mit_negre-3000x1500-px-1-300x150.png 300w, https:\/\/revistes.proscenium.cat\/wp-content\/uploads\/2023\/09\/mit_negre-3000x1500-px-1-1024x512.png 1024w, https:\/\/revistes.proscenium.cat\/wp-content\/uploads\/2023\/09\/mit_negre-3000x1500-px-1-1536x768.png 1536w, https:\/\/revistes.proscenium.cat\/wp-content\/uploads\/2023\/09\/mit_negre-3000x1500-px-1-2048x1024.png 2048w\" sizes=\"(max-width: 768px) 100vw, 768px\" \/>\t\t\t\t\t\t\t\t\t\t\t\t\t\t\t<\/div>\n\t\t\t\t<\/div>\n\t\t\t\t<div class=\"elementor-element elementor-element-f1344db elementor-widget elementor-widget-spacer\" data-id=\"f1344db\" data-element_type=\"widget\" data-e-type=\"widget\" data-widget_type=\"spacer.default\">\n\t\t\t\t<div class=\"elementor-widget-container\">\n\t\t\t\t\t\t\t<div class=\"elementor-spacer\">\n\t\t\t<div class=\"elementor-spacer-inner\"><\/div>\n\t\t<\/div>\n\t\t\t\t\t\t<\/div>\n\t\t\t\t<\/div>\n\t\t\t\t<\/div>\n\t\t\t\t\t<\/div>\n\t\t\t\t<\/div>\n\t\t<div data-particle_enable=\"false\" data-particle-mobile-disabled=\"false\" class=\"elementor-element elementor-element-b6f2566 e-con-full e-flex e-con e-parent\" data-id=\"b6f2566\" data-element_type=\"container\" data-e-type=\"container\" data-settings=\"{&quot;background_background&quot;:&quot;classic&quot;}\">\n\t\t\t\t<div class=\"elementor-element elementor-element-6311c9d elementor-widget elementor-widget-spacer\" data-id=\"6311c9d\" data-element_type=\"widget\" data-e-type=\"widget\" data-widget_type=\"spacer.default\">\n\t\t\t\t<div class=\"elementor-widget-container\">\n\t\t\t\t\t\t\t<div class=\"elementor-spacer\">\n\t\t\t<div class=\"elementor-spacer-inner\"><\/div>\n\t\t<\/div>\n\t\t\t\t\t\t<\/div>\n\t\t\t\t<\/div>\n\t\t\t\t<div class=\"elementor-element elementor-element-3e120c5 elementor-widget elementor-widget-spacer\" data-id=\"3e120c5\" data-element_type=\"widget\" data-e-type=\"widget\" data-widget_type=\"spacer.default\">\n\t\t\t\t<div class=\"elementor-widget-container\">\n\t\t\t\t\t\t\t<div class=\"elementor-spacer\">\n\t\t\t<div class=\"elementor-spacer-inner\"><\/div>\n\t\t<\/div>\n\t\t\t\t\t\t<\/div>\n\t\t\t\t<\/div>\n\t\t\t\t<div class=\"elementor-element elementor-element-183334e elementor-invisible elementor-widget elementor-widget-heading\" data-id=\"183334e\" data-element_type=\"widget\" data-e-type=\"widget\" data-settings=\"{&quot;_animation&quot;:&quot;fadeInDown&quot;}\" data-widget_type=\"heading.default\">\n\t\t\t\t<div class=\"elementor-widget-container\">\n\t\t\t\t\t<h2 class=\"elementor-heading-title elementor-size-default\">Un nuevo tesoro de las artes esc\u00e9nicas en Catalu\u00f1a<\/h2>\t\t\t\t<\/div>\n\t\t\t\t<\/div>\n\t\t\t\t<div class=\"elementor-element elementor-element-6546497 elementor-invisible elementor-widget elementor-widget-text-editor\" data-id=\"6546497\" data-element_type=\"widget\" data-e-type=\"widget\" data-settings=\"{&quot;_animation&quot;:&quot;fadeInUp&quot;}\" data-widget_type=\"text-editor.default\">\n\t\t\t\t<div class=\"elementor-widget-container\">\n\t\t\t\t\t\t\t\t\t<p><b>Dani Chicano<\/b><\/p>\t\t\t\t\t\t\t\t<\/div>\n\t\t\t\t<\/div>\n\t\t\t\t<div class=\"elementor-element elementor-element-f71d8b0 elementor-widget-divider--view-line elementor-invisible elementor-widget elementor-widget-divider\" data-id=\"f71d8b0\" data-element_type=\"widget\" data-e-type=\"widget\" data-settings=\"{&quot;_animation&quot;:&quot;fadeInDown&quot;}\" data-widget_type=\"divider.default\">\n\t\t\t\t<div class=\"elementor-widget-container\">\n\t\t\t\t\t\t\t<div class=\"elementor-divider\">\n\t\t\t<span class=\"elementor-divider-separator\">\n\t\t\t\t\t\t<\/span>\n\t\t<\/div>\n\t\t\t\t\t\t<\/div>\n\t\t\t\t<\/div>\n\t\t\t\t<div class=\"elementor-element elementor-element-bb20fa2 elementor-widget elementor-widget-spacer\" data-id=\"bb20fa2\" data-element_type=\"widget\" data-e-type=\"widget\" data-widget_type=\"spacer.default\">\n\t\t\t\t<div class=\"elementor-widget-container\">\n\t\t\t\t\t\t\t<div class=\"elementor-spacer\">\n\t\t\t<div class=\"elementor-spacer-inner\"><\/div>\n\t\t<\/div>\n\t\t\t\t\t\t<\/div>\n\t\t\t\t<\/div>\n\t\t\t\t<\/div>\n\t\t\t\t\t<script>\n\t\t\t\t(function($) {\n                    \"use strict\";\n\n                    var target = $('.elementor-element-b6f2566');\n                    target.addClass('e-lazyloaded');\n\n                    \n                    var EaelParallaxElement = {\n\n\t\t\t\t\t\tinit: function() {\n\t\t\t\t\t\t\telementorFrontend.hooks.addAction('frontend\/element_ready\/global', EaelParallaxElement.initWidget);\n\t\t\t\t\t\t},\n                        responsiveParallax: function(){\n                            var android = 0,\n                                ios = 0;\n                            switch( true || 1 ){\n                                case android && ios:\n                                    return \/iPad|iPhone|iPod|Android\/;\n                                    break;\n                                case android && ! ios:\n                                    return \/Android\/;\n                                    break;\n                                case ! android && ios:\n                                    return \/iPad|iPhone|iPod\/;\n                                    break;\n                                case ( ! android && ! ios ):\n                                    return null;\n                            }\n                        },\n\t\t\t\t\t\tinitWidget: function( $scope ) {\n\n\t\t\t\t\t\t\ttarget.jarallax({\n\t\t\t\t\t\t\t\ttype: 'scroll',\n\t\t\t\t\t\t\t\tspeed: 2,\n\t\t\t\t\t\t\t\tkeepImg: true,\n                                disableParallax: EaelParallaxElement.responsiveParallax(),\n\t\t\t\t\t\t\t});\n\t\t\t\t\t\t}\n\n\t\t\t\t\t};\n\n\t\t\t\t\t$( window ).on('elementor\/frontend\/init', EaelParallaxElement.init);\n\n                    \t\t\t\t}( jQuery ) );\n\t\t\t<\/script>\n\t\t<div data-particle_enable=\"false\" data-particle-mobile-disabled=\"false\" class=\"elementor-element elementor-element-066159e e-con-full e-flex e-con e-parent\" data-id=\"066159e\" data-element_type=\"container\" data-e-type=\"container\" data-settings=\"{&quot;background_background&quot;:&quot;classic&quot;}\">\n\t\t\t\t<div class=\"elementor-element elementor-element-baf81ab elementor-widget elementor-widget-text-editor\" data-id=\"baf81ab\" data-element_type=\"widget\" data-e-type=\"widget\" data-widget_type=\"text-editor.default\">\n\t\t\t\t<div class=\"elementor-widget-container\">\n\t\t\t\t\t\t\t\t\t<p><b>No descubriremos la sopa de ajo cuando afirmamos que un sue\u00f1o suele ser el origen de un buen pu\u00f1ado de iniciativas que acaban haci\u00e9ndose realidad. Un sue\u00f1o, concretamente el de Teia Moner y Miquel Espinosa, es el origen del Museo Internacional de los T\u00edteres de Catalu\u00f1a \u2013 Teia Moner de Palau-solit\u00e0 i Plegamans, que se inaugur\u00f3 en noviembre del 2022. A partir de la colecci\u00f3n de t\u00edteres de Teia y Miquel y de t\u00edteres el primero del g\u00e9nero en nuestro pa\u00eds, es singular porque pone el acento en la t\u00e9cnica, m\u00e1s que en la cronolog\u00eda o la historia, sin dejar \u00e9stas a un lado. Preservar es un objetivo, efectivamente, pero sobre todo lo son promover y divulgar el arte titiritero en todas sus vertientes, incluida la pedag\u00f3gica y la terap\u00e9utica.   <\/b><\/p>\t\t\t\t\t\t\t\t<\/div>\n\t\t\t\t<\/div>\n\t\t\t\t<\/div>\n\t\t<div data-particle_enable=\"false\" data-particle-mobile-disabled=\"false\" class=\"elementor-element elementor-element-3dd5706 e-con-full e-flex e-con e-parent\" data-id=\"3dd5706\" data-element_type=\"container\" data-e-type=\"container\" data-settings=\"{&quot;motion_fx_motion_fx_scrolling&quot;:&quot;yes&quot;,&quot;animation&quot;:&quot;none&quot;,&quot;background_background&quot;:&quot;classic&quot;,&quot;motion_fx_devices&quot;:[&quot;desktop&quot;,&quot;tablet_extra&quot;,&quot;tablet&quot;,&quot;mobile&quot;]}\">\n\t\t\t\t<div class=\"elementor-element elementor-element-ceeb145 elementor-widget elementor-widget-spacer\" data-id=\"ceeb145\" data-element_type=\"widget\" data-e-type=\"widget\" data-widget_type=\"spacer.default\">\n\t\t\t\t<div class=\"elementor-widget-container\">\n\t\t\t\t\t\t\t<div class=\"elementor-spacer\">\n\t\t\t<div class=\"elementor-spacer-inner\"><\/div>\n\t\t<\/div>\n\t\t\t\t\t\t<\/div>\n\t\t\t\t<\/div>\n\t\t\t\t<\/div>\n\t\t<div data-particle_enable=\"false\" data-particle-mobile-disabled=\"false\" class=\"elementor-element elementor-element-5508ae9 e-con-full e-flex e-con e-parent\" data-id=\"5508ae9\" data-element_type=\"container\" data-e-type=\"container\" data-settings=\"{&quot;motion_fx_motion_fx_scrolling&quot;:&quot;yes&quot;,&quot;animation&quot;:&quot;none&quot;,&quot;background_background&quot;:&quot;classic&quot;,&quot;motion_fx_devices&quot;:[&quot;desktop&quot;,&quot;tablet_extra&quot;,&quot;tablet&quot;,&quot;mobile&quot;]}\">\n\t\t\t\t<div class=\"elementor-element elementor-element-a489cfc elementor-widget elementor-widget-spacer\" data-id=\"a489cfc\" data-element_type=\"widget\" data-e-type=\"widget\" data-widget_type=\"spacer.default\">\n\t\t\t\t<div class=\"elementor-widget-container\">\n\t\t\t\t\t\t\t<div class=\"elementor-spacer\">\n\t\t\t<div class=\"elementor-spacer-inner\"><\/div>\n\t\t<\/div>\n\t\t\t\t\t\t<\/div>\n\t\t\t\t<\/div>\n\t\t\t\t<\/div>\n\t\t<div data-particle_enable=\"false\" data-particle-mobile-disabled=\"false\" class=\"elementor-element elementor-element-8d8b438 e-con-full e-flex e-con e-parent\" data-id=\"8d8b438\" data-element_type=\"container\" data-e-type=\"container\" data-settings=\"{&quot;background_background&quot;:&quot;classic&quot;}\">\n\t\t\t\t<div class=\"elementor-element elementor-element-aa2d9d9 elementor-widget elementor-widget-text-editor\" data-id=\"aa2d9d9\" data-element_type=\"widget\" data-e-type=\"widget\" data-widget_type=\"text-editor.default\">\n\t\t\t\t<div class=\"elementor-widget-container\">\n\t\t\t\t\t\t\t\t\t<p>La constancia, la persistencia e incluso una dosis nada despreciable de terquedad son virtudes siempre necesarias para cumplir los sue\u00f1os. Teia y Miquel disponen de todo esto y ya a principios de los 2000 les rondaba por la cabeza contar con un espacio donde desarrollar un proyecto muse\u00edstico relativo a los t\u00edteres donde poder exponer su burda colecci\u00f3n. A finales de los 2000 el ayuntamiento de Palau-solit\u00e0 i Plegamans, la localidad donde viven, compr\u00f3 un caser\u00f3n situado en una urbanizaci\u00f3n a la entrada del t\u00e9rmino municipal, Can Falguera, y lo rehabilit\u00f3, pero sin ninguna idea concreta respecto a su uso. Teia y Miquel lo ten\u00edan muy claro este uso, por eso, cuando el consistorio abri\u00f3 el concurso de proyectos se presentaron con el de su museo y fueron los adjudicatarios: una concesi\u00f3n de 15 a\u00f1os de duraci\u00f3n, que prev\u00e9 extensiones. Can Falguera es una mas\u00eda preciosa de tipolog\u00eda primigenia catalana, incluida en el Inventario del Patrimonio Arquitect\u00f3nico de Catalu\u00f1a, con su origen en el siglo XIV, pero con diversas reformas en su historial hasta la actualidad que han cambiado su estructura y fisonom\u00eda.    <span class=\"Apple-converted-space\">     <\/span><\/p><p>Entrar en el MIT tiene algo m\u00e1gico. Le esperan un mont\u00f3n de figuras que, en otros tiempos, han visto animadas y que ahora se encuentran disfrutando de un merecido reposo, bien colocadas en sus vitrinas o pedestales. Nada m\u00e1s entrar, a la derecha, le dan la bienvenida el Tom\u00e1tico del Club S\u00faper 3 y la Menuda con su abuelo Emili, protagonistas de unos maravillosa pieza de L&#8217;Estenedor, compa\u00f1\u00eda de referencia liderada por David La\u00edn. Es una bienvenida a un mundo lleno de magia, a casi 1.500 metros cuadrados rellenos de cuentos, de historias y de mucho, mucho trabajo detr\u00e1s. Es la materializaci\u00f3n del sue\u00f1o de Teia y de Miquel que, adem\u00e1s, se ha convertido en la verdadera casa de los t\u00edteres en nuestro pa\u00eds ya que, incluso antes de abrir el museo, y con un ritmo que se ha incrementado despu\u00e9s de su apertura, un gran n\u00famero de compa\u00f1\u00edas han dado o cedido parte de su material para que se preservara y serv\u00eda. As\u00ed pues, encontramos t\u00edteres de L&#8217;Estenedor, Pepe Otal, Los Aquilinos, T\u00edteres Verg\u00e9s, Badabadoc (Rom\u00e0 Mart\u00ed), Jordi Bertran, Pelm\u00e0nec (Miquel Gallardo), L&#8217;Estaquirot, La Puntual, La Fanfarra o Centro de T\u00edteres de Lleida, entre otros, todas ellas de referencia. Cubrir esa necesidad es uno de los objetivos del museo, que quiere ser un espacio abierto a todas las compa\u00f1\u00edas del pa\u00eds.      <\/p>\t\t\t\t\t\t\t\t<\/div>\n\t\t\t\t<\/div>\n\t\t\t\t<\/div>\n\t\t<div data-particle_enable=\"false\" data-particle-mobile-disabled=\"false\" class=\"elementor-element elementor-element-84748e8 e-con-full e-flex e-con e-parent\" data-id=\"84748e8\" data-element_type=\"container\" data-e-type=\"container\" data-settings=\"{&quot;motion_fx_motion_fx_scrolling&quot;:&quot;yes&quot;,&quot;motion_fx_devices&quot;:[&quot;desktop&quot;,&quot;tablet_extra&quot;,&quot;tablet&quot;,&quot;mobile&quot;]}\">\n\t\t\t\t<div class=\"elementor-element elementor-element-ead10f3 elementor-widget elementor-widget-spacer\" data-id=\"ead10f3\" data-element_type=\"widget\" data-e-type=\"widget\" data-widget_type=\"spacer.default\">\n\t\t\t\t<div class=\"elementor-widget-container\">\n\t\t\t\t\t\t\t<div class=\"elementor-spacer\">\n\t\t\t<div class=\"elementor-spacer-inner\"><\/div>\n\t\t<\/div>\n\t\t\t\t\t\t<\/div>\n\t\t\t\t<\/div>\n\t\t\t\t<\/div>\n\t\t<div data-particle_enable=\"false\" data-particle-mobile-disabled=\"false\" class=\"elementor-element elementor-element-d82ec5b e-con-full e-flex e-con e-parent\" data-id=\"d82ec5b\" data-element_type=\"container\" data-e-type=\"container\" data-settings=\"{&quot;background_background&quot;:&quot;classic&quot;}\">\n\t\t\t\t<div class=\"elementor-element elementor-element-70050cb elementor-widget elementor-widget-text-editor\" data-id=\"70050cb\" data-element_type=\"widget\" data-e-type=\"widget\" data-widget_type=\"text-editor.default\">\n\t\t\t\t<div class=\"elementor-widget-container\">\n\t\t\t\t\t\t\t\t\t<p>\u201cNosotros, al principio, no ten\u00edamos pensado convertirnos en coleccionistas \u2014dice Teia Moner\u2014<span class=\"Apple-converted-space\">  <\/span>pero creo que el punto de inflexi\u00f3n se produjo hace unos 25 a\u00f1os, en Charleville \u2014se celebra el festival m\u00e1s importante de Europa del g\u00e9nero\u2014 cuando nos encontramos en la disyuntiva de comprar unos t\u00edteres a un anticuario. No ten\u00edamos suficiente presupuesto, pero entonces Roser Vil\u00e0 (Cia. 23 Arts) nos dijo que si no ten\u00edamos t\u00edteres de aquel tipo concreto, la colecci\u00f3n no tendr\u00eda ning\u00fan valor. \u00a1Pues era verdad! Los adquirimos y creo que fue entonces cuando tomamos conciencia de lo que quer\u00eda decir ser coleccionista y fue cuando nos planteamos hacer una colecci\u00f3n diferente a la que hac\u00edamos. Hasta entonces hab\u00edamos expuesto nuestros t\u00edteres por donde \u00edbamos para que los vieran los ni\u00f1os y ni\u00f1as\u201d.    <span class=\"Apple-converted-space\"> <\/span><\/p><p>Para incorporar un t\u00edtere a la colecci\u00f3n, Teia afirma que debe cumplir una condici\u00f3n indispensable: que el t\u00edtere sea vivido, es decir, que tenga una trayectoria vital, una historia, que cuente cosas de s\u00ed mismo, de su constructor, de la t\u00e9cnica de manipulaci\u00f3n y de su pa\u00eds. Todo esto es important\u00edsimo\", remacha la promotora del MIT, quien explica que a partir de entonces compraban con otro criterio, hasta que el taller se les hizo peque\u00f1o. Fue entonces, hace 20 a\u00f1os, que detectaron la necesidad de disponer de espacio expositivo para su colecci\u00f3n y que la gente pudiera verlos.  <\/p>\t\t\t\t\t\t\t\t<\/div>\n\t\t\t\t<\/div>\n\t\t\t\t<\/div>\n\t\t<div data-particle_enable=\"false\" data-particle-mobile-disabled=\"false\" class=\"elementor-element elementor-element-8a3a0f9 e-con-full e-flex e-con e-parent\" data-id=\"8a3a0f9\" data-element_type=\"container\" data-e-type=\"container\" data-settings=\"{&quot;motion_fx_motion_fx_scrolling&quot;:&quot;yes&quot;,&quot;motion_fx_devices&quot;:[&quot;desktop&quot;,&quot;tablet_extra&quot;,&quot;tablet&quot;,&quot;mobile&quot;]}\">\n\t\t\t\t<div class=\"elementor-element elementor-element-e5a024b elementor-widget elementor-widget-spacer\" data-id=\"e5a024b\" data-element_type=\"widget\" data-e-type=\"widget\" data-widget_type=\"spacer.default\">\n\t\t\t\t<div class=\"elementor-widget-container\">\n\t\t\t\t\t\t\t<div class=\"elementor-spacer\">\n\t\t\t<div class=\"elementor-spacer-inner\"><\/div>\n\t\t<\/div>\n\t\t\t\t\t\t<\/div>\n\t\t\t\t<\/div>\n\t\t\t\t<\/div>\n\t\t<div data-particle_enable=\"false\" data-particle-mobile-disabled=\"false\" class=\"elementor-element elementor-element-5b7eb5b e-con-full e-flex e-con e-parent\" data-id=\"5b7eb5b\" data-element_type=\"container\" data-e-type=\"container\" data-settings=\"{&quot;background_background&quot;:&quot;classic&quot;}\">\n\t\t\t\t<div class=\"elementor-element elementor-element-9124e09 elementor-widget elementor-widget-text-editor\" data-id=\"9124e09\" data-element_type=\"widget\" data-e-type=\"widget\" data-widget_type=\"text-editor.default\">\n\t\t\t\t<div class=\"elementor-widget-container\">\n\t\t\t\t\t\t\t\t\t<p>\u201cHace 15 a\u00f1os nos enteramos de que la mas\u00eda de Can Falguera estaba vac\u00eda \u2014explica Moner\u2014 y empezamos a pensar en instalar el museo\u201d, fue entonces que el proyecto fue tomando cuerpo. Tras idear un proyecto se presentaron al concurso convocado por el ayuntamiento y obtuvieron la concesi\u00f3n y pusieron final a la sensaci\u00f3n de p\u00e9rdida que les causaba el hecho de tener los t\u00edteres encerrados en cajas. <\/p><p>El MIT dispone actualmente de una colecci\u00f3n que ronda las 900 piezas que van del siglo XVIII a la actualidad, 600 de las cuales est\u00e1n en dep\u00f3sito y el resto, que forman la exposici\u00f3n permanente, llenan las diversas salas de este museo, dividido en dos plantas. Se pueden encontrar piezas \u00fanicas como un gui\u00f1ol de Laurent Mourguet (creador del gui\u00f1ol franc\u00e9s) de 1810 \u2013seguramente esta es la pieza m\u00e1s relevante del museo-, t\u00edteres del teatro de marionetas de agua Thang Long de Hanoi (Vietnam), sombras chinas de finales de 1800, pup UNESCO) del Museo Internazionale delle Marionette Antonio Pasqualino, de Palermo, entre otros. Aparte de esto, la exposici\u00f3n permanente tambi\u00e9n incluye piezas de espect\u00e1culos premiados de la propia compa\u00f1\u00eda Teia Moner, que es de referencia en el sector debido a su dilatada trayectoria, marcada por la excelencia y la innovaci\u00f3n. La compa\u00f1\u00eda Teia Moner, adem\u00e1s, es una de las residentes en el museo. La otra es Addaura Teatre Visual.    <\/p>\t\t\t\t\t\t\t\t<\/div>\n\t\t\t\t<\/div>\n\t\t\t\t<\/div>\n\t\t<div data-particle_enable=\"false\" data-particle-mobile-disabled=\"false\" class=\"elementor-element elementor-element-9ce664f e-con-full e-flex e-con e-parent\" data-id=\"9ce664f\" data-element_type=\"container\" data-e-type=\"container\" data-settings=\"{&quot;background_background&quot;:&quot;classic&quot;}\">\n\t\t\t\t<div class=\"elementor-element elementor-element-94a2a49 elementor-widget elementor-widget-gallery\" data-id=\"94a2a49\" data-element_type=\"widget\" data-e-type=\"widget\" data-settings=\"{&quot;gallery_layout&quot;:&quot;masonry&quot;,&quot;columns_mobile&quot;:2,&quot;columns_tablet&quot;:3,&quot;lazyload&quot;:&quot;yes&quot;,&quot;columns&quot;:4,&quot;gap&quot;:{&quot;unit&quot;:&quot;px&quot;,&quot;size&quot;:10,&quot;sizes&quot;:[]},&quot;gap_tablet_extra&quot;:{&quot;unit&quot;:&quot;px&quot;,&quot;size&quot;:10,&quot;sizes&quot;:[]},&quot;gap_tablet&quot;:{&quot;unit&quot;:&quot;px&quot;,&quot;size&quot;:10,&quot;sizes&quot;:[]},&quot;gap_mobile&quot;:{&quot;unit&quot;:&quot;px&quot;,&quot;size&quot;:10,&quot;sizes&quot;:[]},&quot;link_to&quot;:&quot;file&quot;,&quot;overlay_background&quot;:&quot;yes&quot;,&quot;content_hover_animation&quot;:&quot;fade-in&quot;}\" data-widget_type=\"gallery.default\">\n\t\t\t\t<div class=\"elementor-widget-container\">\n\t\t\t\t\t\t\t<div class=\"elementor-gallery__container\">\n\t\t\t\t\t\t\t<a class=\"e-gallery-item elementor-gallery-item elementor-animated-content\" href=\"https:\/\/revistes.proscenium.cat\/wp-content\/uploads\/2023\/09\/museu-titelles-peces-7.jpg\" data-elementor-open-lightbox=\"yes\" data-elementor-lightbox-slideshow=\"94a2a49\" data-elementor-lightbox-title=\"museu-titelles-peces-7\" data-e-action-hash=\"#elementor-action%3Aaction%3Dlightbox%26settings%3DeyJpZCI6ODk4LCJ1cmwiOiJodHRwczpcL1wvcmV2aXN0ZXMucHJvc2Nlbml1bS5jYXRcL3dwLWNvbnRlbnRcL3VwbG9hZHNcLzIwMjNcLzA5XC9tdXNldS10aXRlbGxlcy1wZWNlcy03LmpwZyIsInNsaWRlc2hvdyI6Ijk0YTJhNDkifQ%3D%3D\">\n\t\t\t\t\t<div class=\"e-gallery-image elementor-gallery-item__image\" data-thumbnail=\"https:\/\/revistes.proscenium.cat\/wp-content\/uploads\/2023\/09\/museu-titelles-peces-7-181x300.jpg\" data-width=\"181\" data-height=\"300\" aria-label=\"\" role=\"img\" ><\/div>\n\t\t\t\t\t\t\t\t\t\t\t<div class=\"elementor-gallery-item__overlay\"><\/div>\n\t\t\t\t\t\t\t\t\t\t\t\t\t\t<\/a>\n\t\t\t\t\t\t\t<a class=\"e-gallery-item elementor-gallery-item elementor-animated-content\" href=\"https:\/\/revistes.proscenium.cat\/wp-content\/uploads\/2023\/09\/museu-titelles-peces-6.jpg\" data-elementor-open-lightbox=\"yes\" data-elementor-lightbox-slideshow=\"94a2a49\" data-elementor-lightbox-title=\"museu-titelles-peces-6\" data-e-action-hash=\"#elementor-action%3Aaction%3Dlightbox%26settings%3DeyJpZCI6OTAxLCJ1cmwiOiJodHRwczpcL1wvcmV2aXN0ZXMucHJvc2Nlbml1bS5jYXRcL3dwLWNvbnRlbnRcL3VwbG9hZHNcLzIwMjNcLzA5XC9tdXNldS10aXRlbGxlcy1wZWNlcy02LmpwZyIsInNsaWRlc2hvdyI6Ijk0YTJhNDkifQ%3D%3D\">\n\t\t\t\t\t<div class=\"e-gallery-image elementor-gallery-item__image\" data-thumbnail=\"https:\/\/revistes.proscenium.cat\/wp-content\/uploads\/2023\/09\/museu-titelles-peces-6-300x268.jpg\" data-width=\"300\" data-height=\"268\" aria-label=\"\" role=\"img\" ><\/div>\n\t\t\t\t\t\t\t\t\t\t\t<div class=\"elementor-gallery-item__overlay\"><\/div>\n\t\t\t\t\t\t\t\t\t\t\t\t\t\t<\/a>\n\t\t\t\t\t\t\t<a class=\"e-gallery-item elementor-gallery-item elementor-animated-content\" href=\"https:\/\/revistes.proscenium.cat\/wp-content\/uploads\/2023\/09\/museu-titelles-peces-9.jpg\" data-elementor-open-lightbox=\"yes\" data-elementor-lightbox-slideshow=\"94a2a49\" data-elementor-lightbox-title=\"museu-titelles-peces-9\" data-e-action-hash=\"#elementor-action%3Aaction%3Dlightbox%26settings%3DeyJpZCI6OTAwLCJ1cmwiOiJodHRwczpcL1wvcmV2aXN0ZXMucHJvc2Nlbml1bS5jYXRcL3dwLWNvbnRlbnRcL3VwbG9hZHNcLzIwMjNcLzA5XC9tdXNldS10aXRlbGxlcy1wZWNlcy05LmpwZyIsInNsaWRlc2hvdyI6Ijk0YTJhNDkifQ%3D%3D\">\n\t\t\t\t\t<div class=\"e-gallery-image elementor-gallery-item__image\" data-thumbnail=\"https:\/\/revistes.proscenium.cat\/wp-content\/uploads\/2023\/09\/museu-titelles-peces-9-261x300.jpg\" data-width=\"261\" data-height=\"300\" aria-label=\"\" role=\"img\" ><\/div>\n\t\t\t\t\t\t\t\t\t\t\t<div class=\"elementor-gallery-item__overlay\"><\/div>\n\t\t\t\t\t\t\t\t\t\t\t\t\t\t<\/a>\n\t\t\t\t\t\t\t<a class=\"e-gallery-item elementor-gallery-item elementor-animated-content\" href=\"https:\/\/revistes.proscenium.cat\/wp-content\/uploads\/2023\/09\/museu-titelles-peces-8.jpg\" data-elementor-open-lightbox=\"yes\" data-elementor-lightbox-slideshow=\"94a2a49\" data-elementor-lightbox-title=\"museu-titelles-peces-8\" data-e-action-hash=\"#elementor-action%3Aaction%3Dlightbox%26settings%3DeyJpZCI6ODk5LCJ1cmwiOiJodHRwczpcL1wvcmV2aXN0ZXMucHJvc2Nlbml1bS5jYXRcL3dwLWNvbnRlbnRcL3VwbG9hZHNcLzIwMjNcLzA5XC9tdXNldS10aXRlbGxlcy1wZWNlcy04LmpwZyIsInNsaWRlc2hvdyI6Ijk0YTJhNDkifQ%3D%3D\">\n\t\t\t\t\t<div class=\"e-gallery-image elementor-gallery-item__image\" data-thumbnail=\"https:\/\/revistes.proscenium.cat\/wp-content\/uploads\/2023\/09\/museu-titelles-peces-8-148x300.jpg\" data-width=\"148\" data-height=\"300\" aria-label=\"\" role=\"img\" ><\/div>\n\t\t\t\t\t\t\t\t\t\t\t<div class=\"elementor-gallery-item__overlay\"><\/div>\n\t\t\t\t\t\t\t\t\t\t\t\t\t\t<\/a>\n\t\t\t\t\t\t\t<a class=\"e-gallery-item elementor-gallery-item elementor-animated-content\" href=\"https:\/\/revistes.proscenium.cat\/wp-content\/uploads\/2023\/09\/museu-titelles-peces-1.jpg\" data-elementor-open-lightbox=\"yes\" data-elementor-lightbox-slideshow=\"94a2a49\" data-elementor-lightbox-title=\"museu-titelles-peces-1\" data-e-action-hash=\"#elementor-action%3Aaction%3Dlightbox%26settings%3DeyJpZCI6OTA2LCJ1cmwiOiJodHRwczpcL1wvcmV2aXN0ZXMucHJvc2Nlbml1bS5jYXRcL3dwLWNvbnRlbnRcL3VwbG9hZHNcLzIwMjNcLzA5XC9tdXNldS10aXRlbGxlcy1wZWNlcy0xLmpwZyIsInNsaWRlc2hvdyI6Ijk0YTJhNDkifQ%3D%3D\">\n\t\t\t\t\t<div class=\"e-gallery-image elementor-gallery-item__image\" data-thumbnail=\"https:\/\/revistes.proscenium.cat\/wp-content\/uploads\/2023\/09\/museu-titelles-peces-1-300x129.jpg\" data-width=\"300\" data-height=\"129\" aria-label=\"\" role=\"img\" ><\/div>\n\t\t\t\t\t\t\t\t\t\t\t<div class=\"elementor-gallery-item__overlay\"><\/div>\n\t\t\t\t\t\t\t\t\t\t\t\t\t\t<\/a>\n\t\t\t\t\t\t\t<a class=\"e-gallery-item elementor-gallery-item elementor-animated-content\" href=\"https:\/\/revistes.proscenium.cat\/wp-content\/uploads\/2023\/09\/museu-titelles-peces-10.jpg\" data-elementor-open-lightbox=\"yes\" data-elementor-lightbox-slideshow=\"94a2a49\" data-elementor-lightbox-title=\"museu-titelles-peces-10\" data-e-action-hash=\"#elementor-action%3Aaction%3Dlightbox%26settings%3DeyJpZCI6ODk3LCJ1cmwiOiJodHRwczpcL1wvcmV2aXN0ZXMucHJvc2Nlbml1bS5jYXRcL3dwLWNvbnRlbnRcL3VwbG9hZHNcLzIwMjNcLzA5XC9tdXNldS10aXRlbGxlcy1wZWNlcy0xMC5qcGciLCJzbGlkZXNob3ciOiI5NGEyYTQ5In0%3D\">\n\t\t\t\t\t<div class=\"e-gallery-image elementor-gallery-item__image\" data-thumbnail=\"https:\/\/revistes.proscenium.cat\/wp-content\/uploads\/2023\/09\/museu-titelles-peces-10-236x300.jpg\" data-width=\"236\" data-height=\"300\" aria-label=\"\" role=\"img\" ><\/div>\n\t\t\t\t\t\t\t\t\t\t\t<div class=\"elementor-gallery-item__overlay\"><\/div>\n\t\t\t\t\t\t\t\t\t\t\t\t\t\t<\/a>\n\t\t\t\t\t\t\t<a class=\"e-gallery-item elementor-gallery-item elementor-animated-content\" href=\"https:\/\/revistes.proscenium.cat\/wp-content\/uploads\/2023\/09\/museu-titelles-peces-3.jpg\" data-elementor-open-lightbox=\"yes\" data-elementor-lightbox-slideshow=\"94a2a49\" data-elementor-lightbox-title=\"museu-titelles-peces-3\" data-e-action-hash=\"#elementor-action%3Aaction%3Dlightbox%26settings%3DeyJpZCI6OTAzLCJ1cmwiOiJodHRwczpcL1wvcmV2aXN0ZXMucHJvc2Nlbml1bS5jYXRcL3dwLWNvbnRlbnRcL3VwbG9hZHNcLzIwMjNcLzA5XC9tdXNldS10aXRlbGxlcy1wZWNlcy0zLmpwZyIsInNsaWRlc2hvdyI6Ijk0YTJhNDkifQ%3D%3D\">\n\t\t\t\t\t<div class=\"e-gallery-image elementor-gallery-item__image\" data-thumbnail=\"https:\/\/revistes.proscenium.cat\/wp-content\/uploads\/2023\/09\/museu-titelles-peces-3-204x300.jpg\" data-width=\"204\" data-height=\"300\" aria-label=\"\" role=\"img\" ><\/div>\n\t\t\t\t\t\t\t\t\t\t\t<div class=\"elementor-gallery-item__overlay\"><\/div>\n\t\t\t\t\t\t\t\t\t\t\t\t\t\t<\/a>\n\t\t\t\t\t\t\t<a class=\"e-gallery-item elementor-gallery-item elementor-animated-content\" href=\"https:\/\/revistes.proscenium.cat\/wp-content\/uploads\/2023\/09\/museu-titelles-peces-5.jpg\" data-elementor-open-lightbox=\"yes\" data-elementor-lightbox-slideshow=\"94a2a49\" data-elementor-lightbox-title=\"museu-titelles-peces-5\" data-e-action-hash=\"#elementor-action%3Aaction%3Dlightbox%26settings%3DeyJpZCI6OTAyLCJ1cmwiOiJodHRwczpcL1wvcmV2aXN0ZXMucHJvc2Nlbml1bS5jYXRcL3dwLWNvbnRlbnRcL3VwbG9hZHNcLzIwMjNcLzA5XC9tdXNldS10aXRlbGxlcy1wZWNlcy01LmpwZyIsInNsaWRlc2hvdyI6Ijk0YTJhNDkifQ%3D%3D\">\n\t\t\t\t\t<div class=\"e-gallery-image elementor-gallery-item__image\" data-thumbnail=\"https:\/\/revistes.proscenium.cat\/wp-content\/uploads\/2023\/09\/museu-titelles-peces-5-300x232.jpg\" data-width=\"300\" data-height=\"232\" aria-label=\"\" role=\"img\" ><\/div>\n\t\t\t\t\t\t\t\t\t\t\t<div class=\"elementor-gallery-item__overlay\"><\/div>\n\t\t\t\t\t\t\t\t\t\t\t\t\t\t<\/a>\n\t\t\t\t\t\t\t<a class=\"e-gallery-item elementor-gallery-item elementor-animated-content\" href=\"https:\/\/revistes.proscenium.cat\/wp-content\/uploads\/2023\/09\/museu-titelles-peces-2.jpg\" data-elementor-open-lightbox=\"yes\" data-elementor-lightbox-slideshow=\"94a2a49\" data-elementor-lightbox-title=\"museu-titelles-peces-2\" data-e-action-hash=\"#elementor-action%3Aaction%3Dlightbox%26settings%3DeyJpZCI6OTA1LCJ1cmwiOiJodHRwczpcL1wvcmV2aXN0ZXMucHJvc2Nlbml1bS5jYXRcL3dwLWNvbnRlbnRcL3VwbG9hZHNcLzIwMjNcLzA5XC9tdXNldS10aXRlbGxlcy1wZWNlcy0yLmpwZyIsInNsaWRlc2hvdyI6Ijk0YTJhNDkifQ%3D%3D\">\n\t\t\t\t\t<div class=\"e-gallery-image elementor-gallery-item__image\" data-thumbnail=\"https:\/\/revistes.proscenium.cat\/wp-content\/uploads\/2023\/09\/museu-titelles-peces-2-300x241.jpg\" data-width=\"300\" data-height=\"241\" aria-label=\"\" role=\"img\" ><\/div>\n\t\t\t\t\t\t\t\t\t\t\t<div class=\"elementor-gallery-item__overlay\"><\/div>\n\t\t\t\t\t\t\t\t\t\t\t\t\t\t<\/a>\n\t\t\t\t\t\t\t<a class=\"e-gallery-item elementor-gallery-item elementor-animated-content\" href=\"https:\/\/revistes.proscenium.cat\/wp-content\/uploads\/2023\/09\/museu-titelles-peces-4.jpg\" data-elementor-open-lightbox=\"yes\" data-elementor-lightbox-slideshow=\"94a2a49\" data-elementor-lightbox-title=\"museu-titelles-peces-4\" data-e-action-hash=\"#elementor-action%3Aaction%3Dlightbox%26settings%3DeyJpZCI6OTA0LCJ1cmwiOiJodHRwczpcL1wvcmV2aXN0ZXMucHJvc2Nlbml1bS5jYXRcL3dwLWNvbnRlbnRcL3VwbG9hZHNcLzIwMjNcLzA5XC9tdXNldS10aXRlbGxlcy1wZWNlcy00LmpwZyIsInNsaWRlc2hvdyI6Ijk0YTJhNDkifQ%3D%3D\">\n\t\t\t\t\t<div class=\"e-gallery-image elementor-gallery-item__image\" data-thumbnail=\"https:\/\/revistes.proscenium.cat\/wp-content\/uploads\/2023\/09\/museu-titelles-peces-4-300x218.jpg\" data-width=\"300\" data-height=\"218\" aria-label=\"\" role=\"img\" ><\/div>\n\t\t\t\t\t\t\t\t\t\t\t<div class=\"elementor-gallery-item__overlay\"><\/div>\n\t\t\t\t\t\t\t\t\t\t\t\t\t\t<\/a>\n\t\t\t\t\t<\/div>\n\t\t\t\t\t<\/div>\n\t\t\t\t<\/div>\n\t\t\t\t<\/div>\n\t\t<div data-particle_enable=\"false\" data-particle-mobile-disabled=\"false\" class=\"elementor-element elementor-element-5e2a208 e-con-full e-flex e-con e-parent\" data-id=\"5e2a208\" data-element_type=\"container\" data-e-type=\"container\" data-settings=\"{&quot;background_background&quot;:&quot;classic&quot;}\">\n\t\t\t\t<div class=\"elementor-element elementor-element-ff32104 elementor-widget elementor-widget-text-editor\" data-id=\"ff32104\" data-element_type=\"widget\" data-e-type=\"widget\" data-widget_type=\"text-editor.default\">\n\t\t\t\t<div class=\"elementor-widget-container\">\n\t\t\t\t\t\t\t\t\t<p>Uno de los \u00e1mbitos a los que los promotores del museo quieren dar importancia es el del t\u00edtere que se utiliza en actividades terap\u00e9uticas y pedag\u00f3gicas, que tienen un espacio propio. Esto me permite hablar de otro aspecto del MIT que lo hace vivo y din\u00e1mico, como la organizaci\u00f3n de cursos y talleres de todo tipo, como el que imparti\u00f3 a finales de a\u00f1o el gran maestro liban\u00e9s Karim Dakroub. Los t\u00edteres intervienen como mediadores de las emociones y como comunicadores naturales, ya que el v\u00ednculo \u00edntimo con el t\u00edtere como prolongaci\u00f3n del propio yo fomenta un sentimiento de confianza como instrumento expresivo. Pero este dinamismo tambi\u00e9n quedar\u00e1 demostrado con residencias creativas, como la que realiz\u00f3 poeta, fabulista y guionista polaco Tadeusz Wierzbicki, quien al terminar su residencia de cinco d\u00edas present\u00f3 el espect\u00e1culo en proceso titulado     <i>Un estudio en caos. Inflamaciones <\/i>. Otro signo de vitalidad y dinamismo es la organizaci\u00f3n de exposiciones temporales, de diversas tem\u00e1ticas, aprovechando el amplio fondo de los que dispone el museo.<\/p>\t\t\t\t\t\t\t\t<\/div>\n\t\t\t\t<\/div>\n\t\t\t\t<\/div>\n\t\t<div data-particle_enable=\"false\" data-particle-mobile-disabled=\"false\" class=\"elementor-element elementor-element-a5984de e-con-full e-flex e-con e-parent\" data-id=\"a5984de\" data-element_type=\"container\" data-e-type=\"container\">\n\t\t\t\t<div class=\"elementor-element elementor-element-30e087d elementor-widget elementor-widget-spacer\" data-id=\"30e087d\" data-element_type=\"widget\" data-e-type=\"widget\" data-widget_type=\"spacer.default\">\n\t\t\t\t<div class=\"elementor-widget-container\">\n\t\t\t\t\t\t\t<div class=\"elementor-spacer\">\n\t\t\t<div class=\"elementor-spacer-inner\"><\/div>\n\t\t<\/div>\n\t\t\t\t\t\t<\/div>\n\t\t\t\t<\/div>\n\t\t\t\t<\/div>\n\t\t<div data-particle_enable=\"false\" data-particle-mobile-disabled=\"false\" class=\"elementor-element elementor-element-5f6aaff e-con-full e-flex e-con e-parent\" data-id=\"5f6aaff\" data-element_type=\"container\" data-e-type=\"container\">\n\t\t\t\t<div class=\"elementor-element elementor-element-4120d80 elementor-widget elementor-widget-spacer\" data-id=\"4120d80\" data-element_type=\"widget\" data-e-type=\"widget\" data-widget_type=\"spacer.default\">\n\t\t\t\t<div class=\"elementor-widget-container\">\n\t\t\t\t\t\t\t<div class=\"elementor-spacer\">\n\t\t\t<div class=\"elementor-spacer-inner\"><\/div>\n\t\t<\/div>\n\t\t\t\t\t\t<\/div>\n\t\t\t\t<\/div>\n\t\t\t\t<\/div>\n\t\t<div data-particle_enable=\"false\" data-particle-mobile-disabled=\"false\" class=\"elementor-element elementor-element-ed7dba6 e-con-full e-flex e-con e-parent\" data-id=\"ed7dba6\" data-element_type=\"container\" data-e-type=\"container\" data-settings=\"{&quot;background_background&quot;:&quot;classic&quot;}\">\n\t\t\t\t<div class=\"elementor-element elementor-element-655a79d elementor-widget elementor-widget-text-editor\" data-id=\"655a79d\" data-element_type=\"widget\" data-e-type=\"widget\" data-widget_type=\"text-editor.default\">\n\t\t\t\t<div class=\"elementor-widget-container\">\n\t\t\t\t\t\t\t\t\t<p><b>Dos plantas y muchas posibilidades<\/b><\/p><p>Las dos plantas de que dispone el MIT dan por mucho. En la planta baja, adem\u00e1s de recepci\u00f3n, guardarropa, almac\u00e9n, servicios y taller de restauraci\u00f3n, encontramos una sala polivalente (talleres, actos, etc&#8230;), sala de exposiciones temporales, sala de los silos (espacio titiriteros catalanes), rinc\u00f3n del cuento y un patio y un teatro exterior magn\u00edfico para las tardes y v\u00edsperas de verano. En la primera planta hay m\u00e1s espacio dedicado a los titiriteros catalanes, dos salas de t\u00edteres del mundo, la sala Teia Moner y una terraza donde hay un espacio l\u00fadico, preparado para que los ni\u00f1os puedan jugar con los t\u00edteres. Se trata de un museo accesible y est\u00e1 en proyecto la realizaci\u00f3n de audio-gu\u00edas en catal\u00e1n, castellano, ingl\u00e9s e italiano, as\u00ed como la realizaci\u00f3n de actividades accesibles por el p\u00fablico con diversidad funcional visual y auditiva.   <\/p><p>El MIT de Palau-solit\u00e0 y Plegamans ya ha abierto sus puertas regularmente. Les aconsejamos que se informe de los horarios y que vayan, porque es una visita familiar sensacional, gracias a la variedad y la belleza de los t\u00edteres, gracias a la hospitalidad de sus promotores ya las explicaciones, historias, sorpresas y an\u00e9cdotas con las que Miquel o Teia salpican su arte y una palabra.   <\/p>\t\t\t\t\t\t\t\t<\/div>\n\t\t\t\t<\/div>\n\t\t\t\t<\/div>\n\t\t<div data-particle_enable=\"false\" data-particle-mobile-disabled=\"false\" class=\"elementor-element elementor-element-1f51a60 e-con-full e-flex e-con e-parent\" data-id=\"1f51a60\" data-element_type=\"container\" data-e-type=\"container\">\n\t\t\t\t<div class=\"elementor-element elementor-element-03d0ae4 elementor-widget elementor-widget-spacer\" data-id=\"03d0ae4\" data-element_type=\"widget\" data-e-type=\"widget\" data-widget_type=\"spacer.default\">\n\t\t\t\t<div class=\"elementor-widget-container\">\n\t\t\t\t\t\t\t<div class=\"elementor-spacer\">\n\t\t\t<div class=\"elementor-spacer-inner\"><\/div>\n\t\t<\/div>\n\t\t\t\t\t\t<\/div>\n\t\t\t\t<\/div>\n\t\t\t\t<\/div>\n\t\t<div data-particle_enable=\"false\" data-particle-mobile-disabled=\"false\" class=\"elementor-element elementor-element-cbbd81f e-con-full e-flex e-con e-parent\" data-id=\"cbbd81f\" data-element_type=\"container\" data-e-type=\"container\">\n\t\t\t\t<div class=\"elementor-element elementor-element-d83e261 elementor-widget elementor-widget-spacer\" data-id=\"d83e261\" data-element_type=\"widget\" data-e-type=\"widget\" data-widget_type=\"spacer.default\">\n\t\t\t\t<div class=\"elementor-widget-container\">\n\t\t\t\t\t\t\t<div class=\"elementor-spacer\">\n\t\t\t<div class=\"elementor-spacer-inner\"><\/div>\n\t\t<\/div>\n\t\t\t\t\t\t<\/div>\n\t\t\t\t<\/div>\n\t\t\t\t<\/div>\n\t\t<div data-particle_enable=\"false\" data-particle-mobile-disabled=\"false\" class=\"elementor-element elementor-element-d785856 e-con-full e-flex e-con e-parent\" data-id=\"d785856\" data-element_type=\"container\" data-e-type=\"container\">\n\t\t\t\t<div class=\"elementor-element elementor-element-87a7fd7 elementor-widget-mobile__width-initial elementor-widget elementor-widget-spacer\" data-id=\"87a7fd7\" data-element_type=\"widget\" data-e-type=\"widget\" data-widget_type=\"spacer.default\">\n\t\t\t\t<div class=\"elementor-widget-container\">\n\t\t\t\t\t\t\t<div class=\"elementor-spacer\">\n\t\t\t<div class=\"elementor-spacer-inner\"><\/div>\n\t\t<\/div>\n\t\t\t\t\t\t<\/div>\n\t\t\t\t<\/div>\n\t\t\t\t<\/div>\n\t\t<div data-particle_enable=\"false\" data-particle-mobile-disabled=\"false\" class=\"elementor-element elementor-element-b05eb73 e-con-full e-flex e-con e-parent\" data-id=\"b05eb73\" data-element_type=\"container\" data-e-type=\"container\">\n\t\t<div data-particle_enable=\"false\" data-particle-mobile-disabled=\"false\" class=\"elementor-element elementor-element-c17ae70 e-con-full e-flex e-con e-child\" data-id=\"c17ae70\" data-element_type=\"container\" data-e-type=\"container\">\n\t\t\t\t<\/div>\n\t\t<div data-particle_enable=\"false\" data-particle-mobile-disabled=\"false\" class=\"elementor-element elementor-element-797d606 e-con-full e-flex e-con e-child\" data-id=\"797d606\" data-element_type=\"container\" data-e-type=\"container\">\n\t\t\t\t<div class=\"elementor-element elementor-element-a4f7a21 elementor-widget elementor-widget-text-editor\" data-id=\"a4f7a21\" data-element_type=\"widget\" data-e-type=\"widget\" data-widget_type=\"text-editor.default\">\n\t\t\t\t<div class=\"elementor-widget-container\">\n\t\t\t\t\t\t\t\t\t<p><strong>\u00a1Entra aqu\u00ed y lo comprobar\u00e1!<\/strong><\/p>\t\t\t\t\t\t\t\t<\/div>\n\t\t\t\t<\/div>\n\t\t\t\t<\/div>\n\t\t<div data-particle_enable=\"false\" data-particle-mobile-disabled=\"false\" class=\"elementor-element elementor-element-9816e33 e-con-full e-flex e-con e-child\" data-id=\"9816e33\" data-element_type=\"container\" data-e-type=\"container\">\n\t\t\t\t<div class=\"elementor-element elementor-element-df0e177 elementor-align-center elementor-invisible elementor-widget elementor-widget-button\" data-id=\"df0e177\" data-element_type=\"widget\" data-e-type=\"widget\" data-settings=\"{&quot;_animation&quot;:&quot;zoomIn&quot;}\" data-widget_type=\"button.default\">\n\t\t\t\t<div class=\"elementor-widget-container\">\n\t\t\t\t\t\t\t\t\t<div class=\"elementor-button-wrapper\">\n\t\t\t\t\t<a class=\"elementor-button elementor-button-link elementor-size-sm elementor-animation-shrink\" href=\"https:\/\/www.museudetitelles.com\" target=\"_blank\">\n\t\t\t\t\t\t<span class=\"elementor-button-content-wrapper\">\n\t\t\t\t\t\t\t\t\t<span class=\"elementor-button-text\">MUSEO INTERNACIONAL DE LOS T\u00cdTERES<\/span>\n\t\t\t\t\t<\/span>\n\t\t\t\t\t<\/a>\n\t\t\t\t<\/div>\n\t\t\t\t\t\t\t\t<\/div>\n\t\t\t\t<\/div>\n\t\t\t\t<\/div>\n\t\t<div data-particle_enable=\"false\" data-particle-mobile-disabled=\"false\" class=\"elementor-element elementor-element-00da5af e-con-full e-flex e-con e-child\" data-id=\"00da5af\" data-element_type=\"container\" data-e-type=\"container\">\n\t\t\t\t<\/div>\n\t\t\t\t<\/div>\n\t\t<div data-particle_enable=\"false\" data-particle-mobile-disabled=\"false\" class=\"elementor-element elementor-element-df86e6d e-con-full e-flex e-con e-parent\" data-id=\"df86e6d\" data-element_type=\"container\" data-e-type=\"container\">\n\t\t<div data-particle_enable=\"false\" data-particle-mobile-disabled=\"false\" class=\"elementor-element elementor-element-e0593d9 e-con-full e-flex e-con e-child\" data-id=\"e0593d9\" data-element_type=\"container\" data-e-type=\"container\">\n\t\t<div data-particle_enable=\"false\" data-particle-mobile-disabled=\"false\" class=\"elementor-element elementor-element-bf5a8ab e-flex e-con-boxed e-con e-child\" data-id=\"bf5a8ab\" data-element_type=\"container\" data-e-type=\"container\">\n\t\t\t\t\t<div class=\"e-con-inner\">\n\t\t\t\t<div class=\"elementor-element elementor-element-33042f4 elementor-invisible elementor-widget elementor-widget-image\" data-id=\"33042f4\" data-element_type=\"widget\" data-e-type=\"widget\" data-settings=\"{&quot;_animation&quot;:&quot;fadeInRight&quot;}\" data-widget_type=\"image.default\">\n\t\t\t\t<div class=\"elementor-widget-container\">\n\t\t\t\t\t\t\t\t\t\t\t\t\t\t\t<img fetchpriority=\"high\" decoding=\"async\" width=\"266\" height=\"302\" src=\"https:\/\/revistes.proscenium.cat\/wp-content\/uploads\/2023\/08\/picto-favicon.svg\" class=\"attachment-medium size-medium wp-image-2922\" alt=\"\" \/>\t\t\t\t\t\t\t\t\t\t\t\t\t\t\t<\/div>\n\t\t\t\t<\/div>\n\t\t\t\t\t<\/div>\n\t\t\t\t<\/div>\n\t\t\t\t<div class=\"elementor-element elementor-element-3171d28 elementor-widget-divider--view-line elementor-invisible elementor-widget elementor-widget-divider\" data-id=\"3171d28\" data-element_type=\"widget\" data-e-type=\"widget\" data-settings=\"{&quot;_animation&quot;:&quot;fadeIn&quot;}\" data-widget_type=\"divider.default\">\n\t\t\t\t<div class=\"elementor-widget-container\">\n\t\t\t\t\t\t\t<div class=\"elementor-divider\">\n\t\t\t<span class=\"elementor-divider-separator\">\n\t\t\t\t\t\t<\/span>\n\t\t<\/div>\n\t\t\t\t\t\t<\/div>\n\t\t\t\t<\/div>\n\t\t\t\t<div class=\"elementor-element elementor-element-324cc63 elementor-invisible elementor-widget elementor-widget-heading\" data-id=\"324cc63\" data-element_type=\"widget\" data-e-type=\"widget\" data-settings=\"{&quot;_animation&quot;:&quot;fadeInUp&quot;}\" data-widget_type=\"heading.default\">\n\t\t\t\t<div class=\"elementor-widget-container\">\n\t\t\t\t\t<h2 class=\"elementor-heading-title elementor-size-default\">REPORTAJE<\/h2>\t\t\t\t<\/div>\n\t\t\t\t<\/div>\n\t\t\t\t<div class=\"elementor-element elementor-element-e0a6f9e elementor-invisible elementor-widget elementor-widget-heading\" data-id=\"e0a6f9e\" data-element_type=\"widget\" data-e-type=\"widget\" data-settings=\"{&quot;_animation&quot;:&quot;fadeInUp&quot;}\" data-widget_type=\"heading.default\">\n\t\t\t\t<div class=\"elementor-widget-container\">\n\t\t\t\t\t<h2 class=\"elementor-heading-title elementor-size-default\">MUSEO INTERNACIONAL DE LOS T\u00cdTERES<\/h2>\t\t\t\t<\/div>\n\t\t\t\t<\/div>\n\t\t\t\t<div class=\"elementor-element elementor-element-87b3fe6 elementor-widget-divider--view-line elementor-invisible elementor-widget elementor-widget-divider\" data-id=\"87b3fe6\" data-element_type=\"widget\" data-e-type=\"widget\" data-settings=\"{&quot;_animation&quot;:&quot;fadeIn&quot;}\" data-widget_type=\"divider.default\">\n\t\t\t\t<div class=\"elementor-widget-container\">\n\t\t\t\t\t\t\t<div class=\"elementor-divider\">\n\t\t\t<span class=\"elementor-divider-separator\">\n\t\t\t\t\t\t<\/span>\n\t\t<\/div>\n\t\t\t\t\t\t<\/div>\n\t\t\t\t<\/div>\n\t\t\t\t<div class=\"elementor-element elementor-element-aedbcf9 elementor-widget elementor-widget-spacer\" data-id=\"aedbcf9\" data-element_type=\"widget\" data-e-type=\"widget\" data-widget_type=\"spacer.default\">\n\t\t\t\t<div class=\"elementor-widget-container\">\n\t\t\t\t\t\t\t<div class=\"elementor-spacer\">\n\t\t\t<div class=\"elementor-spacer-inner\"><\/div>\n\t\t<\/div>\n\t\t\t\t\t\t<\/div>\n\t\t\t\t<\/div>\n\t\t\t\t<\/div>\n\t\t\t\t<\/div>\n\t\t\t\t<\/div>\n\t\t","protected":false},"excerpt":{"rendered":"<p>EDICI\u00d3N 09 REPORTAJE MUSEO INTERNACIONAL DE LOS T\u00cdTERES Un nuevo tesoro de las artes esc\u00e9nicas en Catalu\u00f1a Dani Chicano No descubriremos la sopa de ajo cuando afirmamos que un sue\u00f1o suele ser el origen de un buen pu\u00f1ado de iniciativas que acaban haci\u00e9ndose realidad. Un sue\u00f1o, concretamente el de Teia Moner y Miquel Espinosa, es [&hellip;]<\/p>\n","protected":false},"author":1,"featured_media":0,"parent":0,"menu_order":25,"comment_status":"closed","ping_status":"closed","template":"","meta":{"footnotes":""},"edicions":[10],"class_list":["post-3266","page","type-page","status-publish","hentry","edicions-10"],"yoast_head":"<!-- This site is optimized with the Yoast SEO plugin v27.4 - https:\/\/yoast.com\/product\/yoast-seo-wordpress\/ -->\n<title>museo internacional de los t\u00edteres - Proscenium<\/title>\n<meta name=\"robots\" content=\"index, follow, max-snippet:-1, max-image-preview:large, max-video-preview:-1\" \/>\n<link rel=\"canonical\" href=\"https:\/\/revistes.proscenium.cat\/es\/museo-internacional-de-los-titeres\/\" \/>\n<meta property=\"og:locale\" content=\"es_ES\" \/>\n<meta property=\"og:type\" content=\"article\" \/>\n<meta property=\"og:title\" content=\"museo internacional de los t\u00edteres - Proscenium\" \/>\n<meta property=\"og:description\" content=\"EDICI\u00d3N 09 REPORTAJE MUSEO INTERNACIONAL DE LOS T\u00cdTERES Un nuevo tesoro de las artes esc\u00e9nicas en Catalu\u00f1a Dani Chicano No descubriremos la sopa de ajo cuando afirmamos que un sue\u00f1o suele ser el origen de un buen pu\u00f1ado de iniciativas que acaban haci\u00e9ndose realidad. Un sue\u00f1o, concretamente el de Teia Moner y Miquel Espinosa, es [&hellip;]\" \/>\n<meta property=\"og:url\" content=\"https:\/\/revistes.proscenium.cat\/es\/museo-internacional-de-los-titeres\/\" \/>\n<meta property=\"og:site_name\" content=\"Proscenium\" \/>\n<meta property=\"article:modified_time\" content=\"2025-07-03T11:10:23+00:00\" \/>\n<meta name=\"twitter:card\" content=\"summary_large_image\" \/>\n<meta name=\"twitter:label1\" content=\"Tiempo de lectura\" \/>\n\t<meta name=\"twitter:data1\" content=\"8 minutos\" \/>\n<script type=\"application\/ld+json\" class=\"yoast-schema-graph\">{\"@context\":\"https:\\\/\\\/schema.org\",\"@graph\":[{\"@type\":\"WebPage\",\"@id\":\"https:\\\/\\\/revistes.proscenium.cat\\\/es\\\/museo-internacional-de-los-titeres\\\/\",\"url\":\"https:\\\/\\\/revistes.proscenium.cat\\\/es\\\/museo-internacional-de-los-titeres\\\/\",\"name\":\"museo internacional de los t\u00edteres - Proscenium\",\"isPartOf\":{\"@id\":\"https:\\\/\\\/revistes.proscenium.cat\\\/es\\\/#website\"},\"primaryImageOfPage\":{\"@id\":\"https:\\\/\\\/revistes.proscenium.cat\\\/es\\\/museo-internacional-de-los-titeres\\\/#primaryimage\"},\"image\":{\"@id\":\"https:\\\/\\\/revistes.proscenium.cat\\\/es\\\/museo-internacional-de-los-titeres\\\/#primaryimage\"},\"thumbnailUrl\":\"https:\\\/\\\/revistes.proscenium.cat\\\/wp-content\\\/uploads\\\/2023\\\/08\\\/picto-favicon.svg\",\"datePublished\":\"2023-09-16T10:18:23+00:00\",\"dateModified\":\"2025-07-03T11:10:23+00:00\",\"breadcrumb\":{\"@id\":\"https:\\\/\\\/revistes.proscenium.cat\\\/es\\\/museo-internacional-de-los-titeres\\\/#breadcrumb\"},\"inLanguage\":\"es\",\"potentialAction\":[{\"@type\":\"ReadAction\",\"target\":[\"https:\\\/\\\/revistes.proscenium.cat\\\/es\\\/museo-internacional-de-los-titeres\\\/\"]}]},{\"@type\":\"ImageObject\",\"inLanguage\":\"es\",\"@id\":\"https:\\\/\\\/revistes.proscenium.cat\\\/es\\\/museo-internacional-de-los-titeres\\\/#primaryimage\",\"url\":\"https:\\\/\\\/revistes.proscenium.cat\\\/wp-content\\\/uploads\\\/2023\\\/08\\\/picto-favicon.svg\",\"contentUrl\":\"https:\\\/\\\/revistes.proscenium.cat\\\/wp-content\\\/uploads\\\/2023\\\/08\\\/picto-favicon.svg\"},{\"@type\":\"BreadcrumbList\",\"@id\":\"https:\\\/\\\/revistes.proscenium.cat\\\/es\\\/museo-internacional-de-los-titeres\\\/#breadcrumb\",\"itemListElement\":[{\"@type\":\"ListItem\",\"position\":1,\"name\":\"Inici\",\"item\":\"https:\\\/\\\/revistes.proscenium.cat\\\/es\\\/portada-y-sumario-2024-25\\\/\"},{\"@type\":\"ListItem\",\"position\":2,\"name\":\"museo internacional de los t\u00edteres\"}]},{\"@type\":\"WebSite\",\"@id\":\"https:\\\/\\\/revistes.proscenium.cat\\\/es\\\/#website\",\"url\":\"https:\\\/\\\/revistes.proscenium.cat\\\/es\\\/\",\"name\":\"Revista Proscenium\",\"description\":\"Revista d&#039;arts esc\u00e8niques\",\"publisher\":{\"@id\":\"https:\\\/\\\/revistes.proscenium.cat\\\/es\\\/#organization\"},\"potentialAction\":[{\"@type\":\"SearchAction\",\"target\":{\"@type\":\"EntryPoint\",\"urlTemplate\":\"https:\\\/\\\/revistes.proscenium.cat\\\/es\\\/?s={search_term_string}\"},\"query-input\":{\"@type\":\"PropertyValueSpecification\",\"valueRequired\":true,\"valueName\":\"search_term_string\"}}],\"inLanguage\":\"es\"},{\"@type\":\"Organization\",\"@id\":\"https:\\\/\\\/revistes.proscenium.cat\\\/es\\\/#organization\",\"name\":\"Editorial Proscenium\",\"url\":\"https:\\\/\\\/revistes.proscenium.cat\\\/es\\\/\",\"logo\":{\"@type\":\"ImageObject\",\"inLanguage\":\"es\",\"@id\":\"https:\\\/\\\/revistes.proscenium.cat\\\/es\\\/#\\\/schema\\\/logo\\\/image\\\/\",\"url\":\"https:\\\/\\\/revistes.proscenium.cat\\\/wp-content\\\/uploads\\\/2023\\\/11\\\/proscenium-logo.jpg\",\"contentUrl\":\"https:\\\/\\\/revistes.proscenium.cat\\\/wp-content\\\/uploads\\\/2023\\\/11\\\/proscenium-logo.jpg\",\"width\":400,\"height\":310,\"caption\":\"Editorial Proscenium\"},\"image\":{\"@id\":\"https:\\\/\\\/revistes.proscenium.cat\\\/es\\\/#\\\/schema\\\/logo\\\/image\\\/\"}}]}<\/script>\n<!-- \/ Yoast SEO plugin. -->","yoast_head_json":{"title":"museo internacional de los t\u00edteres - Proscenium","robots":{"index":"index","follow":"follow","max-snippet":"max-snippet:-1","max-image-preview":"max-image-preview:large","max-video-preview":"max-video-preview:-1"},"canonical":"https:\/\/revistes.proscenium.cat\/es\/museo-internacional-de-los-titeres\/","og_locale":"es_ES","og_type":"article","og_title":"museo internacional de los t\u00edteres - Proscenium","og_description":"EDICI\u00d3N 09 REPORTAJE MUSEO INTERNACIONAL DE LOS T\u00cdTERES Un nuevo tesoro de las artes esc\u00e9nicas en Catalu\u00f1a Dani Chicano No descubriremos la sopa de ajo cuando afirmamos que un sue\u00f1o suele ser el origen de un buen pu\u00f1ado de iniciativas que acaban haci\u00e9ndose realidad. Un sue\u00f1o, concretamente el de Teia Moner y Miquel Espinosa, es [&hellip;]","og_url":"https:\/\/revistes.proscenium.cat\/es\/museo-internacional-de-los-titeres\/","og_site_name":"Proscenium","article_modified_time":"2025-07-03T11:10:23+00:00","twitter_card":"summary_large_image","twitter_misc":{"Tiempo de lectura":"8 minutos"},"schema":{"@context":"https:\/\/schema.org","@graph":[{"@type":"WebPage","@id":"https:\/\/revistes.proscenium.cat\/es\/museo-internacional-de-los-titeres\/","url":"https:\/\/revistes.proscenium.cat\/es\/museo-internacional-de-los-titeres\/","name":"museo internacional de los t\u00edteres - Proscenium","isPartOf":{"@id":"https:\/\/revistes.proscenium.cat\/es\/#website"},"primaryImageOfPage":{"@id":"https:\/\/revistes.proscenium.cat\/es\/museo-internacional-de-los-titeres\/#primaryimage"},"image":{"@id":"https:\/\/revistes.proscenium.cat\/es\/museo-internacional-de-los-titeres\/#primaryimage"},"thumbnailUrl":"https:\/\/revistes.proscenium.cat\/wp-content\/uploads\/2023\/08\/picto-favicon.svg","datePublished":"2023-09-16T10:18:23+00:00","dateModified":"2025-07-03T11:10:23+00:00","breadcrumb":{"@id":"https:\/\/revistes.proscenium.cat\/es\/museo-internacional-de-los-titeres\/#breadcrumb"},"inLanguage":"es","potentialAction":[{"@type":"ReadAction","target":["https:\/\/revistes.proscenium.cat\/es\/museo-internacional-de-los-titeres\/"]}]},{"@type":"ImageObject","inLanguage":"es","@id":"https:\/\/revistes.proscenium.cat\/es\/museo-internacional-de-los-titeres\/#primaryimage","url":"https:\/\/revistes.proscenium.cat\/wp-content\/uploads\/2023\/08\/picto-favicon.svg","contentUrl":"https:\/\/revistes.proscenium.cat\/wp-content\/uploads\/2023\/08\/picto-favicon.svg"},{"@type":"BreadcrumbList","@id":"https:\/\/revistes.proscenium.cat\/es\/museo-internacional-de-los-titeres\/#breadcrumb","itemListElement":[{"@type":"ListItem","position":1,"name":"Inici","item":"https:\/\/revistes.proscenium.cat\/es\/portada-y-sumario-2024-25\/"},{"@type":"ListItem","position":2,"name":"museo internacional de los t\u00edteres"}]},{"@type":"WebSite","@id":"https:\/\/revistes.proscenium.cat\/es\/#website","url":"https:\/\/revistes.proscenium.cat\/es\/","name":"Revista Proscenium","description":"Revista d&#039;arts esc\u00e8niques","publisher":{"@id":"https:\/\/revistes.proscenium.cat\/es\/#organization"},"potentialAction":[{"@type":"SearchAction","target":{"@type":"EntryPoint","urlTemplate":"https:\/\/revistes.proscenium.cat\/es\/?s={search_term_string}"},"query-input":{"@type":"PropertyValueSpecification","valueRequired":true,"valueName":"search_term_string"}}],"inLanguage":"es"},{"@type":"Organization","@id":"https:\/\/revistes.proscenium.cat\/es\/#organization","name":"Editorial Proscenium","url":"https:\/\/revistes.proscenium.cat\/es\/","logo":{"@type":"ImageObject","inLanguage":"es","@id":"https:\/\/revistes.proscenium.cat\/es\/#\/schema\/logo\/image\/","url":"https:\/\/revistes.proscenium.cat\/wp-content\/uploads\/2023\/11\/proscenium-logo.jpg","contentUrl":"https:\/\/revistes.proscenium.cat\/wp-content\/uploads\/2023\/11\/proscenium-logo.jpg","width":400,"height":310,"caption":"Editorial Proscenium"},"image":{"@id":"https:\/\/revistes.proscenium.cat\/es\/#\/schema\/logo\/image\/"}}]}},"_links":{"self":[{"href":"https:\/\/revistes.proscenium.cat\/es\/wp-json\/wp\/v2\/pages\/3266","targetHints":{"allow":["GET"]}}],"collection":[{"href":"https:\/\/revistes.proscenium.cat\/es\/wp-json\/wp\/v2\/pages"}],"about":[{"href":"https:\/\/revistes.proscenium.cat\/es\/wp-json\/wp\/v2\/types\/page"}],"author":[{"embeddable":true,"href":"https:\/\/revistes.proscenium.cat\/es\/wp-json\/wp\/v2\/users\/1"}],"replies":[{"embeddable":true,"href":"https:\/\/revistes.proscenium.cat\/es\/wp-json\/wp\/v2\/comments?post=3266"}],"version-history":[{"count":2,"href":"https:\/\/revistes.proscenium.cat\/es\/wp-json\/wp\/v2\/pages\/3266\/revisions"}],"predecessor-version":[{"id":3518,"href":"https:\/\/revistes.proscenium.cat\/es\/wp-json\/wp\/v2\/pages\/3266\/revisions\/3518"}],"wp:attachment":[{"href":"https:\/\/revistes.proscenium.cat\/es\/wp-json\/wp\/v2\/media?parent=3266"}],"wp:term":[{"taxonomy":"edicions","embeddable":true,"href":"https:\/\/revistes.proscenium.cat\/es\/wp-json\/wp\/v2\/edicions?post=3266"}],"curies":[{"name":"wp","href":"https:\/\/api.w.org\/{rel}","templated":true}]}}