{"id":3261,"date":"2023-09-29T09:50:08","date_gmt":"2023-09-29T07:50:08","guid":{"rendered":"https:\/\/revistes.proscenium.cat\/creditos\/"},"modified":"2025-07-03T12:59:42","modified_gmt":"2025-07-03T10:59:42","slug":"creditos","status":"publish","type":"page","link":"https:\/\/revistes.proscenium.cat\/es\/creditos\/","title":{"rendered":"cr\u00e9ditos"},"content":{"rendered":"\t\t<div data-elementor-type=\"wp-page\" data-elementor-id=\"3261\" class=\"elementor elementor-3261 elementor-1005\" data-elementor-post-type=\"page\">\n\t\t\t\t<div data-particle_enable=\"false\" data-particle-mobile-disabled=\"false\" class=\"elementor-element elementor-element-65a2c33 e-con-full e-flex e-con e-parent\" data-id=\"65a2c33\" data-element_type=\"container\" data-e-type=\"container\" data-settings=\"{&quot;background_background&quot;:&quot;classic&quot;}\">\n\t\t\t\t<div class=\"elementor-element elementor-element-3b61e2d elementor-widget elementor-widget-spacer\" data-id=\"3b61e2d\" data-element_type=\"widget\" data-e-type=\"widget\" data-widget_type=\"spacer.default\">\n\t\t\t\t<div class=\"elementor-widget-container\">\n\t\t\t\t\t\t\t<div class=\"elementor-spacer\">\n\t\t\t<div class=\"elementor-spacer-inner\"><\/div>\n\t\t<\/div>\n\t\t\t\t\t\t<\/div>\n\t\t\t\t<\/div>\n\t\t\t\t<div class=\"elementor-element elementor-element-59302bd elementor-invisible elementor-widget elementor-widget-heading\" data-id=\"59302bd\" data-element_type=\"widget\" data-e-type=\"widget\" data-settings=\"{&quot;_animation&quot;:&quot;fadeInDown&quot;}\" data-widget_type=\"heading.default\">\n\t\t\t\t<div class=\"elementor-widget-container\">\n\t\t\t\t\t<h2 class=\"elementor-heading-title elementor-size-default\">CR\u00c9DITOS<\/h2>\t\t\t\t<\/div>\n\t\t\t\t<\/div>\n\t\t\t\t<div class=\"elementor-element elementor-element-d49ffb7 elementor-invisible elementor-widget elementor-widget-heading\" data-id=\"d49ffb7\" data-element_type=\"widget\" data-e-type=\"widget\" data-settings=\"{&quot;_animation&quot;:&quot;fadeInDown&quot;}\" data-widget_type=\"heading.default\">\n\t\t\t\t<div class=\"elementor-widget-container\">\n\t\t\t\t\t<h2 class=\"elementor-heading-title elementor-size-default\">REVISTA PROSCENIUM n\u00fam. 09<\/h2>\t\t\t\t<\/div>\n\t\t\t\t<\/div>\n\t\t\t\t<div class=\"elementor-element elementor-element-0b23d08 elementor-widget elementor-widget-spacer\" data-id=\"0b23d08\" data-element_type=\"widget\" data-e-type=\"widget\" data-widget_type=\"spacer.default\">\n\t\t\t\t<div class=\"elementor-widget-container\">\n\t\t\t\t\t\t\t<div class=\"elementor-spacer\">\n\t\t\t<div class=\"elementor-spacer-inner\"><\/div>\n\t\t<\/div>\n\t\t\t\t\t\t<\/div>\n\t\t\t\t<\/div>\n\t\t\t\t<\/div>\n\t\t\t\t\t<script>\n\t\t\t\t(function($) {\n                    \"use strict\";\n\n                    var target = $('.elementor-element-65a2c33');\n                    target.addClass('e-lazyloaded');\n\n                    \n                    var EaelParallaxElement = {\n\n\t\t\t\t\t\tinit: function() {\n\t\t\t\t\t\t\telementorFrontend.hooks.addAction('frontend\/element_ready\/global', EaelParallaxElement.initWidget);\n\t\t\t\t\t\t},\n                        responsiveParallax: function(){\n                            var android = 0,\n                                ios = 0;\n                            switch( true || 1 ){\n                                case android && ios:\n                                    return \/iPad|iPhone|iPod|Android\/;\n                                    break;\n                                case android && ! ios:\n                                    return \/Android\/;\n                                    break;\n                                case ! android && ios:\n                                    return \/iPad|iPhone|iPod\/;\n                                    break;\n                                case ( ! android && ! ios ):\n                                    return null;\n                            }\n                        },\n\t\t\t\t\t\tinitWidget: function( $scope ) {\n\n\t\t\t\t\t\t\ttarget.jarallax({\n\t\t\t\t\t\t\t\ttype: 'scroll',\n\t\t\t\t\t\t\t\tspeed: 2,\n\t\t\t\t\t\t\t\tkeepImg: true,\n                                disableParallax: EaelParallaxElement.responsiveParallax(),\n\t\t\t\t\t\t\t});\n\t\t\t\t\t\t}\n\n\t\t\t\t\t};\n\n\t\t\t\t\t$( window ).on('elementor\/frontend\/init', EaelParallaxElement.init);\n\n                    \t\t\t\t}( jQuery ) );\n\t\t\t<\/script>\n\t\t<div data-particle_enable=\"false\" data-particle-mobile-disabled=\"false\" class=\"elementor-element elementor-element-b6f2566 e-con-full e-flex e-con e-parent\" data-id=\"b6f2566\" data-element_type=\"container\" data-e-type=\"container\" data-settings=\"{&quot;background_background&quot;:&quot;classic&quot;}\">\n\t\t\t\t<div class=\"elementor-element elementor-element-6311c9d elementor-widget elementor-widget-spacer\" data-id=\"6311c9d\" data-element_type=\"widget\" data-e-type=\"widget\" data-widget_type=\"spacer.default\">\n\t\t\t\t<div class=\"elementor-widget-container\">\n\t\t\t\t\t\t\t<div class=\"elementor-spacer\">\n\t\t\t<div class=\"elementor-spacer-inner\"><\/div>\n\t\t<\/div>\n\t\t\t\t\t\t<\/div>\n\t\t\t\t<\/div>\n\t\t\t\t<div class=\"elementor-element elementor-element-3e120c5 elementor-widget elementor-widget-spacer\" data-id=\"3e120c5\" data-element_type=\"widget\" data-e-type=\"widget\" data-widget_type=\"spacer.default\">\n\t\t\t\t<div class=\"elementor-widget-container\">\n\t\t\t\t\t\t\t<div class=\"elementor-spacer\">\n\t\t\t<div class=\"elementor-spacer-inner\"><\/div>\n\t\t<\/div>\n\t\t\t\t\t\t<\/div>\n\t\t\t\t<\/div>\n\t\t\t\t<div class=\"elementor-element elementor-element-6546497 elementor-invisible elementor-widget elementor-widget-text-editor\" data-id=\"6546497\" data-element_type=\"widget\" data-e-type=\"widget\" data-settings=\"{&quot;_animation&quot;:&quot;fadeInUp&quot;}\" data-widget_type=\"text-editor.default\">\n\t\t\t\t<div class=\"elementor-widget-container\">\n\t\t\t\t\t\t\t\t\t<p>director<\/p><p><strong>DANI CHICANO<\/strong><\/p>\t\t\t\t\t\t\t\t<\/div>\n\t\t\t\t<\/div>\n\t\t\t\t<div class=\"elementor-element elementor-element-8ab8c36 elementor-invisible elementor-widget elementor-widget-text-editor\" data-id=\"8ab8c36\" data-element_type=\"widget\" data-e-type=\"widget\" data-settings=\"{&quot;_animation&quot;:&quot;fadeInUp&quot;}\" data-widget_type=\"text-editor.default\">\n\t\t\t\t<div class=\"elementor-widget-container\">\n\t\t\t\t\t\t\t\t\t<p>subdirector<\/p><p><strong>JOAQUIM ARMENGOL<\/strong><\/p>\t\t\t\t\t\t\t\t<\/div>\n\t\t\t\t<\/div>\n\t\t\t\t<div class=\"elementor-element elementor-element-3fd4d63 elementor-invisible elementor-widget elementor-widget-text-editor\" data-id=\"3fd4d63\" data-element_type=\"widget\" data-e-type=\"widget\" data-settings=\"{&quot;_animation&quot;:&quot;fadeInUp&quot;}\" data-widget_type=\"text-editor.default\">\n\t\t\t\t<div class=\"elementor-widget-container\">\n\t\t\t\t\t\t\t\t\t<p>direcci\u00f3n del proyecto digital<\/p><p><b>JOAN L\u00d3PEZ PINTO [FOSTER THE MARKET]<\/b><\/p>\t\t\t\t\t\t\t\t<\/div>\n\t\t\t\t<\/div>\n\t\t\t\t<div class=\"elementor-element elementor-element-0a42d83 elementor-widget-divider--view-line elementor-invisible elementor-widget elementor-widget-divider\" data-id=\"0a42d83\" data-element_type=\"widget\" data-e-type=\"widget\" data-settings=\"{&quot;_animation&quot;:&quot;fadeInDown&quot;}\" data-widget_type=\"divider.default\">\n\t\t\t\t<div class=\"elementor-widget-container\">\n\t\t\t\t\t\t\t<div class=\"elementor-divider\">\n\t\t\t<span class=\"elementor-divider-separator\">\n\t\t\t\t\t\t<\/span>\n\t\t<\/div>\n\t\t\t\t\t\t<\/div>\n\t\t\t\t<\/div>\n\t\t\t\t<div class=\"elementor-element elementor-element-6d08537 elementor-invisible elementor-widget elementor-widget-text-editor\" data-id=\"6d08537\" data-element_type=\"widget\" data-e-type=\"widget\" data-settings=\"{&quot;_animation&quot;:&quot;fadeInUp&quot;}\" data-widget_type=\"text-editor.default\">\n\t\t\t\t<div class=\"elementor-widget-container\">\n\t\t\t\t\t\t\t\t\t<p>colaboradores\/as contenidos<\/p><p><strong>GEMMA BUSQUETS RUBIO<\/strong><\/p><p><strong>MARGARITA TROGUET Y MESA<\/strong><\/p><p><strong>JOAQUIM ARMENGOL ROURA<\/strong><\/p><p><strong>DANI CHICANO<\/strong><\/p>\t\t\t\t\t\t\t\t<\/div>\n\t\t\t\t<\/div>\n\t\t\t\t<div class=\"elementor-element elementor-element-6db1295 elementor-widget-divider--view-line elementor-invisible elementor-widget elementor-widget-divider\" data-id=\"6db1295\" data-element_type=\"widget\" data-e-type=\"widget\" data-settings=\"{&quot;_animation&quot;:&quot;fadeInDown&quot;}\" data-widget_type=\"divider.default\">\n\t\t\t\t<div class=\"elementor-widget-container\">\n\t\t\t\t\t\t\t<div class=\"elementor-divider\">\n\t\t\t<span class=\"elementor-divider-separator\">\n\t\t\t\t\t\t<\/span>\n\t\t<\/div>\n\t\t\t\t\t\t<\/div>\n\t\t\t\t<\/div>\n\t\t\t\t<div class=\"elementor-element elementor-element-1291ae3 elementor-invisible elementor-widget elementor-widget-text-editor\" data-id=\"1291ae3\" data-element_type=\"widget\" data-e-type=\"widget\" data-settings=\"{&quot;_animation&quot;:&quot;fadeInUp&quot;}\" data-widget_type=\"text-editor.default\">\n\t\t\t\t<div class=\"elementor-widget-container\">\n\t\t\t\t\t\t\t\t\t<p>direcci\u00f3n de arte, dise\u00f1o gr\u00e1fico y maquetaci\u00f3n<\/p><p><b>EDU BAZT\u00c1N [I\u00d3NICO. BRANDING]<\/b><\/p>\t\t\t\t\t\t\t\t<\/div>\n\t\t\t\t<\/div>\n\t\t\t\t<div class=\"elementor-element elementor-element-3b98347 elementor-invisible elementor-widget elementor-widget-text-editor\" data-id=\"3b98347\" data-element_type=\"widget\" data-e-type=\"widget\" data-settings=\"{&quot;_animation&quot;:&quot;fadeInUp&quot;}\" data-widget_type=\"text-editor.default\">\n\t\t\t\t<div class=\"elementor-widget-container\">\n\t\t\t\t\t\t\t\t\t<p>programaci\u00f3n y soporte de maquetaci\u00f3n<\/p><p><b>GERARD CORONEL [I\u00d3NICO.<\/b><\/p>\t\t\t\t\t\t\t\t<\/div>\n\t\t\t\t<\/div>\n\t\t\t\t<div class=\"elementor-element elementor-element-bb87af8 elementor-widget-divider--view-line elementor-invisible elementor-widget elementor-widget-divider\" data-id=\"bb87af8\" data-element_type=\"widget\" data-e-type=\"widget\" data-settings=\"{&quot;_animation&quot;:&quot;fadeInDown&quot;}\" data-widget_type=\"divider.default\">\n\t\t\t\t<div class=\"elementor-widget-container\">\n\t\t\t\t\t\t\t<div class=\"elementor-divider\">\n\t\t\t<span class=\"elementor-divider-separator\">\n\t\t\t\t\t\t<\/span>\n\t\t<\/div>\n\t\t\t\t\t\t<\/div>\n\t\t\t\t<\/div>\n\t\t\t\t<div class=\"elementor-element elementor-element-b72f8fa elementor-invisible elementor-widget elementor-widget-text-editor\" data-id=\"b72f8fa\" data-element_type=\"widget\" data-e-type=\"widget\" data-settings=\"{&quot;_animation&quot;:&quot;fadeInUp&quot;}\" data-widget_type=\"text-editor.default\">\n\t\t\t\t<div class=\"elementor-widget-container\">\n\t\t\t\t\t\t\t\t\t<p>agradecimientos<\/p><p><b>JORDI ORIOL, CARLOS PEDRAGOSA, ESTUDIOS SER RADIO BARCELONA<\/b><\/p><p><strong>ZUM-ZUM TEATRO<\/strong><\/p><p><strong>COLECTIVO CULTURA Y CONFLICTO<\/strong><\/p><p><strong>ESCARLATA CIRCUS Y ELENA CARMONA<\/strong><\/p><p><strong>MUESTRA DE IGUALADA, RAMON GIN\u00c9<\/strong><\/p><p><strong>FERIA DE T\u00cdTERES DE LLEIDA<\/strong><\/p><p><strong>TEIA MONER Y MIQUEL ESPINOSA<\/strong><\/p><p><strong>SLOU OLOU (TODO TORONELL Y PERE HOSTA)<\/strong><\/p><p><strong>A TODOS LOS ARTISTAS, GRUPOS DE TEATRO Y ASOCIACIONES QUE FORMAN PARTE DE ESTA EDICIO<\/strong><\/p>\t\t\t\t\t\t\t\t<\/div>\n\t\t\t\t<\/div>\n\t\t\t\t<div class=\"elementor-element elementor-element-c26ff53 elementor-widget-divider--view-line elementor-invisible elementor-widget elementor-widget-divider\" data-id=\"c26ff53\" data-element_type=\"widget\" data-e-type=\"widget\" data-settings=\"{&quot;_animation&quot;:&quot;fadeInDown&quot;}\" data-widget_type=\"divider.default\">\n\t\t\t\t<div class=\"elementor-widget-container\">\n\t\t\t\t\t\t\t<div class=\"elementor-divider\">\n\t\t\t<span class=\"elementor-divider-separator\">\n\t\t\t\t\t\t<\/span>\n\t\t<\/div>\n\t\t\t\t\t\t<\/div>\n\t\t\t\t<\/div>\n\t\t\t\t<div class=\"elementor-element elementor-element-9d149c3 elementor-invisible elementor-widget elementor-widget-text-editor\" data-id=\"9d149c3\" data-element_type=\"widget\" data-e-type=\"widget\" data-settings=\"{&quot;_animation&quot;:&quot;fadeInUp&quot;}\" data-widget_type=\"text-editor.default\">\n\t\t\t\t<div class=\"elementor-widget-container\">\n\t\t\t\t\t\t\t\t\t<p>con el apoyo de<\/p><p><b>CADENA SER CATALU\u00d1A<\/b><\/p><p><b>AYUNTAMIENTO DE GIRONA<\/b><\/p><p><b>DIPUTACI\u00d3N DE GIRONA<\/b><\/p><p><b>CLUB GIRONA CULTURA<\/b><\/p><p><b>FESTIVAL CASTILLO PERALADA<\/b><\/p>\t\t\t\t\t\t\t\t<\/div>\n\t\t\t\t<\/div>\n\t\t\t\t<div class=\"elementor-element elementor-element-e460372 elementor-widget-divider--view-line elementor-invisible elementor-widget elementor-widget-divider\" data-id=\"e460372\" data-element_type=\"widget\" data-e-type=\"widget\" data-settings=\"{&quot;_animation&quot;:&quot;fadeInDown&quot;}\" data-widget_type=\"divider.default\">\n\t\t\t\t<div class=\"elementor-widget-container\">\n\t\t\t\t\t\t\t<div class=\"elementor-divider\">\n\t\t\t<span class=\"elementor-divider-separator\">\n\t\t\t\t\t\t<\/span>\n\t\t<\/div>\n\t\t\t\t\t\t<\/div>\n\t\t\t\t<\/div>\n\t\t\t\t<div class=\"elementor-element elementor-element-4162331 elementor-invisible elementor-widget elementor-widget-text-editor\" data-id=\"4162331\" data-element_type=\"widget\" data-e-type=\"widget\" data-settings=\"{&quot;_animation&quot;:&quot;fadeInUp&quot;}\" data-widget_type=\"text-editor.default\">\n\t\t\t\t<div class=\"elementor-widget-container\">\n\t\t\t\t\t\t\t\t\t<p>una producci\u00f3n editorial<\/p><p><b>PROSCENIUM<br><\/b><\/p><p><strong>CANDELAS<\/strong><\/p><p><strong>FOSTER THE MARKET<\/strong><\/p>\t\t\t\t\t\t\t\t<\/div>\n\t\t\t\t<\/div>\n\t\t\t\t<div class=\"elementor-element elementor-element-bb20fa2 elementor-widget elementor-widget-spacer\" data-id=\"bb20fa2\" data-element_type=\"widget\" data-e-type=\"widget\" data-widget_type=\"spacer.default\">\n\t\t\t\t<div class=\"elementor-widget-container\">\n\t\t\t\t\t\t\t<div class=\"elementor-spacer\">\n\t\t\t<div class=\"elementor-spacer-inner\"><\/div>\n\t\t<\/div>\n\t\t\t\t\t\t<\/div>\n\t\t\t\t<\/div>\n\t\t\t\t<\/div>\n\t\t\t\t\t<script>\n\t\t\t\t(function($) {\n                    \"use strict\";\n\n                    var target = $('.elementor-element-b6f2566');\n                    target.addClass('e-lazyloaded');\n\n                    \n                    var EaelParallaxElement = {\n\n\t\t\t\t\t\tinit: function() {\n\t\t\t\t\t\t\telementorFrontend.hooks.addAction('frontend\/element_ready\/global', EaelParallaxElement.initWidget);\n\t\t\t\t\t\t},\n                        responsiveParallax: function(){\n                            var android = 0,\n                                ios = 0;\n                            switch( true || 1 ){\n                                case android && ios:\n                                    return \/iPad|iPhone|iPod|Android\/;\n                                    break;\n                                case android && ! ios:\n                                    return \/Android\/;\n                                    break;\n                                case ! android && ios:\n                                    return \/iPad|iPhone|iPod\/;\n                                    break;\n                                case ( ! android && ! ios ):\n                                    return null;\n                            }\n                        },\n\t\t\t\t\t\tinitWidget: function( $scope ) {\n\n\t\t\t\t\t\t\ttarget.jarallax({\n\t\t\t\t\t\t\t\ttype: 'scroll',\n\t\t\t\t\t\t\t\tspeed: 2,\n\t\t\t\t\t\t\t\tkeepImg: true,\n                                disableParallax: EaelParallaxElement.responsiveParallax(),\n\t\t\t\t\t\t\t});\n\t\t\t\t\t\t}\n\n\t\t\t\t\t};\n\n\t\t\t\t\t$( window ).on('elementor\/frontend\/init', EaelParallaxElement.init);\n\n                    \t\t\t\t}( jQuery ) );\n\t\t\t<\/script>\n\t\t<div data-particle_enable=\"false\" data-particle-mobile-disabled=\"false\" class=\"elementor-element elementor-element-081df37 e-con-full e-flex e-con e-parent\" data-id=\"081df37\" data-element_type=\"container\" data-e-type=\"container\" data-settings=\"{&quot;background_background&quot;:&quot;classic&quot;}\">\n\t\t\t\t<div class=\"elementor-element elementor-element-c8d305b elementor-widget elementor-widget-spacer\" data-id=\"c8d305b\" data-element_type=\"widget\" data-e-type=\"widget\" data-widget_type=\"spacer.default\">\n\t\t\t\t<div class=\"elementor-widget-container\">\n\t\t\t\t\t\t\t<div class=\"elementor-spacer\">\n\t\t\t<div class=\"elementor-spacer-inner\"><\/div>\n\t\t<\/div>\n\t\t\t\t\t\t<\/div>\n\t\t\t\t<\/div>\n\t\t\t\t<div class=\"elementor-element elementor-element-634ac9a elementor-invisible elementor-widget elementor-widget-heading\" data-id=\"634ac9a\" data-element_type=\"widget\" data-e-type=\"widget\" data-settings=\"{&quot;_animation&quot;:&quot;fadeInDown&quot;}\" data-widget_type=\"heading.default\">\n\t\t\t\t<div class=\"elementor-widget-container\">\n\t\t\t\t\t<h2 class=\"elementor-heading-title elementor-size-default\">AVISO LEGAL<\/h2>\t\t\t\t<\/div>\n\t\t\t\t<\/div>\n\t\t\t\t<div class=\"elementor-element elementor-element-8ef0e93 elementor-invisible elementor-widget elementor-widget-text-editor\" data-id=\"8ef0e93\" data-element_type=\"widget\" data-e-type=\"widget\" data-settings=\"{&quot;_animation&quot;:&quot;fadeInDown&quot;}\" data-widget_type=\"text-editor.default\">\n\t\t\t\t<div class=\"elementor-widget-container\">\n\t\t\t\t\t\t\t\t\t<p>PROSCENIUM ES UNA PUBLICACI\u00d3N GRATUITA PRODUCIDA Y EDITADA POR EDITORIAL PROSCENIUM. TODOS LOS DERECHOS RESERVADOS. CALLE RIERA BUGANTO, 7, 1R 2A. 17003 GIRONA. CORREO ELECTR\u00d3NICO DE CONTACTO: REVISTAPROSCENIUM@GMAIL.COM    <\/p><p>PROSCENIUM NO SE HACE RESPONSABLE NECESARIAMENTE DE LAS OPINIONES EXPRESADAS POR SUS COLABORADORES. QUE SON RESPONSABILIDAD EXCLUSIVA DE LAS EMPRESAS ANUNCIANTES. <\/p><p>LOS CONTENIDOS DE PROSCENIUM NO PUEDEN SER REPRODUCIDOS NI TOTAL NI PARCIALMENTE, NI GRABADOS O RETRANSMITIDOS POR UN SISTEMA DE RECUPERACI\u00d3N DE INFORMACI\u00d3N, DE NINGUNA MANERA NI A TRAV\u00c9S DE NING\u00daN MEDIO, SEA MEC\u00c1NICO, FOTO ELECTRO\u00d3PTICO, A TRAV\u00c9S DE FOTOCOPIA O DE CUALQUIER OTRO PROCEDIMIENTO SIN PERMISO PREVIO POR ESCRITO DE LA EDITORIAL Y, EN EL CASO DE COLABORACIONES Y AUTORES, CON EL PERMISO EXPL\u00cdCITO DE AMBAS PARTES.<\/p>\t\t\t\t\t\t\t\t<\/div>\n\t\t\t\t<\/div>\n\t\t\t\t<div class=\"elementor-element elementor-element-d338410 elementor-widget elementor-widget-spacer\" data-id=\"d338410\" data-element_type=\"widget\" data-e-type=\"widget\" data-widget_type=\"spacer.default\">\n\t\t\t\t<div class=\"elementor-widget-container\">\n\t\t\t\t\t\t\t<div class=\"elementor-spacer\">\n\t\t\t<div class=\"elementor-spacer-inner\"><\/div>\n\t\t<\/div>\n\t\t\t\t\t\t<\/div>\n\t\t\t\t<\/div>\n\t\t\t\t<\/div>\n\t\t\t\t\t<script>\n\t\t\t\t(function($) {\n                    \"use strict\";\n\n                    var target = $('.elementor-element-081df37');\n                    target.addClass('e-lazyloaded');\n\n                    \n                    var EaelParallaxElement = {\n\n\t\t\t\t\t\tinit: function() {\n\t\t\t\t\t\t\telementorFrontend.hooks.addAction('frontend\/element_ready\/global', EaelParallaxElement.initWidget);\n\t\t\t\t\t\t},\n                        responsiveParallax: function(){\n                            var android = 0,\n                                ios = 0;\n                            switch( true || 1 ){\n                                case android && ios:\n                                    return \/iPad|iPhone|iPod|Android\/;\n                                    break;\n                                case android && ! ios:\n                                    return \/Android\/;\n                                    break;\n                                case ! android && ios:\n                                    return \/iPad|iPhone|iPod\/;\n                                    break;\n                                case ( ! android && ! ios ):\n                                    return null;\n                            }\n                        },\n\t\t\t\t\t\tinitWidget: function( $scope ) {\n\n\t\t\t\t\t\t\ttarget.jarallax({\n\t\t\t\t\t\t\t\ttype: 'scroll',\n\t\t\t\t\t\t\t\tspeed: 2,\n\t\t\t\t\t\t\t\tkeepImg: true,\n                                disableParallax: EaelParallaxElement.responsiveParallax(),\n\t\t\t\t\t\t\t});\n\t\t\t\t\t\t}\n\n\t\t\t\t\t};\n\n\t\t\t\t\t$( window ).on('elementor\/frontend\/init', EaelParallaxElement.init);\n\n                    \t\t\t\t}( jQuery ) );\n\t\t\t<\/script>\n\t\t\t\t<\/div>\n\t\t","protected":false},"excerpt":{"rendered":"<p>CR\u00c9DITOS REVISTA PROSCENIUM n\u00fam. 09 director DANI CHICANO subdirector JOAQUIM ARMENGOL direcci\u00f3n del proyecto digital JOAN L\u00d3PEZ PINTO [FOSTER THE MARKET] colaboradores\/as contenidos GEMMA BUSQUETS RUBIO MARGARITA TROGUET Y MESA JOAQUIM ARMENGOL ROURA DANI CHICANO direcci\u00f3n de arte, dise\u00f1o gr\u00e1fico y maquetaci\u00f3n EDU BAZT\u00c1N [I\u00d3NICO. BRANDING] programaci\u00f3n y soporte de maquetaci\u00f3n GERARD CORONEL [I\u00d3NICO. agradecimientos [&hellip;]<\/p>\n","protected":false},"author":1,"featured_media":0,"parent":0,"menu_order":20,"comment_status":"closed","ping_status":"closed","template":"","meta":{"footnotes":""},"edicions":[10],"class_list":["post-3261","page","type-page","status-publish","hentry","edicions-10"],"yoast_head":"<!-- This site is optimized with the Yoast SEO plugin v27.4 - https:\/\/yoast.com\/product\/yoast-seo-wordpress\/ -->\n<title>cr\u00e9ditos - Proscenium<\/title>\n<meta name=\"robots\" content=\"index, follow, max-snippet:-1, max-image-preview:large, max-video-preview:-1\" \/>\n<link rel=\"canonical\" href=\"https:\/\/revistes.proscenium.cat\/es\/creditos\/\" \/>\n<meta property=\"og:locale\" content=\"es_ES\" \/>\n<meta property=\"og:type\" content=\"article\" \/>\n<meta property=\"og:title\" content=\"cr\u00e9ditos - Proscenium\" \/>\n<meta property=\"og:description\" content=\"CR\u00c9DITOS REVISTA PROSCENIUM n\u00fam. 09 director DANI CHICANO subdirector JOAQUIM ARMENGOL direcci\u00f3n del proyecto digital JOAN L\u00d3PEZ PINTO [FOSTER THE MARKET] colaboradores\/as contenidos GEMMA BUSQUETS RUBIO MARGARITA TROGUET Y MESA JOAQUIM ARMENGOL ROURA DANI CHICANO direcci\u00f3n de arte, dise\u00f1o gr\u00e1fico y maquetaci\u00f3n EDU BAZT\u00c1N [I\u00d3NICO. BRANDING] programaci\u00f3n y soporte de maquetaci\u00f3n GERARD CORONEL [I\u00d3NICO. agradecimientos [&hellip;]\" \/>\n<meta property=\"og:url\" content=\"https:\/\/revistes.proscenium.cat\/es\/creditos\/\" \/>\n<meta property=\"og:site_name\" content=\"Proscenium\" \/>\n<meta property=\"article:modified_time\" content=\"2025-07-03T10:59:42+00:00\" \/>\n<meta name=\"twitter:card\" content=\"summary_large_image\" \/>\n<meta name=\"twitter:label1\" content=\"Tiempo de lectura\" \/>\n\t<meta name=\"twitter:data1\" content=\"1 minuto\" \/>\n<script type=\"application\/ld+json\" class=\"yoast-schema-graph\">{\"@context\":\"https:\\\/\\\/schema.org\",\"@graph\":[{\"@type\":\"WebPage\",\"@id\":\"https:\\\/\\\/revistes.proscenium.cat\\\/es\\\/creditos\\\/\",\"url\":\"https:\\\/\\\/revistes.proscenium.cat\\\/es\\\/creditos\\\/\",\"name\":\"cr\u00e9ditos - Proscenium\",\"isPartOf\":{\"@id\":\"https:\\\/\\\/revistes.proscenium.cat\\\/es\\\/#website\"},\"datePublished\":\"2023-09-29T07:50:08+00:00\",\"dateModified\":\"2025-07-03T10:59:42+00:00\",\"breadcrumb\":{\"@id\":\"https:\\\/\\\/revistes.proscenium.cat\\\/es\\\/creditos\\\/#breadcrumb\"},\"inLanguage\":\"es\",\"potentialAction\":[{\"@type\":\"ReadAction\",\"target\":[\"https:\\\/\\\/revistes.proscenium.cat\\\/es\\\/creditos\\\/\"]}]},{\"@type\":\"BreadcrumbList\",\"@id\":\"https:\\\/\\\/revistes.proscenium.cat\\\/es\\\/creditos\\\/#breadcrumb\",\"itemListElement\":[{\"@type\":\"ListItem\",\"position\":1,\"name\":\"Inici\",\"item\":\"https:\\\/\\\/revistes.proscenium.cat\\\/es\\\/portada-y-sumario-2024-25\\\/\"},{\"@type\":\"ListItem\",\"position\":2,\"name\":\"cr\u00e9ditos\"}]},{\"@type\":\"WebSite\",\"@id\":\"https:\\\/\\\/revistes.proscenium.cat\\\/es\\\/#website\",\"url\":\"https:\\\/\\\/revistes.proscenium.cat\\\/es\\\/\",\"name\":\"Revista Proscenium\",\"description\":\"Revista d&#039;arts esc\u00e8niques\",\"publisher\":{\"@id\":\"https:\\\/\\\/revistes.proscenium.cat\\\/es\\\/#organization\"},\"potentialAction\":[{\"@type\":\"SearchAction\",\"target\":{\"@type\":\"EntryPoint\",\"urlTemplate\":\"https:\\\/\\\/revistes.proscenium.cat\\\/es\\\/?s={search_term_string}\"},\"query-input\":{\"@type\":\"PropertyValueSpecification\",\"valueRequired\":true,\"valueName\":\"search_term_string\"}}],\"inLanguage\":\"es\"},{\"@type\":\"Organization\",\"@id\":\"https:\\\/\\\/revistes.proscenium.cat\\\/es\\\/#organization\",\"name\":\"Editorial Proscenium\",\"url\":\"https:\\\/\\\/revistes.proscenium.cat\\\/es\\\/\",\"logo\":{\"@type\":\"ImageObject\",\"inLanguage\":\"es\",\"@id\":\"https:\\\/\\\/revistes.proscenium.cat\\\/es\\\/#\\\/schema\\\/logo\\\/image\\\/\",\"url\":\"https:\\\/\\\/revistes.proscenium.cat\\\/wp-content\\\/uploads\\\/2023\\\/11\\\/proscenium-logo.jpg\",\"contentUrl\":\"https:\\\/\\\/revistes.proscenium.cat\\\/wp-content\\\/uploads\\\/2023\\\/11\\\/proscenium-logo.jpg\",\"width\":400,\"height\":310,\"caption\":\"Editorial Proscenium\"},\"image\":{\"@id\":\"https:\\\/\\\/revistes.proscenium.cat\\\/es\\\/#\\\/schema\\\/logo\\\/image\\\/\"}}]}<\/script>\n<!-- \/ Yoast SEO plugin. -->","yoast_head_json":{"title":"cr\u00e9ditos - Proscenium","robots":{"index":"index","follow":"follow","max-snippet":"max-snippet:-1","max-image-preview":"max-image-preview:large","max-video-preview":"max-video-preview:-1"},"canonical":"https:\/\/revistes.proscenium.cat\/es\/creditos\/","og_locale":"es_ES","og_type":"article","og_title":"cr\u00e9ditos - Proscenium","og_description":"CR\u00c9DITOS REVISTA PROSCENIUM n\u00fam. 09 director DANI CHICANO subdirector JOAQUIM ARMENGOL direcci\u00f3n del proyecto digital JOAN L\u00d3PEZ PINTO [FOSTER THE MARKET] colaboradores\/as contenidos GEMMA BUSQUETS RUBIO MARGARITA TROGUET Y MESA JOAQUIM ARMENGOL ROURA DANI CHICANO direcci\u00f3n de arte, dise\u00f1o gr\u00e1fico y maquetaci\u00f3n EDU BAZT\u00c1N [I\u00d3NICO. BRANDING] programaci\u00f3n y soporte de maquetaci\u00f3n GERARD CORONEL [I\u00d3NICO. agradecimientos [&hellip;]","og_url":"https:\/\/revistes.proscenium.cat\/es\/creditos\/","og_site_name":"Proscenium","article_modified_time":"2025-07-03T10:59:42+00:00","twitter_card":"summary_large_image","twitter_misc":{"Tiempo de lectura":"1 minuto"},"schema":{"@context":"https:\/\/schema.org","@graph":[{"@type":"WebPage","@id":"https:\/\/revistes.proscenium.cat\/es\/creditos\/","url":"https:\/\/revistes.proscenium.cat\/es\/creditos\/","name":"cr\u00e9ditos - Proscenium","isPartOf":{"@id":"https:\/\/revistes.proscenium.cat\/es\/#website"},"datePublished":"2023-09-29T07:50:08+00:00","dateModified":"2025-07-03T10:59:42+00:00","breadcrumb":{"@id":"https:\/\/revistes.proscenium.cat\/es\/creditos\/#breadcrumb"},"inLanguage":"es","potentialAction":[{"@type":"ReadAction","target":["https:\/\/revistes.proscenium.cat\/es\/creditos\/"]}]},{"@type":"BreadcrumbList","@id":"https:\/\/revistes.proscenium.cat\/es\/creditos\/#breadcrumb","itemListElement":[{"@type":"ListItem","position":1,"name":"Inici","item":"https:\/\/revistes.proscenium.cat\/es\/portada-y-sumario-2024-25\/"},{"@type":"ListItem","position":2,"name":"cr\u00e9ditos"}]},{"@type":"WebSite","@id":"https:\/\/revistes.proscenium.cat\/es\/#website","url":"https:\/\/revistes.proscenium.cat\/es\/","name":"Revista Proscenium","description":"Revista d&#039;arts esc\u00e8niques","publisher":{"@id":"https:\/\/revistes.proscenium.cat\/es\/#organization"},"potentialAction":[{"@type":"SearchAction","target":{"@type":"EntryPoint","urlTemplate":"https:\/\/revistes.proscenium.cat\/es\/?s={search_term_string}"},"query-input":{"@type":"PropertyValueSpecification","valueRequired":true,"valueName":"search_term_string"}}],"inLanguage":"es"},{"@type":"Organization","@id":"https:\/\/revistes.proscenium.cat\/es\/#organization","name":"Editorial Proscenium","url":"https:\/\/revistes.proscenium.cat\/es\/","logo":{"@type":"ImageObject","inLanguage":"es","@id":"https:\/\/revistes.proscenium.cat\/es\/#\/schema\/logo\/image\/","url":"https:\/\/revistes.proscenium.cat\/wp-content\/uploads\/2023\/11\/proscenium-logo.jpg","contentUrl":"https:\/\/revistes.proscenium.cat\/wp-content\/uploads\/2023\/11\/proscenium-logo.jpg","width":400,"height":310,"caption":"Editorial Proscenium"},"image":{"@id":"https:\/\/revistes.proscenium.cat\/es\/#\/schema\/logo\/image\/"}}]}},"_links":{"self":[{"href":"https:\/\/revistes.proscenium.cat\/es\/wp-json\/wp\/v2\/pages\/3261","targetHints":{"allow":["GET"]}}],"collection":[{"href":"https:\/\/revistes.proscenium.cat\/es\/wp-json\/wp\/v2\/pages"}],"about":[{"href":"https:\/\/revistes.proscenium.cat\/es\/wp-json\/wp\/v2\/types\/page"}],"author":[{"embeddable":true,"href":"https:\/\/revistes.proscenium.cat\/es\/wp-json\/wp\/v2\/users\/1"}],"replies":[{"embeddable":true,"href":"https:\/\/revistes.proscenium.cat\/es\/wp-json\/wp\/v2\/comments?post=3261"}],"version-history":[{"count":3,"href":"https:\/\/revistes.proscenium.cat\/es\/wp-json\/wp\/v2\/pages\/3261\/revisions"}],"predecessor-version":[{"id":3478,"href":"https:\/\/revistes.proscenium.cat\/es\/wp-json\/wp\/v2\/pages\/3261\/revisions\/3478"}],"wp:attachment":[{"href":"https:\/\/revistes.proscenium.cat\/es\/wp-json\/wp\/v2\/media?parent=3261"}],"wp:term":[{"taxonomy":"edicions","embeddable":true,"href":"https:\/\/revistes.proscenium.cat\/es\/wp-json\/wp\/v2\/edicions?post=3261"}],"curies":[{"name":"wp","href":"https:\/\/api.w.org\/{rel}","templated":true}]}}