{"id":3252,"date":"2023-08-20T14:02:49","date_gmt":"2023-08-20T12:02:49","guid":{"rendered":"https:\/\/revistes.proscenium.cat\/muestra-igualada\/"},"modified":"2025-07-03T13:06:01","modified_gmt":"2025-07-03T11:06:01","slug":"muestra-igualada","status":"publish","type":"page","link":"https:\/\/revistes.proscenium.cat\/es\/muestra-igualada\/","title":{"rendered":"muestra igualada"},"content":{"rendered":"\t\t<div data-elementor-type=\"wp-page\" data-elementor-id=\"3252\" class=\"elementor elementor-3252 elementor-722\" data-elementor-post-type=\"page\">\n\t\t\t\t<div data-particle_enable=\"false\" data-particle-mobile-disabled=\"false\" class=\"elementor-element elementor-element-d1b321c e-con-full e-flex elementor-invisible e-con e-parent\" data-id=\"d1b321c\" data-element_type=\"container\" data-e-type=\"container\" data-settings=\"{&quot;animation&quot;:&quot;fadeIn&quot;,&quot;background_background&quot;:&quot;video&quot;,&quot;background_video_link&quot;:&quot;https:\\\/\\\/youtu.be\\\/7EcHN2KryyQ&quot;,&quot;background_play_on_mobile&quot;:&quot;yes&quot;}\">\n\t\t<div class=\"elementor-background-video-container\">\n\t\t\t\t\t\t\t<div class=\"elementor-background-video-embed\" role=\"presentation\"><\/div>\n\t\t\t\t\t\t<\/div><div data-particle_enable=\"false\" data-particle-mobile-disabled=\"false\" class=\"elementor-element elementor-element-650a28d e-con-full e-flex e-con e-child\" data-id=\"650a28d\" data-element_type=\"container\" data-e-type=\"container\">\n\t\t\t\t<\/div>\n\t\t<div data-particle_enable=\"false\" data-particle-mobile-disabled=\"false\" class=\"elementor-element elementor-element-eccad9e e-con-full e-flex e-con e-child\" data-id=\"eccad9e\" data-element_type=\"container\" data-e-type=\"container\">\n\t\t<div data-particle_enable=\"false\" data-particle-mobile-disabled=\"false\" class=\"elementor-element elementor-element-6fc69e7 e-flex e-con-boxed e-con e-child\" data-id=\"6fc69e7\" data-element_type=\"container\" data-e-type=\"container\">\n\t\t\t\t\t<div class=\"e-con-inner\">\n\t\t\t\t<div class=\"elementor-element elementor-element-cd5a348 elementor-invisible elementor-widget elementor-widget-image\" data-id=\"cd5a348\" data-element_type=\"widget\" data-e-type=\"widget\" data-settings=\"{&quot;_animation&quot;:&quot;fadeInRight&quot;}\" data-widget_type=\"image.default\">\n\t\t\t\t<div class=\"elementor-widget-container\">\n\t\t\t\t\t\t\t\t\t\t\t\t\t\t\t<img fetchpriority=\"high\" decoding=\"async\" width=\"266\" height=\"302\" src=\"https:\/\/revistes.proscenium.cat\/wp-content\/uploads\/2023\/08\/picto-favicon.svg\" class=\"attachment-medium size-medium wp-image-2922\" alt=\"\" \/>\t\t\t\t\t\t\t\t\t\t\t\t\t\t\t<\/div>\n\t\t\t\t<\/div>\n\t\t\t\t\t<\/div>\n\t\t\t\t<\/div>\n\t\t\t\t<div class=\"elementor-element elementor-element-3af0e0f elementor-invisible elementor-widget elementor-widget-text-editor\" data-id=\"3af0e0f\" data-element_type=\"widget\" data-e-type=\"widget\" data-settings=\"{&quot;_animation&quot;:&quot;fadeInDown&quot;}\" data-widget_type=\"text-editor.default\">\n\t\t\t\t<div class=\"elementor-widget-container\">\n\t\t\t\t\t\t\t\t\t<p>EDICI\u00d3N 09<\/p>\t\t\t\t\t\t\t\t<\/div>\n\t\t\t\t<\/div>\n\t\t\t\t<div class=\"elementor-element elementor-element-4460f9d elementor-widget-divider--view-line elementor-invisible elementor-widget elementor-widget-divider\" data-id=\"4460f9d\" data-element_type=\"widget\" data-e-type=\"widget\" data-settings=\"{&quot;_animation&quot;:&quot;fadeIn&quot;}\" data-widget_type=\"divider.default\">\n\t\t\t\t<div class=\"elementor-widget-container\">\n\t\t\t\t\t\t\t<div class=\"elementor-divider\">\n\t\t\t<span class=\"elementor-divider-separator\">\n\t\t\t\t\t\t<\/span>\n\t\t<\/div>\n\t\t\t\t\t\t<\/div>\n\t\t\t\t<\/div>\n\t\t\t\t<div class=\"elementor-element elementor-element-98e8957 elementor-invisible elementor-widget elementor-widget-heading\" data-id=\"98e8957\" data-element_type=\"widget\" data-e-type=\"widget\" data-settings=\"{&quot;_animation&quot;:&quot;fadeInUp&quot;}\" data-widget_type=\"heading.default\">\n\t\t\t\t<div class=\"elementor-widget-container\">\n\t\t\t\t\t<h2 class=\"elementor-heading-title elementor-size-default\">REPORTAJE<\/h2>\t\t\t\t<\/div>\n\t\t\t\t<\/div>\n\t\t\t\t<div class=\"elementor-element elementor-element-d4d5525 elementor-invisible elementor-widget elementor-widget-heading\" data-id=\"d4d5525\" data-element_type=\"widget\" data-e-type=\"widget\" data-settings=\"{&quot;_animation&quot;:&quot;fadeInUp&quot;}\" data-widget_type=\"heading.default\">\n\t\t\t\t<div class=\"elementor-widget-container\">\n\t\t\t\t\t<h2 class=\"elementor-heading-title elementor-size-default\">MUESTRA IGUALADA 2023<\/h2>\t\t\t\t<\/div>\n\t\t\t\t<\/div>\n\t\t\t\t<div class=\"elementor-element elementor-element-75fc86a elementor-widget-divider--view-line elementor-invisible elementor-widget elementor-widget-divider\" data-id=\"75fc86a\" data-element_type=\"widget\" data-e-type=\"widget\" data-settings=\"{&quot;_animation&quot;:&quot;fadeIn&quot;}\" data-widget_type=\"divider.default\">\n\t\t\t\t<div class=\"elementor-widget-container\">\n\t\t\t\t\t\t\t<div class=\"elementor-divider\">\n\t\t\t<span class=\"elementor-divider-separator\">\n\t\t\t\t\t\t<\/span>\n\t\t<\/div>\n\t\t\t\t\t\t<\/div>\n\t\t\t\t<\/div>\n\t\t\t\t<div class=\"elementor-element elementor-element-170dc88 elementor-widget elementor-widget-spacer\" data-id=\"170dc88\" data-element_type=\"widget\" data-e-type=\"widget\" data-widget_type=\"spacer.default\">\n\t\t\t\t<div class=\"elementor-widget-container\">\n\t\t\t\t\t\t\t<div class=\"elementor-spacer\">\n\t\t\t<div class=\"elementor-spacer-inner\"><\/div>\n\t\t<\/div>\n\t\t\t\t\t\t<\/div>\n\t\t\t\t<\/div>\n\t\t\t\t<\/div>\n\t\t\t\t<\/div>\n\t\t<div data-particle_enable=\"false\" data-particle-mobile-disabled=\"false\" class=\"elementor-element elementor-element-65a2c33 e-flex e-con-boxed e-con e-parent\" data-id=\"65a2c33\" data-element_type=\"container\" data-e-type=\"container\" data-settings=\"{&quot;background_background&quot;:&quot;classic&quot;}\">\n\t\t\t\t\t<div class=\"e-con-inner\">\n\t\t\t\t<div class=\"elementor-element elementor-element-3b61e2d elementor-widget elementor-widget-spacer\" data-id=\"3b61e2d\" data-element_type=\"widget\" data-e-type=\"widget\" data-widget_type=\"spacer.default\">\n\t\t\t\t<div class=\"elementor-widget-container\">\n\t\t\t\t\t\t\t<div class=\"elementor-spacer\">\n\t\t\t<div class=\"elementor-spacer-inner\"><\/div>\n\t\t<\/div>\n\t\t\t\t\t\t<\/div>\n\t\t\t\t<\/div>\n\t\t\t\t<div class=\"elementor-element elementor-element-59302bd elementor-invisible elementor-widget elementor-widget-heading\" data-id=\"59302bd\" data-element_type=\"widget\" data-e-type=\"widget\" data-settings=\"{&quot;_animation&quot;:&quot;fadeInDown&quot;}\" data-widget_type=\"heading.default\">\n\t\t\t\t<div class=\"elementor-widget-container\">\n\t\t\t\t\t<h2 class=\"elementor-heading-title elementor-size-default\">FERIA DE ESPECT\u00c1CULOS INFANTIL Y JUVENIL<\/h2>\t\t\t\t<\/div>\n\t\t\t\t<\/div>\n\t\t\t\t<div class=\"elementor-element elementor-element-0b23d08 elementor-widget elementor-widget-spacer\" data-id=\"0b23d08\" data-element_type=\"widget\" data-e-type=\"widget\" data-widget_type=\"spacer.default\">\n\t\t\t\t<div class=\"elementor-widget-container\">\n\t\t\t\t\t\t\t<div class=\"elementor-spacer\">\n\t\t\t<div class=\"elementor-spacer-inner\"><\/div>\n\t\t<\/div>\n\t\t\t\t\t\t<\/div>\n\t\t\t\t<\/div>\n\t\t\t\t\t<\/div>\n\t\t\t\t<\/div>\n\t\t\t\t\t<script>\n\t\t\t\t(function($) {\n                    \"use strict\";\n\n                    var target = $('.elementor-element-65a2c33');\n                    target.addClass('e-lazyloaded');\n\n                    \n                    var EaelParallaxElement = {\n\n\t\t\t\t\t\tinit: function() {\n\t\t\t\t\t\t\telementorFrontend.hooks.addAction('frontend\/element_ready\/global', EaelParallaxElement.initWidget);\n\t\t\t\t\t\t},\n                        responsiveParallax: function(){\n                            var android = 0,\n                                ios = 0;\n                            switch( true || 1 ){\n                                case android && ios:\n                                    return \/iPad|iPhone|iPod|Android\/;\n                                    break;\n                                case android && ! ios:\n                                    return \/Android\/;\n                                    break;\n                                case ! android && ios:\n                                    return \/iPad|iPhone|iPod\/;\n                                    break;\n                                case ( ! android && ! ios ):\n                                    return null;\n                            }\n                        },\n\t\t\t\t\t\tinitWidget: function( $scope ) {\n\n\t\t\t\t\t\t\ttarget.jarallax({\n\t\t\t\t\t\t\t\ttype: 'scroll',\n\t\t\t\t\t\t\t\tspeed: 2,\n\t\t\t\t\t\t\t\tkeepImg: true,\n                                disableParallax: EaelParallaxElement.responsiveParallax(),\n\t\t\t\t\t\t\t});\n\t\t\t\t\t\t}\n\n\t\t\t\t\t};\n\n\t\t\t\t\t$( window ).on('elementor\/frontend\/init', EaelParallaxElement.init);\n\n                    \t\t\t\t}( jQuery ) );\n\t\t\t<\/script>\n\t\t<div data-particle_enable=\"false\" data-particle-mobile-disabled=\"false\" class=\"elementor-element elementor-element-c213409 elementor-hidden-desktop elementor-hidden-tablet_extra elementor-hidden-tablet elementor-hidden-mobile e-flex e-con-boxed e-con e-parent\" data-id=\"c213409\" data-element_type=\"container\" data-e-type=\"container\">\n\t\t\t\t\t<div class=\"e-con-inner\">\n\t\t<div data-particle_enable=\"false\" data-particle-mobile-disabled=\"false\" class=\"elementor-element elementor-element-db0c397 e-con-full e-flex e-con e-child\" data-id=\"db0c397\" data-element_type=\"container\" data-e-type=\"container\">\n\t\t\t\t<div class=\"elementor-element elementor-element-86f6c1d elementor-widget elementor-widget-video\" data-id=\"86f6c1d\" data-element_type=\"widget\" data-e-type=\"widget\" data-settings=\"{&quot;video_type&quot;:&quot;hosted&quot;,&quot;autoplay&quot;:&quot;yes&quot;,&quot;controls&quot;:&quot;yes&quot;}\" data-widget_type=\"video.default\">\n\t\t\t\t<div class=\"elementor-widget-container\">\n\t\t\t\t\t\t\t<div class=\"e-hosted-video elementor-wrapper elementor-open-inline\">\n\t\t\t\t\t<video class=\"elementor-video\" src=\"https:\/\/revistes.proscenium.cat\/wp-content\/uploads\/2023\/08\/MOSTRA-IGUALADA-2023-imatge-sardina-video-converter.com_.mp4\" autoplay=\"\" controls=\"\" controlsList=\"nodownload\"><\/video>\n\t\t\t\t<\/div>\n\t\t\t\t\t\t<\/div>\n\t\t\t\t<\/div>\n\t\t\t\t<div class=\"elementor-element elementor-element-9629829 elementor-widget elementor-widget-spacer\" data-id=\"9629829\" data-element_type=\"widget\" data-e-type=\"widget\" data-widget_type=\"spacer.default\">\n\t\t\t\t<div class=\"elementor-widget-container\">\n\t\t\t\t\t\t\t<div class=\"elementor-spacer\">\n\t\t\t<div class=\"elementor-spacer-inner\"><\/div>\n\t\t<\/div>\n\t\t\t\t\t\t<\/div>\n\t\t\t\t<\/div>\n\t\t\t\t<\/div>\n\t\t\t\t\t<\/div>\n\t\t\t\t<\/div>\n\t\t<div data-particle_enable=\"false\" data-particle-mobile-disabled=\"false\" class=\"elementor-element elementor-element-b6f2566 e-con-full e-flex e-con e-parent\" data-id=\"b6f2566\" data-element_type=\"container\" data-e-type=\"container\" data-settings=\"{&quot;background_background&quot;:&quot;classic&quot;}\">\n\t\t\t\t<div class=\"elementor-element elementor-element-6311c9d elementor-widget elementor-widget-spacer\" data-id=\"6311c9d\" data-element_type=\"widget\" data-e-type=\"widget\" data-widget_type=\"spacer.default\">\n\t\t\t\t<div class=\"elementor-widget-container\">\n\t\t\t\t\t\t\t<div class=\"elementor-spacer\">\n\t\t\t<div class=\"elementor-spacer-inner\"><\/div>\n\t\t<\/div>\n\t\t\t\t\t\t<\/div>\n\t\t\t\t<\/div>\n\t\t\t\t<div class=\"elementor-element elementor-element-3e120c5 elementor-widget elementor-widget-spacer\" data-id=\"3e120c5\" data-element_type=\"widget\" data-e-type=\"widget\" data-widget_type=\"spacer.default\">\n\t\t\t\t<div class=\"elementor-widget-container\">\n\t\t\t\t\t\t\t<div class=\"elementor-spacer\">\n\t\t\t<div class=\"elementor-spacer-inner\"><\/div>\n\t\t<\/div>\n\t\t\t\t\t\t<\/div>\n\t\t\t\t<\/div>\n\t\t\t\t<div class=\"elementor-element elementor-element-183334e elementor-invisible elementor-widget elementor-widget-heading\" data-id=\"183334e\" data-element_type=\"widget\" data-e-type=\"widget\" data-settings=\"{&quot;_animation&quot;:&quot;fadeInDown&quot;}\" data-widget_type=\"heading.default\">\n\t\t\t\t<div class=\"elementor-widget-container\">\n\t\t\t\t\t<h2 class=\"elementor-heading-title elementor-size-default\">El poder de las historias<\/h2>\t\t\t\t<\/div>\n\t\t\t\t<\/div>\n\t\t\t\t<div class=\"elementor-element elementor-element-6546497 elementor-invisible elementor-widget elementor-widget-text-editor\" data-id=\"6546497\" data-element_type=\"widget\" data-e-type=\"widget\" data-settings=\"{&quot;_animation&quot;:&quot;fadeInUp&quot;}\" data-widget_type=\"text-editor.default\">\n\t\t\t\t<div class=\"elementor-widget-container\">\n\t\t\t\t\t\t\t\t\t<p><b>Dani Chicano<\/b><\/p>\t\t\t\t\t\t\t\t<\/div>\n\t\t\t\t<\/div>\n\t\t\t\t<div class=\"elementor-element elementor-element-f71d8b0 elementor-widget-divider--view-line elementor-invisible elementor-widget elementor-widget-divider\" data-id=\"f71d8b0\" data-element_type=\"widget\" data-e-type=\"widget\" data-settings=\"{&quot;_animation&quot;:&quot;fadeInDown&quot;}\" data-widget_type=\"divider.default\">\n\t\t\t\t<div class=\"elementor-widget-container\">\n\t\t\t\t\t\t\t<div class=\"elementor-divider\">\n\t\t\t<span class=\"elementor-divider-separator\">\n\t\t\t\t\t\t<\/span>\n\t\t<\/div>\n\t\t\t\t\t\t<\/div>\n\t\t\t\t<\/div>\n\t\t\t\t<div class=\"elementor-element elementor-element-bb20fa2 elementor-widget elementor-widget-spacer\" data-id=\"bb20fa2\" data-element_type=\"widget\" data-e-type=\"widget\" data-widget_type=\"spacer.default\">\n\t\t\t\t<div class=\"elementor-widget-container\">\n\t\t\t\t\t\t\t<div class=\"elementor-spacer\">\n\t\t\t<div class=\"elementor-spacer-inner\"><\/div>\n\t\t<\/div>\n\t\t\t\t\t\t<\/div>\n\t\t\t\t<\/div>\n\t\t\t\t<\/div>\n\t\t\t\t\t<script>\n\t\t\t\t(function($) {\n                    \"use strict\";\n\n                    var target = $('.elementor-element-b6f2566');\n                    target.addClass('e-lazyloaded');\n\n                    \n                    var EaelParallaxElement = {\n\n\t\t\t\t\t\tinit: function() {\n\t\t\t\t\t\t\telementorFrontend.hooks.addAction('frontend\/element_ready\/global', EaelParallaxElement.initWidget);\n\t\t\t\t\t\t},\n                        responsiveParallax: function(){\n                            var android = 0,\n                                ios = 0;\n                            switch( true || 1 ){\n                                case android && ios:\n                                    return \/iPad|iPhone|iPod|Android\/;\n                                    break;\n                                case android && ! ios:\n                                    return \/Android\/;\n                                    break;\n                                case ! android && ios:\n                                    return \/iPad|iPhone|iPod\/;\n                                    break;\n                                case ( ! android && ! ios ):\n                                    return null;\n                            }\n                        },\n\t\t\t\t\t\tinitWidget: function( $scope ) {\n\n\t\t\t\t\t\t\ttarget.jarallax({\n\t\t\t\t\t\t\t\ttype: 'scroll',\n\t\t\t\t\t\t\t\tspeed: 2,\n\t\t\t\t\t\t\t\tkeepImg: true,\n                                disableParallax: EaelParallaxElement.responsiveParallax(),\n\t\t\t\t\t\t\t});\n\t\t\t\t\t\t}\n\n\t\t\t\t\t};\n\n\t\t\t\t\t$( window ).on('elementor\/frontend\/init', EaelParallaxElement.init);\n\n                    \t\t\t\t}( jQuery ) );\n\t\t\t<\/script>\n\t\t<div data-particle_enable=\"false\" data-particle-mobile-disabled=\"false\" class=\"elementor-element elementor-element-066159e e-con-full e-flex e-con e-parent\" data-id=\"066159e\" data-element_type=\"container\" data-e-type=\"container\" data-settings=\"{&quot;background_background&quot;:&quot;classic&quot;}\">\n\t\t\t\t<div class=\"elementor-element elementor-element-baf81ab elementor-widget elementor-widget-text-editor\" data-id=\"baf81ab\" data-element_type=\"widget\" data-e-type=\"widget\" data-widget_type=\"text-editor.default\">\n\t\t\t\t<div class=\"elementor-widget-container\">\n\t\t\t\t\t\t\t\t\t<p><b>No deja nunca de sorprenderme el poder transformador que tiene sobre el p\u00fablico de cualquier edad una historia bien contada, que le llegue, que le conmueva y lo entretenga, sin renunciar a hacerlo pensar. Conseguirlo creo que debe ser el hito m\u00e1ximo al que debe aspirar cualquier compa\u00f1\u00eda. hecho que no ocurr\u00eda desde el 2019, por motivos m\u00e1s que conocidos. El valor y el poder de las historias qued\u00f3 m\u00e1s patente que nunca.     <\/b><\/p>\t\t\t\t\t\t\t\t<\/div>\n\t\t\t\t<\/div>\n\t\t\t\t<\/div>\n\t\t<div data-particle_enable=\"false\" data-particle-mobile-disabled=\"false\" class=\"elementor-element elementor-element-3dd5706 e-con-full e-flex e-con e-parent\" data-id=\"3dd5706\" data-element_type=\"container\" data-e-type=\"container\" data-settings=\"{&quot;motion_fx_motion_fx_scrolling&quot;:&quot;yes&quot;,&quot;animation&quot;:&quot;none&quot;,&quot;background_background&quot;:&quot;classic&quot;,&quot;motion_fx_devices&quot;:[&quot;desktop&quot;,&quot;tablet_extra&quot;,&quot;tablet&quot;,&quot;mobile&quot;]}\">\n\t\t\t\t<div class=\"elementor-element elementor-element-ceeb145 elementor-widget elementor-widget-spacer\" data-id=\"ceeb145\" data-element_type=\"widget\" data-e-type=\"widget\" data-widget_type=\"spacer.default\">\n\t\t\t\t<div class=\"elementor-widget-container\">\n\t\t\t\t\t\t\t<div class=\"elementor-spacer\">\n\t\t\t<div class=\"elementor-spacer-inner\"><\/div>\n\t\t<\/div>\n\t\t\t\t\t\t<\/div>\n\t\t\t\t<\/div>\n\t\t\t\t<\/div>\n\t\t<div data-particle_enable=\"false\" data-particle-mobile-disabled=\"false\" class=\"elementor-element elementor-element-8d8b438 e-con-full e-flex e-con e-parent\" data-id=\"8d8b438\" data-element_type=\"container\" data-e-type=\"container\" data-settings=\"{&quot;background_background&quot;:&quot;classic&quot;}\">\n\t\t\t\t<div class=\"elementor-element elementor-element-aa2d9d9 elementor-widget elementor-widget-text-editor\" data-id=\"aa2d9d9\" data-element_type=\"widget\" data-e-type=\"widget\" data-widget_type=\"text-editor.default\">\n\t\t\t\t<div class=\"elementor-widget-container\">\n\t\t\t\t\t\t\t\t\t<p>La 34\u00aa Mostra fue la primera, desde las del 2019, que ha vuelto a la plena normalidad, con espect\u00e1culos en la calle y sin restricciones, la primera en la que Ramon Gin\u00e9, el director, pudo desplegar sin obst\u00e1culo alguno lo que ten\u00eda proyectado. Y se constat\u00f3 su gusto por las historias, que es lo que m\u00e1s hubo en Igualada, aunque no todas lograron. No se puede estar en todas partes, pero habiendo visto una veintena de los treinta espect\u00e1culos programados, te puedes hacer una idea de conjunto bastante clara de lo que fue la Mostra, por eso remarco el gusto por las historias.  <\/p>\t\t\t\t\t\t\t\t<\/div>\n\t\t\t\t<\/div>\n\t\t\t\t<\/div>\n\t\t<div data-particle_enable=\"false\" data-particle-mobile-disabled=\"false\" class=\"elementor-element elementor-element-84748e8 e-con-full e-flex e-con e-parent\" data-id=\"84748e8\" data-element_type=\"container\" data-e-type=\"container\" data-settings=\"{&quot;motion_fx_motion_fx_scrolling&quot;:&quot;yes&quot;,&quot;motion_fx_devices&quot;:[&quot;desktop&quot;,&quot;tablet_extra&quot;,&quot;tablet&quot;,&quot;mobile&quot;]}\">\n\t\t\t\t<div class=\"elementor-element elementor-element-ead10f3 elementor-widget elementor-widget-spacer\" data-id=\"ead10f3\" data-element_type=\"widget\" data-e-type=\"widget\" data-widget_type=\"spacer.default\">\n\t\t\t\t<div class=\"elementor-widget-container\">\n\t\t\t\t\t\t\t<div class=\"elementor-spacer\">\n\t\t\t<div class=\"elementor-spacer-inner\"><\/div>\n\t\t<\/div>\n\t\t\t\t\t\t<\/div>\n\t\t\t\t<\/div>\n\t\t\t\t<\/div>\n\t\t<div data-particle_enable=\"false\" data-particle-mobile-disabled=\"false\" class=\"elementor-element elementor-element-d82ec5b e-con-full e-flex e-con e-parent\" data-id=\"d82ec5b\" data-element_type=\"container\" data-e-type=\"container\" data-settings=\"{&quot;background_background&quot;:&quot;classic&quot;}\">\n\t\t\t\t<div class=\"elementor-element elementor-element-70050cb elementor-widget elementor-widget-text-editor\" data-id=\"70050cb\" data-element_type=\"widget\" data-e-type=\"widget\" data-widget_type=\"text-editor.default\">\n\t\t\t\t<div class=\"elementor-widget-container\">\n\t\t\t\t\t\t\t\t\t<p>En cualquier feria o muestra est\u00e1 ese espect\u00e1culo <i>que<\/i> te emociona, que te maravilla. teatral inmersiva en que todo est\u00e1 medido al detalle y de la que no conviene descubrir mucho, s\u00f3lo que en el trasfondo de la historia est\u00e1 la deforestaci\u00f3n y sus consecuencias para la humanidad, pero la manera de explicarla es de un vuelo po\u00e9tico y una fuerza visual maravillosas, hasta el punto de que, durante una hora, de una hora, el An-Ki, protagonistas de esta narraci\u00f3n en la intimidad a trav\u00e9s del gesto, la manipulaci\u00f3n de t\u00edteres y objetos, la luz y la recreaci\u00f3n de ambientes sonoros Dentro de una vela cabe un mundo que vale la pena visitar.   <span class=\"Apple-converted-space\"> <\/span><\/p>\t\t\t\t\t\t\t\t<\/div>\n\t\t\t\t<\/div>\n\t\t\t\t<\/div>\n\t\t<div data-particle_enable=\"false\" data-particle-mobile-disabled=\"false\" class=\"elementor-element elementor-element-8a3a0f9 e-con-full e-flex e-con e-parent\" data-id=\"8a3a0f9\" data-element_type=\"container\" data-e-type=\"container\" data-settings=\"{&quot;motion_fx_motion_fx_scrolling&quot;:&quot;yes&quot;,&quot;motion_fx_devices&quot;:[&quot;desktop&quot;,&quot;tablet_extra&quot;,&quot;tablet&quot;,&quot;mobile&quot;]}\">\n\t\t\t\t<div class=\"elementor-element elementor-element-e5a024b elementor-widget elementor-widget-spacer\" data-id=\"e5a024b\" data-element_type=\"widget\" data-e-type=\"widget\" data-widget_type=\"spacer.default\">\n\t\t\t\t<div class=\"elementor-widget-container\">\n\t\t\t\t\t\t\t<div class=\"elementor-spacer\">\n\t\t\t<div class=\"elementor-spacer-inner\"><\/div>\n\t\t<\/div>\n\t\t\t\t\t\t<\/div>\n\t\t\t\t<\/div>\n\t\t\t\t<\/div>\n\t\t<div data-particle_enable=\"false\" data-particle-mobile-disabled=\"false\" class=\"elementor-element elementor-element-db61ef3 e-con-full e-flex e-con e-parent\" data-id=\"db61ef3\" data-element_type=\"container\" data-e-type=\"container\" data-settings=\"{&quot;motion_fx_motion_fx_scrolling&quot;:&quot;yes&quot;,&quot;motion_fx_devices&quot;:[&quot;desktop&quot;,&quot;tablet_extra&quot;,&quot;tablet&quot;,&quot;mobile&quot;]}\">\n\t\t\t\t<div class=\"elementor-element elementor-element-a590c9a elementor-widget elementor-widget-spacer\" data-id=\"a590c9a\" data-element_type=\"widget\" data-e-type=\"widget\" data-widget_type=\"spacer.default\">\n\t\t\t\t<div class=\"elementor-widget-container\">\n\t\t\t\t\t\t\t<div class=\"elementor-spacer\">\n\t\t\t<div class=\"elementor-spacer-inner\"><\/div>\n\t\t<\/div>\n\t\t\t\t\t\t<\/div>\n\t\t\t\t<\/div>\n\t\t\t\t<\/div>\n\t\t<div data-particle_enable=\"false\" data-particle-mobile-disabled=\"false\" class=\"elementor-element elementor-element-5b7eb5b e-con-full e-flex e-con e-parent\" data-id=\"5b7eb5b\" data-element_type=\"container\" data-e-type=\"container\" data-settings=\"{&quot;background_background&quot;:&quot;classic&quot;}\">\n\t\t\t\t<div class=\"elementor-element elementor-element-9124e09 elementor-widget elementor-widget-text-editor\" data-id=\"9124e09\" data-element_type=\"widget\" data-e-type=\"widget\" data-widget_type=\"text-editor.default\">\n\t\t\t\t<div class=\"elementor-widget-container\">\n\t\t\t\t\t\t\t\t\t<p><b>Un personaje de Am\u00e9lie<\/b><\/p><p>En la misma l\u00ednea de <i>An-Ki<\/i> y con puntos de contacto como el gusto por la poes\u00eda, por la artesan\u00eda, por las vivencias y por la creaci\u00f3n de micromundos tambi\u00e9n encontramos <i>Secrets<\/i> , la instalaci\u00f3n de Tombs Creatius con dramaturgia y direcci\u00f3n de Toti Toronell. Es otra de las experiencias dignas de vivir, la de llegar a tener la sensaci\u00f3n m\u00e1gica de ser un personaje del filme Am\u00e9lie, mientras juegas con los artilugios ideados por Toni Tom\u00e0s, siguiendo un circuito absolutamente personalizado en el entorno y el interior de una yurta, en funci\u00f3n de la exigua informaci\u00f3n que has proporcionado a Bruna en la taquilla. Y al salir, te llevas tu secreto, que puedes revelar o no. Yo lo har\u00e9: una preciosa ilustraci\u00f3n de Noem\u00ed Villamuza y detr\u00e1s de la leyenda: \"T\u00fa que sientes con el coraz\u00f3n, que tu latido intenso te haga bailar la vida con la emoci\u00f3n de los principios. El secreto es jugar. Siempre.\"   <span class=\"Apple-converted-space\"> <\/span><\/p>\t\t\t\t\t\t\t\t<\/div>\n\t\t\t\t<\/div>\n\t\t\t\t<\/div>\n\t\t<div data-particle_enable=\"false\" data-particle-mobile-disabled=\"false\" class=\"elementor-element elementor-element-f19d8f0 e-con-full e-flex e-con e-parent\" data-id=\"f19d8f0\" data-element_type=\"container\" data-e-type=\"container\">\n\t\t\t\t<div class=\"elementor-element elementor-element-324d123 elementor-widget elementor-widget-spacer\" data-id=\"324d123\" data-element_type=\"widget\" data-e-type=\"widget\" data-widget_type=\"spacer.default\">\n\t\t\t\t<div class=\"elementor-widget-container\">\n\t\t\t\t\t\t\t<div class=\"elementor-spacer\">\n\t\t\t<div class=\"elementor-spacer-inner\"><\/div>\n\t\t<\/div>\n\t\t\t\t\t\t<\/div>\n\t\t\t\t<\/div>\n\t\t\t\t<\/div>\n\t\t<div data-particle_enable=\"false\" data-particle-mobile-disabled=\"false\" class=\"elementor-element elementor-element-fc1ae64 e-con-full e-flex e-con e-parent\" data-id=\"fc1ae64\" data-element_type=\"container\" data-e-type=\"container\">\n\t\t\t\t<div class=\"elementor-element elementor-element-a66cc18 elementor-widget elementor-widget-spacer\" data-id=\"a66cc18\" data-element_type=\"widget\" data-e-type=\"widget\" data-widget_type=\"spacer.default\">\n\t\t\t\t<div class=\"elementor-widget-container\">\n\t\t\t\t\t\t\t<div class=\"elementor-spacer\">\n\t\t\t<div class=\"elementor-spacer-inner\"><\/div>\n\t\t<\/div>\n\t\t\t\t\t\t<\/div>\n\t\t\t\t<\/div>\n\t\t\t\t<\/div>\n\t\t<div data-particle_enable=\"false\" data-particle-mobile-disabled=\"false\" class=\"elementor-element elementor-element-dbe04e7 e-con-full e-flex e-con e-parent\" data-id=\"dbe04e7\" data-element_type=\"container\" data-e-type=\"container\">\n\t\t\t\t<div class=\"elementor-element elementor-element-ce9910b elementor-widget elementor-widget-spacer\" data-id=\"ce9910b\" data-element_type=\"widget\" data-e-type=\"widget\" data-widget_type=\"spacer.default\">\n\t\t\t\t<div class=\"elementor-widget-container\">\n\t\t\t\t\t\t\t<div class=\"elementor-spacer\">\n\t\t\t<div class=\"elementor-spacer-inner\"><\/div>\n\t\t<\/div>\n\t\t\t\t\t\t<\/div>\n\t\t\t\t<\/div>\n\t\t\t\t<\/div>\n\t\t<div data-particle_enable=\"false\" data-particle-mobile-disabled=\"false\" class=\"elementor-element elementor-element-9ce664f e-con-full e-flex e-con e-parent\" data-id=\"9ce664f\" data-element_type=\"container\" data-e-type=\"container\" data-settings=\"{&quot;background_background&quot;:&quot;classic&quot;}\">\n\t\t\t\t<div class=\"elementor-element elementor-element-cede4d3 elementor-widget elementor-widget-text-editor\" data-id=\"cede4d3\" data-element_type=\"widget\" data-e-type=\"widget\" data-widget_type=\"text-editor.default\">\n\t\t\t\t<div class=\"elementor-widget-container\">\n\t\t\t\t\t\t\t\t\t<p>La historia que hay detr\u00e1s de la compa\u00f1\u00eda tambi\u00e9n puede atrapar. El Colectivo Muro pertenece a esta categor\u00eda. <i>Muro<\/i> fue el nombre de su primer espect\u00e1culo, una creaci\u00f3n colectiva de artistas circenses que era una declaraci\u00f3n de intenciones, por su car\u00e1cter po\u00e9tico e inclusivo. En Igualada presentaron <i>De tu a tu<\/i> , un maravilloso espect\u00e1culo de circo integrador que profundiza en la relaci\u00f3n que se puede establecer entre dos personas, indagando sobre lo que sucede desde un inicio de car\u00e1cter prospectivo, hasta que se hace presente la confianza, la colaboraci\u00f3n, el desacuerdo y una serie de estados posibles por los que puede atravesar la relaci\u00f3n de dos personas, que pueden atravesar la relaci\u00f3n de dos personas. Malabares, equilibrios y humor. Un humor que lo salpica todo. Delicioso. Para acabar con un n\u00famero coral de equilibrio <i>\u00e9patant<\/i> . Son todos unos artistas de gran nivel.       <\/p>\t\t\t\t\t\t\t\t<\/div>\n\t\t\t\t<\/div>\n\t\t\t\t<\/div>\n\t\t<div data-particle_enable=\"false\" data-particle-mobile-disabled=\"false\" class=\"elementor-element elementor-element-259d02b e-con-full e-flex e-con e-parent\" data-id=\"259d02b\" data-element_type=\"container\" data-e-type=\"container\">\n\t\t\t\t<div class=\"elementor-element elementor-element-aa427b8 elementor-widget elementor-widget-spacer\" data-id=\"aa427b8\" data-element_type=\"widget\" data-e-type=\"widget\" data-widget_type=\"spacer.default\">\n\t\t\t\t<div class=\"elementor-widget-container\">\n\t\t\t\t\t\t\t<div class=\"elementor-spacer\">\n\t\t\t<div class=\"elementor-spacer-inner\"><\/div>\n\t\t<\/div>\n\t\t\t\t\t\t<\/div>\n\t\t\t\t<\/div>\n\t\t\t\t<\/div>\n\t\t<div data-particle_enable=\"false\" data-particle-mobile-disabled=\"false\" class=\"elementor-element elementor-element-ed7dba6 e-con-full e-flex e-con e-parent\" data-id=\"ed7dba6\" data-element_type=\"container\" data-e-type=\"container\" data-settings=\"{&quot;background_background&quot;:&quot;classic&quot;}\">\n\t\t\t\t<div class=\"elementor-element elementor-element-655a79d elementor-widget elementor-widget-text-editor\" data-id=\"655a79d\" data-element_type=\"widget\" data-e-type=\"widget\" data-widget_type=\"text-editor.default\">\n\t\t\t\t<div class=\"elementor-widget-container\">\n\t\t\t\t\t\t\t\t\t<p>Tambi\u00e9n deja huella lo <i>importe qu\u00e9<\/i> del payaso Leandre Ribera y su troupe. Durante poco m\u00e1s de una hora todos ellos muestran su virtuosismo en la alocada representaci\u00f3n de escenas cotidianas, que podr\u00edan suceder detr\u00e1s -en este caso, delante- de la puerta de cualquier vivienda. La cena, el rato de televisi\u00f3n en la sala de estar, la limpieza de la casa, el momento de planchar con una tabla que parece tener vida propia&#8230;, cualquier situaci\u00f3n es susceptible de ser retorcida hasta extremos hilarantes con maestr\u00eda por parte de esta adorable pandilla formada por payasos espl\u00e9ndidos como el propio Ribera, Pere Hosta, Andre. Es muy interesante observar c\u00f3mo Leandre ha dado cuerda a los artistas con los que trabaja para conseguir, parad\u00f3jicamente, un espect\u00e1culo bastante homog\u00e9neo y consistente. Puedes reconocer en cada payaso, en su lenguaje, trabajando pero a favor del conjunto. As\u00ed es m\u00e1s rico, as\u00ed es m\u00e1s divertido. En Francia le han visto bastante este espect\u00e1culo. En nuestra casa, en contadas ocasiones. Quiz\u00e1s ponemos remedio.        <\/p>\t\t\t\t\t\t\t\t<\/div>\n\t\t\t\t<\/div>\n\t\t\t\t<\/div>\n\t\t<div data-particle_enable=\"false\" data-particle-mobile-disabled=\"false\" class=\"elementor-element elementor-element-59a249d e-con-full e-flex e-con e-parent\" data-id=\"59a249d\" data-element_type=\"container\" data-e-type=\"container\">\n\t\t\t\t<div class=\"elementor-element elementor-element-3b65954 elementor-widget elementor-widget-spacer\" data-id=\"3b65954\" data-element_type=\"widget\" data-e-type=\"widget\" data-widget_type=\"spacer.default\">\n\t\t\t\t<div class=\"elementor-widget-container\">\n\t\t\t\t\t\t\t<div class=\"elementor-spacer\">\n\t\t\t<div class=\"elementor-spacer-inner\"><\/div>\n\t\t<\/div>\n\t\t\t\t\t\t<\/div>\n\t\t\t\t<\/div>\n\t\t\t\t<\/div>\n\t\t<div data-particle_enable=\"false\" data-particle-mobile-disabled=\"false\" class=\"elementor-element elementor-element-3304285 e-con-full e-flex e-con e-parent\" data-id=\"3304285\" data-element_type=\"container\" data-e-type=\"container\">\n\t\t\t\t<div class=\"elementor-element elementor-element-3f4910e elementor-widget elementor-widget-spacer\" data-id=\"3f4910e\" data-element_type=\"widget\" data-e-type=\"widget\" data-widget_type=\"spacer.default\">\n\t\t\t\t<div class=\"elementor-widget-container\">\n\t\t\t\t\t\t\t<div class=\"elementor-spacer\">\n\t\t\t<div class=\"elementor-spacer-inner\"><\/div>\n\t\t<\/div>\n\t\t\t\t\t\t<\/div>\n\t\t\t\t<\/div>\n\t\t\t\t<\/div>\n\t\t<div data-particle_enable=\"false\" data-particle-mobile-disabled=\"false\" class=\"elementor-element elementor-element-481f0b4 e-con-full e-flex e-con e-parent\" data-id=\"481f0b4\" data-element_type=\"container\" data-e-type=\"container\" data-settings=\"{&quot;background_background&quot;:&quot;classic&quot;}\">\n\t\t\t\t<div class=\"elementor-element elementor-element-3fc80fb elementor-widget elementor-widget-text-editor\" data-id=\"3fc80fb\" data-element_type=\"widget\" data-e-type=\"widget\" data-widget_type=\"text-editor.default\">\n\t\t\t\t<div class=\"elementor-widget-container\">\n\t\t\t\t\t\t\t\t\t<p><b>Un bosque para estar all\u00ed<\/b><\/p><p>Otro memorable: <i>Sotabosc<\/i> , de Inspira Teatre. Esta peque\u00f1a joya, que fue premiada en FETEN como mejor espect\u00e1culo para primera infancia, se basa sobre todo, como en el anterior espect\u00e1culo <i>KL AA, tu canci\u00f3n<\/i> -tambi\u00e9n premiado en FETEN-, en la voz, en el canto, bien trabajado por Viv Manning. Durante poco m\u00e1s de media hora un buen pu\u00f1ado de ni\u00f1os muy peque\u00f1os y sus acompa\u00f1antes adultos \u2014tambi\u00e9n es importante\u2014 aceptaron la invitaci\u00f3n de Inspira a pasar un rato en el bosque descuido, escuchando los gorjeos de los p\u00e1jaros, viendo pasar a alg\u00fan animal e incluso alg\u00fan personaje un punto m\u00e1gico, refugi\u00e1ndose de la lluvia, observando el nacimiento y nacimiento. que esconde un mont\u00f3n de sorpresas. La m\u00fasica interpretada a capella por Laia Pir\u00f3, Neus Umbert y Esther Westermeyer es la banda sonora de un bosque amable dise\u00f1ado con gusto por Xavi Erra (escenograf\u00eda) y Guillem Bonfill (iluminaci\u00f3n), que acaba invadido felizmente por el p\u00fablico peque\u00f1o, que no mor\u00eda de ganas.   <\/p>\t\t\t\t\t\t\t\t<\/div>\n\t\t\t\t<\/div>\n\t\t\t\t<\/div>\n\t\t<div data-particle_enable=\"false\" data-particle-mobile-disabled=\"false\" class=\"elementor-element elementor-element-e8a365a e-con-full e-flex e-con e-parent\" data-id=\"e8a365a\" data-element_type=\"container\" data-e-type=\"container\">\n\t\t\t\t<div class=\"elementor-element elementor-element-5541409 elementor-widget elementor-widget-spacer\" data-id=\"5541409\" data-element_type=\"widget\" data-e-type=\"widget\" data-widget_type=\"spacer.default\">\n\t\t\t\t<div class=\"elementor-widget-container\">\n\t\t\t\t\t\t\t<div class=\"elementor-spacer\">\n\t\t\t<div class=\"elementor-spacer-inner\"><\/div>\n\t\t<\/div>\n\t\t\t\t\t\t<\/div>\n\t\t\t\t<\/div>\n\t\t\t\t<\/div>\n\t\t<div data-particle_enable=\"false\" data-particle-mobile-disabled=\"false\" class=\"elementor-element elementor-element-c8449cd e-con-full e-flex e-con e-parent\" data-id=\"c8449cd\" data-element_type=\"container\" data-e-type=\"container\">\n\t\t\t\t<div class=\"elementor-element elementor-element-6f3c4a8 elementor-widget elementor-widget-spacer\" data-id=\"6f3c4a8\" data-element_type=\"widget\" data-e-type=\"widget\" data-widget_type=\"spacer.default\">\n\t\t\t\t<div class=\"elementor-widget-container\">\n\t\t\t\t\t\t\t<div class=\"elementor-spacer\">\n\t\t\t<div class=\"elementor-spacer-inner\"><\/div>\n\t\t<\/div>\n\t\t\t\t\t\t<\/div>\n\t\t\t\t<\/div>\n\t\t\t\t<\/div>\n\t\t<div data-particle_enable=\"false\" data-particle-mobile-disabled=\"false\" class=\"elementor-element elementor-element-e1c8e00 e-con-full e-flex e-con e-parent\" data-id=\"e1c8e00\" data-element_type=\"container\" data-e-type=\"container\" data-settings=\"{&quot;background_background&quot;:&quot;classic&quot;}\">\n\t\t\t\t<div class=\"elementor-element elementor-element-3c8a4d5 elementor-widget elementor-widget-text-editor\" data-id=\"3c8a4d5\" data-element_type=\"widget\" data-e-type=\"widget\" data-widget_type=\"text-editor.default\">\n\t\t\t\t<div class=\"elementor-widget-container\">\n\t\t\t\t\t\t\t\t\t<p>Que una historia bien contada es m\u00e1s \u00fatil para reclamar la atenci\u00f3n del p\u00fablico sobre un tema, que un espect\u00e1culo \u201cmilitante\u201d para decirlo de alguna manera, queda claro viendo <i>La casa m\u00e9s petita<\/i> . Las Campi Qui Pugui hicieron un intercambio con la compa\u00f1\u00eda vasca Yarleku, que ten\u00eda este espect\u00e1culo en su repertorio, y han hecho su versi\u00f3n en catal\u00e1n, dirigida tambi\u00e9n por Rosa D\u00edaz, que hab\u00eda dirigido el espect\u00e1culo anterior de la compa\u00f1\u00eda urgelense, el memorable <i>Camino en la escuela<\/i> . A diferencia de \u00e9ste, La casa m\u00e9s petita es un espect\u00e1culo de texto que explica la llegada sola de Bettina, una ni\u00f1a alegre y despierta que todav\u00eda no ha captado la magnitud de la tragedia, en un campo de refugiados, donde har\u00e1 amistad con Norma. Despu\u00e9s de unos inicios complicados, ambas se apoyar\u00e1n para superar las adversidades. Una historia muy sencilla, pero excelentemente interpretada por Cristina Garcia y Aitana Giralt, que logran que el p\u00fablico salga de la sala corprendido. Tanto <i>La casa m\u00e1s peque\u00f1a<\/i> como <i>Camino en la escuela<\/i> consiguen, por ejemplo, lo que alg\u00fan otro espect\u00e1culo programado en la Mostra quiere conseguir pero no rige porque tiene algunos problemas con la dramaturgia, como <i>Indestructibles<\/i> , que tambi\u00e9n habla de situaciones duras de ni\u00f1os en pa\u00edses africanos, pero lo hace de forma muy plana, haciendo s\u00f3lo un retrato, a pesar de la atenci\u00f3n prestada a la atenci\u00f3n prestada a la atenci\u00f3n prestada.     <span class=\"Apple-converted-space\"> <\/span><\/p>\t\t\t\t\t\t\t\t<\/div>\n\t\t\t\t<\/div>\n\t\t\t\t<\/div>\n\t\t<div data-particle_enable=\"false\" data-particle-mobile-disabled=\"false\" class=\"elementor-element elementor-element-346b77f e-con-full e-flex e-con e-parent\" data-id=\"346b77f\" data-element_type=\"container\" data-e-type=\"container\">\n\t\t\t\t<div class=\"elementor-element elementor-element-a4425e2 elementor-widget elementor-widget-spacer\" data-id=\"a4425e2\" data-element_type=\"widget\" data-e-type=\"widget\" data-widget_type=\"spacer.default\">\n\t\t\t\t<div class=\"elementor-widget-container\">\n\t\t\t\t\t\t\t<div class=\"elementor-spacer\">\n\t\t\t<div class=\"elementor-spacer-inner\"><\/div>\n\t\t<\/div>\n\t\t\t\t\t\t<\/div>\n\t\t\t\t<\/div>\n\t\t\t\t<\/div>\n\t\t<div data-particle_enable=\"false\" data-particle-mobile-disabled=\"false\" class=\"elementor-element elementor-element-e70c68d e-con-full e-flex e-con e-parent\" data-id=\"e70c68d\" data-element_type=\"container\" data-e-type=\"container\" data-settings=\"{&quot;background_background&quot;:&quot;classic&quot;}\">\n\t\t\t\t<div class=\"elementor-element elementor-element-36b6c8b elementor-widget elementor-widget-text-editor\" data-id=\"36b6c8b\" data-element_type=\"widget\" data-e-type=\"widget\" data-widget_type=\"text-editor.default\">\n\t\t\t\t<div class=\"elementor-widget-container\">\n\t\t\t\t\t\t\t\t\t<p><b>Una despedida muy dura<\/b><\/p><p><i>Adi\u00f3s, Jane!<\/i> de la compa\u00f1\u00eda Binomi (Clara Moraleda y Juanjo Mar\u00edn) entra tambi\u00e9n en la categor\u00eda de espect\u00e1culos que sobresalieron en la Muestra. salpicaduras de autoficci\u00f3n\u2014, <i>\u00a1Adi\u00f3s, Jane!<\/i> explica c\u00f3mo Mariona, una chica de 17 a\u00f1os, afronta la extirpaci\u00f3n de un pecho enfermo. por eso es especialmente remarcable el hecho de que, aparentemente, sea de una gran sencillez. con un chico y tambi\u00e9n con su psic\u00f3loga; me ha venido a la cabeza el inicio de las T de Teatre. Sales tocado, pero transformado y, hablo por m\u00ed, mucho m\u00e1s humano.      <span class=\"Apple-converted-space\"> <\/span><\/p>\t\t\t\t\t\t\t\t<\/div>\n\t\t\t\t<\/div>\n\t\t\t\t<\/div>\n\t\t<div data-particle_enable=\"false\" data-particle-mobile-disabled=\"false\" class=\"elementor-element elementor-element-4080384 e-con-full e-flex e-con e-parent\" data-id=\"4080384\" data-element_type=\"container\" data-e-type=\"container\">\n\t\t\t\t<div class=\"elementor-element elementor-element-0fba399 elementor-widget elementor-widget-spacer\" data-id=\"0fba399\" data-element_type=\"widget\" data-e-type=\"widget\" data-widget_type=\"spacer.default\">\n\t\t\t\t<div class=\"elementor-widget-container\">\n\t\t\t\t\t\t\t<div class=\"elementor-spacer\">\n\t\t\t<div class=\"elementor-spacer-inner\"><\/div>\n\t\t<\/div>\n\t\t\t\t\t\t<\/div>\n\t\t\t\t<\/div>\n\t\t\t\t<\/div>\n\t\t<div data-particle_enable=\"false\" data-particle-mobile-disabled=\"false\" class=\"elementor-element elementor-element-09518e0 e-con-full e-flex e-con e-parent\" data-id=\"09518e0\" data-element_type=\"container\" data-e-type=\"container\" data-settings=\"{&quot;background_background&quot;:&quot;classic&quot;}\">\n\t\t\t\t<div class=\"elementor-element elementor-element-70f39dc elementor-widget elementor-widget-text-editor\" data-id=\"70f39dc\" data-element_type=\"widget\" data-e-type=\"widget\" data-widget_type=\"text-editor.default\">\n\t\t\t\t<div class=\"elementor-widget-container\">\n\t\t\t\t\t\t\t\t\t<p><b>Algunas pinceladas<\/b><\/p><p>Quedar\u00e1n en el recuerdo tambi\u00e9n  <i>El \u00e1rbol del Tener\u00e9<\/i>, de La Negra, sobre todo por el resultado de su exploraci\u00f3n en el \u00e1mbito del teatro de sombras, que le ha llevado a algunos hallazgos remarcables;  <i>Mi soledad<\/i>, un espect\u00e1culo breve y de peque\u00f1o formato en el que Guillem Alb\u00e0 nos hace confidentes de sus facecias a trav\u00e9s de manos y t\u00edteres de guante y de dedo, que se consume como un peque\u00f1o four;  <i>Solar<\/i>, una extra\u00f1eza en la programaci\u00f3n justificada posiblemente por el factor de proximidad geogr\u00e1fica, que profundiza en el \u00e1mbito de la energ\u00eda fotovoltaica a partir de un caso que afecta a Sant Mart\u00ed de Tous;  <i>Las peque\u00f1as cosas<\/i>, un espect\u00e1culo perfectamente afinado que se pregunta en qu\u00e9 momento dejamos de jugar los adultos y que, con una dramaturgia propia de espect\u00e1culos familiares, se dirige m\u00e1s a los adultos que a los ni\u00f1os, con humor y una \u00faltima escena que da el coraz\u00f3n de todos los presentes y, finalmente,  <i>Rouge Norte<\/i>, de los franceses Cirque Pardi!, un espect\u00e1culo circense y mec\u00e1nico, con coches, gr\u00faas y cabinas telef\u00f3nicas, de alto riesgo y al aire libre con un \u00faltimo n\u00famero de funambulismo que corta la respiraci\u00f3n.<\/p>\t\t\t\t\t\t\t\t<\/div>\n\t\t\t\t<\/div>\n\t\t\t\t<\/div>\n\t\t<div data-particle_enable=\"false\" data-particle-mobile-disabled=\"false\" class=\"elementor-element elementor-element-e1ad4d4 e-con-full e-flex e-con e-parent\" data-id=\"e1ad4d4\" data-element_type=\"container\" data-e-type=\"container\">\n\t\t\t\t<div class=\"elementor-element elementor-element-7082396 elementor-widget elementor-widget-spacer\" data-id=\"7082396\" data-element_type=\"widget\" data-e-type=\"widget\" data-widget_type=\"spacer.default\">\n\t\t\t\t<div class=\"elementor-widget-container\">\n\t\t\t\t\t\t\t<div class=\"elementor-spacer\">\n\t\t\t<div class=\"elementor-spacer-inner\"><\/div>\n\t\t<\/div>\n\t\t\t\t\t\t<\/div>\n\t\t\t\t<\/div>\n\t\t\t\t<\/div>\n\t\t<div data-particle_enable=\"false\" data-particle-mobile-disabled=\"false\" class=\"elementor-element elementor-element-eb80d89 e-con-full e-flex e-con e-parent\" data-id=\"eb80d89\" data-element_type=\"container\" data-e-type=\"container\">\n\t\t\t\t<div class=\"elementor-element elementor-element-f7d8e98 elementor-widget elementor-widget-spacer\" data-id=\"f7d8e98\" data-element_type=\"widget\" data-e-type=\"widget\" data-widget_type=\"spacer.default\">\n\t\t\t\t<div class=\"elementor-widget-container\">\n\t\t\t\t\t\t\t<div class=\"elementor-spacer\">\n\t\t\t<div class=\"elementor-spacer-inner\"><\/div>\n\t\t<\/div>\n\t\t\t\t\t\t<\/div>\n\t\t\t\t<\/div>\n\t\t\t\t<\/div>\n\t\t<div data-particle_enable=\"false\" data-particle-mobile-disabled=\"false\" class=\"elementor-element elementor-element-6a6ecb2 e-con-full e-flex e-con e-parent\" data-id=\"6a6ecb2\" data-element_type=\"container\" data-e-type=\"container\">\n\t\t\t\t<div class=\"elementor-element elementor-element-d93a587 elementor-widget elementor-widget-spacer\" data-id=\"d93a587\" data-element_type=\"widget\" data-e-type=\"widget\" data-widget_type=\"spacer.default\">\n\t\t\t\t<div class=\"elementor-widget-container\">\n\t\t\t\t\t\t\t<div class=\"elementor-spacer\">\n\t\t\t<div class=\"elementor-spacer-inner\"><\/div>\n\t\t<\/div>\n\t\t\t\t\t\t<\/div>\n\t\t\t\t<\/div>\n\t\t\t\t<\/div>\n\t\t<div data-particle_enable=\"false\" data-particle-mobile-disabled=\"false\" class=\"elementor-element elementor-element-df86e6d e-con-full e-flex e-con e-parent\" data-id=\"df86e6d\" data-element_type=\"container\" data-e-type=\"container\">\n\t\t<div data-particle_enable=\"false\" data-particle-mobile-disabled=\"false\" class=\"elementor-element elementor-element-e0593d9 e-con-full e-flex e-con e-child\" data-id=\"e0593d9\" data-element_type=\"container\" data-e-type=\"container\">\n\t\t<div data-particle_enable=\"false\" data-particle-mobile-disabled=\"false\" class=\"elementor-element elementor-element-bf5a8ab e-flex e-con-boxed e-con e-child\" data-id=\"bf5a8ab\" data-element_type=\"container\" data-e-type=\"container\">\n\t\t\t\t\t<div class=\"e-con-inner\">\n\t\t\t\t<div class=\"elementor-element elementor-element-33042f4 elementor-invisible elementor-widget elementor-widget-image\" data-id=\"33042f4\" data-element_type=\"widget\" data-e-type=\"widget\" data-settings=\"{&quot;_animation&quot;:&quot;fadeInRight&quot;}\" data-widget_type=\"image.default\">\n\t\t\t\t<div class=\"elementor-widget-container\">\n\t\t\t\t\t\t\t\t\t\t\t\t\t\t\t<img fetchpriority=\"high\" decoding=\"async\" width=\"266\" height=\"302\" src=\"https:\/\/revistes.proscenium.cat\/wp-content\/uploads\/2023\/08\/picto-favicon.svg\" class=\"attachment-medium size-medium wp-image-2922\" alt=\"\" \/>\t\t\t\t\t\t\t\t\t\t\t\t\t\t\t<\/div>\n\t\t\t\t<\/div>\n\t\t\t\t\t<\/div>\n\t\t\t\t<\/div>\n\t\t\t\t<div class=\"elementor-element elementor-element-3171d28 elementor-widget-divider--view-line elementor-invisible elementor-widget elementor-widget-divider\" data-id=\"3171d28\" data-element_type=\"widget\" data-e-type=\"widget\" data-settings=\"{&quot;_animation&quot;:&quot;fadeIn&quot;}\" data-widget_type=\"divider.default\">\n\t\t\t\t<div class=\"elementor-widget-container\">\n\t\t\t\t\t\t\t<div class=\"elementor-divider\">\n\t\t\t<span class=\"elementor-divider-separator\">\n\t\t\t\t\t\t<\/span>\n\t\t<\/div>\n\t\t\t\t\t\t<\/div>\n\t\t\t\t<\/div>\n\t\t\t\t<div class=\"elementor-element elementor-element-324cc63 elementor-invisible elementor-widget elementor-widget-heading\" data-id=\"324cc63\" data-element_type=\"widget\" data-e-type=\"widget\" data-settings=\"{&quot;_animation&quot;:&quot;fadeInUp&quot;}\" data-widget_type=\"heading.default\">\n\t\t\t\t<div class=\"elementor-widget-container\">\n\t\t\t\t\t<h2 class=\"elementor-heading-title elementor-size-default\">REPORTAJE<\/h2>\t\t\t\t<\/div>\n\t\t\t\t<\/div>\n\t\t\t\t<div class=\"elementor-element elementor-element-e0a6f9e elementor-invisible elementor-widget elementor-widget-heading\" data-id=\"e0a6f9e\" data-element_type=\"widget\" data-e-type=\"widget\" data-settings=\"{&quot;_animation&quot;:&quot;fadeInUp&quot;}\" data-widget_type=\"heading.default\">\n\t\t\t\t<div class=\"elementor-widget-container\">\n\t\t\t\t\t<h2 class=\"elementor-heading-title elementor-size-default\">MUESTRA IGUALADA 2023<\/h2>\t\t\t\t<\/div>\n\t\t\t\t<\/div>\n\t\t\t\t<div class=\"elementor-element elementor-element-87b3fe6 elementor-widget-divider--view-line elementor-invisible elementor-widget elementor-widget-divider\" data-id=\"87b3fe6\" data-element_type=\"widget\" data-e-type=\"widget\" data-settings=\"{&quot;_animation&quot;:&quot;fadeIn&quot;}\" data-widget_type=\"divider.default\">\n\t\t\t\t<div class=\"elementor-widget-container\">\n\t\t\t\t\t\t\t<div class=\"elementor-divider\">\n\t\t\t<span class=\"elementor-divider-separator\">\n\t\t\t\t\t\t<\/span>\n\t\t<\/div>\n\t\t\t\t\t\t<\/div>\n\t\t\t\t<\/div>\n\t\t\t\t<div class=\"elementor-element elementor-element-aedbcf9 elementor-widget elementor-widget-spacer\" data-id=\"aedbcf9\" data-element_type=\"widget\" data-e-type=\"widget\" data-widget_type=\"spacer.default\">\n\t\t\t\t<div class=\"elementor-widget-container\">\n\t\t\t\t\t\t\t<div class=\"elementor-spacer\">\n\t\t\t<div class=\"elementor-spacer-inner\"><\/div>\n\t\t<\/div>\n\t\t\t\t\t\t<\/div>\n\t\t\t\t<\/div>\n\t\t\t\t<\/div>\n\t\t\t\t<\/div>\n\t\t\t\t<\/div>\n\t\t","protected":false},"excerpt":{"rendered":"<p>EDICI\u00d3N 09 REPORTAJE MUESTRA IGUALADA 2023 FERIA DE ESPECT\u00c1CULOS INFANTIL Y JUVENIL https:\/\/revistes.proscenium.cat\/wp-content\/uploads\/2023\/08\/MOSTRA-IGUALADA-2023-imatge-sardina-video-converter.com_.mp4 El poder de las historias Dani Chicano No deja nunca de sorprenderme el poder transformador que tiene sobre el p\u00fablico de cualquier edad una historia bien contada, que le llegue, que le conmueva y lo entretenga, sin renunciar a hacerlo pensar. Conseguirlo [&hellip;]<\/p>\n","protected":false},"author":1,"featured_media":0,"parent":0,"menu_order":36,"comment_status":"closed","ping_status":"closed","template":"","meta":{"footnotes":""},"edicions":[10],"class_list":["post-3252","page","type-page","status-publish","hentry","edicions-10"],"yoast_head":"<!-- This site is optimized with the Yoast SEO plugin v27.4 - https:\/\/yoast.com\/product\/yoast-seo-wordpress\/ -->\n<title>muestra igualada - Proscenium<\/title>\n<meta name=\"robots\" content=\"index, follow, max-snippet:-1, max-image-preview:large, max-video-preview:-1\" \/>\n<link rel=\"canonical\" href=\"https:\/\/revistes.proscenium.cat\/es\/muestra-igualada\/\" \/>\n<meta property=\"og:locale\" content=\"es_ES\" \/>\n<meta property=\"og:type\" content=\"article\" \/>\n<meta property=\"og:title\" content=\"muestra igualada - Proscenium\" \/>\n<meta property=\"og:description\" content=\"EDICI\u00d3N 09 REPORTAJE MUESTRA IGUALADA 2023 FERIA DE ESPECT\u00c1CULOS INFANTIL Y JUVENIL https:\/\/revistes.proscenium.cat\/wp-content\/uploads\/2023\/08\/MOSTRA-IGUALADA-2023-imatge-sardina-video-converter.com_.mp4 El poder de las historias Dani Chicano No deja nunca de sorprenderme el poder transformador que tiene sobre el p\u00fablico de cualquier edad una historia bien contada, que le llegue, que le conmueva y lo entretenga, sin renunciar a hacerlo pensar. Conseguirlo [&hellip;]\" \/>\n<meta property=\"og:url\" content=\"https:\/\/revistes.proscenium.cat\/es\/muestra-igualada\/\" \/>\n<meta property=\"og:site_name\" content=\"Proscenium\" \/>\n<meta property=\"article:modified_time\" content=\"2025-07-03T11:06:01+00:00\" \/>\n<meta name=\"twitter:card\" content=\"summary_large_image\" \/>\n<meta name=\"twitter:label1\" content=\"Tiempo de lectura\" \/>\n\t<meta name=\"twitter:data1\" content=\"8 minutos\" \/>\n<script type=\"application\/ld+json\" class=\"yoast-schema-graph\">{\"@context\":\"https:\\\/\\\/schema.org\",\"@graph\":[{\"@type\":\"WebPage\",\"@id\":\"https:\\\/\\\/revistes.proscenium.cat\\\/es\\\/muestra-igualada\\\/\",\"url\":\"https:\\\/\\\/revistes.proscenium.cat\\\/es\\\/muestra-igualada\\\/\",\"name\":\"muestra igualada - Proscenium\",\"isPartOf\":{\"@id\":\"https:\\\/\\\/revistes.proscenium.cat\\\/es\\\/#website\"},\"primaryImageOfPage\":{\"@id\":\"https:\\\/\\\/revistes.proscenium.cat\\\/es\\\/muestra-igualada\\\/#primaryimage\"},\"image\":{\"@id\":\"https:\\\/\\\/revistes.proscenium.cat\\\/es\\\/muestra-igualada\\\/#primaryimage\"},\"thumbnailUrl\":\"https:\\\/\\\/revistes.proscenium.cat\\\/wp-content\\\/uploads\\\/2023\\\/08\\\/picto-favicon.svg\",\"datePublished\":\"2023-08-20T12:02:49+00:00\",\"dateModified\":\"2025-07-03T11:06:01+00:00\",\"breadcrumb\":{\"@id\":\"https:\\\/\\\/revistes.proscenium.cat\\\/es\\\/muestra-igualada\\\/#breadcrumb\"},\"inLanguage\":\"es\",\"potentialAction\":[{\"@type\":\"ReadAction\",\"target\":[\"https:\\\/\\\/revistes.proscenium.cat\\\/es\\\/muestra-igualada\\\/\"]}]},{\"@type\":\"ImageObject\",\"inLanguage\":\"es\",\"@id\":\"https:\\\/\\\/revistes.proscenium.cat\\\/es\\\/muestra-igualada\\\/#primaryimage\",\"url\":\"https:\\\/\\\/revistes.proscenium.cat\\\/wp-content\\\/uploads\\\/2023\\\/08\\\/picto-favicon.svg\",\"contentUrl\":\"https:\\\/\\\/revistes.proscenium.cat\\\/wp-content\\\/uploads\\\/2023\\\/08\\\/picto-favicon.svg\"},{\"@type\":\"BreadcrumbList\",\"@id\":\"https:\\\/\\\/revistes.proscenium.cat\\\/es\\\/muestra-igualada\\\/#breadcrumb\",\"itemListElement\":[{\"@type\":\"ListItem\",\"position\":1,\"name\":\"Inici\",\"item\":\"https:\\\/\\\/revistes.proscenium.cat\\\/es\\\/portada-y-sumario-2024-25\\\/\"},{\"@type\":\"ListItem\",\"position\":2,\"name\":\"muestra igualada\"}]},{\"@type\":\"WebSite\",\"@id\":\"https:\\\/\\\/revistes.proscenium.cat\\\/es\\\/#website\",\"url\":\"https:\\\/\\\/revistes.proscenium.cat\\\/es\\\/\",\"name\":\"Revista Proscenium\",\"description\":\"Revista d&#039;arts esc\u00e8niques\",\"publisher\":{\"@id\":\"https:\\\/\\\/revistes.proscenium.cat\\\/es\\\/#organization\"},\"potentialAction\":[{\"@type\":\"SearchAction\",\"target\":{\"@type\":\"EntryPoint\",\"urlTemplate\":\"https:\\\/\\\/revistes.proscenium.cat\\\/es\\\/?s={search_term_string}\"},\"query-input\":{\"@type\":\"PropertyValueSpecification\",\"valueRequired\":true,\"valueName\":\"search_term_string\"}}],\"inLanguage\":\"es\"},{\"@type\":\"Organization\",\"@id\":\"https:\\\/\\\/revistes.proscenium.cat\\\/es\\\/#organization\",\"name\":\"Editorial Proscenium\",\"url\":\"https:\\\/\\\/revistes.proscenium.cat\\\/es\\\/\",\"logo\":{\"@type\":\"ImageObject\",\"inLanguage\":\"es\",\"@id\":\"https:\\\/\\\/revistes.proscenium.cat\\\/es\\\/#\\\/schema\\\/logo\\\/image\\\/\",\"url\":\"https:\\\/\\\/revistes.proscenium.cat\\\/wp-content\\\/uploads\\\/2023\\\/11\\\/proscenium-logo.jpg\",\"contentUrl\":\"https:\\\/\\\/revistes.proscenium.cat\\\/wp-content\\\/uploads\\\/2023\\\/11\\\/proscenium-logo.jpg\",\"width\":400,\"height\":310,\"caption\":\"Editorial Proscenium\"},\"image\":{\"@id\":\"https:\\\/\\\/revistes.proscenium.cat\\\/es\\\/#\\\/schema\\\/logo\\\/image\\\/\"}}]}<\/script>\n<!-- \/ Yoast SEO plugin. -->","yoast_head_json":{"title":"muestra igualada - Proscenium","robots":{"index":"index","follow":"follow","max-snippet":"max-snippet:-1","max-image-preview":"max-image-preview:large","max-video-preview":"max-video-preview:-1"},"canonical":"https:\/\/revistes.proscenium.cat\/es\/muestra-igualada\/","og_locale":"es_ES","og_type":"article","og_title":"muestra igualada - Proscenium","og_description":"EDICI\u00d3N 09 REPORTAJE MUESTRA IGUALADA 2023 FERIA DE ESPECT\u00c1CULOS INFANTIL Y JUVENIL https:\/\/revistes.proscenium.cat\/wp-content\/uploads\/2023\/08\/MOSTRA-IGUALADA-2023-imatge-sardina-video-converter.com_.mp4 El poder de las historias Dani Chicano No deja nunca de sorprenderme el poder transformador que tiene sobre el p\u00fablico de cualquier edad una historia bien contada, que le llegue, que le conmueva y lo entretenga, sin renunciar a hacerlo pensar. Conseguirlo [&hellip;]","og_url":"https:\/\/revistes.proscenium.cat\/es\/muestra-igualada\/","og_site_name":"Proscenium","article_modified_time":"2025-07-03T11:06:01+00:00","twitter_card":"summary_large_image","twitter_misc":{"Tiempo de lectura":"8 minutos"},"schema":{"@context":"https:\/\/schema.org","@graph":[{"@type":"WebPage","@id":"https:\/\/revistes.proscenium.cat\/es\/muestra-igualada\/","url":"https:\/\/revistes.proscenium.cat\/es\/muestra-igualada\/","name":"muestra igualada - Proscenium","isPartOf":{"@id":"https:\/\/revistes.proscenium.cat\/es\/#website"},"primaryImageOfPage":{"@id":"https:\/\/revistes.proscenium.cat\/es\/muestra-igualada\/#primaryimage"},"image":{"@id":"https:\/\/revistes.proscenium.cat\/es\/muestra-igualada\/#primaryimage"},"thumbnailUrl":"https:\/\/revistes.proscenium.cat\/wp-content\/uploads\/2023\/08\/picto-favicon.svg","datePublished":"2023-08-20T12:02:49+00:00","dateModified":"2025-07-03T11:06:01+00:00","breadcrumb":{"@id":"https:\/\/revistes.proscenium.cat\/es\/muestra-igualada\/#breadcrumb"},"inLanguage":"es","potentialAction":[{"@type":"ReadAction","target":["https:\/\/revistes.proscenium.cat\/es\/muestra-igualada\/"]}]},{"@type":"ImageObject","inLanguage":"es","@id":"https:\/\/revistes.proscenium.cat\/es\/muestra-igualada\/#primaryimage","url":"https:\/\/revistes.proscenium.cat\/wp-content\/uploads\/2023\/08\/picto-favicon.svg","contentUrl":"https:\/\/revistes.proscenium.cat\/wp-content\/uploads\/2023\/08\/picto-favicon.svg"},{"@type":"BreadcrumbList","@id":"https:\/\/revistes.proscenium.cat\/es\/muestra-igualada\/#breadcrumb","itemListElement":[{"@type":"ListItem","position":1,"name":"Inici","item":"https:\/\/revistes.proscenium.cat\/es\/portada-y-sumario-2024-25\/"},{"@type":"ListItem","position":2,"name":"muestra igualada"}]},{"@type":"WebSite","@id":"https:\/\/revistes.proscenium.cat\/es\/#website","url":"https:\/\/revistes.proscenium.cat\/es\/","name":"Revista Proscenium","description":"Revista d&#039;arts esc\u00e8niques","publisher":{"@id":"https:\/\/revistes.proscenium.cat\/es\/#organization"},"potentialAction":[{"@type":"SearchAction","target":{"@type":"EntryPoint","urlTemplate":"https:\/\/revistes.proscenium.cat\/es\/?s={search_term_string}"},"query-input":{"@type":"PropertyValueSpecification","valueRequired":true,"valueName":"search_term_string"}}],"inLanguage":"es"},{"@type":"Organization","@id":"https:\/\/revistes.proscenium.cat\/es\/#organization","name":"Editorial Proscenium","url":"https:\/\/revistes.proscenium.cat\/es\/","logo":{"@type":"ImageObject","inLanguage":"es","@id":"https:\/\/revistes.proscenium.cat\/es\/#\/schema\/logo\/image\/","url":"https:\/\/revistes.proscenium.cat\/wp-content\/uploads\/2023\/11\/proscenium-logo.jpg","contentUrl":"https:\/\/revistes.proscenium.cat\/wp-content\/uploads\/2023\/11\/proscenium-logo.jpg","width":400,"height":310,"caption":"Editorial Proscenium"},"image":{"@id":"https:\/\/revistes.proscenium.cat\/es\/#\/schema\/logo\/image\/"}}]}},"_links":{"self":[{"href":"https:\/\/revistes.proscenium.cat\/es\/wp-json\/wp\/v2\/pages\/3252","targetHints":{"allow":["GET"]}}],"collection":[{"href":"https:\/\/revistes.proscenium.cat\/es\/wp-json\/wp\/v2\/pages"}],"about":[{"href":"https:\/\/revistes.proscenium.cat\/es\/wp-json\/wp\/v2\/types\/page"}],"author":[{"embeddable":true,"href":"https:\/\/revistes.proscenium.cat\/es\/wp-json\/wp\/v2\/users\/1"}],"replies":[{"embeddable":true,"href":"https:\/\/revistes.proscenium.cat\/es\/wp-json\/wp\/v2\/comments?post=3252"}],"version-history":[{"count":2,"href":"https:\/\/revistes.proscenium.cat\/es\/wp-json\/wp\/v2\/pages\/3252\/revisions"}],"predecessor-version":[{"id":3502,"href":"https:\/\/revistes.proscenium.cat\/es\/wp-json\/wp\/v2\/pages\/3252\/revisions\/3502"}],"wp:attachment":[{"href":"https:\/\/revistes.proscenium.cat\/es\/wp-json\/wp\/v2\/media?parent=3252"}],"wp:term":[{"taxonomy":"edicions","embeddable":true,"href":"https:\/\/revistes.proscenium.cat\/es\/wp-json\/wp\/v2\/edicions?post=3252"}],"curies":[{"name":"wp","href":"https:\/\/api.w.org\/{rel}","templated":true}]}}