{"id":3246,"date":"2023-08-22T10:31:32","date_gmt":"2023-08-22T08:31:32","guid":{"rendered":"https:\/\/revistes.proscenium.cat\/todavia-hay-alguien-en-el-bosque\/"},"modified":"2025-07-03T13:04:23","modified_gmt":"2025-07-03T11:04:23","slug":"todavia-hay-alguien-en-el-bosque","status":"publish","type":"page","link":"https:\/\/revistes.proscenium.cat\/es\/todavia-hay-alguien-en-el-bosque\/","title":{"rendered":"todav\u00eda hay alguien en el bosque"},"content":{"rendered":"\t\t<div data-elementor-type=\"wp-page\" data-elementor-id=\"3246\" class=\"elementor elementor-3246 elementor-636\" data-elementor-post-type=\"page\">\n\t\t\t\t<div data-particle_enable=\"false\" data-particle-mobile-disabled=\"false\" class=\"elementor-element elementor-element-d1b321c e-con-full e-flex elementor-invisible e-con e-parent\" data-id=\"d1b321c\" data-element_type=\"container\" data-e-type=\"container\" data-settings=\"{&quot;animation&quot;:&quot;fadeIn&quot;}\">\n\t\t<div data-particle_enable=\"false\" data-particle-mobile-disabled=\"false\" class=\"elementor-element elementor-element-650a28d e-con-full e-flex e-con e-child\" data-id=\"650a28d\" data-element_type=\"container\" data-e-type=\"container\">\n\t\t\t\t<\/div>\n\t\t<div data-particle_enable=\"false\" data-particle-mobile-disabled=\"false\" class=\"elementor-element elementor-element-eccad9e e-con-full e-transform e-flex e-con e-child\" data-id=\"eccad9e\" data-element_type=\"container\" data-e-type=\"container\" data-settings=\"{&quot;_transform_translateX_effect_tablet&quot;:{&quot;unit&quot;:&quot;px&quot;,&quot;size&quot;:-40,&quot;sizes&quot;:[]},&quot;_transform_translateX_effect&quot;:{&quot;unit&quot;:&quot;px&quot;,&quot;size&quot;:&quot;&quot;,&quot;sizes&quot;:[]},&quot;_transform_translateX_effect_tablet_extra&quot;:{&quot;unit&quot;:&quot;px&quot;,&quot;size&quot;:&quot;&quot;,&quot;sizes&quot;:[]},&quot;_transform_translateX_effect_mobile&quot;:{&quot;unit&quot;:&quot;px&quot;,&quot;size&quot;:&quot;&quot;,&quot;sizes&quot;:[]},&quot;_transform_translateY_effect&quot;:{&quot;unit&quot;:&quot;px&quot;,&quot;size&quot;:&quot;&quot;,&quot;sizes&quot;:[]},&quot;_transform_translateY_effect_tablet_extra&quot;:{&quot;unit&quot;:&quot;px&quot;,&quot;size&quot;:&quot;&quot;,&quot;sizes&quot;:[]},&quot;_transform_translateY_effect_tablet&quot;:{&quot;unit&quot;:&quot;px&quot;,&quot;size&quot;:&quot;&quot;,&quot;sizes&quot;:[]},&quot;_transform_translateY_effect_mobile&quot;:{&quot;unit&quot;:&quot;px&quot;,&quot;size&quot;:&quot;&quot;,&quot;sizes&quot;:[]}}\">\n\t\t<div data-particle_enable=\"false\" data-particle-mobile-disabled=\"false\" class=\"elementor-element elementor-element-6fc69e7 e-flex e-con-boxed e-con e-child\" data-id=\"6fc69e7\" data-element_type=\"container\" data-e-type=\"container\">\n\t\t\t\t\t<div class=\"e-con-inner\">\n\t\t\t\t<div class=\"elementor-element elementor-element-cd5a348 elementor-invisible elementor-widget elementor-widget-image\" data-id=\"cd5a348\" data-element_type=\"widget\" data-e-type=\"widget\" data-settings=\"{&quot;_animation&quot;:&quot;fadeInRight&quot;}\" data-widget_type=\"image.default\">\n\t\t\t\t<div class=\"elementor-widget-container\">\n\t\t\t\t\t\t\t\t\t\t\t\t\t\t\t<img fetchpriority=\"high\" decoding=\"async\" width=\"266\" height=\"302\" src=\"https:\/\/revistes.proscenium.cat\/wp-content\/uploads\/2023\/08\/picto-favicon.svg\" class=\"attachment-medium size-medium wp-image-2922\" alt=\"\" \/>\t\t\t\t\t\t\t\t\t\t\t\t\t\t\t<\/div>\n\t\t\t\t<\/div>\n\t\t\t\t\t<\/div>\n\t\t\t\t<\/div>\n\t\t\t\t<div class=\"elementor-element elementor-element-3af0e0f elementor-invisible elementor-widget elementor-widget-text-editor\" data-id=\"3af0e0f\" data-element_type=\"widget\" data-e-type=\"widget\" data-settings=\"{&quot;_animation&quot;:&quot;fadeInDown&quot;}\" data-widget_type=\"text-editor.default\">\n\t\t\t\t<div class=\"elementor-widget-container\">\n\t\t\t\t\t\t\t\t\t<p>EDICI\u00d3N 09<\/p>\t\t\t\t\t\t\t\t<\/div>\n\t\t\t\t<\/div>\n\t\t\t\t<div class=\"elementor-element elementor-element-4460f9d elementor-widget-divider--view-line elementor-invisible elementor-widget elementor-widget-divider\" data-id=\"4460f9d\" data-element_type=\"widget\" data-e-type=\"widget\" data-settings=\"{&quot;_animation&quot;:&quot;fadeIn&quot;}\" data-widget_type=\"divider.default\">\n\t\t\t\t<div class=\"elementor-widget-container\">\n\t\t\t\t\t\t\t<div class=\"elementor-divider\">\n\t\t\t<span class=\"elementor-divider-separator\">\n\t\t\t\t\t\t<\/span>\n\t\t<\/div>\n\t\t\t\t\t\t<\/div>\n\t\t\t\t<\/div>\n\t\t\t\t<div class=\"elementor-element elementor-element-98e8957 elementor-invisible elementor-widget elementor-widget-heading\" data-id=\"98e8957\" data-element_type=\"widget\" data-e-type=\"widget\" data-settings=\"{&quot;_animation&quot;:&quot;fadeInUp&quot;}\" data-widget_type=\"heading.default\">\n\t\t\t\t<div class=\"elementor-widget-container\">\n\t\t\t\t\t<h2 class=\"elementor-heading-title elementor-size-default\">MOMENTOS DE TEMPORADA<\/h2>\t\t\t\t<\/div>\n\t\t\t\t<\/div>\n\t\t\t\t<div class=\"elementor-element elementor-element-d4d5525 elementor-invisible elementor-widget elementor-widget-heading\" data-id=\"d4d5525\" data-element_type=\"widget\" data-e-type=\"widget\" data-settings=\"{&quot;_animation&quot;:&quot;fadeInUp&quot;}\" data-widget_type=\"heading.default\">\n\t\t\t\t<div class=\"elementor-widget-container\">\n\t\t\t\t\t<h2 class=\"elementor-heading-title elementor-size-default\">AUN HAY ALGUIEN EN EL BOSQUE<\/h2>\t\t\t\t<\/div>\n\t\t\t\t<\/div>\n\t\t\t\t<div class=\"elementor-element elementor-element-75fc86a elementor-widget-divider--view-line elementor-invisible elementor-widget elementor-widget-divider\" data-id=\"75fc86a\" data-element_type=\"widget\" data-e-type=\"widget\" data-settings=\"{&quot;_animation&quot;:&quot;fadeIn&quot;}\" data-widget_type=\"divider.default\">\n\t\t\t\t<div class=\"elementor-widget-container\">\n\t\t\t\t\t\t\t<div class=\"elementor-divider\">\n\t\t\t<span class=\"elementor-divider-separator\">\n\t\t\t\t\t\t<\/span>\n\t\t<\/div>\n\t\t\t\t\t\t<\/div>\n\t\t\t\t<\/div>\n\t\t\t\t<div class=\"elementor-element elementor-element-170dc88 elementor-widget elementor-widget-spacer\" data-id=\"170dc88\" data-element_type=\"widget\" data-e-type=\"widget\" data-widget_type=\"spacer.default\">\n\t\t\t\t<div class=\"elementor-widget-container\">\n\t\t\t\t\t\t\t<div class=\"elementor-spacer\">\n\t\t\t<div class=\"elementor-spacer-inner\"><\/div>\n\t\t<\/div>\n\t\t\t\t\t\t<\/div>\n\t\t\t\t<\/div>\n\t\t\t\t<\/div>\n\t\t\t\t<\/div>\n\t\t<div data-particle_enable=\"false\" data-particle-mobile-disabled=\"false\" class=\"elementor-element elementor-element-c213409 e-con-full e-flex e-con e-parent\" data-id=\"c213409\" data-element_type=\"container\" data-e-type=\"container\" data-settings=\"{&quot;background_background&quot;:&quot;classic&quot;}\">\n\t\t<div data-particle_enable=\"false\" data-particle-mobile-disabled=\"false\" class=\"elementor-element elementor-element-db0c397 e-con-full e-flex e-con e-child\" data-id=\"db0c397\" data-element_type=\"container\" data-e-type=\"container\">\n\t\t\t\t<div class=\"elementor-element elementor-element-39c84da elementor-widget-tablet_extra__width-initial elementor-widget elementor-widget-text-editor\" data-id=\"39c84da\" data-element_type=\"widget\" data-e-type=\"widget\" data-widget_type=\"text-editor.default\">\n\t\t\t\t<div class=\"elementor-widget-container\">\n\t\t\t\t\t\t\t\t\t<p>El Colectivo Cultura y Conflicto lo fundaron en 2020 la periodista Teresa Turiera-Puigb\u00f3, la productora Judit Codina y el actor y director Joan Arqu\u00e9. Posteriormente, se a\u00f1adieron la dramaturga Anna Maria Ricart, el realizador Erol Ileri, la actriz y creadora esc\u00e9nica y visual Magda Puig Franta. Se trata de un equipo \u201cmultidisciplinar de profesionales que cree en la capacidad de la cultura como motor de di\u00e1logo y reflexi\u00f3n y como herramienta de transformaci\u00f3n social\u201d, que en 2021 hizo realidad su primer proyecto, <i>del<\/i> que os hablamos y le mostramos algunas im\u00e1genes.     <\/p><p>La Guerra de Bosnia y la violaci\u00f3n de ni\u00f1as y mujeres como estrategia de limpieza \u00e9tnica es el objeto de este proyecto, que ha rodeado por todo el Estado y del que tambi\u00e9n cuelga una actividad pedag\u00f3gica dirigida a alumnos de secundaria y bachillerato.<\/p>\t\t\t\t\t\t\t\t<\/div>\n\t\t\t\t<\/div>\n\t\t\t\t<\/div>\n\t\t<div data-particle_enable=\"false\" data-particle-mobile-disabled=\"false\" class=\"elementor-element elementor-element-293954f e-con-full e-flex e-con e-child\" data-id=\"293954f\" data-element_type=\"container\" data-e-type=\"container\" data-settings=\"{&quot;motion_fx_motion_fx_scrolling&quot;:&quot;yes&quot;,&quot;motion_fx_translateX_effect&quot;:&quot;yes&quot;,&quot;motion_fx_translateX_affectedRange&quot;:{&quot;unit&quot;:&quot;%&quot;,&quot;size&quot;:&quot;&quot;,&quot;sizes&quot;:{&quot;start&quot;:0,&quot;end&quot;:49}},&quot;motion_fx_devices&quot;:[&quot;desktop&quot;],&quot;motion_fx_translateX_speed&quot;:{&quot;unit&quot;:&quot;px&quot;,&quot;size&quot;:4,&quot;sizes&quot;:[]}}\">\n\t\t\t\t<div class=\"elementor-element elementor-element-2992c06 elementor-widget elementor-widget-image\" data-id=\"2992c06\" data-element_type=\"widget\" data-e-type=\"widget\" data-widget_type=\"image.default\">\n\t\t\t\t<div class=\"elementor-widget-container\">\n\t\t\t\t\t\t\t\t\t\t\t\t\t\t\t<img decoding=\"async\" width=\"705\" height=\"1024\" src=\"https:\/\/revistes.proscenium.cat\/wp-content\/uploads\/2023\/08\/proscenium-bosc-intro-705x1024.jpg\" class=\"attachment-large size-large wp-image-2988\" alt=\"\" srcset=\"https:\/\/revistes.proscenium.cat\/wp-content\/uploads\/2023\/08\/proscenium-bosc-intro-705x1024.jpg 705w, https:\/\/revistes.proscenium.cat\/wp-content\/uploads\/2023\/08\/proscenium-bosc-intro-207x300.jpg 207w, https:\/\/revistes.proscenium.cat\/wp-content\/uploads\/2023\/08\/proscenium-bosc-intro-768x1116.jpg 768w, https:\/\/revistes.proscenium.cat\/wp-content\/uploads\/2023\/08\/proscenium-bosc-intro.jpg 800w\" sizes=\"(max-width: 705px) 100vw, 705px\" \/>\t\t\t\t\t\t\t\t\t\t\t\t\t\t\t<\/div>\n\t\t\t\t<\/div>\n\t\t\t\t<\/div>\n\t\t\t\t<\/div>\n\t\t<div data-particle_enable=\"false\" data-particle-mobile-disabled=\"false\" class=\"elementor-element elementor-element-3dd5706 e-con-full e-flex e-con e-parent\" data-id=\"3dd5706\" data-element_type=\"container\" data-e-type=\"container\" data-settings=\"{&quot;motion_fx_motion_fx_scrolling&quot;:&quot;yes&quot;,&quot;animation&quot;:&quot;none&quot;,&quot;background_background&quot;:&quot;classic&quot;,&quot;motion_fx_devices&quot;:[&quot;desktop&quot;,&quot;tablet_extra&quot;,&quot;tablet&quot;,&quot;mobile&quot;]}\">\n\t\t\t\t<div class=\"elementor-element elementor-element-ceeb145 elementor-widget elementor-widget-spacer\" data-id=\"ceeb145\" data-element_type=\"widget\" data-e-type=\"widget\" data-widget_type=\"spacer.default\">\n\t\t\t\t<div class=\"elementor-widget-container\">\n\t\t\t\t\t\t\t<div class=\"elementor-spacer\">\n\t\t\t<div class=\"elementor-spacer-inner\"><\/div>\n\t\t<\/div>\n\t\t\t\t\t\t<\/div>\n\t\t\t\t<\/div>\n\t\t\t\t<\/div>\n\t\t<div data-particle_enable=\"false\" data-particle-mobile-disabled=\"false\" class=\"elementor-element elementor-element-066159e e-con-full e-flex e-con e-parent\" data-id=\"066159e\" data-element_type=\"container\" data-e-type=\"container\" data-settings=\"{&quot;background_background&quot;:&quot;classic&quot;}\">\n\t\t<div data-particle_enable=\"false\" data-particle-mobile-disabled=\"false\" class=\"elementor-element elementor-element-4e3c586 e-con-full e-flex e-con e-child\" data-id=\"4e3c586\" data-element_type=\"container\" data-e-type=\"container\">\n\t\t\t\t<div class=\"elementor-element elementor-element-7515157 elementor-widget elementor-widget-spacer\" data-id=\"7515157\" data-element_type=\"widget\" data-e-type=\"widget\" data-widget_type=\"spacer.default\">\n\t\t\t\t<div class=\"elementor-widget-container\">\n\t\t\t\t\t\t\t<div class=\"elementor-spacer\">\n\t\t\t<div class=\"elementor-spacer-inner\"><\/div>\n\t\t<\/div>\n\t\t\t\t\t\t<\/div>\n\t\t\t\t<\/div>\n\t\t\t\t<div class=\"elementor-element elementor-element-5431d67 elementor-widget elementor-widget-image\" data-id=\"5431d67\" data-element_type=\"widget\" data-e-type=\"widget\" data-widget_type=\"image.default\">\n\t\t\t\t<div class=\"elementor-widget-container\">\n\t\t\t\t\t\t\t\t\t\t\t\t\t\t\t<img decoding=\"async\" width=\"709\" height=\"281\" src=\"https:\/\/revistes.proscenium.cat\/wp-content\/uploads\/2024\/01\/veus-silenciades-text-2.jpg\" class=\"attachment-full size-full wp-image-3115\" alt=\"\" srcset=\"https:\/\/revistes.proscenium.cat\/wp-content\/uploads\/2024\/01\/veus-silenciades-text-2.jpg 709w, https:\/\/revistes.proscenium.cat\/wp-content\/uploads\/2024\/01\/veus-silenciades-text-2-300x119.jpg 300w\" sizes=\"(max-width: 709px) 100vw, 709px\" \/>\t\t\t\t\t\t\t\t\t\t\t\t\t\t\t<\/div>\n\t\t\t\t<\/div>\n\t\t\t\t<div class=\"elementor-element elementor-element-cb5fe52 elementor-widget-mobile__width-inherit elementor--h-position-center elementor--v-position-middle elementor-arrows-position-inside elementor-pagination-position-inside elementor-widget elementor-widget-slides\" data-id=\"cb5fe52\" data-element_type=\"widget\" data-e-type=\"widget\" data-settings=\"{&quot;transition_speed&quot;:0,&quot;navigation&quot;:&quot;both&quot;,&quot;transition&quot;:&quot;slide&quot;}\" data-widget_type=\"slides.default\">\n\t\t\t\t<div class=\"elementor-widget-container\">\n\t\t\t\t\t\t\t\t\t<div class=\"elementor-swiper\">\n\t\t\t\t\t<div class=\"elementor-slides-wrapper elementor-main-swiper swiper\" role=\"region\" aria-roledescription=\"carousel\" aria-label=\"Diapositives\" dir=\"ltr\" data-animation=\"fadeInRight\">\n\t\t\t\t<div class=\"swiper-wrapper elementor-slides\">\n\t\t\t\t\t\t\t\t\t\t<div class=\"elementor-repeater-item-9f5d90e swiper-slide\" role=\"group\" aria-roledescription=\"slide\"><div class=\"swiper-slide-bg\"><\/div><div class=\"swiper-slide-inner\" ><div class=\"swiper-slide-contents\"><div class=\"elementor-slide-description\"><p>Una l\u00e1grima corre mejilla abajo a una joven de unos 15 a\u00f1os, absolutamente corpresa. \u201cEso, a m\u00ed, nunca me lo hab\u00eda contado nadie\u201d, dice entristecida. Acaba de asistir al estreno de la pieza teatral A\u00fan hay alguien en el bosque. Est\u00e1 conmovida y las preguntas se le amontonan. Lo ir\u00e1 digiriendo. Cuando llegue a casa realizar\u00e1 las consultas pertinentes en internet sobre la guerra de Bosnia. No es necesaria ninguna muestra m\u00e1s para saber que esta pieza, construida al margen de los tiempos convencionales y de las l\u00f3gicas de la producci\u00f3n teatral por el colectivo Cultura y Conflicto \u2014el proyecto empez\u00f3 la singladura en 2018\u2014, se trata de teatro necesario e imprescindible.        <\/p>\n<\/div><\/div><\/div><\/div><div class=\"elementor-repeater-item-fe6ee5d swiper-slide\" role=\"group\" aria-roledescription=\"slide\"><div class=\"swiper-slide-bg\"><\/div><div class=\"swiper-slide-inner\" ><div class=\"swiper-slide-contents\"><div class=\"elementor-slide-description\"><p>Las l\u00e1grimas y la angustia de la joven han provocado asistir a la denuncia de la utilizaci\u00f3n organizada, generalizada y sistem\u00e1tica de la violencia contra las mujeres como arma de guerra y de limpieza \u00e9tnica, en este caso a la guerra de Bosnia. Pero cuidado, porque \u00e9sta es una constante en un gran n\u00famero de conflictos, armados o no, en todo el planeta, incluso en contextos de paz, que ha sido sistem\u00e1ticamente invisibilizada e ignorada a lo largo de la historia. <\/p>\n<\/div><\/div><\/div><\/div><div class=\"elementor-repeater-item-6f05e02 swiper-slide\" role=\"group\" aria-roledescription=\"slide\"><div class=\"swiper-slide-bg\"><\/div><div class=\"swiper-slide-inner\" ><div class=\"swiper-slide-contents\"><div class=\"elementor-slide-description\"><p>S\u00f3lo hay que tener en cuenta lo que narran las mujeres inmigrantes que atraviesan el Mediterr\u00e1neo en pateras, que el verdadero infierno no es el mar, sino el camino previo, en cuyo transcurso son violadas u objeto de tr\u00e1fico; la la violencia sobre las mujeres rohingya de Birmania o las yazid\u00eds del Kurdist\u00e1n. En Bosnia se calcula que entre 25.000 y 50.000 mujeres y ni\u00f1as fueron violadas y que todo formaba parte de un plan trazado escrupulosamente, pese a que esta flagrante violaci\u00f3n de los derechos humanos nunca estuvo sobre la mesa de negociaciones con otros aspectos de los que s\u00ed debat\u00edan las naciones implicadas. <\/p>\n<\/div><\/div><\/div><\/div><div class=\"elementor-repeater-item-4480276 swiper-slide\" role=\"group\" aria-roledescription=\"slide\"><div class=\"swiper-slide-bg\"><\/div><div class=\"swiper-slide-inner\" ><div class=\"swiper-slide-contents\"><div class=\"elementor-slide-description\"><p>El objetivo \u00faltimo de este excelente montaje es hacer la denuncia e involucrar al espectador en el tema interpel\u00e1ndolo directamente. Todav\u00eda hay alguien en el bosque es una pieza cercana al g\u00e9nero verbatim -teatro documental- dirigida por Joan Arqu\u00e9, con dramaturgia de Anna Maria Ricart y construida sobre los resultados de una labor de investigaci\u00f3n period\u00edstica primotera de Teresa Turiera-Puigb\u00f3. <\/p>\n<\/div><\/div><\/div><\/div><div class=\"elementor-repeater-item-971e249 swiper-slide\" role=\"group\" aria-roledescription=\"slide\"><div class=\"swiper-slide-bg\"><\/div><div class=\"swiper-slide-inner\" ><div class=\"swiper-slide-contents\"><div class=\"elementor-slide-description\"><p>La manera de hacer la denuncia, nada f\u00e1cil por lo que el tema tiene de complejo, delicado y potencialmente morboso, es acertada y efectiva: dar voz a quien no la tiene, a las mujeres violadas, que explican c\u00f3mo vivieron el episodio m\u00e1s traumatizante de su vida y c\u00f3mo todav\u00eda, por ellas, la guerra no se ha acabado, porque la guerra est\u00e1 en el bosque, porque todav\u00eda hay alguien en el bosque mujeres, con una risa extempor\u00e1nea y nerviosa. Porque no se ha hecho justicia, porque algunas a\u00fan deben ver c\u00f3mo sus violadores, que eran y son vecinos suyos, se pasean impunemente por el pueblo. Porque las administraciones que en 1995 dieron por finalizado el conflicto con los llamados Acuerdos de Dayton, las ignoran, la justicia de su pa\u00eds tambi\u00e9n es como si no existieran.  <\/p>\n<\/div><\/div><\/div><\/div><div class=\"elementor-repeater-item-3d162c2 swiper-slide\" role=\"group\" aria-roledescription=\"slide\"><div class=\"swiper-slide-bg\"><\/div><div class=\"swiper-slide-inner\" ><div class=\"swiper-slide-contents\"><div class=\"elementor-slide-description\"><p>Tambi\u00e9n se da voz a los hijos e hijas de las mujeres violadas, que fueron obligadas a tener a las criaturas y que posteriormente fueron estigmatizadas, al igual que ellos. Algunas mujeres les dieron en adopci\u00f3n, otras les criaron escondi\u00e9ndoles la realidad hasta que ya no les fue posible. <\/p>\n<\/div><\/div><\/div><\/div><div class=\"elementor-repeater-item-69c6c8c swiper-slide\" role=\"group\" aria-roledescription=\"slide\"><div class=\"swiper-slide-bg\"><\/div><div class=\"swiper-slide-inner\" ><div class=\"swiper-slide-contents\"><div class=\"elementor-slide-description\"><p>Todo ello el equipo de Cultura y Conflicto lo consiguen sin mostrar ni recrear escenas de violencia expl\u00edcita, s\u00f3lo dejando hablar a las mujeres ya sus hijos, creando un espacio sonoro sugerente que favorece las intenciones de la pieza \u2013obra de Pep Pascual y Judit Farr\u00e9s- y salpicando \u00e9sta de unas dosis de humor negro, ideales de la ONU, en primer lugar, pero tambi\u00e9n de todo tipo de activistas y ONG, etc. vinculados a la aparici\u00f3n de redes de tr\u00e1fico de mujeres y ni\u00f1os. Estos inteligentes recursos humor\u00edstico y la sutilidad, evitando recrearse expl\u00edcitamente en el horror de las situaciones que se narran, evitan un colapso emocional que ser\u00eda contraproducente.   <\/p>\n<\/div><\/div><\/div><\/div><div class=\"elementor-repeater-item-ab78af5 swiper-slide\" role=\"group\" aria-roledescription=\"slide\"><div class=\"swiper-slide-bg\"><\/div><div class=\"swiper-slide-inner\" ><div class=\"swiper-slide-contents\"><div class=\"elementor-slide-description\"><p>El recurso dramat\u00fargico m\u00e1s destacable, que funciona para eliminar autom\u00e1ticamente la distancia que podr\u00eda haber entre la platea y lo que se representa en el escenario, es el de interpelar directamente al p\u00fablico y hacer que se pregunte qu\u00e9 estaba haciendo el verano de 1992, con la Barcelona ol\u00edmpica estallando de j\u00fabilo mientras en el coraz\u00f3n de Europa, a dos horas escasas de avi\u00f3n, se desarrolla. Este paralelismo, presente en todo el montaje de forma intermitente, obliga al p\u00fablico, aunque sea de forma involuntaria, a empatizar a\u00fan m\u00e1s si cabe, con aquellas mujeres y aquellos hijos y su sufrimiento. Los int\u00e9rpretes entran y salen de sus papeles, explicando tambi\u00e9n ellos qu\u00e9 hac\u00edan ese verano de 1992.  <\/p>\n<\/div><\/div><\/div><\/div><div class=\"elementor-repeater-item-4c36ba4 swiper-slide\" role=\"group\" aria-roledescription=\"slide\"><div class=\"swiper-slide-bg\"><\/div><div class=\"swiper-slide-inner\" ><div class=\"swiper-slide-contents\"><div class=\"elementor-slide-description\"><p>La interpretaci\u00f3n es de altos vuelos. Las actrices potencian sutilmente alguna de las caracter\u00edsticas f\u00edsicas o maneras de expresarse de las mujeres a las que encarnan y que el respetable que se ha tomado la molestia de realizar el visionado del documental hom\u00f3nimo \u2013una de las tres patas del proyecto junto con una exposici\u00f3n fotogr\u00e1fica de Oriol Casanovas- detectar\u00e1 al instante. <\/p>\n<\/div><\/div><\/div><\/div><div class=\"elementor-repeater-item-6de878c swiper-slide\" role=\"group\" aria-roledescription=\"slide\"><div class=\"swiper-slide-bg\"><\/div><div class=\"swiper-slide-inner\" ><div class=\"swiper-slide-contents\"><div class=\"elementor-slide-description\"><p>Montse Esteve construye una Milika de un coraje infinito; Magda Puig es la impulsiva Lejla, joven hija adoptiva de una pareja de periodistas brit\u00e1nicos e hija biol\u00f3gica de una mujer violada que la rehus\u00f3 reci\u00e9n nacida; Ariadna Gil le sabe encontrar el tu\u00e9tano en la Nevenka y Judith Farr\u00e9s clava a la impenetrable Meliha y tambi\u00e9n hace epis\u00f3dicamente de Ajna, hija de una mujer abusada e impulsora de una asociaci\u00f3n que apoya a hijos e hijas de mujeres violadas. Milika, Nevenka y Meliha pertenecen a credos distintos, una medida inteligente para evitar manique\u00edsmos. \u00d3scar Mu\u00f1oz tiene uno de los papeles desagradecidos, el del criminal de guerra serbobosnio Dusko Tadic, condenado a 20 a\u00f1os de c\u00e1rcel por el Tribunal de La Haya.  <\/p>\n<\/div><\/div><\/div><\/div><div class=\"elementor-repeater-item-3ef38b2 swiper-slide\" role=\"group\" aria-roledescription=\"slide\"><div class=\"swiper-slide-bg\"><\/div><div class=\"swiper-slide-inner\" ><div class=\"swiper-slide-contents\"><div class=\"elementor-slide-description\"><p>La dramaturgia presenta un elemento extra\u00f1o y se desv\u00eda de la tesis del discurso que presenta la violencia sexual como arma de guerra, cuando se narra la historia del fotoperiodista Jordi Pujol Puente, que fue asesinado cuando estaba cubriendo el conflicto. Es comprensible el af\u00e1n por incluir el hecho en la obra, porque se rinde de alg\u00fan modo homenaje a Pujol y se trata de una narraci\u00f3n que podr\u00eda ser objeto incluso de otra pieza teatral, pero adem\u00e1s de alargarla innecesariamente, erosiona el trabajo que se ha hecho con anterioridad por lo que supone de lo que supone de Significativamente, la historia de Jordi Pujol no se menciona para nada, ni en el documental ni en la exposici\u00f3n fotogr\u00e1fica que forman parte de este proyecto.    <\/p>\n<\/div><\/div><\/div><\/div><div class=\"elementor-repeater-item-ef381a6 swiper-slide\" role=\"group\" aria-roledescription=\"slide\"><div class=\"swiper-slide-bg\"><\/div><div class=\"swiper-slide-inner\" ><div class=\"swiper-slide-contents\"><div class=\"elementor-slide-description\"><p>Existe tambi\u00e9n cierta irregularidad en el apartado interpretativo con las apariciones del realizador audiovisual Erol Ileri, que no es actor. De sus intervenciones hay dos de un intenso dramatismo que requieren un alto nivel de organicidad, del que no dispone Ileri, para hacerlas veros\u00edmiles. La intensidad y el ritmo de la pieza se sienten. Ileri por otra parte es un realizador audiovisual de primera, codirector del documental con Teresa Turiera-Puigb\u00f3, y en esta obra introduce algunos recursos videogr\u00e1ficos que ayudan a contar las diferentes historias ya resaltar su dramatismo.   <\/p>\n<\/div><\/div><\/div><\/div><div class=\"elementor-repeater-item-103393f swiper-slide\" role=\"group\" aria-roledescription=\"slide\"><div class=\"swiper-slide-bg\"><\/div><div class=\"swiper-slide-inner\" ><div class=\"swiper-slide-contents\"><div class=\"elementor-slide-description\"><p>Sin embargo, nada de eso resta m\u00e9ritos a un espect\u00e1culo que va en la l\u00ednea de la vanguardia europea, del teatro verbatim que se hace en Reino Unido, pero tambi\u00e9n del teatro de denuncia que hacen grandes creadores europeos, con alg\u00fan punto de contacto con el suizo Milo Rau (\u201cNo se trata de retratar el mundo sino de cambiarlo\u201d). El visionado del documental no es imprescindible, pero s\u00ed recomendable, antes o despu\u00e9s de asistir a la funci\u00f3n de Encara hay alguien en el bosque, as\u00ed como la visita a la exposici\u00f3n fotogr\u00e1fica de Oriol Casanovas, que se centra sobre todo en las mujeres y los hijos e hijas protagonistas de la obra. Ahora de gira por todo el pa\u00eds.  <\/p>\n<p>FIN<\/p>\n<\/div><\/div><\/div><\/div>\t\t\t\t<\/div>\n\t\t\t\t\t\t\t\t\t\t\t\t\t\t\t<div class=\"elementor-swiper-button elementor-swiper-button-prev\" role=\"button\" tabindex=\"0\" aria-label=\"Diapositiva anterior\">\n\t\t\t\t\t\t\t<i aria-hidden=\"true\" class=\"eicon-chevron-left\"><\/i>\t\t\t\t\t\t<\/div>\n\t\t\t\t\t\t<div class=\"elementor-swiper-button elementor-swiper-button-next\" role=\"button\" tabindex=\"0\" aria-label=\"Diapositiva siguiente\">\n\t\t\t\t\t\t\t<i aria-hidden=\"true\" class=\"eicon-chevron-right\"><\/i>\t\t\t\t\t\t<\/div>\n\t\t\t\t\t\t\t\t\t\t\t\t\t\t\t\t<div class=\"swiper-pagination\"><\/div>\n\t\t\t\t\t\t\t\t\t\t\t\t<\/div>\n\t\t\t\t<\/div>\n\t\t\t\t\t\t\t\t<\/div>\n\t\t\t\t<\/div>\n\t\t\t\t<\/div>\n\t\t\t\t<\/div>\n\t\t<div data-particle_enable=\"false\" data-particle-mobile-disabled=\"false\" class=\"elementor-element elementor-element-84748e8 e-con-full e-flex e-con e-parent\" data-id=\"84748e8\" data-element_type=\"container\" data-e-type=\"container\" data-settings=\"{&quot;motion_fx_motion_fx_scrolling&quot;:&quot;yes&quot;,&quot;motion_fx_devices&quot;:[&quot;desktop&quot;,&quot;tablet_extra&quot;,&quot;tablet&quot;,&quot;mobile&quot;]}\">\n\t\t\t\t<div class=\"elementor-element elementor-element-ead10f3 elementor-widget elementor-widget-spacer\" data-id=\"ead10f3\" data-element_type=\"widget\" data-e-type=\"widget\" data-widget_type=\"spacer.default\">\n\t\t\t\t<div class=\"elementor-widget-container\">\n\t\t\t\t\t\t\t<div class=\"elementor-spacer\">\n\t\t\t<div class=\"elementor-spacer-inner\"><\/div>\n\t\t<\/div>\n\t\t\t\t\t\t<\/div>\n\t\t\t\t<\/div>\n\t\t\t\t<\/div>\n\t\t<div data-particle_enable=\"false\" data-particle-mobile-disabled=\"false\" class=\"elementor-element elementor-element-8d8b438 e-con-full e-flex e-con e-parent\" data-id=\"8d8b438\" data-element_type=\"container\" data-e-type=\"container\" data-settings=\"{&quot;background_background&quot;:&quot;classic&quot;}\">\n\t\t<div data-particle_enable=\"false\" data-particle-mobile-disabled=\"false\" class=\"elementor-element elementor-element-8fdbcdb e-con-full e-flex e-con e-child\" data-id=\"8fdbcdb\" data-element_type=\"container\" data-e-type=\"container\">\n\t\t\t\t<div class=\"elementor-element elementor-element-7d45b95 elementor-widget-tablet_extra__width-initial elementor-widget-tablet__width-initial elementor-widget elementor-widget-text-editor\" data-id=\"7d45b95\" data-element_type=\"widget\" data-e-type=\"widget\" data-widget_type=\"text-editor.default\">\n\t\t\t\t<div class=\"elementor-widget-container\">\n\t\t\t\t\t\t\t\t\t<p><strong>\" <i>No podemos cambiar el pasado, pero s\u00ed el futuro, y evitar que los ni\u00f1os nacidos a consecuencia de las violaciones de guerra sean estigmatizados, en todo el mundo<\/i> \".<\/strong><\/p><p>Ajna Jusic no entend\u00eda los problemas psicol\u00f3gicos de su madre ni la dificultad de la relaci\u00f3n entre ambas, ni el hecho de que no se supiera el nombre de su padre. En la mayor\u00eda de edad, ha comprendido el enorme esfuerzo que hizo la madre para conservar a la criatura, fruto de la violaci\u00f3n de un soldado serbio durante la guerra. Ahora Ajna es activista y lucha contra el estigma de las v\u00edctimas de la violencia sexual.  <\/p>\t\t\t\t\t\t\t\t<\/div>\n\t\t\t\t<\/div>\n\t\t\t\t<div class=\"elementor-element elementor-element-d64cda9 e-transform elementor-hidden-desktop elementor-widget elementor-widget-image\" data-id=\"d64cda9\" data-element_type=\"widget\" data-e-type=\"widget\" data-settings=\"{&quot;_transform_translateY_effect_mobile&quot;:{&quot;unit&quot;:&quot;px&quot;,&quot;size&quot;:22,&quot;sizes&quot;:[]},&quot;_transform_translateX_effect&quot;:{&quot;unit&quot;:&quot;px&quot;,&quot;size&quot;:&quot;&quot;,&quot;sizes&quot;:[]},&quot;_transform_translateX_effect_tablet_extra&quot;:{&quot;unit&quot;:&quot;px&quot;,&quot;size&quot;:&quot;&quot;,&quot;sizes&quot;:[]},&quot;_transform_translateX_effect_tablet&quot;:{&quot;unit&quot;:&quot;px&quot;,&quot;size&quot;:&quot;&quot;,&quot;sizes&quot;:[]},&quot;_transform_translateX_effect_mobile&quot;:{&quot;unit&quot;:&quot;px&quot;,&quot;size&quot;:&quot;&quot;,&quot;sizes&quot;:[]},&quot;_transform_translateY_effect&quot;:{&quot;unit&quot;:&quot;px&quot;,&quot;size&quot;:&quot;&quot;,&quot;sizes&quot;:[]},&quot;_transform_translateY_effect_tablet_extra&quot;:{&quot;unit&quot;:&quot;px&quot;,&quot;size&quot;:&quot;&quot;,&quot;sizes&quot;:[]},&quot;_transform_translateY_effect_tablet&quot;:{&quot;unit&quot;:&quot;px&quot;,&quot;size&quot;:&quot;&quot;,&quot;sizes&quot;:[]}}\" data-widget_type=\"image.default\">\n\t\t\t\t<div class=\"elementor-widget-container\">\n\t\t\t\t\t\t\t\t\t\t\t\t\t\t\t<img loading=\"lazy\" decoding=\"async\" width=\"745\" height=\"745\" src=\"https:\/\/revistes.proscenium.cat\/wp-content\/uploads\/2024\/01\/ajna-1.jpg\" class=\"attachment-full size-full wp-image-3113\" alt=\"\" srcset=\"https:\/\/revistes.proscenium.cat\/wp-content\/uploads\/2024\/01\/ajna-1.jpg 745w, https:\/\/revistes.proscenium.cat\/wp-content\/uploads\/2024\/01\/ajna-1-300x300.jpg 300w, https:\/\/revistes.proscenium.cat\/wp-content\/uploads\/2024\/01\/ajna-1-150x150.jpg 150w\" sizes=\"(max-width: 745px) 100vw, 745px\" \/>\t\t\t\t\t\t\t\t\t\t\t\t\t\t\t<\/div>\n\t\t\t\t<\/div>\n\t\t\t\t<\/div>\n\t\t\t\t<\/div>\n\t\t<div data-particle_enable=\"false\" data-particle-mobile-disabled=\"false\" class=\"elementor-element elementor-element-8a3a0f9 e-con-full e-flex e-con e-parent\" data-id=\"8a3a0f9\" data-element_type=\"container\" data-e-type=\"container\" data-settings=\"{&quot;motion_fx_motion_fx_scrolling&quot;:&quot;yes&quot;,&quot;motion_fx_devices&quot;:[&quot;desktop&quot;,&quot;tablet_extra&quot;,&quot;tablet&quot;,&quot;mobile&quot;]}\">\n\t\t\t\t<div class=\"elementor-element elementor-element-e5a024b elementor-widget elementor-widget-spacer\" data-id=\"e5a024b\" data-element_type=\"widget\" data-e-type=\"widget\" data-widget_type=\"spacer.default\">\n\t\t\t\t<div class=\"elementor-widget-container\">\n\t\t\t\t\t\t\t<div class=\"elementor-spacer\">\n\t\t\t<div class=\"elementor-spacer-inner\"><\/div>\n\t\t<\/div>\n\t\t\t\t\t\t<\/div>\n\t\t\t\t<\/div>\n\t\t\t\t<\/div>\n\t\t<div data-particle_enable=\"false\" data-particle-mobile-disabled=\"false\" class=\"elementor-element elementor-element-d82ec5b e-con-full e-flex e-con e-parent\" data-id=\"d82ec5b\" data-element_type=\"container\" data-e-type=\"container\" data-settings=\"{&quot;background_background&quot;:&quot;classic&quot;}\">\n\t\t<div data-particle_enable=\"false\" data-particle-mobile-disabled=\"false\" class=\"elementor-element elementor-element-5148844 e-con-full e-flex e-con e-child\" data-id=\"5148844\" data-element_type=\"container\" data-e-type=\"container\">\n\t\t\t\t<div class=\"elementor-element elementor-element-2e98ea5 elementor-widget-tablet_extra__width-initial elementor-widget elementor-widget-text-editor\" data-id=\"2e98ea5\" data-element_type=\"widget\" data-e-type=\"widget\" data-widget_type=\"text-editor.default\">\n\t\t\t\t<div class=\"elementor-widget-container\">\n\t\t\t\t\t\t\t\t\t<p><strong>\" <i>Cuando conoc\u00ed a mi padre biol\u00f3gico le vi en la cara que era un asesino<\/i> \".<\/strong><\/p><p>Alen Muhic fue adoptado a los pocos meses de vida por una familia musulmana de Gorazde. Su madre le abandon\u00f3 tan pronto como dio a luz, despu\u00e9s de haber sido violada por un soldado serbio.   <\/p>\t\t\t\t\t\t\t\t<\/div>\n\t\t\t\t<\/div>\n\t\t\t\t<div class=\"elementor-element elementor-element-d6cf7f4 e-transform elementor-hidden-desktop elementor-widget elementor-widget-image\" data-id=\"d6cf7f4\" data-element_type=\"widget\" data-e-type=\"widget\" data-settings=\"{&quot;_transform_translateY_effect_mobile&quot;:{&quot;unit&quot;:&quot;px&quot;,&quot;size&quot;:22,&quot;sizes&quot;:[]},&quot;_transform_translateX_effect&quot;:{&quot;unit&quot;:&quot;px&quot;,&quot;size&quot;:&quot;&quot;,&quot;sizes&quot;:[]},&quot;_transform_translateX_effect_tablet_extra&quot;:{&quot;unit&quot;:&quot;px&quot;,&quot;size&quot;:&quot;&quot;,&quot;sizes&quot;:[]},&quot;_transform_translateX_effect_tablet&quot;:{&quot;unit&quot;:&quot;px&quot;,&quot;size&quot;:&quot;&quot;,&quot;sizes&quot;:[]},&quot;_transform_translateX_effect_mobile&quot;:{&quot;unit&quot;:&quot;px&quot;,&quot;size&quot;:&quot;&quot;,&quot;sizes&quot;:[]},&quot;_transform_translateY_effect&quot;:{&quot;unit&quot;:&quot;px&quot;,&quot;size&quot;:&quot;&quot;,&quot;sizes&quot;:[]},&quot;_transform_translateY_effect_tablet_extra&quot;:{&quot;unit&quot;:&quot;px&quot;,&quot;size&quot;:&quot;&quot;,&quot;sizes&quot;:[]},&quot;_transform_translateY_effect_tablet&quot;:{&quot;unit&quot;:&quot;px&quot;,&quot;size&quot;:&quot;&quot;,&quot;sizes&quot;:[]}}\" data-widget_type=\"image.default\">\n\t\t\t\t<div class=\"elementor-widget-container\">\n\t\t\t\t\t\t\t\t\t\t\t\t\t\t\t<img loading=\"lazy\" decoding=\"async\" width=\"745\" height=\"745\" src=\"https:\/\/revistes.proscenium.cat\/wp-content\/uploads\/2024\/01\/alen.jpg\" class=\"attachment-full size-full wp-image-3112\" alt=\"\" srcset=\"https:\/\/revistes.proscenium.cat\/wp-content\/uploads\/2024\/01\/alen.jpg 745w, https:\/\/revistes.proscenium.cat\/wp-content\/uploads\/2024\/01\/alen-300x300.jpg 300w, https:\/\/revistes.proscenium.cat\/wp-content\/uploads\/2024\/01\/alen-150x150.jpg 150w\" sizes=\"(max-width: 745px) 100vw, 745px\" \/>\t\t\t\t\t\t\t\t\t\t\t\t\t\t\t<\/div>\n\t\t\t\t<\/div>\n\t\t\t\t<\/div>\n\t\t\t\t<\/div>\n\t\t<div data-particle_enable=\"false\" data-particle-mobile-disabled=\"false\" class=\"elementor-element elementor-element-fd02121 e-con-full e-flex e-con e-parent\" data-id=\"fd02121\" data-element_type=\"container\" data-e-type=\"container\" data-settings=\"{&quot;motion_fx_motion_fx_scrolling&quot;:&quot;yes&quot;,&quot;motion_fx_devices&quot;:[&quot;desktop&quot;,&quot;tablet_extra&quot;,&quot;tablet&quot;,&quot;mobile&quot;]}\">\n\t\t\t\t<div class=\"elementor-element elementor-element-d4dfccb elementor-widget elementor-widget-spacer\" data-id=\"d4dfccb\" data-element_type=\"widget\" data-e-type=\"widget\" data-widget_type=\"spacer.default\">\n\t\t\t\t<div class=\"elementor-widget-container\">\n\t\t\t\t\t\t\t<div class=\"elementor-spacer\">\n\t\t\t<div class=\"elementor-spacer-inner\"><\/div>\n\t\t<\/div>\n\t\t\t\t\t\t<\/div>\n\t\t\t\t<\/div>\n\t\t\t\t<\/div>\n\t\t<div data-particle_enable=\"false\" data-particle-mobile-disabled=\"false\" class=\"elementor-element elementor-element-5b7eb5b e-con-full e-flex e-con e-parent\" data-id=\"5b7eb5b\" data-element_type=\"container\" data-e-type=\"container\" data-settings=\"{&quot;background_background&quot;:&quot;classic&quot;}\">\n\t\t<div data-particle_enable=\"false\" data-particle-mobile-disabled=\"false\" class=\"elementor-element elementor-element-93283bd e-con-full e-flex e-con e-child\" data-id=\"93283bd\" data-element_type=\"container\" data-e-type=\"container\">\n\t\t\t\t<div class=\"elementor-element elementor-element-f99ab20 elementor-widget-tablet_extra__width-initial elementor-widget elementor-widget-text-editor\" data-id=\"f99ab20\" data-element_type=\"widget\" data-e-type=\"widget\" data-widget_type=\"text-editor.default\">\n\t\t\t\t<div class=\"elementor-widget-container\">\n\t\t\t\t\t\t\t\t\t<p><strong>\" <i>Ten\u00edamos una vida normal hasta el 18 de abril de 1992<\/i> \".<\/strong><\/p><p>Milica Dekic, mujer de origen serbio violada por soldados croatas. Vive en Vukosavlje, Rep\u00fablica Srpska. En junio de 1995 fue retenida en una casa del \u00e1rea de Odzak con otras 20 personas por soldados miembros del Consejo de Defensa Croata. Fue torturada y violada durante dos meses junto a otras mujeres. Conoc\u00eda a los violadores. Cuando acab\u00f3 la guerra, logr\u00f3 llevar seis ante el juez, pero s\u00f3lo uno fue condenado y nunca lleg\u00f3 a entrar en prisi\u00f3n.     <\/p>\t\t\t\t\t\t\t\t<\/div>\n\t\t\t\t<\/div>\n\t\t\t\t<div class=\"elementor-element elementor-element-b4aa28a e-transform elementor-hidden-desktop elementor-widget elementor-widget-image\" data-id=\"b4aa28a\" data-element_type=\"widget\" data-e-type=\"widget\" data-settings=\"{&quot;_transform_translateY_effect_mobile&quot;:{&quot;unit&quot;:&quot;px&quot;,&quot;size&quot;:22,&quot;sizes&quot;:[]},&quot;_transform_translateX_effect&quot;:{&quot;unit&quot;:&quot;px&quot;,&quot;size&quot;:&quot;&quot;,&quot;sizes&quot;:[]},&quot;_transform_translateX_effect_tablet_extra&quot;:{&quot;unit&quot;:&quot;px&quot;,&quot;size&quot;:&quot;&quot;,&quot;sizes&quot;:[]},&quot;_transform_translateX_effect_tablet&quot;:{&quot;unit&quot;:&quot;px&quot;,&quot;size&quot;:&quot;&quot;,&quot;sizes&quot;:[]},&quot;_transform_translateX_effect_mobile&quot;:{&quot;unit&quot;:&quot;px&quot;,&quot;size&quot;:&quot;&quot;,&quot;sizes&quot;:[]},&quot;_transform_translateY_effect&quot;:{&quot;unit&quot;:&quot;px&quot;,&quot;size&quot;:&quot;&quot;,&quot;sizes&quot;:[]},&quot;_transform_translateY_effect_tablet_extra&quot;:{&quot;unit&quot;:&quot;px&quot;,&quot;size&quot;:&quot;&quot;,&quot;sizes&quot;:[]},&quot;_transform_translateY_effect_tablet&quot;:{&quot;unit&quot;:&quot;px&quot;,&quot;size&quot;:&quot;&quot;,&quot;sizes&quot;:[]}}\" data-widget_type=\"image.default\">\n\t\t\t\t<div class=\"elementor-widget-container\">\n\t\t\t\t\t\t\t\t\t\t\t\t\t\t\t<img loading=\"lazy\" decoding=\"async\" width=\"745\" height=\"745\" src=\"https:\/\/revistes.proscenium.cat\/wp-content\/uploads\/2024\/01\/milica.jpg\" class=\"attachment-full size-full wp-image-3111\" alt=\"\" srcset=\"https:\/\/revistes.proscenium.cat\/wp-content\/uploads\/2024\/01\/milica.jpg 745w, https:\/\/revistes.proscenium.cat\/wp-content\/uploads\/2024\/01\/milica-300x300.jpg 300w, https:\/\/revistes.proscenium.cat\/wp-content\/uploads\/2024\/01\/milica-150x150.jpg 150w\" sizes=\"(max-width: 745px) 100vw, 745px\" \/>\t\t\t\t\t\t\t\t\t\t\t\t\t\t\t<\/div>\n\t\t\t\t<\/div>\n\t\t\t\t<\/div>\n\t\t\t\t<\/div>\n\t\t<div data-particle_enable=\"false\" data-particle-mobile-disabled=\"false\" class=\"elementor-element elementor-element-f19d8f0 e-con-full e-flex e-con e-parent\" data-id=\"f19d8f0\" data-element_type=\"container\" data-e-type=\"container\">\n\t\t\t\t<div class=\"elementor-element elementor-element-324d123 elementor-widget elementor-widget-spacer\" data-id=\"324d123\" data-element_type=\"widget\" data-e-type=\"widget\" data-widget_type=\"spacer.default\">\n\t\t\t\t<div class=\"elementor-widget-container\">\n\t\t\t\t\t\t\t<div class=\"elementor-spacer\">\n\t\t\t<div class=\"elementor-spacer-inner\"><\/div>\n\t\t<\/div>\n\t\t\t\t\t\t<\/div>\n\t\t\t\t<\/div>\n\t\t\t\t<\/div>\n\t\t<div data-particle_enable=\"false\" data-particle-mobile-disabled=\"false\" class=\"elementor-element elementor-element-9ce664f e-con-full e-flex e-con e-parent\" data-id=\"9ce664f\" data-element_type=\"container\" data-e-type=\"container\" data-settings=\"{&quot;background_background&quot;:&quot;classic&quot;}\">\n\t\t<div data-particle_enable=\"false\" data-particle-mobile-disabled=\"false\" class=\"elementor-element elementor-element-ab4f014 e-con-full e-flex e-con e-child\" data-id=\"ab4f014\" data-element_type=\"container\" data-e-type=\"container\">\n\t\t\t\t<div class=\"elementor-element elementor-element-9ff80c0 elementor-widget-tablet_extra__width-initial elementor-widget elementor-widget-text-editor\" data-id=\"9ff80c0\" data-element_type=\"widget\" data-e-type=\"widget\" data-widget_type=\"text-editor.default\">\n\t\t\t\t<div class=\"elementor-widget-container\">\n\t\t\t\t\t\t\t\t\t<p><strong>\u201c<i>Los vecinos no han vuelto. Tengo miedo. Me siento como si todav\u00eda hubiera alguien escondido en el bosque  <\/i>\u201d.<\/strong><\/p><p>Nevenka Kobranovik, mujer de origen croata violada por las tropas de los serbios de Bosnia. Posteriormente fue abusada sexualmente y rechazada por su marido, que hab\u00eda sido detenido en uno de los campos de concentraci\u00f3n de la zona. Nunca pudo llevar a sus agresores ante la justicia por falta de pruebas y recursos.  <\/p>\t\t\t\t\t\t\t\t<\/div>\n\t\t\t\t<\/div>\n\t\t\t\t<div class=\"elementor-element elementor-element-37c00c4 e-transform elementor-hidden-desktop elementor-widget elementor-widget-image\" data-id=\"37c00c4\" data-element_type=\"widget\" data-e-type=\"widget\" data-settings=\"{&quot;_transform_translateY_effect_mobile&quot;:{&quot;unit&quot;:&quot;px&quot;,&quot;size&quot;:22,&quot;sizes&quot;:[]},&quot;_transform_translateX_effect&quot;:{&quot;unit&quot;:&quot;px&quot;,&quot;size&quot;:&quot;&quot;,&quot;sizes&quot;:[]},&quot;_transform_translateX_effect_tablet_extra&quot;:{&quot;unit&quot;:&quot;px&quot;,&quot;size&quot;:&quot;&quot;,&quot;sizes&quot;:[]},&quot;_transform_translateX_effect_tablet&quot;:{&quot;unit&quot;:&quot;px&quot;,&quot;size&quot;:&quot;&quot;,&quot;sizes&quot;:[]},&quot;_transform_translateX_effect_mobile&quot;:{&quot;unit&quot;:&quot;px&quot;,&quot;size&quot;:&quot;&quot;,&quot;sizes&quot;:[]},&quot;_transform_translateY_effect&quot;:{&quot;unit&quot;:&quot;px&quot;,&quot;size&quot;:&quot;&quot;,&quot;sizes&quot;:[]},&quot;_transform_translateY_effect_tablet_extra&quot;:{&quot;unit&quot;:&quot;px&quot;,&quot;size&quot;:&quot;&quot;,&quot;sizes&quot;:[]},&quot;_transform_translateY_effect_tablet&quot;:{&quot;unit&quot;:&quot;px&quot;,&quot;size&quot;:&quot;&quot;,&quot;sizes&quot;:[]}}\" data-widget_type=\"image.default\">\n\t\t\t\t<div class=\"elementor-widget-container\">\n\t\t\t\t\t\t\t\t\t\t\t\t\t\t\t<img loading=\"lazy\" decoding=\"async\" width=\"745\" height=\"745\" src=\"https:\/\/revistes.proscenium.cat\/wp-content\/uploads\/2024\/01\/nevenka.jpg\" class=\"attachment-full size-full wp-image-3110\" alt=\"\" srcset=\"https:\/\/revistes.proscenium.cat\/wp-content\/uploads\/2024\/01\/nevenka.jpg 745w, https:\/\/revistes.proscenium.cat\/wp-content\/uploads\/2024\/01\/nevenka-300x300.jpg 300w, https:\/\/revistes.proscenium.cat\/wp-content\/uploads\/2024\/01\/nevenka-150x150.jpg 150w\" sizes=\"(max-width: 745px) 100vw, 745px\" \/>\t\t\t\t\t\t\t\t\t\t\t\t\t\t\t<\/div>\n\t\t\t\t<\/div>\n\t\t\t\t<\/div>\n\t\t\t\t<\/div>\n\t\t<div data-particle_enable=\"false\" data-particle-mobile-disabled=\"false\" class=\"elementor-element elementor-element-259d02b e-con-full e-flex e-con e-parent\" data-id=\"259d02b\" data-element_type=\"container\" data-e-type=\"container\">\n\t\t\t\t<div class=\"elementor-element elementor-element-aa427b8 elementor-widget elementor-widget-spacer\" data-id=\"aa427b8\" data-element_type=\"widget\" data-e-type=\"widget\" data-widget_type=\"spacer.default\">\n\t\t\t\t<div class=\"elementor-widget-container\">\n\t\t\t\t\t\t\t<div class=\"elementor-spacer\">\n\t\t\t<div class=\"elementor-spacer-inner\"><\/div>\n\t\t<\/div>\n\t\t\t\t\t\t<\/div>\n\t\t\t\t<\/div>\n\t\t\t\t<\/div>\n\t\t<div data-particle_enable=\"false\" data-particle-mobile-disabled=\"false\" class=\"elementor-element elementor-element-ed7dba6 e-con-full e-flex e-con e-parent\" data-id=\"ed7dba6\" data-element_type=\"container\" data-e-type=\"container\" data-settings=\"{&quot;background_background&quot;:&quot;classic&quot;}\">\n\t\t<div data-particle_enable=\"false\" data-particle-mobile-disabled=\"false\" class=\"elementor-element elementor-element-c997cf7 e-con-full e-flex e-con e-child\" data-id=\"c997cf7\" data-element_type=\"container\" data-e-type=\"container\">\n\t\t\t\t<div class=\"elementor-element elementor-element-37c09df elementor-widget-tablet_extra__width-initial elementor-widget elementor-widget-text-editor\" data-id=\"37c09df\" data-element_type=\"widget\" data-e-type=\"widget\" data-widget_type=\"text-editor.default\">\n\t\t\t\t<div class=\"elementor-widget-container\">\n\t\t\t\t\t\t\t\t\t<p><strong>\" <i>La primera vez que o\u00ed hablar de las violaciones fue cuando llegu\u00e9 al Tribunal de La Haya\".<\/i><\/strong><\/p><p>Dusko Tadic, fue el primer militar serbo-bosnio detenido y condenado por el Tribunal Penal Internacional de La Haya por la antigua Yugoslavia. Vive en Serbia, donde regres\u00f3 despu\u00e9s de cumplir 20 a\u00f1os de c\u00e1rcel por cr\u00edmenes de guerra y cr\u00edmenes contra la humanidad en la regi\u00f3n de Prijedor. Fue condenado por asesinatos, violaciones y torturas en los campos de concentraci\u00f3n de Trnopolje y Keraterm, en el Noroeste de Bosnia, un cr\u00edmenes que \u00e9l siempre ha negado.  <\/p>\t\t\t\t\t\t\t\t<\/div>\n\t\t\t\t<\/div>\n\t\t\t\t<div class=\"elementor-element elementor-element-4dc72da e-transform elementor-hidden-desktop elementor-widget elementor-widget-image\" data-id=\"4dc72da\" data-element_type=\"widget\" data-e-type=\"widget\" data-settings=\"{&quot;_transform_translateY_effect_mobile&quot;:{&quot;unit&quot;:&quot;px&quot;,&quot;size&quot;:17,&quot;sizes&quot;:[]},&quot;_transform_translateX_effect&quot;:{&quot;unit&quot;:&quot;px&quot;,&quot;size&quot;:&quot;&quot;,&quot;sizes&quot;:[]},&quot;_transform_translateX_effect_tablet_extra&quot;:{&quot;unit&quot;:&quot;px&quot;,&quot;size&quot;:&quot;&quot;,&quot;sizes&quot;:[]},&quot;_transform_translateX_effect_tablet&quot;:{&quot;unit&quot;:&quot;px&quot;,&quot;size&quot;:&quot;&quot;,&quot;sizes&quot;:[]},&quot;_transform_translateX_effect_mobile&quot;:{&quot;unit&quot;:&quot;px&quot;,&quot;size&quot;:&quot;&quot;,&quot;sizes&quot;:[]},&quot;_transform_translateY_effect&quot;:{&quot;unit&quot;:&quot;px&quot;,&quot;size&quot;:&quot;&quot;,&quot;sizes&quot;:[]},&quot;_transform_translateY_effect_tablet_extra&quot;:{&quot;unit&quot;:&quot;px&quot;,&quot;size&quot;:&quot;&quot;,&quot;sizes&quot;:[]},&quot;_transform_translateY_effect_tablet&quot;:{&quot;unit&quot;:&quot;px&quot;,&quot;size&quot;:&quot;&quot;,&quot;sizes&quot;:[]}}\" data-widget_type=\"image.default\">\n\t\t\t\t<div class=\"elementor-widget-container\">\n\t\t\t\t\t\t\t\t\t\t\t\t\t\t\t<img loading=\"lazy\" decoding=\"async\" width=\"745\" height=\"745\" src=\"https:\/\/revistes.proscenium.cat\/wp-content\/uploads\/2024\/01\/tadic-1.jpg\" class=\"attachment-full size-full wp-image-3126\" alt=\"\" srcset=\"https:\/\/revistes.proscenium.cat\/wp-content\/uploads\/2024\/01\/tadic-1.jpg 745w, https:\/\/revistes.proscenium.cat\/wp-content\/uploads\/2024\/01\/tadic-1-300x300.jpg 300w, https:\/\/revistes.proscenium.cat\/wp-content\/uploads\/2024\/01\/tadic-1-150x150.jpg 150w\" sizes=\"(max-width: 745px) 100vw, 745px\" \/>\t\t\t\t\t\t\t\t\t\t\t\t\t\t\t<\/div>\n\t\t\t\t<\/div>\n\t\t\t\t<\/div>\n\t\t\t\t<\/div>\n\t\t<div data-particle_enable=\"false\" data-particle-mobile-disabled=\"false\" class=\"elementor-element elementor-element-59a249d e-con-full e-flex e-con e-parent\" data-id=\"59a249d\" data-element_type=\"container\" data-e-type=\"container\">\n\t\t\t\t<div class=\"elementor-element elementor-element-3b65954 elementor-widget elementor-widget-spacer\" data-id=\"3b65954\" data-element_type=\"widget\" data-e-type=\"widget\" data-widget_type=\"spacer.default\">\n\t\t\t\t<div class=\"elementor-widget-container\">\n\t\t\t\t\t\t\t<div class=\"elementor-spacer\">\n\t\t\t<div class=\"elementor-spacer-inner\"><\/div>\n\t\t<\/div>\n\t\t\t\t\t\t<\/div>\n\t\t\t\t<\/div>\n\t\t\t\t<\/div>\n\t\t<div data-particle_enable=\"false\" data-particle-mobile-disabled=\"false\" class=\"elementor-element elementor-element-481f0b4 e-con-full e-flex e-con e-parent\" data-id=\"481f0b4\" data-element_type=\"container\" data-e-type=\"container\" data-settings=\"{&quot;background_background&quot;:&quot;classic&quot;}\">\n\t\t<div data-particle_enable=\"false\" data-particle-mobile-disabled=\"false\" class=\"elementor-element elementor-element-6dea92f e-con-full e-flex e-con e-child\" data-id=\"6dea92f\" data-element_type=\"container\" data-e-type=\"container\">\n\t\t\t\t<div class=\"elementor-element elementor-element-5c627f1 elementor-widget-tablet_extra__width-initial elementor-widget elementor-widget-text-editor\" data-id=\"5c627f1\" data-element_type=\"widget\" data-e-type=\"widget\" data-widget_type=\"text-editor.default\">\n\t\t\t\t<div class=\"elementor-widget-container\">\n\t\t\t\t\t\t\t\t\t<p><strong>\u201c <i>Cuando me dijeron que era la hija de una mujer violada durante el conflicto de los Balcanes, \u00a1no sab\u00eda ni d\u00f3nde estaba Bosnia, ni que hab\u00eda habido una guerra!<\/i> \u201d<\/strong><\/p><p>Lejla Damon naci\u00f3 el d\u00eda de Navidad de 1992 en un hospital de Sarajevo. de las violaciones de guerra.  <\/p>\t\t\t\t\t\t\t\t<\/div>\n\t\t\t\t<\/div>\n\t\t\t\t<div class=\"elementor-element elementor-element-1708c99 e-transform elementor-hidden-desktop elementor-widget elementor-widget-image\" data-id=\"1708c99\" data-element_type=\"widget\" data-e-type=\"widget\" data-settings=\"{&quot;_transform_translateY_effect_mobile&quot;:{&quot;unit&quot;:&quot;px&quot;,&quot;size&quot;:13,&quot;sizes&quot;:[]},&quot;_transform_translateX_effect&quot;:{&quot;unit&quot;:&quot;px&quot;,&quot;size&quot;:&quot;&quot;,&quot;sizes&quot;:[]},&quot;_transform_translateX_effect_tablet_extra&quot;:{&quot;unit&quot;:&quot;px&quot;,&quot;size&quot;:&quot;&quot;,&quot;sizes&quot;:[]},&quot;_transform_translateX_effect_tablet&quot;:{&quot;unit&quot;:&quot;px&quot;,&quot;size&quot;:&quot;&quot;,&quot;sizes&quot;:[]},&quot;_transform_translateX_effect_mobile&quot;:{&quot;unit&quot;:&quot;px&quot;,&quot;size&quot;:&quot;&quot;,&quot;sizes&quot;:[]},&quot;_transform_translateY_effect&quot;:{&quot;unit&quot;:&quot;px&quot;,&quot;size&quot;:&quot;&quot;,&quot;sizes&quot;:[]},&quot;_transform_translateY_effect_tablet_extra&quot;:{&quot;unit&quot;:&quot;px&quot;,&quot;size&quot;:&quot;&quot;,&quot;sizes&quot;:[]},&quot;_transform_translateY_effect_tablet&quot;:{&quot;unit&quot;:&quot;px&quot;,&quot;size&quot;:&quot;&quot;,&quot;sizes&quot;:[]}}\" data-widget_type=\"image.default\">\n\t\t\t\t<div class=\"elementor-widget-container\">\n\t\t\t\t\t\t\t\t\t\t\t\t\t\t\t<img loading=\"lazy\" decoding=\"async\" width=\"745\" height=\"745\" src=\"https:\/\/revistes.proscenium.cat\/wp-content\/uploads\/2024\/01\/lejla.jpg\" class=\"attachment-full size-full wp-image-3109\" alt=\"\" srcset=\"https:\/\/revistes.proscenium.cat\/wp-content\/uploads\/2024\/01\/lejla.jpg 745w, https:\/\/revistes.proscenium.cat\/wp-content\/uploads\/2024\/01\/lejla-300x300.jpg 300w, https:\/\/revistes.proscenium.cat\/wp-content\/uploads\/2024\/01\/lejla-150x150.jpg 150w\" sizes=\"(max-width: 745px) 100vw, 745px\" \/>\t\t\t\t\t\t\t\t\t\t\t\t\t\t\t<\/div>\n\t\t\t\t<\/div>\n\t\t\t\t<\/div>\n\t\t\t\t<\/div>\n\t\t<div data-particle_enable=\"false\" data-particle-mobile-disabled=\"false\" class=\"elementor-element elementor-element-346b77f e-con-full e-flex e-con e-parent\" data-id=\"346b77f\" data-element_type=\"container\" data-e-type=\"container\">\n\t\t\t\t<div class=\"elementor-element elementor-element-a4425e2 elementor-widget elementor-widget-spacer\" data-id=\"a4425e2\" data-element_type=\"widget\" data-e-type=\"widget\" data-widget_type=\"spacer.default\">\n\t\t\t\t<div class=\"elementor-widget-container\">\n\t\t\t\t\t\t\t<div class=\"elementor-spacer\">\n\t\t\t<div class=\"elementor-spacer-inner\"><\/div>\n\t\t<\/div>\n\t\t\t\t\t\t<\/div>\n\t\t\t\t<\/div>\n\t\t\t\t<\/div>\n\t\t<div data-particle_enable=\"false\" data-particle-mobile-disabled=\"false\" class=\"elementor-element elementor-element-e1c8e00 e-con-full e-flex e-con e-parent\" data-id=\"e1c8e00\" data-element_type=\"container\" data-e-type=\"container\" data-settings=\"{&quot;background_background&quot;:&quot;classic&quot;}\">\n\t\t<div data-particle_enable=\"false\" data-particle-mobile-disabled=\"false\" class=\"elementor-element elementor-element-fc2a0b9 e-con-full e-flex e-con e-child\" data-id=\"fc2a0b9\" data-element_type=\"container\" data-e-type=\"container\">\n\t\t\t\t<div class=\"elementor-element elementor-element-1853c94 elementor-widget-tablet_extra__width-initial elementor-widget elementor-widget-text-editor\" data-id=\"1853c94\" data-element_type=\"widget\" data-e-type=\"widget\" data-widget_type=\"text-editor.default\">\n\t\t\t\t<div class=\"elementor-widget-container\">\n\t\t\t\t\t\t\t\t\t<p><strong>\" <i>Nos sentimos liberadas cuando vemos un criminal de guerra entre rejas<\/i> \".<\/strong><\/p><p>Meliha Merdjic, musulmana, de Visegrad. Fue violada a los 13 a\u00f1os. Su madre sobrevivi\u00f3 en el centro de violaciones y torturas de Vilina Vlas, en el valle del Drina. Ahora, ambas luchan desde la asociaci\u00f3n de Mujeres V\u00edctimas de la guerra en Sarajevo y siguen llevando a criminales de guerra ante la justicia.   <\/p>\t\t\t\t\t\t\t\t<\/div>\n\t\t\t\t<\/div>\n\t\t\t\t<div class=\"elementor-element elementor-element-2c54db3 e-transform elementor-hidden-desktop elementor-widget elementor-widget-image\" data-id=\"2c54db3\" data-element_type=\"widget\" data-e-type=\"widget\" data-settings=\"{&quot;_transform_translateY_effect_mobile&quot;:{&quot;unit&quot;:&quot;px&quot;,&quot;size&quot;:15,&quot;sizes&quot;:[]},&quot;_transform_translateX_effect&quot;:{&quot;unit&quot;:&quot;px&quot;,&quot;size&quot;:&quot;&quot;,&quot;sizes&quot;:[]},&quot;_transform_translateX_effect_tablet_extra&quot;:{&quot;unit&quot;:&quot;px&quot;,&quot;size&quot;:&quot;&quot;,&quot;sizes&quot;:[]},&quot;_transform_translateX_effect_tablet&quot;:{&quot;unit&quot;:&quot;px&quot;,&quot;size&quot;:&quot;&quot;,&quot;sizes&quot;:[]},&quot;_transform_translateX_effect_mobile&quot;:{&quot;unit&quot;:&quot;px&quot;,&quot;size&quot;:&quot;&quot;,&quot;sizes&quot;:[]},&quot;_transform_translateY_effect&quot;:{&quot;unit&quot;:&quot;px&quot;,&quot;size&quot;:&quot;&quot;,&quot;sizes&quot;:[]},&quot;_transform_translateY_effect_tablet_extra&quot;:{&quot;unit&quot;:&quot;px&quot;,&quot;size&quot;:&quot;&quot;,&quot;sizes&quot;:[]},&quot;_transform_translateY_effect_tablet&quot;:{&quot;unit&quot;:&quot;px&quot;,&quot;size&quot;:&quot;&quot;,&quot;sizes&quot;:[]}}\" data-widget_type=\"image.default\">\n\t\t\t\t<div class=\"elementor-widget-container\">\n\t\t\t\t\t\t\t\t\t\t\t\t\t\t\t<img loading=\"lazy\" decoding=\"async\" width=\"745\" height=\"745\" src=\"https:\/\/revistes.proscenium.cat\/wp-content\/uploads\/2024\/01\/meliha-1.jpg\" class=\"attachment-full size-full wp-image-3116\" alt=\"\" srcset=\"https:\/\/revistes.proscenium.cat\/wp-content\/uploads\/2024\/01\/meliha-1.jpg 745w, https:\/\/revistes.proscenium.cat\/wp-content\/uploads\/2024\/01\/meliha-1-300x300.jpg 300w, https:\/\/revistes.proscenium.cat\/wp-content\/uploads\/2024\/01\/meliha-1-150x150.jpg 150w\" sizes=\"(max-width: 745px) 100vw, 745px\" \/>\t\t\t\t\t\t\t\t\t\t\t\t\t\t\t<\/div>\n\t\t\t\t<\/div>\n\t\t\t\t<\/div>\n\t\t\t\t<\/div>\n\t\t<div data-particle_enable=\"false\" data-particle-mobile-disabled=\"false\" class=\"elementor-element elementor-element-4080384 e-con-full e-flex e-con e-parent\" data-id=\"4080384\" data-element_type=\"container\" data-e-type=\"container\">\n\t\t\t\t<div class=\"elementor-element elementor-element-0fba399 elementor-widget elementor-widget-spacer\" data-id=\"0fba399\" data-element_type=\"widget\" data-e-type=\"widget\" data-widget_type=\"spacer.default\">\n\t\t\t\t<div class=\"elementor-widget-container\">\n\t\t\t\t\t\t\t<div class=\"elementor-spacer\">\n\t\t\t<div class=\"elementor-spacer-inner\"><\/div>\n\t\t<\/div>\n\t\t\t\t\t\t<\/div>\n\t\t\t\t<\/div>\n\t\t\t\t<\/div>\n\t\t<div data-particle_enable=\"false\" data-particle-mobile-disabled=\"false\" class=\"elementor-element elementor-element-e1ad4d4 e-con-full e-flex e-con e-parent\" data-id=\"e1ad4d4\" data-element_type=\"container\" data-e-type=\"container\">\n\t\t\t\t<div class=\"elementor-element elementor-element-7082396 elementor-widget elementor-widget-spacer\" data-id=\"7082396\" data-element_type=\"widget\" data-e-type=\"widget\" data-widget_type=\"spacer.default\">\n\t\t\t\t<div class=\"elementor-widget-container\">\n\t\t\t\t\t\t\t<div class=\"elementor-spacer\">\n\t\t\t<div class=\"elementor-spacer-inner\"><\/div>\n\t\t<\/div>\n\t\t\t\t\t\t<\/div>\n\t\t\t\t<\/div>\n\t\t\t\t<\/div>\n\t\t<div data-particle_enable=\"false\" data-particle-mobile-disabled=\"false\" class=\"elementor-element elementor-element-878706f e-con-full e-flex e-con e-parent\" data-id=\"878706f\" data-element_type=\"container\" data-e-type=\"container\" data-settings=\"{&quot;background_background&quot;:&quot;classic&quot;}\">\n\t\t<div data-particle_enable=\"false\" data-particle-mobile-disabled=\"false\" class=\"elementor-element elementor-element-38d5da1 e-con-full e-flex e-con e-child\" data-id=\"38d5da1\" data-element_type=\"container\" data-e-type=\"container\">\n\t\t\t\t<div class=\"elementor-element elementor-element-3744214 elementor-widget elementor-widget-text-editor\" data-id=\"3744214\" data-element_type=\"widget\" data-e-type=\"widget\" data-widget_type=\"text-editor.default\">\n\t\t\t\t<div class=\"elementor-widget-container\">\n\t\t\t\t\t\t\t\t\t<p>La guerra en Bosnia y Herzegovina, el conflicto m\u00e1s sangriento en Europa despu\u00e9s de la Segunda Guerra Mundial, termin\u00f3 oficialmente con la firma de los Acuerdos de paz de Dayton en noviembre de 1995. Para Alen, la guerra comenz\u00f3 diez a\u00f1os m\u00e1s tarde, cuando supo que era adoptado despu\u00e9s de que su madre le hubiese abandonado, porque \u00e9l era fruto de &#8216;. Ajna no supo que era hija de una violaci\u00f3n durante la guerra hasta que lleg\u00f3 a la adolescencia. A sus 25 a\u00f1os, ha comprendido el esfuerzo que su madre hizo para seguir junto a la criatura. Para Meliha (musulmana), Nevenka (croata) y Milica (serbia) la guerra tampoco ha terminado.    <\/p><p>Ellas y las mujeres de sus familias fueron violadas y torturadas por parte de tropas de distinta bandera. Pese a haber sido capaces de llevar a los agresores ante los tribunales, muchas de ellas han visto c\u00f3mo los responsables quedaban pronto en libertad. Las instituciones han tardado d\u00e9cadas en reconocerlas como v\u00edctimas y la sociedad mira hacia otro lado. \u00bfCu\u00e1l es la justicia que buscan?     <\/p><p><strong>Autora del texto: Teresa Turiera-Puigb\u00f3<\/strong><\/p>\t\t\t\t\t\t\t\t<\/div>\n\t\t\t\t<\/div>\n\t\t\t\t<\/div>\n\t\t\t\t<\/div>\n\t\t<div data-particle_enable=\"false\" data-particle-mobile-disabled=\"false\" class=\"elementor-element elementor-element-e187f32 e-con-full e-flex e-con e-parent\" data-id=\"e187f32\" data-element_type=\"container\" data-e-type=\"container\" data-settings=\"{&quot;background_background&quot;:&quot;classic&quot;}\">\n\t\t<div data-particle_enable=\"false\" data-particle-mobile-disabled=\"false\" class=\"elementor-element elementor-element-3bd04cf e-con-full e-flex e-con e-child\" data-id=\"3bd04cf\" data-element_type=\"container\" data-e-type=\"container\">\n\t\t\t\t<div class=\"elementor-element elementor-element-d343f56 elementor-invisible elementor-widget elementor-widget-heading\" data-id=\"d343f56\" data-element_type=\"widget\" data-e-type=\"widget\" data-settings=\"{&quot;_animation&quot;:&quot;fadeInUp&quot;}\" data-widget_type=\"heading.default\">\n\t\t\t\t<div class=\"elementor-widget-container\">\n\t\t\t\t\t<h2 class=\"elementor-heading-title elementor-size-default\">Documental<\/h2>\t\t\t\t<\/div>\n\t\t\t\t<\/div>\n\t\t\t\t<div class=\"elementor-element elementor-element-a2e3bd4 elementor-widget elementor-widget-text-editor\" data-id=\"a2e3bd4\" data-element_type=\"widget\" data-e-type=\"widget\" data-widget_type=\"text-editor.default\">\n\t\t\t\t<div class=\"elementor-widget-container\">\n\t\t\t\t\t\t\t\t\t<p>Este documental da voz a las supervivientes y muestra su valent\u00eda por romper el silencio y luchar contra el estigma y la indiferencia, 25 a\u00f1os despu\u00e9s.<\/p>\t\t\t\t\t\t\t\t<\/div>\n\t\t\t\t<\/div>\n\t\t\t\t<div class=\"elementor-element elementor-element-e5c00bd elementor-invisible elementor-widget elementor-widget-image\" data-id=\"e5c00bd\" data-element_type=\"widget\" data-e-type=\"widget\" data-settings=\"{&quot;_animation&quot;:&quot;fadeIn&quot;}\" data-widget_type=\"image.default\">\n\t\t\t\t<div class=\"elementor-widget-container\">\n\t\t\t\t\t\t\t\t\t\t\t\t\t\t\t\t<a href=\"https:\/\/www.ccma.cat\/tv3\/alacarta\/sense-ficcio\/encara-hi-ha-algu-al-bosc\/video\/6077178\/\" target=\"_blank\">\n\t\t\t\t\t\t\t<img loading=\"lazy\" decoding=\"async\" width=\"900\" height=\"508\" src=\"https:\/\/revistes.proscenium.cat\/wp-content\/uploads\/2023\/08\/proscenium-bosc-documental.jpg\" class=\"elementor-animation-shrink attachment-full size-full wp-image-3008\" alt=\"\" srcset=\"https:\/\/revistes.proscenium.cat\/wp-content\/uploads\/2023\/08\/proscenium-bosc-documental.jpg 900w, https:\/\/revistes.proscenium.cat\/wp-content\/uploads\/2023\/08\/proscenium-bosc-documental-300x169.jpg 300w, https:\/\/revistes.proscenium.cat\/wp-content\/uploads\/2023\/08\/proscenium-bosc-documental-768x433.jpg 768w\" sizes=\"(max-width: 900px) 100vw, 900px\" \/>\t\t\t\t\t\t\t\t<\/a>\n\t\t\t\t\t\t\t\t\t\t\t\t\t\t\t<\/div>\n\t\t\t\t<\/div>\n\t\t\t\t<\/div>\n\t\t\t\t<\/div>\n\t\t<div data-particle_enable=\"false\" data-particle-mobile-disabled=\"false\" class=\"elementor-element elementor-element-b6f2566 e-con-full e-flex e-con e-parent\" data-id=\"b6f2566\" data-element_type=\"container\" data-e-type=\"container\" data-settings=\"{&quot;background_background&quot;:&quot;classic&quot;}\">\n\t\t\t\t<div class=\"elementor-element elementor-element-6311c9d elementor-widget elementor-widget-spacer\" data-id=\"6311c9d\" data-element_type=\"widget\" data-e-type=\"widget\" data-widget_type=\"spacer.default\">\n\t\t\t\t<div class=\"elementor-widget-container\">\n\t\t\t\t\t\t\t<div class=\"elementor-spacer\">\n\t\t\t<div class=\"elementor-spacer-inner\"><\/div>\n\t\t<\/div>\n\t\t\t\t\t\t<\/div>\n\t\t\t\t<\/div>\n\t\t\t\t<div class=\"elementor-element elementor-element-3e120c5 elementor-widget elementor-widget-spacer\" data-id=\"3e120c5\" data-element_type=\"widget\" data-e-type=\"widget\" data-widget_type=\"spacer.default\">\n\t\t\t\t<div class=\"elementor-widget-container\">\n\t\t\t\t\t\t\t<div class=\"elementor-spacer\">\n\t\t\t<div class=\"elementor-spacer-inner\"><\/div>\n\t\t<\/div>\n\t\t\t\t\t\t<\/div>\n\t\t\t\t<\/div>\n\t\t\t\t<div class=\"elementor-element elementor-element-183334e elementor-invisible elementor-widget elementor-widget-heading\" data-id=\"183334e\" data-element_type=\"widget\" data-e-type=\"widget\" data-settings=\"{&quot;_animation&quot;:&quot;fadeInDown&quot;}\" data-widget_type=\"heading.default\">\n\t\t\t\t<div class=\"elementor-widget-container\">\n\t\t\t\t\t<h2 class=\"elementor-heading-title elementor-size-default\">Cr\u00e9ditos<\/h2>\t\t\t\t<\/div>\n\t\t\t\t<\/div>\n\t\t\t\t<div class=\"elementor-element elementor-element-6546497 elementor-invisible elementor-widget elementor-widget-text-editor\" data-id=\"6546497\" data-element_type=\"widget\" data-e-type=\"widget\" data-settings=\"{&quot;_animation&quot;:&quot;fadeInUp&quot;}\" data-widget_type=\"text-editor.default\">\n\t\t\t\t<div class=\"elementor-widget-container\">\n\t\t\t\t\t\t\t\t\t<p><b>Dramaturgia<\/b> : Anna Maria Ricart Codina<\/p><p><b>Investigaci\u00f3n y documentaci\u00f3n<\/b> : Teresa Turiera-Puigb\u00f2 Bergad\u00e0<\/p><p><b>Direcci\u00f3n<\/b> : Joan Arqu\u00e9 Sol\u00e0<\/p><p><b>Int\u00e9rpretes<\/b> : Ariadna Gil, Montse Esteve, \u00d2scar Mu\u00f1oz, Magda<\/p><p>Puig, Judit Farr\u00e9s, Pep Pascual y Erol Ileri<\/p><p><b>Movimiento y ayudante de direcci\u00f3n<\/b> : Carla Tov\u00edas<\/p><p><b>M\u00fasica<\/b> : Pep Pascual y Judit Farr\u00e9s<\/p><p><b>V\u00eddeo<\/b> : Erol Ileri Llordella y Tyler Franta<\/p><p><b>Dise\u00f1o de escenograf\u00eda<\/b> : Xesca Salv\u00e0<\/p><p><b>Dise\u00f1o de vestuario<\/b> : Rosa Lugo<\/p><p><b>Dise\u00f1o de iluminaci\u00f3n<\/b> : Sylvia Kuchinow<\/p><p><b>Fotograf\u00edas<\/b> : Oriol Casanovas<\/p><p><b>Ilustraciones<\/b> : Magda Puig<\/p>\t\t\t\t\t\t\t\t<\/div>\n\t\t\t\t<\/div>\n\t\t\t\t<div class=\"elementor-element elementor-element-f71d8b0 elementor-widget-divider--view-line elementor-invisible elementor-widget elementor-widget-divider\" data-id=\"f71d8b0\" data-element_type=\"widget\" data-e-type=\"widget\" data-settings=\"{&quot;_animation&quot;:&quot;fadeInDown&quot;}\" data-widget_type=\"divider.default\">\n\t\t\t\t<div class=\"elementor-widget-container\">\n\t\t\t\t\t\t\t<div class=\"elementor-divider\">\n\t\t\t<span class=\"elementor-divider-separator\">\n\t\t\t\t\t\t<\/span>\n\t\t<\/div>\n\t\t\t\t\t\t<\/div>\n\t\t\t\t<\/div>\n\t\t\t\t<div class=\"elementor-element elementor-element-bb20fa2 elementor-widget elementor-widget-spacer\" data-id=\"bb20fa2\" data-element_type=\"widget\" data-e-type=\"widget\" data-widget_type=\"spacer.default\">\n\t\t\t\t<div class=\"elementor-widget-container\">\n\t\t\t\t\t\t\t<div class=\"elementor-spacer\">\n\t\t\t<div class=\"elementor-spacer-inner\"><\/div>\n\t\t<\/div>\n\t\t\t\t\t\t<\/div>\n\t\t\t\t<\/div>\n\t\t\t\t<\/div>\n\t\t\t\t\t<script>\n\t\t\t\t(function($) {\n                    \"use strict\";\n\n                    var target = $('.elementor-element-b6f2566');\n                    target.addClass('e-lazyloaded');\n\n                    \n                    var EaelParallaxElement = {\n\n\t\t\t\t\t\tinit: function() {\n\t\t\t\t\t\t\telementorFrontend.hooks.addAction('frontend\/element_ready\/global', EaelParallaxElement.initWidget);\n\t\t\t\t\t\t},\n                        responsiveParallax: function(){\n                            var android = 0,\n                                ios = 0;\n                            switch( true || 1 ){\n                                case android && ios:\n                                    return \/iPad|iPhone|iPod|Android\/;\n                                    break;\n                                case android && ! ios:\n                                    return \/Android\/;\n                                    break;\n                                case ! android && ios:\n                                    return \/iPad|iPhone|iPod\/;\n                                    break;\n                                case ( ! android && ! ios ):\n                                    return null;\n                            }\n                        },\n\t\t\t\t\t\tinitWidget: function( $scope ) {\n\n\t\t\t\t\t\t\ttarget.jarallax({\n\t\t\t\t\t\t\t\ttype: 'scroll',\n\t\t\t\t\t\t\t\tspeed: 2,\n\t\t\t\t\t\t\t\tkeepImg: true,\n                                disableParallax: EaelParallaxElement.responsiveParallax(),\n\t\t\t\t\t\t\t});\n\t\t\t\t\t\t}\n\n\t\t\t\t\t};\n\n\t\t\t\t\t$( window ).on('elementor\/frontend\/init', EaelParallaxElement.init);\n\n                    \t\t\t\t}( jQuery ) );\n\t\t\t<\/script>\n\t\t<div data-particle_enable=\"false\" data-particle-mobile-disabled=\"false\" class=\"elementor-element elementor-element-df86e6d e-con-full e-flex e-con e-parent\" data-id=\"df86e6d\" data-element_type=\"container\" data-e-type=\"container\">\n\t\t<div data-particle_enable=\"false\" data-particle-mobile-disabled=\"false\" class=\"elementor-element elementor-element-e0593d9 e-con-full e-flex e-con e-child\" data-id=\"e0593d9\" data-element_type=\"container\" data-e-type=\"container\">\n\t\t<div data-particle_enable=\"false\" data-particle-mobile-disabled=\"false\" class=\"elementor-element elementor-element-bf5a8ab e-flex e-con-boxed e-con e-child\" data-id=\"bf5a8ab\" data-element_type=\"container\" data-e-type=\"container\">\n\t\t\t\t\t<div class=\"e-con-inner\">\n\t\t\t\t<div class=\"elementor-element elementor-element-33042f4 elementor-invisible elementor-widget elementor-widget-image\" data-id=\"33042f4\" data-element_type=\"widget\" data-e-type=\"widget\" data-settings=\"{&quot;_animation&quot;:&quot;fadeInRight&quot;}\" data-widget_type=\"image.default\">\n\t\t\t\t<div class=\"elementor-widget-container\">\n\t\t\t\t\t\t\t\t\t\t\t\t\t\t\t<img fetchpriority=\"high\" decoding=\"async\" width=\"266\" height=\"302\" src=\"https:\/\/revistes.proscenium.cat\/wp-content\/uploads\/2023\/08\/picto-favicon.svg\" class=\"attachment-medium size-medium wp-image-2922\" alt=\"\" \/>\t\t\t\t\t\t\t\t\t\t\t\t\t\t\t<\/div>\n\t\t\t\t<\/div>\n\t\t\t\t\t<\/div>\n\t\t\t\t<\/div>\n\t\t\t\t<div class=\"elementor-element elementor-element-3171d28 elementor-widget-divider--view-line elementor-invisible elementor-widget elementor-widget-divider\" data-id=\"3171d28\" data-element_type=\"widget\" data-e-type=\"widget\" data-settings=\"{&quot;_animation&quot;:&quot;fadeIn&quot;}\" data-widget_type=\"divider.default\">\n\t\t\t\t<div class=\"elementor-widget-container\">\n\t\t\t\t\t\t\t<div class=\"elementor-divider\">\n\t\t\t<span class=\"elementor-divider-separator\">\n\t\t\t\t\t\t<\/span>\n\t\t<\/div>\n\t\t\t\t\t\t<\/div>\n\t\t\t\t<\/div>\n\t\t\t\t<div class=\"elementor-element elementor-element-324cc63 elementor-invisible elementor-widget elementor-widget-heading\" data-id=\"324cc63\" data-element_type=\"widget\" data-e-type=\"widget\" data-settings=\"{&quot;_animation&quot;:&quot;fadeInUp&quot;}\" data-widget_type=\"heading.default\">\n\t\t\t\t<div class=\"elementor-widget-container\">\n\t\t\t\t\t<h2 class=\"elementor-heading-title elementor-size-default\">MOMENTOS DE TEMPORADA<\/h2>\t\t\t\t<\/div>\n\t\t\t\t<\/div>\n\t\t\t\t<div class=\"elementor-element elementor-element-e0a6f9e elementor-invisible elementor-widget elementor-widget-heading\" data-id=\"e0a6f9e\" data-element_type=\"widget\" data-e-type=\"widget\" data-settings=\"{&quot;_animation&quot;:&quot;fadeInUp&quot;}\" data-widget_type=\"heading.default\">\n\t\t\t\t<div class=\"elementor-widget-container\">\n\t\t\t\t\t<h2 class=\"elementor-heading-title elementor-size-default\">AUN HAY ALGUIEN EN EL BOSQUE<\/h2>\t\t\t\t<\/div>\n\t\t\t\t<\/div>\n\t\t\t\t<div class=\"elementor-element elementor-element-87b3fe6 elementor-widget-divider--view-line elementor-invisible elementor-widget elementor-widget-divider\" data-id=\"87b3fe6\" data-element_type=\"widget\" data-e-type=\"widget\" data-settings=\"{&quot;_animation&quot;:&quot;fadeIn&quot;}\" data-widget_type=\"divider.default\">\n\t\t\t\t<div class=\"elementor-widget-container\">\n\t\t\t\t\t\t\t<div class=\"elementor-divider\">\n\t\t\t<span class=\"elementor-divider-separator\">\n\t\t\t\t\t\t<\/span>\n\t\t<\/div>\n\t\t\t\t\t\t<\/div>\n\t\t\t\t<\/div>\n\t\t\t\t<div class=\"elementor-element elementor-element-aedbcf9 elementor-widget elementor-widget-spacer\" data-id=\"aedbcf9\" data-element_type=\"widget\" data-e-type=\"widget\" data-widget_type=\"spacer.default\">\n\t\t\t\t<div class=\"elementor-widget-container\">\n\t\t\t\t\t\t\t<div class=\"elementor-spacer\">\n\t\t\t<div class=\"elementor-spacer-inner\"><\/div>\n\t\t<\/div>\n\t\t\t\t\t\t<\/div>\n\t\t\t\t<\/div>\n\t\t\t\t<\/div>\n\t\t\t\t<\/div>\n\t\t\t\t<\/div>\n\t\t","protected":false},"excerpt":{"rendered":"<p>EDICI\u00d3N 09 MOMENTOS DE TEMPORADA AUN HAY ALGUIEN EN EL BOSQUE El Colectivo Cultura y Conflicto lo fundaron en 2020 la periodista Teresa Turiera-Puigb\u00f3, la productora Judit Codina y el actor y director Joan Arqu\u00e9. Posteriormente, se a\u00f1adieron la dramaturga Anna Maria Ricart, el realizador Erol Ileri, la actriz y creadora esc\u00e9nica y visual Magda [&hellip;]<\/p>\n","protected":false},"author":1,"featured_media":0,"parent":0,"menu_order":39,"comment_status":"closed","ping_status":"closed","template":"","meta":{"footnotes":""},"edicions":[10],"class_list":["post-3246","page","type-page","status-publish","hentry","edicions-10"],"yoast_head":"<!-- This site is optimized with the Yoast SEO plugin v27.4 - https:\/\/yoast.com\/product\/yoast-seo-wordpress\/ -->\n<title>todav\u00eda hay alguien en el bosque - Proscenium<\/title>\n<meta name=\"robots\" content=\"index, follow, max-snippet:-1, max-image-preview:large, max-video-preview:-1\" \/>\n<link rel=\"canonical\" href=\"https:\/\/revistes.proscenium.cat\/es\/todavia-hay-alguien-en-el-bosque\/\" \/>\n<meta property=\"og:locale\" content=\"es_ES\" \/>\n<meta property=\"og:type\" content=\"article\" \/>\n<meta property=\"og:title\" content=\"todav\u00eda hay alguien en el bosque - Proscenium\" \/>\n<meta property=\"og:description\" content=\"EDICI\u00d3N 09 MOMENTOS DE TEMPORADA AUN HAY ALGUIEN EN EL BOSQUE El Colectivo Cultura y Conflicto lo fundaron en 2020 la periodista Teresa Turiera-Puigb\u00f3, la productora Judit Codina y el actor y director Joan Arqu\u00e9. Posteriormente, se a\u00f1adieron la dramaturga Anna Maria Ricart, el realizador Erol Ileri, la actriz y creadora esc\u00e9nica y visual Magda [&hellip;]\" \/>\n<meta property=\"og:url\" content=\"https:\/\/revistes.proscenium.cat\/es\/todavia-hay-alguien-en-el-bosque\/\" \/>\n<meta property=\"og:site_name\" content=\"Proscenium\" \/>\n<meta property=\"article:modified_time\" content=\"2025-07-03T11:04:23+00:00\" \/>\n<meta name=\"twitter:card\" content=\"summary_large_image\" \/>\n<meta name=\"twitter:label1\" content=\"Tiempo de lectura\" \/>\n\t<meta name=\"twitter:data1\" content=\"12 minutos\" \/>\n<script type=\"application\/ld+json\" class=\"yoast-schema-graph\">{\"@context\":\"https:\\\/\\\/schema.org\",\"@graph\":[{\"@type\":\"WebPage\",\"@id\":\"https:\\\/\\\/revistes.proscenium.cat\\\/es\\\/todavia-hay-alguien-en-el-bosque\\\/\",\"url\":\"https:\\\/\\\/revistes.proscenium.cat\\\/es\\\/todavia-hay-alguien-en-el-bosque\\\/\",\"name\":\"todav\u00eda hay alguien en el bosque - Proscenium\",\"isPartOf\":{\"@id\":\"https:\\\/\\\/revistes.proscenium.cat\\\/es\\\/#website\"},\"primaryImageOfPage\":{\"@id\":\"https:\\\/\\\/revistes.proscenium.cat\\\/es\\\/todavia-hay-alguien-en-el-bosque\\\/#primaryimage\"},\"image\":{\"@id\":\"https:\\\/\\\/revistes.proscenium.cat\\\/es\\\/todavia-hay-alguien-en-el-bosque\\\/#primaryimage\"},\"thumbnailUrl\":\"https:\\\/\\\/revistes.proscenium.cat\\\/wp-content\\\/uploads\\\/2023\\\/08\\\/picto-favicon.svg\",\"datePublished\":\"2023-08-22T08:31:32+00:00\",\"dateModified\":\"2025-07-03T11:04:23+00:00\",\"breadcrumb\":{\"@id\":\"https:\\\/\\\/revistes.proscenium.cat\\\/es\\\/todavia-hay-alguien-en-el-bosque\\\/#breadcrumb\"},\"inLanguage\":\"es\",\"potentialAction\":[{\"@type\":\"ReadAction\",\"target\":[\"https:\\\/\\\/revistes.proscenium.cat\\\/es\\\/todavia-hay-alguien-en-el-bosque\\\/\"]}]},{\"@type\":\"ImageObject\",\"inLanguage\":\"es\",\"@id\":\"https:\\\/\\\/revistes.proscenium.cat\\\/es\\\/todavia-hay-alguien-en-el-bosque\\\/#primaryimage\",\"url\":\"https:\\\/\\\/revistes.proscenium.cat\\\/wp-content\\\/uploads\\\/2023\\\/08\\\/picto-favicon.svg\",\"contentUrl\":\"https:\\\/\\\/revistes.proscenium.cat\\\/wp-content\\\/uploads\\\/2023\\\/08\\\/picto-favicon.svg\"},{\"@type\":\"BreadcrumbList\",\"@id\":\"https:\\\/\\\/revistes.proscenium.cat\\\/es\\\/todavia-hay-alguien-en-el-bosque\\\/#breadcrumb\",\"itemListElement\":[{\"@type\":\"ListItem\",\"position\":1,\"name\":\"Inici\",\"item\":\"https:\\\/\\\/revistes.proscenium.cat\\\/es\\\/portada-y-sumario-2024-25\\\/\"},{\"@type\":\"ListItem\",\"position\":2,\"name\":\"todav\u00eda hay alguien en el bosque\"}]},{\"@type\":\"WebSite\",\"@id\":\"https:\\\/\\\/revistes.proscenium.cat\\\/es\\\/#website\",\"url\":\"https:\\\/\\\/revistes.proscenium.cat\\\/es\\\/\",\"name\":\"Revista Proscenium\",\"description\":\"Revista d&#039;arts esc\u00e8niques\",\"publisher\":{\"@id\":\"https:\\\/\\\/revistes.proscenium.cat\\\/es\\\/#organization\"},\"potentialAction\":[{\"@type\":\"SearchAction\",\"target\":{\"@type\":\"EntryPoint\",\"urlTemplate\":\"https:\\\/\\\/revistes.proscenium.cat\\\/es\\\/?s={search_term_string}\"},\"query-input\":{\"@type\":\"PropertyValueSpecification\",\"valueRequired\":true,\"valueName\":\"search_term_string\"}}],\"inLanguage\":\"es\"},{\"@type\":\"Organization\",\"@id\":\"https:\\\/\\\/revistes.proscenium.cat\\\/es\\\/#organization\",\"name\":\"Editorial Proscenium\",\"url\":\"https:\\\/\\\/revistes.proscenium.cat\\\/es\\\/\",\"logo\":{\"@type\":\"ImageObject\",\"inLanguage\":\"es\",\"@id\":\"https:\\\/\\\/revistes.proscenium.cat\\\/es\\\/#\\\/schema\\\/logo\\\/image\\\/\",\"url\":\"https:\\\/\\\/revistes.proscenium.cat\\\/wp-content\\\/uploads\\\/2023\\\/11\\\/proscenium-logo.jpg\",\"contentUrl\":\"https:\\\/\\\/revistes.proscenium.cat\\\/wp-content\\\/uploads\\\/2023\\\/11\\\/proscenium-logo.jpg\",\"width\":400,\"height\":310,\"caption\":\"Editorial Proscenium\"},\"image\":{\"@id\":\"https:\\\/\\\/revistes.proscenium.cat\\\/es\\\/#\\\/schema\\\/logo\\\/image\\\/\"}}]}<\/script>\n<!-- \/ Yoast SEO plugin. -->","yoast_head_json":{"title":"todav\u00eda hay alguien en el bosque - Proscenium","robots":{"index":"index","follow":"follow","max-snippet":"max-snippet:-1","max-image-preview":"max-image-preview:large","max-video-preview":"max-video-preview:-1"},"canonical":"https:\/\/revistes.proscenium.cat\/es\/todavia-hay-alguien-en-el-bosque\/","og_locale":"es_ES","og_type":"article","og_title":"todav\u00eda hay alguien en el bosque - Proscenium","og_description":"EDICI\u00d3N 09 MOMENTOS DE TEMPORADA AUN HAY ALGUIEN EN EL BOSQUE El Colectivo Cultura y Conflicto lo fundaron en 2020 la periodista Teresa Turiera-Puigb\u00f3, la productora Judit Codina y el actor y director Joan Arqu\u00e9. Posteriormente, se a\u00f1adieron la dramaturga Anna Maria Ricart, el realizador Erol Ileri, la actriz y creadora esc\u00e9nica y visual Magda [&hellip;]","og_url":"https:\/\/revistes.proscenium.cat\/es\/todavia-hay-alguien-en-el-bosque\/","og_site_name":"Proscenium","article_modified_time":"2025-07-03T11:04:23+00:00","twitter_card":"summary_large_image","twitter_misc":{"Tiempo de lectura":"12 minutos"},"schema":{"@context":"https:\/\/schema.org","@graph":[{"@type":"WebPage","@id":"https:\/\/revistes.proscenium.cat\/es\/todavia-hay-alguien-en-el-bosque\/","url":"https:\/\/revistes.proscenium.cat\/es\/todavia-hay-alguien-en-el-bosque\/","name":"todav\u00eda hay alguien en el bosque - Proscenium","isPartOf":{"@id":"https:\/\/revistes.proscenium.cat\/es\/#website"},"primaryImageOfPage":{"@id":"https:\/\/revistes.proscenium.cat\/es\/todavia-hay-alguien-en-el-bosque\/#primaryimage"},"image":{"@id":"https:\/\/revistes.proscenium.cat\/es\/todavia-hay-alguien-en-el-bosque\/#primaryimage"},"thumbnailUrl":"https:\/\/revistes.proscenium.cat\/wp-content\/uploads\/2023\/08\/picto-favicon.svg","datePublished":"2023-08-22T08:31:32+00:00","dateModified":"2025-07-03T11:04:23+00:00","breadcrumb":{"@id":"https:\/\/revistes.proscenium.cat\/es\/todavia-hay-alguien-en-el-bosque\/#breadcrumb"},"inLanguage":"es","potentialAction":[{"@type":"ReadAction","target":["https:\/\/revistes.proscenium.cat\/es\/todavia-hay-alguien-en-el-bosque\/"]}]},{"@type":"ImageObject","inLanguage":"es","@id":"https:\/\/revistes.proscenium.cat\/es\/todavia-hay-alguien-en-el-bosque\/#primaryimage","url":"https:\/\/revistes.proscenium.cat\/wp-content\/uploads\/2023\/08\/picto-favicon.svg","contentUrl":"https:\/\/revistes.proscenium.cat\/wp-content\/uploads\/2023\/08\/picto-favicon.svg"},{"@type":"BreadcrumbList","@id":"https:\/\/revistes.proscenium.cat\/es\/todavia-hay-alguien-en-el-bosque\/#breadcrumb","itemListElement":[{"@type":"ListItem","position":1,"name":"Inici","item":"https:\/\/revistes.proscenium.cat\/es\/portada-y-sumario-2024-25\/"},{"@type":"ListItem","position":2,"name":"todav\u00eda hay alguien en el bosque"}]},{"@type":"WebSite","@id":"https:\/\/revistes.proscenium.cat\/es\/#website","url":"https:\/\/revistes.proscenium.cat\/es\/","name":"Revista Proscenium","description":"Revista d&#039;arts esc\u00e8niques","publisher":{"@id":"https:\/\/revistes.proscenium.cat\/es\/#organization"},"potentialAction":[{"@type":"SearchAction","target":{"@type":"EntryPoint","urlTemplate":"https:\/\/revistes.proscenium.cat\/es\/?s={search_term_string}"},"query-input":{"@type":"PropertyValueSpecification","valueRequired":true,"valueName":"search_term_string"}}],"inLanguage":"es"},{"@type":"Organization","@id":"https:\/\/revistes.proscenium.cat\/es\/#organization","name":"Editorial Proscenium","url":"https:\/\/revistes.proscenium.cat\/es\/","logo":{"@type":"ImageObject","inLanguage":"es","@id":"https:\/\/revistes.proscenium.cat\/es\/#\/schema\/logo\/image\/","url":"https:\/\/revistes.proscenium.cat\/wp-content\/uploads\/2023\/11\/proscenium-logo.jpg","contentUrl":"https:\/\/revistes.proscenium.cat\/wp-content\/uploads\/2023\/11\/proscenium-logo.jpg","width":400,"height":310,"caption":"Editorial Proscenium"},"image":{"@id":"https:\/\/revistes.proscenium.cat\/es\/#\/schema\/logo\/image\/"}}]}},"_links":{"self":[{"href":"https:\/\/revistes.proscenium.cat\/es\/wp-json\/wp\/v2\/pages\/3246","targetHints":{"allow":["GET"]}}],"collection":[{"href":"https:\/\/revistes.proscenium.cat\/es\/wp-json\/wp\/v2\/pages"}],"about":[{"href":"https:\/\/revistes.proscenium.cat\/es\/wp-json\/wp\/v2\/types\/page"}],"author":[{"embeddable":true,"href":"https:\/\/revistes.proscenium.cat\/es\/wp-json\/wp\/v2\/users\/1"}],"replies":[{"embeddable":true,"href":"https:\/\/revistes.proscenium.cat\/es\/wp-json\/wp\/v2\/comments?post=3246"}],"version-history":[{"count":2,"href":"https:\/\/revistes.proscenium.cat\/es\/wp-json\/wp\/v2\/pages\/3246\/revisions"}],"predecessor-version":[{"id":3494,"href":"https:\/\/revistes.proscenium.cat\/es\/wp-json\/wp\/v2\/pages\/3246\/revisions\/3494"}],"wp:attachment":[{"href":"https:\/\/revistes.proscenium.cat\/es\/wp-json\/wp\/v2\/media?parent=3246"}],"wp:term":[{"taxonomy":"edicions","embeddable":true,"href":"https:\/\/revistes.proscenium.cat\/es\/wp-json\/wp\/v2\/edicions?post=3246"}],"curies":[{"name":"wp","href":"https:\/\/api.w.org\/{rel}","templated":true}]}}