{"id":3232,"date":"2025-06-25T13:58:23","date_gmt":"2025-06-25T11:58:23","guid":{"rendered":"https:\/\/revistes.proscenium.cat\/los-estrenos-de-2024\/"},"modified":"2026-01-05T12:43:44","modified_gmt":"2026-01-05T11:43:44","slug":"los-estrenos-de-2024","status":"publish","type":"page","link":"https:\/\/revistes.proscenium.cat\/es\/los-estrenos-de-2024\/","title":{"rendered":"Un a\u00f1o de reafirmaci\u00f3n de talento"},"content":{"rendered":"\t\t<div data-elementor-type=\"wp-page\" data-elementor-id=\"3232\" class=\"elementor elementor-3232 elementor-1869\" data-elementor-post-type=\"page\">\n\t\t\t\t<div data-particle_enable=\"false\" data-particle-mobile-disabled=\"false\" class=\"elementor-element elementor-element-d1b321c e-con-full e-flex elementor-invisible e-con e-parent\" data-id=\"d1b321c\" data-element_type=\"container\" data-e-type=\"container\" data-settings=\"{&quot;animation&quot;:&quot;fadeIn&quot;,&quot;background_background&quot;:&quot;classic&quot;}\">\n\t\t<div data-particle_enable=\"false\" data-particle-mobile-disabled=\"false\" class=\"elementor-element elementor-element-650a28d e-con-full e-flex e-con e-child\" data-id=\"650a28d\" data-element_type=\"container\" data-e-type=\"container\">\n\t\t\t\t<\/div>\n\t\t<div data-particle_enable=\"false\" data-particle-mobile-disabled=\"false\" class=\"elementor-element elementor-element-eccad9e e-con-full e-flex e-con e-child\" data-id=\"eccad9e\" data-element_type=\"container\" data-e-type=\"container\">\n\t\t<div data-particle_enable=\"false\" data-particle-mobile-disabled=\"false\" class=\"elementor-element elementor-element-6fc69e7 e-flex e-con-boxed e-con e-child\" data-id=\"6fc69e7\" data-element_type=\"container\" data-e-type=\"container\">\n\t\t\t\t\t<div class=\"e-con-inner\">\n\t\t\t\t<div class=\"elementor-element elementor-element-cd5a348 elementor-invisible elementor-widget elementor-widget-image\" data-id=\"cd5a348\" data-element_type=\"widget\" data-e-type=\"widget\" data-settings=\"{&quot;_animation&quot;:&quot;fadeInRight&quot;}\" data-widget_type=\"image.default\">\n\t\t\t\t<div class=\"elementor-widget-container\">\n\t\t\t\t\t\t\t\t\t\t\t\t\t\t\t<img fetchpriority=\"high\" decoding=\"async\" width=\"266\" height=\"302\" src=\"https:\/\/revistes.proscenium.cat\/wp-content\/uploads\/2023\/08\/picto-favicon.svg\" class=\"attachment-medium size-medium wp-image-2922\" alt=\"\" \/>\t\t\t\t\t\t\t\t\t\t\t\t\t\t\t<\/div>\n\t\t\t\t<\/div>\n\t\t\t\t\t<\/div>\n\t\t\t\t<\/div>\n\t\t\t\t<div class=\"elementor-element elementor-element-3af0e0f elementor-invisible elementor-widget elementor-widget-text-editor\" data-id=\"3af0e0f\" data-element_type=\"widget\" data-e-type=\"widget\" data-settings=\"{&quot;_animation&quot;:&quot;fadeInDown&quot;}\" data-widget_type=\"text-editor.default\">\n\t\t\t\t<div class=\"elementor-widget-container\">\n\t\t\t\t\t\t\t\t\t<p>Edici\u00f3n 10<\/p>\t\t\t\t\t\t\t\t<\/div>\n\t\t\t\t<\/div>\n\t\t\t\t<div class=\"elementor-element elementor-element-4460f9d elementor-widget-divider--view-line elementor-invisible elementor-widget elementor-widget-divider\" data-id=\"4460f9d\" data-element_type=\"widget\" data-e-type=\"widget\" data-settings=\"{&quot;_animation&quot;:&quot;fadeIn&quot;}\" data-widget_type=\"divider.default\">\n\t\t\t\t<div class=\"elementor-widget-container\">\n\t\t\t\t\t\t\t<div class=\"elementor-divider\">\n\t\t\t<span class=\"elementor-divider-separator\">\n\t\t\t\t\t\t<\/span>\n\t\t<\/div>\n\t\t\t\t\t\t<\/div>\n\t\t\t\t<\/div>\n\t\t\t\t<div class=\"elementor-element elementor-element-98e8957 elementor-invisible elementor-widget elementor-widget-heading\" data-id=\"98e8957\" data-element_type=\"widget\" data-e-type=\"widget\" data-settings=\"{&quot;_animation&quot;:&quot;fadeInUp&quot;}\" data-widget_type=\"heading.default\">\n\t\t\t\t<div class=\"elementor-widget-container\">\n\t\t\t\t\t<p class=\"elementor-heading-title elementor-size-default\">REPORTAJE<\/p>\t\t\t\t<\/div>\n\t\t\t\t<\/div>\n\t\t\t\t<div class=\"elementor-element elementor-element-d4d5525 elementor-invisible elementor-widget elementor-widget-heading\" data-id=\"d4d5525\" data-element_type=\"widget\" data-e-type=\"widget\" data-settings=\"{&quot;_animation&quot;:&quot;fadeInUp&quot;}\" data-widget_type=\"heading.default\">\n\t\t\t\t<div class=\"elementor-widget-container\">\n\t\t\t\t\t<h1 class=\"elementor-heading-title elementor-size-default\">Un a\u00f1o de reafirmaci\u00f3n de talento<\/h1>\t\t\t\t<\/div>\n\t\t\t\t<\/div>\n\t\t\t\t<\/div>\n\t\t\t\t<\/div>\n\t\t<div data-particle_enable=\"false\" data-particle-mobile-disabled=\"false\" class=\"elementor-element elementor-element-f8b0388 e-con-full e-flex e-con e-parent\" data-id=\"f8b0388\" data-element_type=\"container\" data-e-type=\"container\" data-settings=\"{&quot;background_background&quot;:&quot;classic&quot;}\">\n\t\t<div data-particle_enable=\"false\" data-particle-mobile-disabled=\"false\" class=\"elementor-element elementor-element-19c6c10 e-con-full e-flex elementor-invisible e-con e-child\" data-id=\"19c6c10\" data-element_type=\"container\" data-e-type=\"container\" data-settings=\"{&quot;animation&quot;:&quot;fadeInLeft&quot;}\">\n\t\t\t\t<div class=\"elementor-element elementor-element-7129206 elementor-widget elementor-widget-heading\" data-id=\"7129206\" data-element_type=\"widget\" data-e-type=\"widget\" data-widget_type=\"heading.default\">\n\t\t\t\t<div class=\"elementor-widget-container\">\n\t\t\t\t\t<p class=\"elementor-heading-title elementor-size-default\">Estrenos de las compa\u00f1\u00edas catalanas de teatro por todos los p\u00fablicos<\/p>\t\t\t\t<\/div>\n\t\t\t\t<\/div>\n\t\t\t\t<div class=\"elementor-element elementor-element-b87250d elementor-widget elementor-widget-text-editor\" data-id=\"b87250d\" data-element_type=\"widget\" data-e-type=\"widget\" data-widget_type=\"text-editor.default\">\n\t\t\t\t<div class=\"elementor-widget-container\">\n\t\t\t\t\t\t\t\t\t<p>Catalu\u00f1a es tierra de compa\u00f1\u00edas de teatro familiar. Tenemos producci\u00f3n de calidad y capacidad de exportar las obras en todo el mundo. Ya le gustar\u00eda al teatro para adultos tener el repertorio, talento y solvencia de muchos espect\u00e1culos para todos los p\u00fablicos. Porque m\u00e1s all\u00e1 de las etiquetas \"familiar\", \"infantil\", \"para todos los p\u00fablicos\" y, \u00faltimamente \"intergeneracional\", lo que hay es creaci\u00f3n de mucho nivel y capacidad de reinventarse.   <\/p>\t\t\t\t\t\t\t\t<\/div>\n\t\t\t\t<\/div>\n\t\t\t\t<\/div>\n\t\t<div data-particle_enable=\"false\" data-particle-mobile-disabled=\"false\" class=\"elementor-element elementor-element-14539f2 e-con-full e-flex e-con e-child\" data-id=\"14539f2\" data-element_type=\"container\" data-e-type=\"container\">\n\t\t\t\t<div class=\"elementor-element elementor-element-ce58ac8 e-transform e-transform elementor-invisible elementor-widget elementor-widget-image\" data-id=\"ce58ac8\" data-element_type=\"widget\" data-e-type=\"widget\" data-settings=\"{&quot;_transform_translateX_effect&quot;:{&quot;unit&quot;:&quot;px&quot;,&quot;size&quot;:0,&quot;sizes&quot;:[]},&quot;_transform_translateY_effect&quot;:{&quot;unit&quot;:&quot;px&quot;,&quot;size&quot;:0,&quot;sizes&quot;:[]},&quot;_transform_scale_effect&quot;:{&quot;unit&quot;:&quot;px&quot;,&quot;size&quot;:1.7,&quot;sizes&quot;:[]},&quot;_animation&quot;:&quot;fadeInRight&quot;,&quot;_transform_translateX_effect_tablet_extra&quot;:{&quot;unit&quot;:&quot;px&quot;,&quot;size&quot;:3,&quot;sizes&quot;:[]},&quot;_transform_translateX_effect_mobile&quot;:{&quot;unit&quot;:&quot;px&quot;,&quot;size&quot;:2,&quot;sizes&quot;:[]},&quot;_transform_translateY_effect_mobile&quot;:{&quot;unit&quot;:&quot;px&quot;,&quot;size&quot;:9,&quot;sizes&quot;:[]},&quot;_transform_translateX_effect_tablet&quot;:{&quot;unit&quot;:&quot;px&quot;,&quot;size&quot;:&quot;&quot;,&quot;sizes&quot;:[]},&quot;_transform_translateY_effect_tablet_extra&quot;:{&quot;unit&quot;:&quot;px&quot;,&quot;size&quot;:&quot;&quot;,&quot;sizes&quot;:[]},&quot;_transform_translateY_effect_tablet&quot;:{&quot;unit&quot;:&quot;px&quot;,&quot;size&quot;:&quot;&quot;,&quot;sizes&quot;:[]},&quot;_transform_scale_effect_tablet_extra&quot;:{&quot;unit&quot;:&quot;px&quot;,&quot;size&quot;:&quot;&quot;,&quot;sizes&quot;:[]},&quot;_transform_scale_effect_tablet&quot;:{&quot;unit&quot;:&quot;px&quot;,&quot;size&quot;:&quot;&quot;,&quot;sizes&quot;:[]},&quot;_transform_scale_effect_mobile&quot;:{&quot;unit&quot;:&quot;px&quot;,&quot;size&quot;:&quot;&quot;,&quot;sizes&quot;:[]}}\" data-widget_type=\"image.default\">\n\t\t\t\t<div class=\"elementor-widget-container\">\n\t\t\t\t\t\t\t\t\t\t\t\t\t\t\t<img decoding=\"async\" width=\"800\" height=\"800\" src=\"https:\/\/revistes.proscenium.cat\/wp-content\/uploads\/2025\/06\/Rectangle-1024x1024.png\" class=\"attachment-large size-large wp-image-3142\" alt=\"Balc\u00f3\" srcset=\"https:\/\/revistes.proscenium.cat\/wp-content\/uploads\/2025\/06\/Rectangle-1024x1024.png 1024w, https:\/\/revistes.proscenium.cat\/wp-content\/uploads\/2025\/06\/Rectangle-300x300.png 300w, https:\/\/revistes.proscenium.cat\/wp-content\/uploads\/2025\/06\/Rectangle-150x150.png 150w, https:\/\/revistes.proscenium.cat\/wp-content\/uploads\/2025\/06\/Rectangle-768x768.png 768w, https:\/\/revistes.proscenium.cat\/wp-content\/uploads\/2025\/06\/Rectangle.png 1161w\" sizes=\"(max-width: 800px) 100vw, 800px\" \/>\t\t\t\t\t\t\t\t\t\t\t\t\t\t\t<\/div>\n\t\t\t\t<\/div>\n\t\t\t\t<\/div>\n\t\t\t\t<\/div>\n\t\t<div data-particle_enable=\"false\" data-particle-mobile-disabled=\"false\" class=\"elementor-element elementor-element-0f2ea21 e-con-full e-flex e-con e-parent\" data-id=\"0f2ea21\" data-element_type=\"container\" data-e-type=\"container\" data-settings=\"{&quot;background_background&quot;:&quot;classic&quot;}\">\n\t\t<div data-particle_enable=\"false\" data-particle-mobile-disabled=\"false\" class=\"elementor-element elementor-element-53e51f6 e-con-full e-flex elementor-invisible e-con e-child\" data-id=\"53e51f6\" data-element_type=\"container\" data-e-type=\"container\" data-settings=\"{&quot;animation&quot;:&quot;fadeInDown&quot;}\">\n\t\t\t\t<div class=\"elementor-element elementor-element-f068764 elementor-widget__width-initial elementor-widget elementor-widget-text-editor\" data-id=\"f068764\" data-element_type=\"widget\" data-e-type=\"widget\" data-widget_type=\"text-editor.default\">\n\t\t\t\t<div class=\"elementor-widget-container\">\n\t\t\t\t\t\t\t\t\t<p>Cada a\u00f1o se estrenan decenas de creaciones (quiz\u00e1 demasiado, pero no entraremos en este jard\u00edn) en las diferentes ferias y festivales. Sin duda, Mostra Igualada sigue siendo el epicentro imprescindible, pero tambi\u00e9n se est\u00e1n haciendo un lugar muy destacado el Fitkam de Montmel\u00f3 o la FIET de Sa Xerxa \u200b\u200b(Vilafranca de Bonany, Mallorca). Como el familiar cultiva todos los g\u00e9neros, tambi\u00e9n encontramos estrenos en el Festival Grec de Barcelona, \u200b\u200bTrapecio de Reus, FiraT\u00e0rrega, FiM de Vila-seca, Feria Mediterr\u00e1nea de Manresa, Feria de T\u00edteres de Lleida, Merc\u00e8 Arts de Carrer y un largo etc\u00e9tera. Cada gestor cultural monta un festival. As\u00ed pues, \u00bfqu\u00e9 estrenos destacan de estos \u00faltimos meses de 2024?    <\/p>\t\t\t\t\t\t\t\t<\/div>\n\t\t\t\t<\/div>\n\t\t\t\t<\/div>\n\t\t<div data-particle_enable=\"false\" data-particle-mobile-disabled=\"false\" class=\"elementor-element elementor-element-9f821fc e-con-full e-flex elementor-invisible e-con e-child\" data-id=\"9f821fc\" data-element_type=\"container\" data-e-type=\"container\" data-settings=\"{&quot;animation&quot;:&quot;slideInUp&quot;}\">\n\t\t<div data-particle_enable=\"false\" data-particle-mobile-disabled=\"false\" class=\"elementor-element elementor-element-38598c3 e-con-full e-flex elementor-invisible e-con e-child\" data-id=\"38598c3\" data-element_type=\"container\" data-e-type=\"container\" data-settings=\"{&quot;background_background&quot;:&quot;classic&quot;,&quot;animation&quot;:&quot;fadeInRight&quot;}\">\n\t\t\t\t<div class=\"elementor-element elementor-element-3fd9434 elementor-widget elementor-widget-image\" data-id=\"3fd9434\" data-element_type=\"widget\" data-e-type=\"widget\" data-widget_type=\"image.default\">\n\t\t\t\t<div class=\"elementor-widget-container\">\n\t\t\t\t\t\t\t\t\t\t\t\t\t\t\t<img decoding=\"async\" width=\"800\" height=\"533\" src=\"https:\/\/revistes.proscenium.cat\/wp-content\/uploads\/2025\/06\/Inhabitants-@DaviddelVal-093-baixa-1024x682.jpg\" class=\"attachment-large size-large wp-image-3143\" alt=\"Actors en posici\u00f3\" srcset=\"https:\/\/revistes.proscenium.cat\/wp-content\/uploads\/2025\/06\/Inhabitants-@DaviddelVal-093-baixa-1024x682.jpg 1024w, https:\/\/revistes.proscenium.cat\/wp-content\/uploads\/2025\/06\/Inhabitants-@DaviddelVal-093-baixa-300x200.jpg 300w, https:\/\/revistes.proscenium.cat\/wp-content\/uploads\/2025\/06\/Inhabitants-@DaviddelVal-093-baixa-768x511.jpg 768w, https:\/\/revistes.proscenium.cat\/wp-content\/uploads\/2025\/06\/Inhabitants-@DaviddelVal-093-baixa-1536x1022.jpg 1536w, https:\/\/revistes.proscenium.cat\/wp-content\/uploads\/2025\/06\/Inhabitants-@DaviddelVal-093-baixa.jpg 1600w\" sizes=\"(max-width: 800px) 100vw, 800px\" \/>\t\t\t\t\t\t\t\t\t\t\t\t\t\t\t<\/div>\n\t\t\t\t<\/div>\n\t\t\t\t<div class=\"elementor-element elementor-element-9516b19 elementor-widget-divider--view-line elementor-widget elementor-widget-divider\" data-id=\"9516b19\" data-element_type=\"widget\" data-e-type=\"widget\" data-widget_type=\"divider.default\">\n\t\t\t\t<div class=\"elementor-widget-container\">\n\t\t\t\t\t\t\t<div class=\"elementor-divider\">\n\t\t\t<span class=\"elementor-divider-separator\">\n\t\t\t\t\t\t<\/span>\n\t\t<\/div>\n\t\t\t\t\t\t<\/div>\n\t\t\t\t<\/div>\n\t\t\t\t<div class=\"elementor-element elementor-element-2456a20 elementor-widget elementor-widget-heading\" data-id=\"2456a20\" data-element_type=\"widget\" data-e-type=\"widget\" data-widget_type=\"heading.default\">\n\t\t\t\t<div class=\"elementor-widget-container\">\n\t\t\t\t\t<h2 class=\"elementor-heading-title elementor-size-default\">L'illa del tresor - Inhabitants<\/h2>\t\t\t\t<\/div>\n\t\t\t\t<\/div>\n\t\t\t\t<div class=\"elementor-element elementor-element-20a3630 elementor-widget elementor-widget-text-editor\" data-id=\"20a3630\" data-element_type=\"widget\" data-e-type=\"widget\" data-widget_type=\"text-editor.default\">\n\t\t\t\t<div class=\"elementor-widget-container\">\n\t\t\t\t\t\t\t\t\t<p><span style=\"white-space-collapse: preserve;\">La compa\u00f1\u00eda leridana Inhabitants llevaba tiempo vuelta y empezaba a hacerse un hueco en las ferias y en el panorama del teatro familiar catal\u00e1n. Su gran estreno lleg\u00f3 este a\u00f1o con L&#8217;illa del tresor, un espect\u00e1culo basado en el cl\u00e1sico que esta troupe de Ponent formada por cinco int\u00e9rpretes defiende con gran solvencia. Un viaje de marineros, tabernas, espadas y deseos que juega inteligentemente el espacio esc\u00e9nico para convertirse en una fascinante aventura.  <\/span><\/p>\t\t\t\t\t\t\t\t<\/div>\n\t\t\t\t<\/div>\n\t\t\t\t<\/div>\n\t\t<div data-particle_enable=\"false\" data-particle-mobile-disabled=\"false\" class=\"elementor-element elementor-element-1b436c6 e-con-full e-flex elementor-invisible e-con e-child\" data-id=\"1b436c6\" data-element_type=\"container\" data-e-type=\"container\" data-settings=\"{&quot;background_background&quot;:&quot;classic&quot;,&quot;animation&quot;:&quot;fadeInRight&quot;}\">\n\t\t\t\t<div class=\"elementor-element elementor-element-eed4193 elementor-widget elementor-widget-image\" data-id=\"eed4193\" data-element_type=\"widget\" data-e-type=\"widget\" data-widget_type=\"image.default\">\n\t\t\t\t<div class=\"elementor-widget-container\">\n\t\t\t\t\t\t\t\t\t\t\t\t\t\t\t<img loading=\"lazy\" decoding=\"async\" width=\"800\" height=\"534\" src=\"https:\/\/revistes.proscenium.cat\/wp-content\/uploads\/2025\/06\/Foto.-Sigues-Tortuga.-Xip-Xap.-Arian-Botey-1024x683.webp\" class=\"attachment-large size-large wp-image-3144\" alt=\"Titelles\" srcset=\"https:\/\/revistes.proscenium.cat\/wp-content\/uploads\/2025\/06\/Foto.-Sigues-Tortuga.-Xip-Xap.-Arian-Botey-1024x683.webp 1024w, https:\/\/revistes.proscenium.cat\/wp-content\/uploads\/2025\/06\/Foto.-Sigues-Tortuga.-Xip-Xap.-Arian-Botey-300x200.webp 300w, https:\/\/revistes.proscenium.cat\/wp-content\/uploads\/2025\/06\/Foto.-Sigues-Tortuga.-Xip-Xap.-Arian-Botey-768x512.webp 768w, https:\/\/revistes.proscenium.cat\/wp-content\/uploads\/2025\/06\/Foto.-Sigues-Tortuga.-Xip-Xap.-Arian-Botey-1536x1024.webp 1536w, https:\/\/revistes.proscenium.cat\/wp-content\/uploads\/2025\/06\/Foto.-Sigues-Tortuga.-Xip-Xap.-Arian-Botey-2048x1365.webp 2048w\" sizes=\"(max-width: 800px) 100vw, 800px\" \/>\t\t\t\t\t\t\t\t\t\t\t\t\t\t\t<\/div>\n\t\t\t\t<\/div>\n\t\t\t\t<div class=\"elementor-element elementor-element-b9cb769 elementor-widget-divider--view-line elementor-widget elementor-widget-divider\" data-id=\"b9cb769\" data-element_type=\"widget\" data-e-type=\"widget\" data-widget_type=\"divider.default\">\n\t\t\t\t<div class=\"elementor-widget-container\">\n\t\t\t\t\t\t\t<div class=\"elementor-divider\">\n\t\t\t<span class=\"elementor-divider-separator\">\n\t\t\t\t\t\t<\/span>\n\t\t<\/div>\n\t\t\t\t\t\t<\/div>\n\t\t\t\t<\/div>\n\t\t\t\t<div class=\"elementor-element elementor-element-e3869b6 elementor-widget elementor-widget-heading\" data-id=\"e3869b6\" data-element_type=\"widget\" data-e-type=\"widget\" data-widget_type=\"heading.default\">\n\t\t\t\t<div class=\"elementor-widget-container\">\n\t\t\t\t\t<h2 class=\"elementor-heading-title elementor-size-default\">se tortuga - Chip Chap<\/h2>\t\t\t\t<\/div>\n\t\t\t\t<\/div>\n\t\t\t\t<div class=\"elementor-element elementor-element-44e84e3 elementor-widget elementor-widget-text-editor\" data-id=\"44e84e3\" data-element_type=\"widget\" data-e-type=\"widget\" data-widget_type=\"text-editor.default\">\n\t\t\t\t<div class=\"elementor-widget-container\">\n\t\t\t\t\t\t\t\t\t<p>No es la \u00fanica adaptaci\u00f3n de Lleida, la gente de Xip Xap estren\u00f3 en el Fitkam Sigues Tortuga, un espect\u00e1culo que es la versi\u00f3n esc\u00e9nica del libro hom\u00f3nimo de Agust\u00edn Sanchez Aguilar (Premio Edeb\u00e9 de Literatura Infantil 2023). Con dramaturgia y direcci\u00f3n de Ramon Molins, los cuatro titiriteros nos cuentan la historia de cuatro tortugas que fichan un gallo para aprender a cantar. \u00a1A cantar quiz\u00e1s no, pero a amar ya disfrutar del camino, aprenden un mont\u00f3n!  <\/p>\t\t\t\t\t\t\t\t<\/div>\n\t\t\t\t<\/div>\n\t\t\t\t<\/div>\n\t\t<div data-particle_enable=\"false\" data-particle-mobile-disabled=\"false\" class=\"elementor-element elementor-element-0614d9c e-con-full e-flex elementor-invisible e-con e-child\" data-id=\"0614d9c\" data-element_type=\"container\" data-e-type=\"container\" data-settings=\"{&quot;background_background&quot;:&quot;classic&quot;,&quot;animation&quot;:&quot;fadeInRight&quot;}\">\n\t\t\t\t<div class=\"elementor-element elementor-element-c3e78ac elementor-widget elementor-widget-image\" data-id=\"c3e78ac\" data-element_type=\"widget\" data-e-type=\"widget\" data-widget_type=\"image.default\">\n\t\t\t\t<div class=\"elementor-widget-container\">\n\t\t\t\t\t\t\t\t\t\t\t\t\t\t\t<img loading=\"lazy\" decoding=\"async\" width=\"800\" height=\"533\" src=\"https:\/\/revistes.proscenium.cat\/wp-content\/uploads\/2025\/06\/03-TARZAN-Festuc-Teatre-980x653-1.jpg\" class=\"attachment-large size-large wp-image-3145\" alt=\"\" srcset=\"https:\/\/revistes.proscenium.cat\/wp-content\/uploads\/2025\/06\/03-TARZAN-Festuc-Teatre-980x653-1.jpg 980w, https:\/\/revistes.proscenium.cat\/wp-content\/uploads\/2025\/06\/03-TARZAN-Festuc-Teatre-980x653-1-300x200.jpg 300w, https:\/\/revistes.proscenium.cat\/wp-content\/uploads\/2025\/06\/03-TARZAN-Festuc-Teatre-980x653-1-768x512.jpg 768w\" sizes=\"(max-width: 800px) 100vw, 800px\" \/>\t\t\t\t\t\t\t\t\t\t\t\t\t\t\t<\/div>\n\t\t\t\t<\/div>\n\t\t\t\t<div class=\"elementor-element elementor-element-b2c014e elementor-widget-divider--view-line elementor-widget elementor-widget-divider\" data-id=\"b2c014e\" data-element_type=\"widget\" data-e-type=\"widget\" data-widget_type=\"divider.default\">\n\t\t\t\t<div class=\"elementor-widget-container\">\n\t\t\t\t\t\t\t<div class=\"elementor-divider\">\n\t\t\t<span class=\"elementor-divider-separator\">\n\t\t\t\t\t\t<\/span>\n\t\t<\/div>\n\t\t\t\t\t\t<\/div>\n\t\t\t\t<\/div>\n\t\t\t\t<div class=\"elementor-element elementor-element-bfddc59 elementor-widget elementor-widget-heading\" data-id=\"bfddc59\" data-element_type=\"widget\" data-e-type=\"widget\" data-widget_type=\"heading.default\">\n\t\t\t\t<div class=\"elementor-widget-container\">\n\t\t\t\t\t<h2 class=\"elementor-heading-title elementor-size-default\">Jo, Tarzan - Festuc Teatre<\/h2>\t\t\t\t<\/div>\n\t\t\t\t<\/div>\n\t\t\t\t<div class=\"elementor-element elementor-element-fc125de elementor-widget elementor-widget-text-editor\" data-id=\"fc125de\" data-element_type=\"widget\" data-e-type=\"widget\" data-widget_type=\"text-editor.default\">\n\t\t\t\t<div class=\"elementor-widget-container\">\n\t\t\t\t\t\t\t\t\t<p><span style=\"white-space-collapse: preserve;\">Pero los reyes de las adaptaciones son Festuc Teatre. Tras cl\u00e1sicos como Peter Pan o Aladdin, han estrenado Jo, Tarzan, a partir de la famosa historia del ni\u00f1o salvaje. Con gui\u00f1os a la actualidad, canciones, humor y una escenograf\u00eda cautivadora, los Festuc se ponen al p\u00fablico en el bolsillo. Adem\u00e1s de un adulto se le cay\u00f3 la l\u00e1grima.   <\/span><\/p>\t\t\t\t\t\t\t\t<\/div>\n\t\t\t\t<\/div>\n\t\t\t\t<\/div>\n\t\t\t\t<\/div>\n\t\t\t\t<\/div>\n\t\t<div data-particle_enable=\"false\" data-particle-mobile-disabled=\"false\" class=\"elementor-element elementor-element-4b5a235 e-con-full e-flex e-con e-parent\" data-id=\"4b5a235\" data-element_type=\"container\" data-e-type=\"container\" data-settings=\"{&quot;background_background&quot;:&quot;classic&quot;}\">\n\t\t<div data-particle_enable=\"false\" data-particle-mobile-disabled=\"false\" class=\"elementor-element elementor-element-86f0910 e-con-full e-flex e-con e-child\" data-id=\"86f0910\" data-element_type=\"container\" data-e-type=\"container\">\n\t\t<div data-particle_enable=\"false\" data-particle-mobile-disabled=\"false\" class=\"elementor-element elementor-element-3359124 e-con-full e-flex e-con e-child\" data-id=\"3359124\" data-element_type=\"container\" data-e-type=\"container\">\n\t\t\t\t<div class=\"elementor-element elementor-element-12080d6 elementor-widget elementor-widget-image\" data-id=\"12080d6\" data-element_type=\"widget\" data-e-type=\"widget\" data-widget_type=\"image.default\">\n\t\t\t\t<div class=\"elementor-widget-container\">\n\t\t\t\t\t\t\t\t\t\t\t\t\t\t\t<img loading=\"lazy\" decoding=\"async\" width=\"800\" height=\"600\" src=\"https:\/\/revistes.proscenium.cat\/wp-content\/uploads\/2025\/06\/Matres_CQP_Blanca-Martinez-1024x768.webp\" class=\"attachment-large size-large wp-image-3136\" alt=\"Obra amb titelles\" srcset=\"https:\/\/revistes.proscenium.cat\/wp-content\/uploads\/2025\/06\/Matres_CQP_Blanca-Martinez-1024x768.webp 1024w, https:\/\/revistes.proscenium.cat\/wp-content\/uploads\/2025\/06\/Matres_CQP_Blanca-Martinez-300x225.webp 300w, https:\/\/revistes.proscenium.cat\/wp-content\/uploads\/2025\/06\/Matres_CQP_Blanca-Martinez-768x576.webp 768w, https:\/\/revistes.proscenium.cat\/wp-content\/uploads\/2025\/06\/Matres_CQP_Blanca-Martinez.webp 1440w\" sizes=\"(max-width: 800px) 100vw, 800px\" \/>\t\t\t\t\t\t\t\t\t\t\t\t\t\t\t<\/div>\n\t\t\t\t<\/div>\n\t\t\t\t<\/div>\n\t\t<div data-particle_enable=\"false\" data-particle-mobile-disabled=\"false\" class=\"elementor-element elementor-element-e1d88f2 e-con-full e-flex e-con e-child\" data-id=\"e1d88f2\" data-element_type=\"container\" data-e-type=\"container\">\n\t\t\t\t<div class=\"elementor-element elementor-element-87975f7 elementor-widget elementor-widget-image\" data-id=\"87975f7\" data-element_type=\"widget\" data-e-type=\"widget\" data-widget_type=\"image.default\">\n\t\t\t\t<div class=\"elementor-widget-container\">\n\t\t\t\t\t\t\t\t\t\t\t\t\t\t\t<img loading=\"lazy\" decoding=\"async\" width=\"800\" height=\"600\" src=\"https:\/\/revistes.proscenium.cat\/wp-content\/uploads\/2025\/06\/Matres-CQP-1-1024x768.jpg\" class=\"attachment-large size-large wp-image-3137\" alt=\"Titella\" srcset=\"https:\/\/revistes.proscenium.cat\/wp-content\/uploads\/2025\/06\/Matres-CQP-1-1024x768.jpg 1024w, https:\/\/revistes.proscenium.cat\/wp-content\/uploads\/2025\/06\/Matres-CQP-1-300x225.jpg 300w, https:\/\/revistes.proscenium.cat\/wp-content\/uploads\/2025\/06\/Matres-CQP-1-768x576.jpg 768w, https:\/\/revistes.proscenium.cat\/wp-content\/uploads\/2025\/06\/Matres-CQP-1.jpg 1440w\" sizes=\"(max-width: 800px) 100vw, 800px\" \/>\t\t\t\t\t\t\t\t\t\t\t\t\t\t\t<\/div>\n\t\t\t\t<\/div>\n\t\t\t\t<\/div>\n\t\t\t\t<\/div>\n\t\t<div data-particle_enable=\"false\" data-particle-mobile-disabled=\"false\" class=\"elementor-element elementor-element-d572a96 e-con-full e-flex e-con e-child\" data-id=\"d572a96\" data-element_type=\"container\" data-e-type=\"container\">\n\t\t\t\t<div class=\"elementor-element elementor-element-da6e6f7 elementor-widget-divider--view-line elementor-invisible elementor-widget elementor-widget-divider\" data-id=\"da6e6f7\" data-element_type=\"widget\" data-e-type=\"widget\" data-settings=\"{&quot;_animation&quot;:&quot;fadeInRight&quot;}\" data-widget_type=\"divider.default\">\n\t\t\t\t<div class=\"elementor-widget-container\">\n\t\t\t\t\t\t\t<div class=\"elementor-divider\">\n\t\t\t<span class=\"elementor-divider-separator\">\n\t\t\t\t\t\t<\/span>\n\t\t<\/div>\n\t\t\t\t\t\t<\/div>\n\t\t\t\t<\/div>\n\t\t\t\t<div class=\"elementor-element elementor-element-40400f9 elementor-invisible elementor-widget elementor-widget-heading\" data-id=\"40400f9\" data-element_type=\"widget\" data-e-type=\"widget\" data-settings=\"{&quot;_animation&quot;:&quot;fadeInUp&quot;}\" data-widget_type=\"heading.default\">\n\t\t\t\t<div class=\"elementor-widget-container\">\n\t\t\t\t\t<h3 class=\"elementor-heading-title elementor-size-default\">Matres - Campi qui pugui<\/h3>\t\t\t\t<\/div>\n\t\t\t\t<\/div>\n\t\t\t\t<div class=\"elementor-element elementor-element-52942b3 elementor-invisible elementor-widget elementor-widget-text-editor\" data-id=\"52942b3\" data-element_type=\"widget\" data-e-type=\"widget\" data-settings=\"{&quot;_animation&quot;:&quot;fadeInLeft&quot;}\" data-widget_type=\"text-editor.default\">\n\t\t\t\t<div class=\"elementor-widget-container\">\n\t\t\t\t\t\t\t\t\t<p>Sin irse de las l\u00e1grimas, seguramente el espect\u00e1culo m\u00e1s emotivo estrenado este \u00faltimo a\u00f1o es Matres, de la compa\u00f1\u00eda Campi qui pugui. A partir de la vivencia personal de uno de los int\u00e9rpretes, Jordi Pedr\u00f3s, y con el know-how de la gran Rosa D\u00edaz despliegan un recorrido vital por la infancia de un ni\u00f1o con tres madres. M\u00e1scaras, t\u00edteres y teatro de texto de gran calidad para acercar temas como la muerte a todos los p\u00fablicos.  <\/p>\t\t\t\t\t\t\t\t<\/div>\n\t\t\t\t<\/div>\n\t\t\t\t<div class=\"elementor-element elementor-element-e333346 elementor-invisible elementor-widget elementor-widget-text-editor\" data-id=\"e333346\" data-element_type=\"widget\" data-e-type=\"widget\" data-settings=\"{&quot;_animation&quot;:&quot;fadeInLeft&quot;}\" data-widget_type=\"text-editor.default\">\n\t\t\t\t<div class=\"elementor-widget-container\">\n\t\t\t\t\t\t\t\t\t<p><span style=\"white-space-collapse: preserve;\">Si bien el teatro para adultos est\u00e1 acomplejado y encorsetado por el centralismo, no ocurre as\u00ed en el caso que nos ocupa. A menudo el teatro familiar triunfa m\u00e1s fuera de Barcelona (e incluso de Catalunya) que en la capital. Sin embargo, hay iniciativas para revertir esta tendencia y entre festivales, salas y otros, la cosa va cambiando.   <\/span><\/p>\t\t\t\t\t\t\t\t<\/div>\n\t\t\t\t<\/div>\n\t\t\t\t<\/div>\n\t\t\t\t<\/div>\n\t\t<div data-particle_enable=\"false\" data-particle-mobile-disabled=\"false\" class=\"elementor-element elementor-element-00f998b e-con-full e-flex e-con e-parent\" data-id=\"00f998b\" data-element_type=\"container\" data-e-type=\"container\" data-settings=\"{&quot;background_background&quot;:&quot;classic&quot;}\">\n\t\t<div data-particle_enable=\"false\" data-particle-mobile-disabled=\"false\" class=\"elementor-element elementor-element-0985099 e-con-full e-flex e-con e-child\" data-id=\"0985099\" data-element_type=\"container\" data-e-type=\"container\">\n\t\t\t\t<div class=\"elementor-element elementor-element-60260df elementor-widget-divider--view-line elementor-invisible elementor-widget elementor-widget-divider\" data-id=\"60260df\" data-element_type=\"widget\" data-e-type=\"widget\" data-settings=\"{&quot;_animation&quot;:&quot;fadeInRight&quot;}\" data-widget_type=\"divider.default\">\n\t\t\t\t<div class=\"elementor-widget-container\">\n\t\t\t\t\t\t\t<div class=\"elementor-divider\">\n\t\t\t<span class=\"elementor-divider-separator\">\n\t\t\t\t\t\t<\/span>\n\t\t<\/div>\n\t\t\t\t\t\t<\/div>\n\t\t\t\t<\/div>\n\t\t\t\t<div class=\"elementor-element elementor-element-0d76154 elementor-invisible elementor-widget elementor-widget-heading\" data-id=\"0d76154\" data-element_type=\"widget\" data-e-type=\"widget\" data-settings=\"{&quot;_animation&quot;:&quot;fadeInUp&quot;}\" data-widget_type=\"heading.default\">\n\t\t\t\t<div class=\"elementor-widget-container\">\n\t\t\t\t\t<h3 class=\"elementor-heading-title elementor-size-default\">Tumbalafusta - La Ruta 40 | L'Anorak - \u00cdntims Produccions<\/h3>\t\t\t\t<\/div>\n\t\t\t\t<\/div>\n\t\t\t\t<div class=\"elementor-element elementor-element-72ddf58 elementor-invisible elementor-widget elementor-widget-text-editor\" data-id=\"72ddf58\" data-element_type=\"widget\" data-e-type=\"widget\" data-settings=\"{&quot;_animation&quot;:&quot;fadeInLeft&quot;}\" data-widget_type=\"text-editor.default\">\n\t\t\t\t<div class=\"elementor-widget-container\">\n\t\t\t\t\t\t\t\t\t<p><span style=\"white-space-collapse: preserve;\">En el Teatre Lliure han apostado por los proyectos de dos compa\u00f1\u00edas no habituales en teatro familiar (otro mel\u00f3n por abrir). En primer lugar, La Ruta 40, con la complicidad de Xavier Bob\u00e9s y Pau Matas, presentaron Tumbalafusta, un juego imaginativo con la madera como gran protagonista. Y los leridanos \u00cdntimos Producciones estrenaban, poco despu\u00e9s, L&#8217;anorak, una versi\u00f3n del cuento de Nikolai V. G\u00f3gol. En un espacio esc\u00e9nico muy cuidado, en la absoluta miseria, hacen crecer esta historia hasta transformarla casi en una f\u00e1bula anticapitalista.   <\/span><\/p>\t\t\t\t\t\t\t\t<\/div>\n\t\t\t\t<\/div>\n\t\t\t\t<\/div>\n\t\t<div data-particle_enable=\"false\" data-particle-mobile-disabled=\"false\" class=\"elementor-element elementor-element-bb0a160 e-con-full e-flex e-con e-child\" data-id=\"bb0a160\" data-element_type=\"container\" data-e-type=\"container\">\n\t\t\t\t<div class=\"elementor-element elementor-element-4243603 elementor-widget elementor-widget-image\" data-id=\"4243603\" data-element_type=\"widget\" data-e-type=\"widget\" data-widget_type=\"image.default\">\n\t\t\t\t<div class=\"elementor-widget-container\">\n\t\t\t\t\t\t\t\t\t\t\t\t\t\t\t<img loading=\"lazy\" decoding=\"async\" width=\"800\" height=\"534\" src=\"https:\/\/revistes.proscenium.cat\/wp-content\/uploads\/2025\/06\/tumbagrec-85-scaled-1.jpg\" class=\"attachment-large size-large wp-image-3138\" alt=\"Actors amb peces de fusta\" srcset=\"https:\/\/revistes.proscenium.cat\/wp-content\/uploads\/2025\/06\/tumbagrec-85-scaled-1.jpg 1000w, https:\/\/revistes.proscenium.cat\/wp-content\/uploads\/2025\/06\/tumbagrec-85-scaled-1-300x200.jpg 300w, https:\/\/revistes.proscenium.cat\/wp-content\/uploads\/2025\/06\/tumbagrec-85-scaled-1-768x512.jpg 768w\" sizes=\"(max-width: 800px) 100vw, 800px\" \/>\t\t\t\t\t\t\t\t\t\t\t\t\t\t\t<\/div>\n\t\t\t\t<\/div>\n\t\t\t\t<\/div>\n\t\t<div data-particle_enable=\"false\" data-particle-mobile-disabled=\"false\" class=\"elementor-element elementor-element-017376c e-con-full e-flex e-con e-child\" data-id=\"017376c\" data-element_type=\"container\" data-e-type=\"container\">\n\t\t\t\t<div class=\"elementor-element elementor-element-e47ff1a elementor-widget-divider--view-line elementor-invisible elementor-widget elementor-widget-divider\" data-id=\"e47ff1a\" data-element_type=\"widget\" data-e-type=\"widget\" data-settings=\"{&quot;_animation&quot;:&quot;fadeInRight&quot;}\" data-widget_type=\"divider.default\">\n\t\t\t\t<div class=\"elementor-widget-container\">\n\t\t\t\t\t\t\t<div class=\"elementor-divider\">\n\t\t\t<span class=\"elementor-divider-separator\">\n\t\t\t\t\t\t<\/span>\n\t\t<\/div>\n\t\t\t\t\t\t<\/div>\n\t\t\t\t<\/div>\n\t\t\t\t<div class=\"elementor-element elementor-element-347b3c6 elementor-invisible elementor-widget elementor-widget-heading\" data-id=\"347b3c6\" data-element_type=\"widget\" data-e-type=\"widget\" data-settings=\"{&quot;_animation&quot;:&quot;fadeInUp&quot;}\" data-widget_type=\"heading.default\">\n\t\t\t\t<div class=\"elementor-widget-container\">\n\t\t\t\t\t<h3 class=\"elementor-heading-title elementor-size-default\">Vai Vai - Xirriquiteula amb Zebu<\/h3>\t\t\t\t<\/div>\n\t\t\t\t<\/div>\n\t\t\t\t<div class=\"elementor-element elementor-element-23952f4 elementor-invisible elementor-widget elementor-widget-text-editor\" data-id=\"23952f4\" data-element_type=\"widget\" data-e-type=\"widget\" data-settings=\"{&quot;_animation&quot;:&quot;fadeInLeft&quot;}\" data-widget_type=\"text-editor.default\">\n\t\t\t\t<div class=\"elementor-widget-container\">\n\t\t\t\t\t\t\t\t\t<p>Donde se cultiva el mejor teatro familiar de Barcelona est\u00e1 en el SAT!, en el barrio de Sant Andreu. All\u00ed Xirriquiteula present\u00f3, en el marco del Festival Grec, Vai Via. Con la alianza de la compa\u00f1\u00eda danesa ZeBu, presentan un solo de gesto y objetos protagonizado por una sintecho. Un repaso por la vida entregada de una mujer y un final injusto, con una casa del tama\u00f1o de un contrabajo.   <\/p>\t\t\t\t\t\t\t\t<\/div>\n\t\t\t\t<\/div>\n\t\t\t\t<\/div>\n\t\t<div data-particle_enable=\"false\" data-particle-mobile-disabled=\"false\" class=\"elementor-element elementor-element-73e8ca2 e-con-full e-flex e-con e-child\" data-id=\"73e8ca2\" data-element_type=\"container\" data-e-type=\"container\">\n\t\t\t\t<div class=\"elementor-element elementor-element-6d7e997 elementor-widget elementor-widget-image\" data-id=\"6d7e997\" data-element_type=\"widget\" data-e-type=\"widget\" data-widget_type=\"image.default\">\n\t\t\t\t<div class=\"elementor-widget-container\">\n\t\t\t\t\t\t\t\t\t\t\t\t\t\t\t<img loading=\"lazy\" decoding=\"async\" width=\"800\" height=\"534\" src=\"https:\/\/revistes.proscenium.cat\/wp-content\/uploads\/2025\/06\/IMG-20241017-WA0010-1024x683.jpg\" class=\"attachment-large size-large wp-image-3139\" alt=\"Obra amb un contrabaix\" srcset=\"https:\/\/revistes.proscenium.cat\/wp-content\/uploads\/2025\/06\/IMG-20241017-WA0010-1024x683.jpg 1024w, https:\/\/revistes.proscenium.cat\/wp-content\/uploads\/2025\/06\/IMG-20241017-WA0010-300x200.jpg 300w, https:\/\/revistes.proscenium.cat\/wp-content\/uploads\/2025\/06\/IMG-20241017-WA0010-768x512.jpg 768w, https:\/\/revistes.proscenium.cat\/wp-content\/uploads\/2025\/06\/IMG-20241017-WA0010.jpg 1280w\" sizes=\"(max-width: 800px) 100vw, 800px\" \/>\t\t\t\t\t\t\t\t\t\t\t\t\t\t\t<\/div>\n\t\t\t\t<\/div>\n\t\t\t\t<\/div>\n\t\t\t\t<\/div>\n\t\t<div data-particle_enable=\"false\" data-particle-mobile-disabled=\"false\" class=\"elementor-element elementor-element-6300062 e-con-full e-flex e-con e-parent\" data-id=\"6300062\" data-element_type=\"container\" data-e-type=\"container\" data-settings=\"{&quot;background_background&quot;:&quot;classic&quot;}\">\n\t\t<div data-particle_enable=\"false\" data-particle-mobile-disabled=\"false\" class=\"elementor-element elementor-element-8c3cd6f e-con-full e-flex e-con e-child\" data-id=\"8c3cd6f\" data-element_type=\"container\" data-e-type=\"container\">\n\t\t<div data-particle_enable=\"false\" data-particle-mobile-disabled=\"false\" class=\"elementor-element elementor-element-aa09cdd e-con-full e-flex e-con e-child\" data-id=\"aa09cdd\" data-element_type=\"container\" data-e-type=\"container\">\n\t\t\t\t<div class=\"elementor-element elementor-element-dd4aba6 e-transform e-transform elementor-widget elementor-widget-image\" data-id=\"dd4aba6\" data-element_type=\"widget\" data-e-type=\"widget\" data-settings=\"{&quot;motion_fx_motion_fx_scrolling&quot;:&quot;yes&quot;,&quot;motion_fx_translateY_effect&quot;:&quot;yes&quot;,&quot;_transform_translateX_effect&quot;:{&quot;unit&quot;:&quot;px&quot;,&quot;size&quot;:-61,&quot;sizes&quot;:[]},&quot;_transform_translateY_effect&quot;:{&quot;unit&quot;:&quot;px&quot;,&quot;size&quot;:-415,&quot;sizes&quot;:[]},&quot;_transform_scale_effect&quot;:{&quot;unit&quot;:&quot;px&quot;,&quot;size&quot;:2,&quot;sizes&quot;:[]},&quot;motion_fx_translateY_affectedRange&quot;:{&quot;unit&quot;:&quot;%&quot;,&quot;size&quot;:&quot;&quot;,&quot;sizes&quot;:{&quot;start&quot;:27,&quot;end&quot;:64}},&quot;_transform_translateX_effect_tablet_extra&quot;:{&quot;unit&quot;:&quot;px&quot;,&quot;size&quot;:12,&quot;sizes&quot;:[]},&quot;_transform_translateX_effect_tablet&quot;:{&quot;unit&quot;:&quot;px&quot;,&quot;size&quot;:12,&quot;sizes&quot;:[]},&quot;_transform_translateX_effect_mobile&quot;:{&quot;unit&quot;:&quot;px&quot;,&quot;size&quot;:-36,&quot;sizes&quot;:[]},&quot;_transform_translateY_effect_mobile&quot;:{&quot;unit&quot;:&quot;px&quot;,&quot;size&quot;:109,&quot;sizes&quot;:[]},&quot;_transform_scale_effect_tablet&quot;:{&quot;unit&quot;:&quot;px&quot;,&quot;size&quot;:2,&quot;sizes&quot;:[]},&quot;motion_fx_translateY_speed&quot;:{&quot;unit&quot;:&quot;px&quot;,&quot;size&quot;:4,&quot;sizes&quot;:[]},&quot;motion_fx_devices&quot;:[&quot;desktop&quot;,&quot;tablet_extra&quot;,&quot;tablet&quot;,&quot;mobile&quot;],&quot;_transform_translateY_effect_tablet_extra&quot;:{&quot;unit&quot;:&quot;px&quot;,&quot;size&quot;:&quot;&quot;,&quot;sizes&quot;:[]},&quot;_transform_translateY_effect_tablet&quot;:{&quot;unit&quot;:&quot;px&quot;,&quot;size&quot;:&quot;&quot;,&quot;sizes&quot;:[]},&quot;_transform_scale_effect_tablet_extra&quot;:{&quot;unit&quot;:&quot;px&quot;,&quot;size&quot;:&quot;&quot;,&quot;sizes&quot;:[]},&quot;_transform_scale_effect_mobile&quot;:{&quot;unit&quot;:&quot;px&quot;,&quot;size&quot;:&quot;&quot;,&quot;sizes&quot;:[]}}\" data-widget_type=\"image.default\">\n\t\t\t\t<div class=\"elementor-widget-container\">\n\t\t\t\t\t\t\t\t\t\t\t\t\t\t\t<img loading=\"lazy\" decoding=\"async\" width=\"800\" height=\"534\" src=\"https:\/\/revistes.proscenium.cat\/wp-content\/uploads\/2025\/06\/width_1600-1024x683.webp\" class=\"attachment-large size-large wp-image-3146\" alt=\"Actors amb attrezzo\" srcset=\"https:\/\/revistes.proscenium.cat\/wp-content\/uploads\/2025\/06\/width_1600-1024x683.webp 1024w, https:\/\/revistes.proscenium.cat\/wp-content\/uploads\/2025\/06\/width_1600-300x200.webp 300w, https:\/\/revistes.proscenium.cat\/wp-content\/uploads\/2025\/06\/width_1600-768x512.webp 768w, https:\/\/revistes.proscenium.cat\/wp-content\/uploads\/2025\/06\/width_1600-1536x1024.webp 1536w, https:\/\/revistes.proscenium.cat\/wp-content\/uploads\/2025\/06\/width_1600.webp 1600w\" sizes=\"(max-width: 800px) 100vw, 800px\" \/>\t\t\t\t\t\t\t\t\t\t\t\t\t\t\t<\/div>\n\t\t\t\t<\/div>\n\t\t\t\t<\/div>\n\t\t<div data-particle_enable=\"false\" data-particle-mobile-disabled=\"false\" class=\"elementor-element elementor-element-6b18226 e-con-full e-flex e-con e-child\" data-id=\"6b18226\" data-element_type=\"container\" data-e-type=\"container\">\n\t\t\t\t<div class=\"elementor-element elementor-element-64f435e e-transform e-transform elementor-widget elementor-widget-image\" data-id=\"64f435e\" data-element_type=\"widget\" data-e-type=\"widget\" data-settings=\"{&quot;motion_fx_motion_fx_scrolling&quot;:&quot;yes&quot;,&quot;motion_fx_translateY_effect&quot;:&quot;yes&quot;,&quot;_transform_translateX_effect&quot;:{&quot;unit&quot;:&quot;px&quot;,&quot;size&quot;:-61,&quot;sizes&quot;:[]},&quot;_transform_scale_effect&quot;:{&quot;unit&quot;:&quot;px&quot;,&quot;size&quot;:1.5,&quot;sizes&quot;:[]},&quot;motion_fx_translateY_speed&quot;:{&quot;unit&quot;:&quot;px&quot;,&quot;size&quot;:7,&quot;sizes&quot;:[]},&quot;motion_fx_translateY_affectedRange&quot;:{&quot;unit&quot;:&quot;%&quot;,&quot;size&quot;:&quot;&quot;,&quot;sizes&quot;:{&quot;start&quot;:20,&quot;end&quot;:74}},&quot;_transform_translateX_effect_mobile&quot;:{&quot;unit&quot;:&quot;px&quot;,&quot;size&quot;:85,&quot;sizes&quot;:[]},&quot;_transform_translateY_effect_mobile&quot;:{&quot;unit&quot;:&quot;px&quot;,&quot;size&quot;:172,&quot;sizes&quot;:[]},&quot;_transform_scale_effect_tablet_extra&quot;:{&quot;unit&quot;:&quot;px&quot;,&quot;size&quot;:2,&quot;sizes&quot;:[]},&quot;_transform_scale_effect_tablet&quot;:{&quot;unit&quot;:&quot;px&quot;,&quot;size&quot;:2,&quot;sizes&quot;:[]},&quot;motion_fx_devices&quot;:[&quot;desktop&quot;,&quot;tablet_extra&quot;,&quot;tablet&quot;,&quot;mobile&quot;],&quot;_transform_translateX_effect_tablet_extra&quot;:{&quot;unit&quot;:&quot;px&quot;,&quot;size&quot;:&quot;&quot;,&quot;sizes&quot;:[]},&quot;_transform_translateX_effect_tablet&quot;:{&quot;unit&quot;:&quot;px&quot;,&quot;size&quot;:&quot;&quot;,&quot;sizes&quot;:[]},&quot;_transform_translateY_effect&quot;:{&quot;unit&quot;:&quot;px&quot;,&quot;size&quot;:&quot;&quot;,&quot;sizes&quot;:[]},&quot;_transform_translateY_effect_tablet_extra&quot;:{&quot;unit&quot;:&quot;px&quot;,&quot;size&quot;:&quot;&quot;,&quot;sizes&quot;:[]},&quot;_transform_translateY_effect_tablet&quot;:{&quot;unit&quot;:&quot;px&quot;,&quot;size&quot;:&quot;&quot;,&quot;sizes&quot;:[]},&quot;_transform_scale_effect_mobile&quot;:{&quot;unit&quot;:&quot;px&quot;,&quot;size&quot;:&quot;&quot;,&quot;sizes&quot;:[]}}\" data-widget_type=\"image.default\">\n\t\t\t\t<div class=\"elementor-widget-container\">\n\t\t\t\t\t\t\t\t\t\t\t\t\t\t\t<img loading=\"lazy\" decoding=\"async\" width=\"800\" height=\"533\" src=\"https:\/\/revistes.proscenium.cat\/wp-content\/uploads\/2025\/06\/TEATRE-BARCELONA-Mac-mec-mic-1100x733-1-1024x682.webp\" class=\"attachment-large size-large wp-image-3147\" alt=\"Mic\" srcset=\"https:\/\/revistes.proscenium.cat\/wp-content\/uploads\/2025\/06\/TEATRE-BARCELONA-Mac-mec-mic-1100x733-1-1024x682.webp 1024w, https:\/\/revistes.proscenium.cat\/wp-content\/uploads\/2025\/06\/TEATRE-BARCELONA-Mac-mec-mic-1100x733-1-300x200.webp 300w, https:\/\/revistes.proscenium.cat\/wp-content\/uploads\/2025\/06\/TEATRE-BARCELONA-Mac-mec-mic-1100x733-1-768x512.webp 768w, https:\/\/revistes.proscenium.cat\/wp-content\/uploads\/2025\/06\/TEATRE-BARCELONA-Mac-mec-mic-1100x733-1.webp 1100w\" sizes=\"(max-width: 800px) 100vw, 800px\" \/>\t\t\t\t\t\t\t\t\t\t\t\t\t\t\t<\/div>\n\t\t\t\t<\/div>\n\t\t\t\t<div class=\"elementor-element elementor-element-e8e7f2c e-transform e-transform elementor-widget elementor-widget-image\" data-id=\"e8e7f2c\" data-element_type=\"widget\" data-e-type=\"widget\" data-settings=\"{&quot;motion_fx_motion_fx_scrolling&quot;:&quot;yes&quot;,&quot;motion_fx_translateY_effect&quot;:&quot;yes&quot;,&quot;_transform_translateX_effect&quot;:{&quot;unit&quot;:&quot;px&quot;,&quot;size&quot;:-293,&quot;sizes&quot;:[]},&quot;_transform_scale_effect&quot;:{&quot;unit&quot;:&quot;px&quot;,&quot;size&quot;:1.7,&quot;sizes&quot;:[]},&quot;motion_fx_translateY_speed&quot;:{&quot;unit&quot;:&quot;px&quot;,&quot;size&quot;:6.5,&quot;sizes&quot;:[]},&quot;motion_fx_translateY_affectedRange&quot;:{&quot;unit&quot;:&quot;%&quot;,&quot;size&quot;:&quot;&quot;,&quot;sizes&quot;:{&quot;start&quot;:22,&quot;end&quot;:78}},&quot;_transform_translateX_effect_tablet_extra&quot;:{&quot;unit&quot;:&quot;px&quot;,&quot;size&quot;:-183,&quot;sizes&quot;:[]},&quot;_transform_translateX_effect_tablet&quot;:{&quot;unit&quot;:&quot;px&quot;,&quot;size&quot;:-183,&quot;sizes&quot;:[]},&quot;_transform_translateX_effect_mobile&quot;:{&quot;unit&quot;:&quot;px&quot;,&quot;size&quot;:-61,&quot;sizes&quot;:[]},&quot;_transform_translateY_effect_tablet_extra&quot;:{&quot;unit&quot;:&quot;px&quot;,&quot;size&quot;:0,&quot;sizes&quot;:[]},&quot;_transform_scale_effect_tablet&quot;:{&quot;unit&quot;:&quot;px&quot;,&quot;size&quot;:2,&quot;sizes&quot;:[]},&quot;motion_fx_devices&quot;:[&quot;desktop&quot;,&quot;tablet_extra&quot;,&quot;tablet&quot;,&quot;mobile&quot;],&quot;_transform_translateY_effect&quot;:{&quot;unit&quot;:&quot;px&quot;,&quot;size&quot;:&quot;&quot;,&quot;sizes&quot;:[]},&quot;_transform_translateY_effect_tablet&quot;:{&quot;unit&quot;:&quot;px&quot;,&quot;size&quot;:&quot;&quot;,&quot;sizes&quot;:[]},&quot;_transform_translateY_effect_mobile&quot;:{&quot;unit&quot;:&quot;px&quot;,&quot;size&quot;:&quot;&quot;,&quot;sizes&quot;:[]},&quot;_transform_scale_effect_tablet_extra&quot;:{&quot;unit&quot;:&quot;px&quot;,&quot;size&quot;:&quot;&quot;,&quot;sizes&quot;:[]},&quot;_transform_scale_effect_mobile&quot;:{&quot;unit&quot;:&quot;px&quot;,&quot;size&quot;:&quot;&quot;,&quot;sizes&quot;:[]}}\" data-widget_type=\"image.default\">\n\t\t\t\t<div class=\"elementor-widget-container\">\n\t\t\t\t\t\t\t\t\t\t\t\t\t\t\t<img loading=\"lazy\" decoding=\"async\" width=\"800\" height=\"450\" src=\"https:\/\/revistes.proscenium.cat\/wp-content\/uploads\/2025\/06\/T24_EL_FIL_139-1024x576.jpg\" class=\"attachment-large size-large wp-image-3148\" alt=\"Noia amb els bra\u00e7os oberts\" srcset=\"https:\/\/revistes.proscenium.cat\/wp-content\/uploads\/2025\/06\/T24_EL_FIL_139-1024x576.jpg 1024w, https:\/\/revistes.proscenium.cat\/wp-content\/uploads\/2025\/06\/T24_EL_FIL_139-300x169.jpg 300w, https:\/\/revistes.proscenium.cat\/wp-content\/uploads\/2025\/06\/T24_EL_FIL_139-768x432.jpg 768w, https:\/\/revistes.proscenium.cat\/wp-content\/uploads\/2025\/06\/T24_EL_FIL_139-1536x864.jpg 1536w, https:\/\/revistes.proscenium.cat\/wp-content\/uploads\/2025\/06\/T24_EL_FIL_139.jpg 1600w\" sizes=\"(max-width: 800px) 100vw, 800px\" \/>\t\t\t\t\t\t\t\t\t\t\t\t\t\t\t<\/div>\n\t\t\t\t<\/div>\n\t\t\t\t<\/div>\n\t\t\t\t<\/div>\n\t\t<div data-particle_enable=\"false\" data-particle-mobile-disabled=\"false\" class=\"elementor-element elementor-element-93679e6 e-con-full e-flex e-con e-child\" data-id=\"93679e6\" data-element_type=\"container\" data-e-type=\"container\">\n\t\t<div data-particle_enable=\"false\" data-particle-mobile-disabled=\"false\" class=\"elementor-element elementor-element-6967089 e-con-full e-flex e-con e-child\" data-id=\"6967089\" data-element_type=\"container\" data-e-type=\"container\">\n\t\t\t\t<div class=\"elementor-element elementor-element-521adb8 elementor-widget-divider--view-line elementor-invisible elementor-widget elementor-widget-divider\" data-id=\"521adb8\" data-element_type=\"widget\" data-e-type=\"widget\" data-settings=\"{&quot;_animation&quot;:&quot;fadeInRight&quot;}\" data-widget_type=\"divider.default\">\n\t\t\t\t<div class=\"elementor-widget-container\">\n\t\t\t\t\t\t\t<div class=\"elementor-divider\">\n\t\t\t<span class=\"elementor-divider-separator\">\n\t\t\t\t\t\t<\/span>\n\t\t<\/div>\n\t\t\t\t\t\t<\/div>\n\t\t\t\t<\/div>\n\t\t\t\t<div class=\"elementor-element elementor-element-efd1124 elementor-invisible elementor-widget elementor-widget-heading\" data-id=\"efd1124\" data-element_type=\"widget\" data-e-type=\"widget\" data-settings=\"{&quot;_animation&quot;:&quot;fadeInUp&quot;}\" data-widget_type=\"heading.default\">\n\t\t\t\t<div class=\"elementor-widget-container\">\n\t\t\t\t\t<h3 class=\"elementor-heading-title elementor-size-default\">Com qui sent ploure - Desasosiego<\/h3>\t\t\t\t<\/div>\n\t\t\t\t<\/div>\n\t\t\t\t<div class=\"elementor-element elementor-element-ca89af3 elementor-invisible elementor-widget elementor-widget-text-editor\" data-id=\"ca89af3\" data-element_type=\"widget\" data-e-type=\"widget\" data-settings=\"{&quot;_animation&quot;:&quot;fadeInLeft&quot;}\" data-widget_type=\"text-editor.default\">\n\t\t\t\t<div class=\"elementor-widget-container\">\n\t\t\t\t\t\t\t\t\t<p>Ni el sinhogarismo, ni la muerte, ni la explotaci\u00f3n laboral son tab\u00faes en el teatro para todos los p\u00fablicos. La actualidad se conjuga tambi\u00e9n en familia. Y otro tema en el orden del d\u00eda es la sequ\u00eda. Cuando la compa\u00f1\u00eda Desasosiego recibi\u00f3 el encargo de la Merced Arts de Carrer, se pusieron a crear Com qui sent ploure. La propuesta de esta joven compa\u00f1\u00eda, a medio camino entre la instalaci\u00f3n y el cuentacuentos, cuenta la historia de un peque\u00f1o pueblo, Barrals, donde hace tiempo que no llueve. Para los que disfrutamos en el Parque de la Estaci\u00f3n del Norte, fue un trago de agua fresco en plena ola de calor.     <\/p>\t\t\t\t\t\t\t\t<\/div>\n\t\t\t\t<\/div>\n\t\t\t\t<\/div>\n\t\t<div data-particle_enable=\"false\" data-particle-mobile-disabled=\"false\" class=\"elementor-element elementor-element-79d2df9 e-con-full e-flex e-con e-child\" data-id=\"79d2df9\" data-element_type=\"container\" data-e-type=\"container\">\n\t\t\t\t<div class=\"elementor-element elementor-element-011a4ff elementor-widget-divider--view-line elementor-invisible elementor-widget elementor-widget-divider\" data-id=\"011a4ff\" data-element_type=\"widget\" data-e-type=\"widget\" data-settings=\"{&quot;_animation&quot;:&quot;fadeInRight&quot;}\" data-widget_type=\"divider.default\">\n\t\t\t\t<div class=\"elementor-widget-container\">\n\t\t\t\t\t\t\t<div class=\"elementor-divider\">\n\t\t\t<span class=\"elementor-divider-separator\">\n\t\t\t\t\t\t<\/span>\n\t\t<\/div>\n\t\t\t\t\t\t<\/div>\n\t\t\t\t<\/div>\n\t\t\t\t<div class=\"elementor-element elementor-element-3ae0b7b elementor-invisible elementor-widget elementor-widget-heading\" data-id=\"3ae0b7b\" data-element_type=\"widget\" data-e-type=\"widget\" data-settings=\"{&quot;_animation&quot;:&quot;fadeInUp&quot;}\" data-widget_type=\"heading.default\">\n\t\t\t\t<div class=\"elementor-widget-container\">\n\t\t\t\t\t<h3 class=\"elementor-heading-title elementor-size-default\">Mac Mec Mic | El fil invisible<\/h3>\t\t\t\t<\/div>\n\t\t\t\t<\/div>\n\t\t\t\t<div class=\"elementor-element elementor-element-197fce0 elementor-invisible elementor-widget elementor-widget-text-editor\" data-id=\"197fce0\" data-element_type=\"widget\" data-e-type=\"widget\" data-settings=\"{&quot;_animation&quot;:&quot;fadeInLeft&quot;}\" data-widget_type=\"text-editor.default\">\n\t\t\t\t<div class=\"elementor-widget-container\">\n\t\t\t\t\t\t\t\t\t<p>En fechas navide\u00f1as, la oferta familiar en Barcelona se multiplica. El gran cl\u00e1sico es El principito, pero este a\u00f1o se han sumado dos grandes apuestas. En La Perla 29 se ha estrenado Mac mec mic, un nuevo cap\u00edtulo en la historia de este mono juguet\u00f3n que, acompa\u00f1ado del Cinco segundos, se ha convertido en s\u00edmbolo inequ\u00edvoco de generaciones de ni\u00f1os s\u00faper. Y en el Teatro Goya, Vive el teatro ha estrenado El hilo invisible, a partir del libro de M\u00edriam Tirado. Un musical de gran formato para hablar de esos v\u00ednculos que no vemos, pero que son imposibles de deshacer.    <\/p>\t\t\t\t\t\t\t\t<\/div>\n\t\t\t\t<\/div>\n\t\t\t\t<\/div>\n\t\t\t\t<\/div>\n\t\t\t\t<\/div>\n\t\t\t\t<\/div>\n\t\t","protected":false},"excerpt":{"rendered":"<p>Edici\u00f3n 10 REPORTAJE Un a\u00f1o de reafirmaci\u00f3n de talento Estrenos de las compa\u00f1\u00edas catalanas de teatro por todos los p\u00fablicos Catalu\u00f1a es tierra de compa\u00f1\u00edas de teatro familiar. Tenemos producci\u00f3n de calidad y capacidad de exportar las obras en todo el mundo. Ya le gustar\u00eda al teatro para adultos tener el repertorio, talento y solvencia [&hellip;]<\/p>\n","protected":false},"author":1,"featured_media":3135,"parent":0,"menu_order":5,"comment_status":"closed","ping_status":"closed","template":"","meta":{"footnotes":""},"edicions":[11],"class_list":["post-3232","page","type-page","status-publish","has-post-thumbnail","hentry","edicions-11"],"yoast_head":"<!-- This site is optimized with the Yoast SEO plugin v27.4 - https:\/\/yoast.com\/product\/yoast-seo-wordpress\/ -->\n<title>Estrenos de las compa\u00f1\u00edas familiares catalanes 2024 - Proscenium<\/title>\n<meta name=\"description\" content=\"Estrenos de las compa\u00f1\u00edas familiares catalanas 2024. Talento y creatividad en las artes esc\u00e9nicas para todos los p\u00fablicos.\" \/>\n<meta name=\"robots\" content=\"index, follow, max-snippet:-1, max-image-preview:large, max-video-preview:-1\" \/>\n<link rel=\"canonical\" href=\"https:\/\/revistes.proscenium.cat\/es\/los-estrenos-de-2024\/\" \/>\n<meta property=\"og:locale\" content=\"es_ES\" \/>\n<meta property=\"og:type\" content=\"article\" \/>\n<meta property=\"og:title\" content=\"Estrenos de las compa\u00f1\u00edas familiares catalanes 2024 - Proscenium\" \/>\n<meta property=\"og:description\" content=\"Estrenos de las compa\u00f1\u00edas familiares catalanas 2024. Talento y creatividad en las artes esc\u00e9nicas para todos los p\u00fablicos.\" \/>\n<meta property=\"og:url\" content=\"https:\/\/revistes.proscenium.cat\/es\/los-estrenos-de-2024\/\" \/>\n<meta property=\"og:site_name\" content=\"Proscenium\" \/>\n<meta property=\"article:modified_time\" content=\"2026-01-05T11:43:44+00:00\" \/>\n<meta property=\"og:image\" content=\"https:\/\/revistes.proscenium.cat\/wp-content\/uploads\/2025\/06\/Inhabitants-@DaviddelVal-092-baixa.jpg\" \/>\n\t<meta property=\"og:image:width\" content=\"1600\" \/>\n\t<meta property=\"og:image:height\" content=\"1068\" \/>\n\t<meta property=\"og:image:type\" content=\"image\/jpeg\" \/>\n<meta name=\"twitter:card\" content=\"summary_large_image\" \/>\n<meta name=\"twitter:label1\" content=\"Tiempo de lectura\" \/>\n\t<meta name=\"twitter:data1\" content=\"5 minutos\" \/>\n<script type=\"application\/ld+json\" class=\"yoast-schema-graph\">{\"@context\":\"https:\\\/\\\/schema.org\",\"@graph\":[{\"@type\":\"WebPage\",\"@id\":\"https:\\\/\\\/revistes.proscenium.cat\\\/es\\\/los-estrenos-de-2024\\\/\",\"url\":\"https:\\\/\\\/revistes.proscenium.cat\\\/es\\\/los-estrenos-de-2024\\\/\",\"name\":\"Estrenos de las compa\u00f1\u00edas familiares catalanes 2024 - Proscenium\",\"isPartOf\":{\"@id\":\"https:\\\/\\\/revistes.proscenium.cat\\\/es\\\/#website\"},\"primaryImageOfPage\":{\"@id\":\"https:\\\/\\\/revistes.proscenium.cat\\\/es\\\/los-estrenos-de-2024\\\/#primaryimage\"},\"image\":{\"@id\":\"https:\\\/\\\/revistes.proscenium.cat\\\/es\\\/los-estrenos-de-2024\\\/#primaryimage\"},\"thumbnailUrl\":\"https:\\\/\\\/revistes.proscenium.cat\\\/wp-content\\\/uploads\\\/2025\\\/06\\\/Inhabitants-@DaviddelVal-092-baixa.jpg\",\"datePublished\":\"2025-06-25T11:58:23+00:00\",\"dateModified\":\"2026-01-05T11:43:44+00:00\",\"description\":\"Estrenos de las compa\u00f1\u00edas familiares catalanas 2024. Talento y creatividad en las artes esc\u00e9nicas para todos los p\u00fablicos.\",\"breadcrumb\":{\"@id\":\"https:\\\/\\\/revistes.proscenium.cat\\\/es\\\/los-estrenos-de-2024\\\/#breadcrumb\"},\"inLanguage\":\"es\",\"potentialAction\":[{\"@type\":\"ReadAction\",\"target\":[\"https:\\\/\\\/revistes.proscenium.cat\\\/es\\\/los-estrenos-de-2024\\\/\"]}]},{\"@type\":\"ImageObject\",\"inLanguage\":\"es\",\"@id\":\"https:\\\/\\\/revistes.proscenium.cat\\\/es\\\/los-estrenos-de-2024\\\/#primaryimage\",\"url\":\"https:\\\/\\\/revistes.proscenium.cat\\\/wp-content\\\/uploads\\\/2025\\\/06\\\/Inhabitants-@DaviddelVal-092-baixa.jpg\",\"contentUrl\":\"https:\\\/\\\/revistes.proscenium.cat\\\/wp-content\\\/uploads\\\/2025\\\/06\\\/Inhabitants-@DaviddelVal-092-baixa.jpg\",\"width\":1600,\"height\":1068,\"caption\":\"Actors en posici\u00f3\"},{\"@type\":\"BreadcrumbList\",\"@id\":\"https:\\\/\\\/revistes.proscenium.cat\\\/es\\\/los-estrenos-de-2024\\\/#breadcrumb\",\"itemListElement\":[{\"@type\":\"ListItem\",\"position\":1,\"name\":\"Inici\",\"item\":\"https:\\\/\\\/revistes.proscenium.cat\\\/es\\\/portada-y-sumario-2024-25\\\/\"},{\"@type\":\"ListItem\",\"position\":2,\"name\":\"Un a\u00f1o de reafirmaci\u00f3n de talento\"}]},{\"@type\":\"WebSite\",\"@id\":\"https:\\\/\\\/revistes.proscenium.cat\\\/es\\\/#website\",\"url\":\"https:\\\/\\\/revistes.proscenium.cat\\\/es\\\/\",\"name\":\"Revista Proscenium\",\"description\":\"Revista d&#039;arts esc\u00e8niques\",\"publisher\":{\"@id\":\"https:\\\/\\\/revistes.proscenium.cat\\\/es\\\/#organization\"},\"potentialAction\":[{\"@type\":\"SearchAction\",\"target\":{\"@type\":\"EntryPoint\",\"urlTemplate\":\"https:\\\/\\\/revistes.proscenium.cat\\\/es\\\/?s={search_term_string}\"},\"query-input\":{\"@type\":\"PropertyValueSpecification\",\"valueRequired\":true,\"valueName\":\"search_term_string\"}}],\"inLanguage\":\"es\"},{\"@type\":\"Organization\",\"@id\":\"https:\\\/\\\/revistes.proscenium.cat\\\/es\\\/#organization\",\"name\":\"Editorial Proscenium\",\"url\":\"https:\\\/\\\/revistes.proscenium.cat\\\/es\\\/\",\"logo\":{\"@type\":\"ImageObject\",\"inLanguage\":\"es\",\"@id\":\"https:\\\/\\\/revistes.proscenium.cat\\\/es\\\/#\\\/schema\\\/logo\\\/image\\\/\",\"url\":\"https:\\\/\\\/revistes.proscenium.cat\\\/wp-content\\\/uploads\\\/2023\\\/11\\\/proscenium-logo.jpg\",\"contentUrl\":\"https:\\\/\\\/revistes.proscenium.cat\\\/wp-content\\\/uploads\\\/2023\\\/11\\\/proscenium-logo.jpg\",\"width\":400,\"height\":310,\"caption\":\"Editorial Proscenium\"},\"image\":{\"@id\":\"https:\\\/\\\/revistes.proscenium.cat\\\/es\\\/#\\\/schema\\\/logo\\\/image\\\/\"}}]}<\/script>\n<!-- \/ Yoast SEO plugin. -->","yoast_head_json":{"title":"Estrenos de las compa\u00f1\u00edas familiares catalanes 2024 - Proscenium","description":"Estrenos de las compa\u00f1\u00edas familiares catalanas 2024. Talento y creatividad en las artes esc\u00e9nicas para todos los p\u00fablicos.","robots":{"index":"index","follow":"follow","max-snippet":"max-snippet:-1","max-image-preview":"max-image-preview:large","max-video-preview":"max-video-preview:-1"},"canonical":"https:\/\/revistes.proscenium.cat\/es\/los-estrenos-de-2024\/","og_locale":"es_ES","og_type":"article","og_title":"Estrenos de las compa\u00f1\u00edas familiares catalanes 2024 - Proscenium","og_description":"Estrenos de las compa\u00f1\u00edas familiares catalanas 2024. Talento y creatividad en las artes esc\u00e9nicas para todos los p\u00fablicos.","og_url":"https:\/\/revistes.proscenium.cat\/es\/los-estrenos-de-2024\/","og_site_name":"Proscenium","article_modified_time":"2026-01-05T11:43:44+00:00","og_image":[{"width":1600,"height":1068,"url":"https:\/\/revistes.proscenium.cat\/wp-content\/uploads\/2025\/06\/Inhabitants-@DaviddelVal-092-baixa.jpg","type":"image\/jpeg"}],"twitter_card":"summary_large_image","twitter_misc":{"Tiempo de lectura":"5 minutos"},"schema":{"@context":"https:\/\/schema.org","@graph":[{"@type":"WebPage","@id":"https:\/\/revistes.proscenium.cat\/es\/los-estrenos-de-2024\/","url":"https:\/\/revistes.proscenium.cat\/es\/los-estrenos-de-2024\/","name":"Estrenos de las compa\u00f1\u00edas familiares catalanes 2024 - Proscenium","isPartOf":{"@id":"https:\/\/revistes.proscenium.cat\/es\/#website"},"primaryImageOfPage":{"@id":"https:\/\/revistes.proscenium.cat\/es\/los-estrenos-de-2024\/#primaryimage"},"image":{"@id":"https:\/\/revistes.proscenium.cat\/es\/los-estrenos-de-2024\/#primaryimage"},"thumbnailUrl":"https:\/\/revistes.proscenium.cat\/wp-content\/uploads\/2025\/06\/Inhabitants-@DaviddelVal-092-baixa.jpg","datePublished":"2025-06-25T11:58:23+00:00","dateModified":"2026-01-05T11:43:44+00:00","description":"Estrenos de las compa\u00f1\u00edas familiares catalanas 2024. Talento y creatividad en las artes esc\u00e9nicas para todos los p\u00fablicos.","breadcrumb":{"@id":"https:\/\/revistes.proscenium.cat\/es\/los-estrenos-de-2024\/#breadcrumb"},"inLanguage":"es","potentialAction":[{"@type":"ReadAction","target":["https:\/\/revistes.proscenium.cat\/es\/los-estrenos-de-2024\/"]}]},{"@type":"ImageObject","inLanguage":"es","@id":"https:\/\/revistes.proscenium.cat\/es\/los-estrenos-de-2024\/#primaryimage","url":"https:\/\/revistes.proscenium.cat\/wp-content\/uploads\/2025\/06\/Inhabitants-@DaviddelVal-092-baixa.jpg","contentUrl":"https:\/\/revistes.proscenium.cat\/wp-content\/uploads\/2025\/06\/Inhabitants-@DaviddelVal-092-baixa.jpg","width":1600,"height":1068,"caption":"Actors en posici\u00f3"},{"@type":"BreadcrumbList","@id":"https:\/\/revistes.proscenium.cat\/es\/los-estrenos-de-2024\/#breadcrumb","itemListElement":[{"@type":"ListItem","position":1,"name":"Inici","item":"https:\/\/revistes.proscenium.cat\/es\/portada-y-sumario-2024-25\/"},{"@type":"ListItem","position":2,"name":"Un a\u00f1o de reafirmaci\u00f3n de talento"}]},{"@type":"WebSite","@id":"https:\/\/revistes.proscenium.cat\/es\/#website","url":"https:\/\/revistes.proscenium.cat\/es\/","name":"Revista Proscenium","description":"Revista d&#039;arts esc\u00e8niques","publisher":{"@id":"https:\/\/revistes.proscenium.cat\/es\/#organization"},"potentialAction":[{"@type":"SearchAction","target":{"@type":"EntryPoint","urlTemplate":"https:\/\/revistes.proscenium.cat\/es\/?s={search_term_string}"},"query-input":{"@type":"PropertyValueSpecification","valueRequired":true,"valueName":"search_term_string"}}],"inLanguage":"es"},{"@type":"Organization","@id":"https:\/\/revistes.proscenium.cat\/es\/#organization","name":"Editorial Proscenium","url":"https:\/\/revistes.proscenium.cat\/es\/","logo":{"@type":"ImageObject","inLanguage":"es","@id":"https:\/\/revistes.proscenium.cat\/es\/#\/schema\/logo\/image\/","url":"https:\/\/revistes.proscenium.cat\/wp-content\/uploads\/2023\/11\/proscenium-logo.jpg","contentUrl":"https:\/\/revistes.proscenium.cat\/wp-content\/uploads\/2023\/11\/proscenium-logo.jpg","width":400,"height":310,"caption":"Editorial Proscenium"},"image":{"@id":"https:\/\/revistes.proscenium.cat\/es\/#\/schema\/logo\/image\/"}}]}},"_links":{"self":[{"href":"https:\/\/revistes.proscenium.cat\/es\/wp-json\/wp\/v2\/pages\/3232","targetHints":{"allow":["GET"]}}],"collection":[{"href":"https:\/\/revistes.proscenium.cat\/es\/wp-json\/wp\/v2\/pages"}],"about":[{"href":"https:\/\/revistes.proscenium.cat\/es\/wp-json\/wp\/v2\/types\/page"}],"author":[{"embeddable":true,"href":"https:\/\/revistes.proscenium.cat\/es\/wp-json\/wp\/v2\/users\/1"}],"replies":[{"embeddable":true,"href":"https:\/\/revistes.proscenium.cat\/es\/wp-json\/wp\/v2\/comments?post=3232"}],"version-history":[{"count":5,"href":"https:\/\/revistes.proscenium.cat\/es\/wp-json\/wp\/v2\/pages\/3232\/revisions"}],"predecessor-version":[{"id":3446,"href":"https:\/\/revistes.proscenium.cat\/es\/wp-json\/wp\/v2\/pages\/3232\/revisions\/3446"}],"wp:featuredmedia":[{"embeddable":true,"href":"https:\/\/revistes.proscenium.cat\/es\/wp-json\/wp\/v2\/media\/3135"}],"wp:attachment":[{"href":"https:\/\/revistes.proscenium.cat\/es\/wp-json\/wp\/v2\/media?parent=3232"}],"wp:term":[{"taxonomy":"edicions","embeddable":true,"href":"https:\/\/revistes.proscenium.cat\/es\/wp-json\/wp\/v2\/edicions?post=3232"}],"curies":[{"name":"wp","href":"https:\/\/api.w.org\/{rel}","templated":true}]}}