{"id":3226,"date":"2025-06-26T12:20:49","date_gmt":"2025-06-26T10:20:49","guid":{"rendered":"https:\/\/revistes.proscenium.cat\/entrevista-a-joan-alfred-mengual-ttp\/"},"modified":"2026-01-05T12:45:46","modified_gmt":"2026-01-05T11:45:46","slug":"entrevista-a-joan-alfred-mengual-ttp","status":"publish","type":"page","link":"https:\/\/revistes.proscenium.cat\/es\/entrevista-a-joan-alfred-mengual-ttp\/","title":{"rendered":"Estoy sorprendido por la potencia creativa de las compa\u00f1\u00edas"},"content":{"rendered":"\t\t<div data-elementor-type=\"wp-page\" data-elementor-id=\"3226\" class=\"elementor elementor-3226 elementor-2243\" data-elementor-post-type=\"page\">\n\t\t\t\t<div data-particle_enable=\"false\" data-particle-mobile-disabled=\"false\" class=\"elementor-element elementor-element-d1b321c e-con-full e-flex elementor-invisible e-con e-parent\" data-id=\"d1b321c\" data-element_type=\"container\" data-e-type=\"container\" data-settings=\"{&quot;animation&quot;:&quot;fadeIn&quot;,&quot;background_background&quot;:&quot;classic&quot;}\">\n\t\t<div data-particle_enable=\"false\" data-particle-mobile-disabled=\"false\" class=\"elementor-element elementor-element-650a28d e-con-full e-flex e-con e-child\" data-id=\"650a28d\" data-element_type=\"container\" data-e-type=\"container\">\n\t\t\t\t<\/div>\n\t\t<div data-particle_enable=\"false\" data-particle-mobile-disabled=\"false\" class=\"elementor-element elementor-element-eccad9e e-con-full e-flex e-con e-child\" data-id=\"eccad9e\" data-element_type=\"container\" data-e-type=\"container\">\n\t\t<div data-particle_enable=\"false\" data-particle-mobile-disabled=\"false\" class=\"elementor-element elementor-element-6fc69e7 e-flex e-con-boxed e-con e-child\" data-id=\"6fc69e7\" data-element_type=\"container\" data-e-type=\"container\">\n\t\t\t\t\t<div class=\"e-con-inner\">\n\t\t\t\t<div class=\"elementor-element elementor-element-cd5a348 elementor-invisible elementor-widget elementor-widget-image\" data-id=\"cd5a348\" data-element_type=\"widget\" data-e-type=\"widget\" data-settings=\"{&quot;_animation&quot;:&quot;fadeInRight&quot;}\" data-widget_type=\"image.default\">\n\t\t\t\t<div class=\"elementor-widget-container\">\n\t\t\t\t\t\t\t\t\t\t\t\t\t\t\t<img fetchpriority=\"high\" decoding=\"async\" width=\"266\" height=\"302\" src=\"https:\/\/revistes.proscenium.cat\/wp-content\/uploads\/2023\/08\/picto-favicon.svg\" class=\"attachment-medium size-medium wp-image-2922\" alt=\"\" \/>\t\t\t\t\t\t\t\t\t\t\t\t\t\t\t<\/div>\n\t\t\t\t<\/div>\n\t\t\t\t\t<\/div>\n\t\t\t\t<\/div>\n\t\t\t\t<div class=\"elementor-element elementor-element-3af0e0f elementor-invisible elementor-widget elementor-widget-text-editor\" data-id=\"3af0e0f\" data-element_type=\"widget\" data-e-type=\"widget\" data-settings=\"{&quot;_animation&quot;:&quot;fadeInDown&quot;}\" data-widget_type=\"text-editor.default\">\n\t\t\t\t<div class=\"elementor-widget-container\">\n\t\t\t\t\t\t\t\t\t<p>Edici\u00f3n 10<\/p>\t\t\t\t\t\t\t\t<\/div>\n\t\t\t\t<\/div>\n\t\t\t\t<div class=\"elementor-element elementor-element-4460f9d elementor-widget-divider--view-line elementor-invisible elementor-widget elementor-widget-divider\" data-id=\"4460f9d\" data-element_type=\"widget\" data-e-type=\"widget\" data-settings=\"{&quot;_animation&quot;:&quot;fadeIn&quot;}\" data-widget_type=\"divider.default\">\n\t\t\t\t<div class=\"elementor-widget-container\">\n\t\t\t\t\t\t\t<div class=\"elementor-divider\">\n\t\t\t<span class=\"elementor-divider-separator\">\n\t\t\t\t\t\t<\/span>\n\t\t<\/div>\n\t\t\t\t\t\t<\/div>\n\t\t\t\t<\/div>\n\t\t\t\t<div class=\"elementor-element elementor-element-98e8957 elementor-invisible elementor-widget elementor-widget-heading\" data-id=\"98e8957\" data-element_type=\"widget\" data-e-type=\"widget\" data-settings=\"{&quot;_animation&quot;:&quot;fadeInUp&quot;}\" data-widget_type=\"heading.default\">\n\t\t\t\t<div class=\"elementor-widget-container\">\n\t\t\t\t\t<p class=\"elementor-heading-title elementor-size-default\">Entrevista<\/p>\t\t\t\t<\/div>\n\t\t\t\t<\/div>\n\t\t\t\t<div class=\"elementor-element elementor-element-d4d5525 elementor-invisible elementor-widget elementor-widget-heading\" data-id=\"d4d5525\" data-element_type=\"widget\" data-e-type=\"widget\" data-settings=\"{&quot;_animation&quot;:&quot;fadeInUp&quot;}\" data-widget_type=\"heading.default\">\n\t\t\t\t<div class=\"elementor-widget-container\">\n\t\t\t\t\t<h1 class=\"elementor-heading-title elementor-size-default\">\"Estoy sorprendido por la potencia creativa de las compa\u00f1\u00edas\"<\/h1>\t\t\t\t<\/div>\n\t\t\t\t<\/div>\n\t\t\t\t<\/div>\n\t\t\t\t<\/div>\n\t\t<div data-particle_enable=\"false\" data-particle-mobile-disabled=\"false\" class=\"elementor-element elementor-element-f8b0388 e-con-full e-flex e-con e-parent\" data-id=\"f8b0388\" data-element_type=\"container\" data-e-type=\"container\" data-settings=\"{&quot;background_background&quot;:&quot;classic&quot;}\">\n\t\t<div data-particle_enable=\"false\" data-particle-mobile-disabled=\"false\" class=\"elementor-element elementor-element-19c6c10 e-con-full e-flex elementor-invisible e-con e-child\" data-id=\"19c6c10\" data-element_type=\"container\" data-e-type=\"container\" data-settings=\"{&quot;animation&quot;:&quot;fadeInLeft&quot;}\">\n\t\t\t\t<div class=\"elementor-element elementor-element-7129206 elementor-widget elementor-widget-heading\" data-id=\"7129206\" data-element_type=\"widget\" data-e-type=\"widget\" data-widget_type=\"heading.default\">\n\t\t\t\t<div class=\"elementor-widget-container\">\n\t\t\t\t\t<h2 class=\"elementor-heading-title elementor-size-default\">Joan Alfred Mengual,<br> presidente de la TTP<\/h2>\t\t\t\t<\/div>\n\t\t\t\t<\/div>\n\t\t\t\t<div class=\"elementor-element elementor-element-b87250d elementor-widget elementor-widget-text-editor\" data-id=\"b87250d\" data-element_type=\"widget\" data-e-type=\"widget\" data-widget_type=\"text-editor.default\">\n\t\t\t\t<div class=\"elementor-widget-container\">\n\t\t\t\t\t\t\t\t\t<p>Joan Alfred Mengual es el actual presidente de la TTP -Asociaci\u00f3n Profesional de Teatro Para Todos los P\u00fablicos de Catalu\u00f1a- y es uno de los dos miembros de la compa\u00f1\u00eda De Paper, con N\u00faria Lozano. Hacen espect\u00e1culos deliciosos y originales, con una voz propia muy reconocible. Sin embargo, en esta entrevista no hablamos de la compa\u00f1\u00eda sino que, como presidente de la TTP, hacemos un repaso a algunos de los aspectos relacionados con las artes esc\u00e9nicas para todos los p\u00fablicos \u2013haciendo una simple reducci\u00f3n, el teatro familiar- de nuestro pa\u00eds.   <\/p>\t\t\t\t\t\t\t\t<\/div>\n\t\t\t\t<\/div>\n\t\t\t\t<\/div>\n\t\t<div data-particle_enable=\"false\" data-particle-mobile-disabled=\"false\" class=\"elementor-element elementor-element-14539f2 e-con-full e-flex e-con e-child\" data-id=\"14539f2\" data-element_type=\"container\" data-e-type=\"container\">\n\t\t\t\t<div class=\"elementor-element elementor-element-ce58ac8 e-transform e-transform elementor-invisible elementor-widget elementor-widget-image\" data-id=\"ce58ac8\" data-element_type=\"widget\" data-e-type=\"widget\" data-settings=\"{&quot;_transform_translateX_effect&quot;:{&quot;unit&quot;:&quot;px&quot;,&quot;size&quot;:0,&quot;sizes&quot;:[]},&quot;_transform_translateY_effect&quot;:{&quot;unit&quot;:&quot;px&quot;,&quot;size&quot;:0,&quot;sizes&quot;:[]},&quot;_transform_scale_effect&quot;:{&quot;unit&quot;:&quot;px&quot;,&quot;size&quot;:1.7,&quot;sizes&quot;:[]},&quot;_animation&quot;:&quot;fadeInRight&quot;,&quot;_transform_translateX_effect_tablet_extra&quot;:{&quot;unit&quot;:&quot;px&quot;,&quot;size&quot;:3,&quot;sizes&quot;:[]},&quot;_transform_translateX_effect_mobile&quot;:{&quot;unit&quot;:&quot;px&quot;,&quot;size&quot;:2,&quot;sizes&quot;:[]},&quot;_transform_translateY_effect_mobile&quot;:{&quot;unit&quot;:&quot;px&quot;,&quot;size&quot;:9,&quot;sizes&quot;:[]},&quot;_transform_translateX_effect_tablet&quot;:{&quot;unit&quot;:&quot;px&quot;,&quot;size&quot;:&quot;&quot;,&quot;sizes&quot;:[]},&quot;_transform_translateY_effect_tablet_extra&quot;:{&quot;unit&quot;:&quot;px&quot;,&quot;size&quot;:&quot;&quot;,&quot;sizes&quot;:[]},&quot;_transform_translateY_effect_tablet&quot;:{&quot;unit&quot;:&quot;px&quot;,&quot;size&quot;:&quot;&quot;,&quot;sizes&quot;:[]},&quot;_transform_scale_effect_tablet_extra&quot;:{&quot;unit&quot;:&quot;px&quot;,&quot;size&quot;:&quot;&quot;,&quot;sizes&quot;:[]},&quot;_transform_scale_effect_tablet&quot;:{&quot;unit&quot;:&quot;px&quot;,&quot;size&quot;:&quot;&quot;,&quot;sizes&quot;:[]},&quot;_transform_scale_effect_mobile&quot;:{&quot;unit&quot;:&quot;px&quot;,&quot;size&quot;:&quot;&quot;,&quot;sizes&quot;:[]}}\" data-widget_type=\"image.default\">\n\t\t\t\t<div class=\"elementor-widget-container\">\n\t\t\t\t\t\t\t\t\t\t\t\t\t\t\t<img decoding=\"async\" width=\"800\" height=\"800\" src=\"https:\/\/revistes.proscenium.cat\/wp-content\/uploads\/2025\/06\/fons3-1024x1024.webp\" class=\"attachment-large size-large wp-image-3158\" alt=\"\" srcset=\"https:\/\/revistes.proscenium.cat\/wp-content\/uploads\/2025\/06\/fons3-1024x1024.webp 1024w, https:\/\/revistes.proscenium.cat\/wp-content\/uploads\/2025\/06\/fons3-300x300.webp 300w, https:\/\/revistes.proscenium.cat\/wp-content\/uploads\/2025\/06\/fons3-150x150.webp 150w, https:\/\/revistes.proscenium.cat\/wp-content\/uploads\/2025\/06\/fons3-768x768.webp 768w, https:\/\/revistes.proscenium.cat\/wp-content\/uploads\/2025\/06\/fons3.webp 1204w\" sizes=\"(max-width: 800px) 100vw, 800px\" \/>\t\t\t\t\t\t\t\t\t\t\t\t\t\t\t<\/div>\n\t\t\t\t<\/div>\n\t\t\t\t<\/div>\n\t\t\t\t<\/div>\n\t\t<div data-particle_enable=\"false\" data-particle-mobile-disabled=\"false\" class=\"elementor-element elementor-element-00f998b e-con-full e-flex e-con e-parent\" data-id=\"00f998b\" data-element_type=\"container\" data-e-type=\"container\" data-settings=\"{&quot;background_background&quot;:&quot;classic&quot;}\">\n\t\t<div data-particle_enable=\"false\" data-particle-mobile-disabled=\"false\" class=\"elementor-element elementor-element-bb0a160 e-con-full e-flex e-con e-child\" data-id=\"bb0a160\" data-element_type=\"container\" data-e-type=\"container\">\n\t\t\t\t<div class=\"elementor-element elementor-element-4243603 elementor-widget elementor-widget-image\" data-id=\"4243603\" data-element_type=\"widget\" data-e-type=\"widget\" data-widget_type=\"image.default\">\n\t\t\t\t<div class=\"elementor-widget-container\">\n\t\t\t\t\t\t\t\t\t\t\t\t\t\t\t<img decoding=\"async\" width=\"683\" height=\"1024\" src=\"https:\/\/revistes.proscenium.cat\/wp-content\/uploads\/2025\/06\/Mengual2_TXUS-GARCIA-683x1024.jpg\" class=\"attachment-large size-large wp-image-3159\" alt=\"Actor amb talls de fusta\" srcset=\"https:\/\/revistes.proscenium.cat\/wp-content\/uploads\/2025\/06\/Mengual2_TXUS-GARCIA-683x1024.jpg 683w, https:\/\/revistes.proscenium.cat\/wp-content\/uploads\/2025\/06\/Mengual2_TXUS-GARCIA-200x300.jpg 200w, https:\/\/revistes.proscenium.cat\/wp-content\/uploads\/2025\/06\/Mengual2_TXUS-GARCIA-768x1152.jpg 768w, https:\/\/revistes.proscenium.cat\/wp-content\/uploads\/2025\/06\/Mengual2_TXUS-GARCIA-1024x1536.jpg 1024w, https:\/\/revistes.proscenium.cat\/wp-content\/uploads\/2025\/06\/Mengual2_TXUS-GARCIA-1366x2048.jpg 1366w, https:\/\/revistes.proscenium.cat\/wp-content\/uploads\/2025\/06\/Mengual2_TXUS-GARCIA.jpg 1707w\" sizes=\"(max-width: 683px) 100vw, 683px\" \/>\t\t\t\t\t\t\t\t\t\t\t\t\t\t\t<\/div>\n\t\t\t\t<\/div>\n\t\t\t\t<\/div>\n\t\t<div data-particle_enable=\"false\" data-particle-mobile-disabled=\"false\" class=\"elementor-element elementor-element-0985099 e-con-full e-flex e-con e-child\" data-id=\"0985099\" data-element_type=\"container\" data-e-type=\"container\">\n\t\t\t\t<div class=\"elementor-element elementor-element-60260df elementor-widget-divider--view-line elementor-invisible elementor-widget elementor-widget-divider\" data-id=\"60260df\" data-element_type=\"widget\" data-e-type=\"widget\" data-settings=\"{&quot;_animation&quot;:&quot;fadeInRight&quot;}\" data-widget_type=\"divider.default\">\n\t\t\t\t<div class=\"elementor-widget-container\">\n\t\t\t\t\t\t\t<div class=\"elementor-divider\">\n\t\t\t<span class=\"elementor-divider-separator\">\n\t\t\t\t\t\t<\/span>\n\t\t<\/div>\n\t\t\t\t\t\t<\/div>\n\t\t\t\t<\/div>\n\t\t\t\t<div class=\"elementor-element elementor-element-0d76154 elementor-invisible elementor-widget elementor-widget-heading\" data-id=\"0d76154\" data-element_type=\"widget\" data-e-type=\"widget\" data-settings=\"{&quot;_animation&quot;:&quot;fadeInUp&quot;}\" data-widget_type=\"heading.default\">\n\t\t\t\t<div class=\"elementor-widget-container\">\n\t\t\t\t\t<p class=\"elementor-heading-title elementor-size-default\">\u00bfEn qu\u00e9 momento estamos en el teatro familiar para todos los p\u00fablicos? \u00bfCu\u00e1l es tu impresi\u00f3n? <\/p>\t\t\t\t<\/div>\n\t\t\t\t<\/div>\n\t\t\t\t<div class=\"elementor-element elementor-element-72ddf58 elementor-invisible elementor-widget elementor-widget-text-editor\" data-id=\"72ddf58\" data-element_type=\"widget\" data-e-type=\"widget\" data-settings=\"{&quot;_animation&quot;:&quot;fadeInLeft&quot;}\" data-widget_type=\"text-editor.default\">\n\t\t\t\t<div class=\"elementor-widget-container\">\n\t\t\t\t\t\t\t\t\t<p>Creo que el sector est\u00e1 en buen momento si lo miramos exclusivamente desde el punto de vista de actividad creativa, de potencia a nivel de elaboraci\u00f3n de propuestas, pero sigue estando en el mal momento en el que est\u00e1 de hace muchos a\u00f1os en lo que se refiere a la precariedad a nivel de derechos laborales y de financiaci\u00f3n. Las compa\u00f1\u00edas lo tienen dif\u00edcil para conseguir dinero para sacar adelante sus propuestas, pero logran establecer un cierto equilibrio entre esa precariedad y la potencia creativa, que a m\u00ed no deja de sorprenderme. <\/p><p><em><strong>A menudo hemos o\u00eddo que la precariedad afila la creatividad. \u00bfEs una idea equivocada? <\/strong><\/em><\/p><p>Creo que no es cierto y que si tuvi\u00e9ramos buenas condiciones podr\u00edamos crear mejor a\u00fan de lo que creamos. Quiz\u00e1s en las compa\u00f1\u00edas de todos los p\u00fablicos no ocurra tanto, pero la mayor parte de gente que trabaja en el sector de las artes esc\u00e9nicas debe compatibilizarlo con otros trabajos, para poder llevar adelante su actividad creativa. Quiero decir que a nivel art\u00edstico estamos en esa realidad, pero no cabe duda de que si la gente pudiera dedicarse a crear sin pensar en otras cosas o pensar m\u00ednimamente, la potencia se multiplicar\u00eda por diez. Quiero decir que lo de que el hambre activa la creatividad, es falso.   <\/p>\t\t\t\t\t\t\t\t<\/div>\n\t\t\t\t<\/div>\n\t\t\t\t<\/div>\n\t\t\t\t<\/div>\n\t\t<div data-particle_enable=\"false\" data-particle-mobile-disabled=\"false\" class=\"elementor-element elementor-element-6382722 e-con-full e-flex e-con e-parent\" data-id=\"6382722\" data-element_type=\"container\" data-e-type=\"container\" data-settings=\"{&quot;background_background&quot;:&quot;classic&quot;}\">\n\t\t<div data-particle_enable=\"false\" data-particle-mobile-disabled=\"false\" class=\"elementor-element elementor-element-cea71eb e-con-full e-flex e-con e-child\" data-id=\"cea71eb\" data-element_type=\"container\" data-e-type=\"container\">\n\t\t\t\t<div class=\"elementor-element elementor-element-b7445d6 elementor-widget-divider--view-line elementor-invisible elementor-widget elementor-widget-divider\" data-id=\"b7445d6\" data-element_type=\"widget\" data-e-type=\"widget\" data-settings=\"{&quot;_animation&quot;:&quot;fadeInRight&quot;}\" data-widget_type=\"divider.default\">\n\t\t\t\t<div class=\"elementor-widget-container\">\n\t\t\t\t\t\t\t<div class=\"elementor-divider\">\n\t\t\t<span class=\"elementor-divider-separator\">\n\t\t\t\t\t\t<\/span>\n\t\t<\/div>\n\t\t\t\t\t\t<\/div>\n\t\t\t\t<\/div>\n\t\t\t\t<div class=\"elementor-element elementor-element-71e6b41 elementor-invisible elementor-widget elementor-widget-heading\" data-id=\"71e6b41\" data-element_type=\"widget\" data-e-type=\"widget\" data-settings=\"{&quot;_animation&quot;:&quot;fadeInUp&quot;}\" data-widget_type=\"heading.default\">\n\t\t\t\t<div class=\"elementor-widget-container\">\n\t\t\t\t\t<h3 class=\"elementor-heading-title elementor-size-default\">\u00bfQu\u00e9 pasos se han dado para paliar esta precariedad?<\/h3>\t\t\t\t<\/div>\n\t\t\t\t<\/div>\n\t\t\t\t<div class=\"elementor-element elementor-element-6669194 elementor-invisible elementor-widget elementor-widget-text-editor\" data-id=\"6669194\" data-element_type=\"widget\" data-e-type=\"widget\" data-settings=\"{&quot;_animation&quot;:&quot;fadeInLeft&quot;}\" data-widget_type=\"text-editor.default\">\n\t\t\t\t<div class=\"elementor-widget-container\">\n\t\t\t\t\t\t\t\t\t<p>Mi visi\u00f3n es cr\u00edtica en cuanto a las mejoras de las condiciones econ\u00f3micas y esto va de acuerdo tambi\u00e9n en consonancia con la sociedad en la que parece que cada vez las condiciones laborales, las de los trabajadores, son cada vez pitores. Estamos trabajando, pero cada vez es m\u00e1s dif\u00edcil obtener un sueldo digno y, en mi opini\u00f3n, vamos hacia el descenso tambi\u00e9n en el \u00e1mbito de las artes esc\u00e9nicas. <\/p>\t\t\t\t\t\t\t\t<\/div>\n\t\t\t\t<\/div>\n\t\t\t\t<\/div>\n\t\t<div data-particle_enable=\"false\" data-particle-mobile-disabled=\"false\" class=\"elementor-element elementor-element-5d24563 e-con-full e-flex e-con e-child\" data-id=\"5d24563\" data-element_type=\"container\" data-e-type=\"container\">\n\t\t\t\t<div class=\"elementor-element elementor-element-caab01e elementor-widget elementor-widget-image\" data-id=\"caab01e\" data-element_type=\"widget\" data-e-type=\"widget\" data-widget_type=\"image.default\">\n\t\t\t\t<div class=\"elementor-widget-container\">\n\t\t\t\t\t\t\t\t\t\t\t\t\t\t\t<img loading=\"lazy\" decoding=\"async\" width=\"768\" height=\"576\" src=\"https:\/\/revistes.proscenium.cat\/wp-content\/uploads\/2025\/06\/CaragolS-768x576-1.jpg\" class=\"attachment-large size-large wp-image-3160\" alt=\"\" srcset=\"https:\/\/revistes.proscenium.cat\/wp-content\/uploads\/2025\/06\/CaragolS-768x576-1.jpg 768w, https:\/\/revistes.proscenium.cat\/wp-content\/uploads\/2025\/06\/CaragolS-768x576-1-300x225.jpg 300w\" sizes=\"(max-width: 768px) 100vw, 768px\" \/>\t\t\t\t\t\t\t\t\t\t\t\t\t\t\t<\/div>\n\t\t\t\t<\/div>\n\t\t\t\t<\/div>\n\t\t\t\t<\/div>\n\t\t<div data-particle_enable=\"false\" data-particle-mobile-disabled=\"false\" class=\"elementor-element elementor-element-2b17ce0 e-con-full e-flex e-con e-parent\" data-id=\"2b17ce0\" data-element_type=\"container\" data-e-type=\"container\" data-settings=\"{&quot;background_background&quot;:&quot;classic&quot;}\">\n\t\t<div data-particle_enable=\"false\" data-particle-mobile-disabled=\"false\" class=\"elementor-element elementor-element-f87c19e e-con-full e-flex e-con e-child\" data-id=\"f87c19e\" data-element_type=\"container\" data-e-type=\"container\">\n\t\t\t\t<div class=\"elementor-element elementor-element-6e20402 elementor-widget-divider--view-line elementor-invisible elementor-widget elementor-widget-divider\" data-id=\"6e20402\" data-element_type=\"widget\" data-e-type=\"widget\" data-settings=\"{&quot;_animation&quot;:&quot;fadeInRight&quot;}\" data-widget_type=\"divider.default\">\n\t\t\t\t<div class=\"elementor-widget-container\">\n\t\t\t\t\t\t\t<div class=\"elementor-divider\">\n\t\t\t<span class=\"elementor-divider-separator\">\n\t\t\t\t\t\t<\/span>\n\t\t<\/div>\n\t\t\t\t\t\t<\/div>\n\t\t\t\t<\/div>\n\t\t\t\t<div class=\"elementor-element elementor-element-78493b4 elementor-invisible elementor-widget elementor-widget-text-editor\" data-id=\"78493b4\" data-element_type=\"widget\" data-e-type=\"widget\" data-settings=\"{&quot;_animation&quot;:&quot;fadeInUp&quot;}\" data-widget_type=\"text-editor.default\">\n\t\t\t\t<div class=\"elementor-widget-container\">\n\t\t\t\t\t\t\t\t\t<p><em>Cada a\u00f1o se estrenan decenas de creaciones (quiz\u00e1 demasiado, pero no entraremos en este jard\u00edn) en las diferentes ferias y festivales. Sin duda, Mostra Igualada sigue siendo el epicentro imprescindible, pero tambi\u00e9n se est\u00e1n haciendo un lugar muy destacado el Fitkam de Montmel\u00f3 o la FIET de Sa Xerxa \u200b\u200b(Vilafranca de Bonany, Mallorca). Como el familiar cultiva todos los g\u00e9neros, tambi\u00e9n encontramos estrenos en el Festival Grec de Barcelona, \u200b\u200bTrapecio de Reus, FiraT\u00e0rrega, FiM de Vila-seca, Feria Mediterr\u00e1nea de Manresa, Feria de T\u00edteres de Lleida, Merc\u00e8 Arts de Carrer y un largo etc\u00e9tera. Cada gestor cultural monta un festival. As\u00ed pues, \u00bfqu\u00e9 estrenos destacan de estos \u00faltimos meses de 2024?    <\/em><\/p>\t\t\t\t\t\t\t\t<\/div>\n\t\t\t\t<\/div>\n\t\t\t\t<div class=\"elementor-element elementor-element-c00b853 elementor-invisible elementor-widget elementor-widget-text-editor\" data-id=\"c00b853\" data-element_type=\"widget\" data-e-type=\"widget\" data-settings=\"{&quot;_animation&quot;:&quot;fadeInLeft&quot;}\" data-widget_type=\"text-editor.default\">\n\t\t\t\t<div class=\"elementor-widget-container\">\n\t\t\t\t\t\t\t\t\t<p>Mi visi\u00f3n es cr\u00edtica en cuanto a las mejoras de las condiciones econ\u00f3micas y esto va de acuerdo tambi\u00e9n en consonancia con la sociedad en la que parece que cada vez las condiciones laborales, las de los trabajadores, son cada vez pitores. Estamos trabajando, pero cada vez es m\u00e1s dif\u00edcil obtener un sueldo digno y, en mi opini\u00f3n, vamos hacia el descenso tambi\u00e9n en el \u00e1mbito de las artes esc\u00e9nicas. <\/p>\t\t\t\t\t\t\t\t<\/div>\n\t\t\t\t<\/div>\n\t\t\t\t<\/div>\n\t\t<div data-particle_enable=\"false\" data-particle-mobile-disabled=\"false\" class=\"elementor-element elementor-element-01e9a6d e-con-full e-flex e-con e-child\" data-id=\"01e9a6d\" data-element_type=\"container\" data-e-type=\"container\">\n\t\t\t\t<div class=\"elementor-element elementor-element-9416ce9 elementor-widget-divider--view-line elementor-invisible elementor-widget elementor-widget-divider\" data-id=\"9416ce9\" data-element_type=\"widget\" data-e-type=\"widget\" data-settings=\"{&quot;_animation&quot;:&quot;fadeInRight&quot;}\" data-widget_type=\"divider.default\">\n\t\t\t\t<div class=\"elementor-widget-container\">\n\t\t\t\t\t\t\t<div class=\"elementor-divider\">\n\t\t\t<span class=\"elementor-divider-separator\">\n\t\t\t\t\t\t<\/span>\n\t\t<\/div>\n\t\t\t\t\t\t<\/div>\n\t\t\t\t<\/div>\n\t\t\t\t<div class=\"elementor-element elementor-element-be13665 elementor-invisible elementor-widget elementor-widget-text-editor\" data-id=\"be13665\" data-element_type=\"widget\" data-e-type=\"widget\" data-settings=\"{&quot;_animation&quot;:&quot;fadeInUp&quot;}\" data-widget_type=\"text-editor.default\">\n\t\t\t\t<div class=\"elementor-widget-container\">\n\t\t\t\t\t\t\t\t\t<p><em>Esta idea de que deber\u00edan equiparse los recursos y el cuidado art\u00edstico del teatro para adultos y el teatro para todos los p\u00fablicos es propio de pa\u00edses con tradici\u00f3n. En nuestro pa\u00eds, \u00bfc\u00f3mo hacerlo? <\/em><\/p>\t\t\t\t\t\t\t\t<\/div>\n\t\t\t\t<\/div>\n\t\t\t\t<div class=\"elementor-element elementor-element-eb2c4b8 elementor-invisible elementor-widget elementor-widget-text-editor\" data-id=\"eb2c4b8\" data-element_type=\"widget\" data-e-type=\"widget\" data-settings=\"{&quot;_animation&quot;:&quot;fadeInLeft&quot;}\" data-widget_type=\"text-editor.default\">\n\t\t\t\t<div class=\"elementor-widget-container\">\n\t\t\t\t\t\t\t\t\t<p>Las compa\u00f1\u00edas cada vez est\u00e1n trabajando de una forma m\u00e1s h\u00edbrida, tanto a nivel de disciplinas como a nivel de edades. Es decir, hay muchos espect\u00e1culos que son para ni\u00f1os, pero son placenteros o muy adecuados tambi\u00e9n para los adultos. El marco mental va cambiando a medida que se va haciendo esta hibridaci\u00f3n entre lenguajes art\u00edsticos, pero tambi\u00e9n ampliando el campo de lecturas que pueda tener los espect\u00e1culos y que pueden llegar a un p\u00fablico de un amplio abanico de edades. Esto significa que hay varios profesionales que transitan por diversos tipos de compa\u00f1\u00eda, pero que deben poder cobrar de forma digna tanto si realizan espect\u00e1culos para adultos como para todos los p\u00fablicos. Hay que equiparar las condiciones econ\u00f3micas, porque si no, no saldremos adelante. Desde la TTP lo intentamos -sobre todo a trav\u00e9s del portal web Escena Familiar-, tratamos de explicar esto e intentamos hacer pedagog\u00eda, explicando lo importantes que son las artes esc\u00e9nicas para todos los p\u00fablicos y reivindicando su valor. El p\u00fablico no tiene inconveniente en pagar a un precio concreto una entrada para un espect\u00e1culo convencional, pero si tuviera que pagar el mismo precio por un adecuado para todos los p\u00fablicos, rumer\u00eda. Es necesario mejorar este aspecto.       <\/p>\t\t\t\t\t\t\t\t<\/div>\n\t\t\t\t<\/div>\n\t\t\t\t<\/div>\n\t\t\t\t<\/div>\n\t\t<div data-particle_enable=\"false\" data-particle-mobile-disabled=\"false\" class=\"elementor-element elementor-element-856b79d e-con-full e-flex e-con e-parent\" data-id=\"856b79d\" data-element_type=\"container\" data-e-type=\"container\" data-settings=\"{&quot;background_background&quot;:&quot;classic&quot;}\">\n\t\t<div data-particle_enable=\"false\" data-particle-mobile-disabled=\"false\" class=\"elementor-element elementor-element-68e5db9 e-con-full e-flex e-con e-child\" data-id=\"68e5db9\" data-element_type=\"container\" data-e-type=\"container\">\n\t\t\t\t<\/div>\n\t\t<div data-particle_enable=\"false\" data-particle-mobile-disabled=\"false\" class=\"elementor-element elementor-element-5ef6b26 e-con-full e-flex e-con e-child\" data-id=\"5ef6b26\" data-element_type=\"container\" data-e-type=\"container\">\n\t\t\t\t<div class=\"elementor-element elementor-element-e961979 elementor-widget-divider--view-line elementor-invisible elementor-widget elementor-widget-divider\" data-id=\"e961979\" data-element_type=\"widget\" data-e-type=\"widget\" data-settings=\"{&quot;_animation&quot;:&quot;fadeInRight&quot;}\" data-widget_type=\"divider.default\">\n\t\t\t\t<div class=\"elementor-widget-container\">\n\t\t\t\t\t\t\t<div class=\"elementor-divider\">\n\t\t\t<span class=\"elementor-divider-separator\">\n\t\t\t\t\t\t<\/span>\n\t\t<\/div>\n\t\t\t\t\t\t<\/div>\n\t\t\t\t<\/div>\n\t\t\t\t<div class=\"elementor-element elementor-element-0cdc721 elementor-invisible elementor-widget elementor-widget-heading\" data-id=\"0cdc721\" data-element_type=\"widget\" data-e-type=\"widget\" data-settings=\"{&quot;_animation&quot;:&quot;fadeInUp&quot;}\" data-widget_type=\"heading.default\">\n\t\t\t\t<div class=\"elementor-widget-container\">\n\t\t\t\t\t<h3 class=\"elementor-heading-title elementor-size-default\">\u00bfSe programa poco teatro para todos los p\u00fablicos en ese pa\u00eds?<\/h3>\t\t\t\t<\/div>\n\t\t\t\t<\/div>\n\t\t\t\t<div class=\"elementor-element elementor-element-0a5c891 elementor-invisible elementor-widget elementor-widget-text-editor\" data-id=\"0a5c891\" data-element_type=\"widget\" data-e-type=\"widget\" data-settings=\"{&quot;_animation&quot;:&quot;fadeInLeft&quot;}\" data-widget_type=\"text-editor.default\">\n\t\t\t\t<div class=\"elementor-widget-container\">\n\t\t\t\t\t\t\t\t\t<p>Yo creo que es un programa poco, en general, pero adem\u00e1s tenemos la mala suerte de que una parte de las artes esc\u00e9nicas que se programan para p\u00fablico familiar son, en muchas ocasiones, productos muy comerciales o muy prefabricados, o que van una l\u00ednea de cosas que ya salen en televisi\u00f3n y que no provienen del \u00e1mbito de las artes esc\u00e9nicas, sino de otros \u00e1mbitos m\u00e1s mainstream. Esto nos hace un mal favor, porque al final est\u00e1s trabajando con un lenguaje que es televisivo, un lenguaje que quiz\u00e1s es de conciertos de masas e importarlo a otro \u00e1mbito en el que hace muchos a\u00f1os que se est\u00e1 trabajando muy bien otro tipo de lenguaje, y en el que se est\u00e1n consiguiendo hacer cosas maravillosas, pues lo que hace es romperlo todo y se las acaba conquistando los teatros. Yo, que soy valenciano, puedo poner un poco de distancia y veo que en Catalunya se ha hecho un esfuerzo enorme por crecer a nivel teatral desde hace casi un siglo pero creo que no damos suficiente valor a todo esto. Es una l\u00e1stima. Tambi\u00e9n lo es que no exista una perspectiva clara de futuro.    <\/p>\t\t\t\t\t\t\t\t<\/div>\n\t\t\t\t<\/div>\n\t\t\t\t<\/div>\n\t\t\t\t<\/div>\n\t\t<div data-particle_enable=\"false\" data-particle-mobile-disabled=\"false\" class=\"elementor-element elementor-element-8bd1282 e-con-full e-flex e-con e-parent\" data-id=\"8bd1282\" data-element_type=\"container\" data-e-type=\"container\" data-settings=\"{&quot;background_background&quot;:&quot;classic&quot;}\">\n\t\t<div data-particle_enable=\"false\" data-particle-mobile-disabled=\"false\" class=\"elementor-element elementor-element-06de8df e-con-full e-flex e-con e-child\" data-id=\"06de8df\" data-element_type=\"container\" data-e-type=\"container\">\n\t\t\t\t<div class=\"elementor-element elementor-element-d5aa48d elementor-widget-divider--view-line elementor-invisible elementor-widget elementor-widget-divider\" data-id=\"d5aa48d\" data-element_type=\"widget\" data-e-type=\"widget\" data-settings=\"{&quot;_animation&quot;:&quot;fadeInRight&quot;}\" data-widget_type=\"divider.default\">\n\t\t\t\t<div class=\"elementor-widget-container\">\n\t\t\t\t\t\t\t<div class=\"elementor-divider\">\n\t\t\t<span class=\"elementor-divider-separator\">\n\t\t\t\t\t\t<\/span>\n\t\t<\/div>\n\t\t\t\t\t\t<\/div>\n\t\t\t\t<\/div>\n\t\t\t\t<div class=\"elementor-element elementor-element-18604cc elementor-invisible elementor-widget elementor-widget-heading\" data-id=\"18604cc\" data-element_type=\"widget\" data-e-type=\"widget\" data-settings=\"{&quot;_animation&quot;:&quot;fadeInUp&quot;}\" data-widget_type=\"heading.default\">\n\t\t\t\t<div class=\"elementor-widget-container\">\n\t\t\t\t\t<p class=\"elementor-heading-title elementor-size-default\">En Catalu\u00f1a, en cuanto a artes esc\u00e9nicas para todos los p\u00fablicos, existen pocos escaparates como la Muestra Igualada. \u00bfCrees que faltan? <\/p>\t\t\t\t<\/div>\n\t\t\t\t<\/div>\n\t\t\t\t<div class=\"elementor-element elementor-element-a07ec47 elementor-invisible elementor-widget elementor-widget-text-editor\" data-id=\"a07ec47\" data-element_type=\"widget\" data-e-type=\"widget\" data-settings=\"{&quot;_animation&quot;:&quot;fadeInLeft&quot;}\" data-widget_type=\"text-editor.default\">\n\t\t\t\t<div class=\"elementor-widget-container\">\n\t\t\t\t\t\t\t\t\t<p>Mi visi\u00f3n es cr\u00edtica en cuanto a las mejoras de las condiciones econ\u00f3micas y esto va de acuerdo tambi\u00e9n en consonancia con la sociedad en la que parece que cada vez las condiciones laborales, las de los trabajadores, son cada vez pitores. Estamos trabajando, pero cada vez es m\u00e1s dif\u00edcil obtener un sueldo digno y, en mi opini\u00f3n, vamos hacia el descenso tambi\u00e9n en el \u00e1mbito de las artes esc\u00e9nicas. <\/p>\t\t\t\t\t\t\t\t<\/div>\n\t\t\t\t<\/div>\n\t\t\t\t<\/div>\n\t\t<div data-particle_enable=\"false\" data-particle-mobile-disabled=\"false\" class=\"elementor-element elementor-element-3da002b e-con-full e-flex e-con e-child\" data-id=\"3da002b\" data-element_type=\"container\" data-e-type=\"container\">\n\t\t\t\t<div class=\"elementor-element elementor-element-6d70477 elementor-widget elementor-widget-image\" data-id=\"6d70477\" data-element_type=\"widget\" data-e-type=\"widget\" data-widget_type=\"image.default\">\n\t\t\t\t<div class=\"elementor-widget-container\">\n\t\t\t\t\t\t\t\t\t\t\t\t\t\t\t<img loading=\"lazy\" decoding=\"async\" width=\"800\" height=\"534\" src=\"https:\/\/revistes.proscenium.cat\/wp-content\/uploads\/2025\/06\/retrato-en-primer-plano-de-una-flor-roja-1024x683.webp\" class=\"attachment-large size-large wp-image-3163\" alt=\"Titella\" srcset=\"https:\/\/revistes.proscenium.cat\/wp-content\/uploads\/2025\/06\/retrato-en-primer-plano-de-una-flor-roja-1024x683.webp 1024w, https:\/\/revistes.proscenium.cat\/wp-content\/uploads\/2025\/06\/retrato-en-primer-plano-de-una-flor-roja-300x200.webp 300w, https:\/\/revistes.proscenium.cat\/wp-content\/uploads\/2025\/06\/retrato-en-primer-plano-de-una-flor-roja-768x512.webp 768w, https:\/\/revistes.proscenium.cat\/wp-content\/uploads\/2025\/06\/retrato-en-primer-plano-de-una-flor-roja-1536x1024.webp 1536w, https:\/\/revistes.proscenium.cat\/wp-content\/uploads\/2025\/06\/retrato-en-primer-plano-de-una-flor-roja-2048x1365.webp 2048w\" sizes=\"(max-width: 800px) 100vw, 800px\" \/>\t\t\t\t\t\t\t\t\t\t\t\t\t\t\t<\/div>\n\t\t\t\t<\/div>\n\t\t\t\t<\/div>\n\t\t\t\t<\/div>\n\t\t<div data-particle_enable=\"false\" data-particle-mobile-disabled=\"false\" class=\"elementor-element elementor-element-b02c12f e-con-full e-flex e-con e-parent\" data-id=\"b02c12f\" data-element_type=\"container\" data-e-type=\"container\" data-settings=\"{&quot;background_background&quot;:&quot;classic&quot;}\">\n\t\t<div data-particle_enable=\"false\" data-particle-mobile-disabled=\"false\" class=\"elementor-element elementor-element-41fed68 e-con-full e-flex e-con e-child\" data-id=\"41fed68\" data-element_type=\"container\" data-e-type=\"container\">\n\t\t\t\t<div class=\"elementor-element elementor-element-2d89efb elementor-widget-divider--view-line elementor-invisible elementor-widget elementor-widget-divider\" data-id=\"2d89efb\" data-element_type=\"widget\" data-e-type=\"widget\" data-settings=\"{&quot;_animation&quot;:&quot;fadeInRight&quot;}\" data-widget_type=\"divider.default\">\n\t\t\t\t<div class=\"elementor-widget-container\">\n\t\t\t\t\t\t\t<div class=\"elementor-divider\">\n\t\t\t<span class=\"elementor-divider-separator\">\n\t\t\t\t\t\t<\/span>\n\t\t<\/div>\n\t\t\t\t\t\t<\/div>\n\t\t\t\t<\/div>\n\t\t\t\t<div class=\"elementor-element elementor-element-e0b05f1 elementor-invisible elementor-widget elementor-widget-heading\" data-id=\"e0b05f1\" data-element_type=\"widget\" data-e-type=\"widget\" data-settings=\"{&quot;_animation&quot;:&quot;fadeInUp&quot;}\" data-widget_type=\"heading.default\">\n\t\t\t\t<div class=\"elementor-widget-container\">\n\t\t\t\t\t<p class=\"elementor-heading-title elementor-size-default\">\u00bfC\u00f3mo ha evolucionado este programador?<\/p>\t\t\t\t<\/div>\n\t\t\t\t<\/div>\n\t\t\t\t<div class=\"elementor-element elementor-element-1752dfb elementor-invisible elementor-widget elementor-widget-text-editor\" data-id=\"1752dfb\" data-element_type=\"widget\" data-e-type=\"widget\" data-settings=\"{&quot;_animation&quot;:&quot;fadeInLeft&quot;}\" data-widget_type=\"text-editor.default\">\n\t\t\t\t<div class=\"elementor-widget-container\">\n\t\t\t\t\t\t\t\t\t<p>Existe un relevo generacional, es normal. Yo ahora tengo cincuenta y posiblemente empiezo a notar que soy de la vieja guardia y no estoy tan al d\u00eda de lo que hacen las nuevas generaciones, pues lo mismo ocurre con el colectivo de los programadores, que hay relieve y las ferias y muestras deben tener en cuenta c\u00f3mo captarlos y mantener su atractivo y su funcionalidad. <\/p>\t\t\t\t\t\t\t\t<\/div>\n\t\t\t\t<\/div>\n\t\t\t\t<\/div>\n\t\t<div data-particle_enable=\"false\" data-particle-mobile-disabled=\"false\" class=\"elementor-element elementor-element-48396f7 e-con-full e-flex e-con e-child\" data-id=\"48396f7\" data-element_type=\"container\" data-e-type=\"container\">\n\t\t\t\t<div class=\"elementor-element elementor-element-416db43 elementor-widget elementor-widget-image\" data-id=\"416db43\" data-element_type=\"widget\" data-e-type=\"widget\" data-widget_type=\"image.default\">\n\t\t\t\t<div class=\"elementor-widget-container\">\n\t\t\t\t\t\t\t\t\t\t\t\t\t\t\t<img loading=\"lazy\" decoding=\"async\" width=\"800\" height=\"534\" src=\"https:\/\/revistes.proscenium.cat\/wp-content\/uploads\/2025\/06\/vista-del-juguete-colgado-en-el-microfono-1024x683.webp\" class=\"attachment-large size-large wp-image-3164\" alt=\"Ninot en un micr\u00f2fon\" srcset=\"https:\/\/revistes.proscenium.cat\/wp-content\/uploads\/2025\/06\/vista-del-juguete-colgado-en-el-microfono-1024x683.webp 1024w, https:\/\/revistes.proscenium.cat\/wp-content\/uploads\/2025\/06\/vista-del-juguete-colgado-en-el-microfono-300x200.webp 300w, https:\/\/revistes.proscenium.cat\/wp-content\/uploads\/2025\/06\/vista-del-juguete-colgado-en-el-microfono-768x512.webp 768w, https:\/\/revistes.proscenium.cat\/wp-content\/uploads\/2025\/06\/vista-del-juguete-colgado-en-el-microfono-1536x1024.webp 1536w, https:\/\/revistes.proscenium.cat\/wp-content\/uploads\/2025\/06\/vista-del-juguete-colgado-en-el-microfono-2048x1365.webp 2048w\" sizes=\"(max-width: 800px) 100vw, 800px\" \/>\t\t\t\t\t\t\t\t\t\t\t\t\t\t\t<\/div>\n\t\t\t\t<\/div>\n\t\t\t\t<\/div>\n\t\t\t\t<\/div>\n\t\t<div data-particle_enable=\"false\" data-particle-mobile-disabled=\"false\" class=\"elementor-element elementor-element-4b2d374 e-con-full e-flex e-con e-parent\" data-id=\"4b2d374\" data-element_type=\"container\" data-e-type=\"container\" data-settings=\"{&quot;background_background&quot;:&quot;classic&quot;}\">\n\t\t<div data-particle_enable=\"false\" data-particle-mobile-disabled=\"false\" class=\"elementor-element elementor-element-2cccaa7 e-con-full e-flex e-con e-child\" data-id=\"2cccaa7\" data-element_type=\"container\" data-e-type=\"container\">\n\t\t\t\t<div class=\"elementor-element elementor-element-5e8563c elementor-widget elementor-widget-image\" data-id=\"5e8563c\" data-element_type=\"widget\" data-e-type=\"widget\" data-widget_type=\"image.default\">\n\t\t\t\t<div class=\"elementor-widget-container\">\n\t\t\t\t\t\t\t\t\t\t\t\t\t\t\t<img loading=\"lazy\" decoding=\"async\" width=\"800\" height=\"800\" src=\"https:\/\/revistes.proscenium.cat\/wp-content\/uploads\/2025\/06\/Rectangle-5.webp\" class=\"attachment-large size-large wp-image-3165\" alt=\"Detall del decorat d&#039;una obra\" srcset=\"https:\/\/revistes.proscenium.cat\/wp-content\/uploads\/2025\/06\/Rectangle-5.webp 864w, https:\/\/revistes.proscenium.cat\/wp-content\/uploads\/2025\/06\/Rectangle-5-300x300.webp 300w, https:\/\/revistes.proscenium.cat\/wp-content\/uploads\/2025\/06\/Rectangle-5-150x150.webp 150w, https:\/\/revistes.proscenium.cat\/wp-content\/uploads\/2025\/06\/Rectangle-5-768x768.webp 768w\" sizes=\"(max-width: 800px) 100vw, 800px\" \/>\t\t\t\t\t\t\t\t\t\t\t\t\t\t\t<\/div>\n\t\t\t\t<\/div>\n\t\t\t\t<\/div>\n\t\t<div data-particle_enable=\"false\" data-particle-mobile-disabled=\"false\" class=\"elementor-element elementor-element-2fcdb1f e-con-full e-flex e-con e-child\" data-id=\"2fcdb1f\" data-element_type=\"container\" data-e-type=\"container\">\n\t\t\t\t<div class=\"elementor-element elementor-element-a8ce4d9 elementor-widget-divider--view-line elementor-invisible elementor-widget elementor-widget-divider\" data-id=\"a8ce4d9\" data-element_type=\"widget\" data-e-type=\"widget\" data-settings=\"{&quot;_animation&quot;:&quot;fadeInRight&quot;}\" data-widget_type=\"divider.default\">\n\t\t\t\t<div class=\"elementor-widget-container\">\n\t\t\t\t\t\t\t<div class=\"elementor-divider\">\n\t\t\t<span class=\"elementor-divider-separator\">\n\t\t\t\t\t\t<\/span>\n\t\t<\/div>\n\t\t\t\t\t\t<\/div>\n\t\t\t\t<\/div>\n\t\t\t\t<div class=\"elementor-element elementor-element-3da6ac3 elementor-invisible elementor-widget elementor-widget-text-editor\" data-id=\"3da6ac3\" data-element_type=\"widget\" data-e-type=\"widget\" data-settings=\"{&quot;_animation&quot;:&quot;fadeInUp&quot;}\" data-widget_type=\"text-editor.default\">\n\t\t\t\t<div class=\"elementor-widget-container\">\n\t\t\t\t\t\t\t\t\t<p><em>Cambiamos algo de tema y hablamos de aspectos creativos. \u00bfC\u00f3mo crees que han evolucionado los lenguajes art\u00edsticos en su \u00e1mbito, con la fusi\u00f3n de \u00e9stos y la irrupci\u00f3n de la tecnolog\u00eda digital? \u00bfCrees que se abandonar\u00e1 la artesan\u00eda o esa forma de hacer m\u00e1s manual y sencilla?  <\/em><\/p>\t\t\t\t\t\t\t\t<\/div>\n\t\t\t\t<\/div>\n\t\t\t\t<div class=\"elementor-element elementor-element-9009e17 elementor-invisible elementor-widget elementor-widget-text-editor\" data-id=\"9009e17\" data-element_type=\"widget\" data-e-type=\"widget\" data-settings=\"{&quot;_animation&quot;:&quot;fadeInLeft&quot;}\" data-widget_type=\"text-editor.default\">\n\t\t\t\t<div class=\"elementor-widget-container\">\n\t\t\t\t\t\t\t\t\t<p>A nuestra generaci\u00f3n nos cuesta entender c\u00f3mo han montado sus momentos de ocio las generaciones m\u00e1s j\u00f3venes, que ha cambiado much\u00edsimo, con nuevos formatos y posibilidades. Todo esto afecta al tiempo de duraci\u00f3n de un espect\u00e1culo, al tiempo que se puede mantener realmente la atenci\u00f3n del p\u00fablico, el ritmo, la cantidad de informaci\u00f3n o incluso los est\u00edmulos visuales que quieres hacer llegar al p\u00fablico. Esto tambi\u00e9n tiene relaci\u00f3n con lo que dec\u00eda de los programadores y las ferias, que realmente ahora yo creo que existe un proceso muy intenso para adecuarse a los nuevos formatos que consume la gente joven. Desde la TTP tambi\u00e9n hay mucho inter\u00e9s por enganchar al sector m\u00e1s juvenil \u2013a partir de 8 y hasta 14 aproximadamente-, que es lo que cuesta m\u00e1s. El sector infantil lo tenemos m\u00e1s o menos apamado, pero el sector juvenil cuesta. Mucho. Debemos ser muy creativos en esto.      <\/p>\t\t\t\t\t\t\t\t<\/div>\n\t\t\t\t<\/div>\n\t\t\t\t<\/div>\n\t\t\t\t<\/div>\n\t\t<div data-particle_enable=\"false\" data-particle-mobile-disabled=\"false\" class=\"elementor-element elementor-element-9189ea3 e-con-full e-flex e-con e-parent\" data-id=\"9189ea3\" data-element_type=\"container\" data-e-type=\"container\" data-settings=\"{&quot;background_background&quot;:&quot;classic&quot;}\">\n\t\t<div data-particle_enable=\"false\" data-particle-mobile-disabled=\"false\" class=\"elementor-element elementor-element-3978c5f e-con-full e-flex e-con e-child\" data-id=\"3978c5f\" data-element_type=\"container\" data-e-type=\"container\">\n\t\t\t\t<div class=\"elementor-element elementor-element-27a6931 elementor-widget elementor-widget-image\" data-id=\"27a6931\" data-element_type=\"widget\" data-e-type=\"widget\" data-widget_type=\"image.default\">\n\t\t\t\t<div class=\"elementor-widget-container\">\n\t\t\t\t\t\t\t\t\t\t\t\t\t\t\t<img loading=\"lazy\" decoding=\"async\" width=\"731\" height=\"1024\" src=\"https:\/\/revistes.proscenium.cat\/wp-content\/uploads\/2025\/06\/manos-cortadas-de-amigos-de-pie-junto-sillas-731x1024.webp\" class=\"attachment-large size-large wp-image-3166\" alt=\"Mans en unes butaques\" srcset=\"https:\/\/revistes.proscenium.cat\/wp-content\/uploads\/2025\/06\/manos-cortadas-de-amigos-de-pie-junto-sillas-731x1024.webp 731w, https:\/\/revistes.proscenium.cat\/wp-content\/uploads\/2025\/06\/manos-cortadas-de-amigos-de-pie-junto-sillas-214x300.webp 214w, https:\/\/revistes.proscenium.cat\/wp-content\/uploads\/2025\/06\/manos-cortadas-de-amigos-de-pie-junto-sillas-768x1075.webp 768w, https:\/\/revistes.proscenium.cat\/wp-content\/uploads\/2025\/06\/manos-cortadas-de-amigos-de-pie-junto-sillas-1097x1536.webp 1097w, https:\/\/revistes.proscenium.cat\/wp-content\/uploads\/2025\/06\/manos-cortadas-de-amigos-de-pie-junto-sillas-1463x2048.webp 1463w, https:\/\/revistes.proscenium.cat\/wp-content\/uploads\/2025\/06\/manos-cortadas-de-amigos-de-pie-junto-sillas-scaled.webp 1829w\" sizes=\"(max-width: 731px) 100vw, 731px\" \/>\t\t\t\t\t\t\t\t\t\t\t\t\t\t\t<\/div>\n\t\t\t\t<\/div>\n\t\t\t\t<\/div>\n\t\t<div data-particle_enable=\"false\" data-particle-mobile-disabled=\"false\" class=\"elementor-element elementor-element-a910dd6 e-con-full e-flex e-con e-child\" data-id=\"a910dd6\" data-element_type=\"container\" data-e-type=\"container\">\n\t\t<div data-particle_enable=\"false\" data-particle-mobile-disabled=\"false\" class=\"elementor-element elementor-element-4b2dc42 e-con-full e-flex e-con e-child\" data-id=\"4b2dc42\" data-element_type=\"container\" data-e-type=\"container\">\n\t\t\t\t<div class=\"elementor-element elementor-element-f35bfef elementor-widget-divider--view-line elementor-invisible elementor-widget elementor-widget-divider\" data-id=\"f35bfef\" data-element_type=\"widget\" data-e-type=\"widget\" data-settings=\"{&quot;_animation&quot;:&quot;fadeInRight&quot;}\" data-widget_type=\"divider.default\">\n\t\t\t\t<div class=\"elementor-widget-container\">\n\t\t\t\t\t\t\t<div class=\"elementor-divider\">\n\t\t\t<span class=\"elementor-divider-separator\">\n\t\t\t\t\t\t<\/span>\n\t\t<\/div>\n\t\t\t\t\t\t<\/div>\n\t\t\t\t<\/div>\n\t\t\t\t<div class=\"elementor-element elementor-element-dff4210 elementor-invisible elementor-widget elementor-widget-text-editor\" data-id=\"dff4210\" data-element_type=\"widget\" data-e-type=\"widget\" data-settings=\"{&quot;_animation&quot;:&quot;fadeInUp&quot;}\" data-widget_type=\"text-editor.default\">\n\t\t\t\t<div class=\"elementor-widget-container\">\n\t\t\t\t\t\t\t\t\t<p><em>Ahora que has mencionado la TTP, hablemos. \u00bfCu\u00e1l es la situaci\u00f3n actual? <\/em><\/p>\t\t\t\t\t\t\t\t<\/div>\n\t\t\t\t<\/div>\n\t\t\t\t<div class=\"elementor-element elementor-element-dd2871e elementor-invisible elementor-widget elementor-widget-text-editor\" data-id=\"dd2871e\" data-element_type=\"widget\" data-e-type=\"widget\" data-settings=\"{&quot;_animation&quot;:&quot;fadeInLeft&quot;}\" data-widget_type=\"text-editor.default\">\n\t\t\t\t<div class=\"elementor-widget-container\">\n\t\t\t\t\t\t\t\t\t<p>El otro d\u00eda se apunt\u00f3 la compa\u00f1\u00eda n\u00famero 80. Hay algunas bajas por jubilaci\u00f3n de compa\u00f1\u00edas insignia que ahora son miembros honor\u00edficos \u2013L&#8217;Estaquirot, L&#8217;Estenedor, Artristras, Teatre M\u00f2bil&#8230;-, pero enseguida a\u00f1adimos nuevos miembros. Creo que estamos en buen momento y que la evoluci\u00f3n es buena. Al crecimiento de socios, debemos a\u00f1adir que hemos logrado establecer una buena mec\u00e1nica de funcionamiento desde hace unos a\u00f1os gracias a las juntas directivas anteriores y el convencimiento de que la TTP existe para luchar por el bien del sector. Los grupos de trabajo funcionan muy bien, son muy potentes y la gente se asoma con ganas.    <\/p>\t\t\t\t\t\t\t\t<\/div>\n\t\t\t\t<\/div>\n\t\t\t\t<\/div>\n\t\t<div data-particle_enable=\"false\" data-particle-mobile-disabled=\"false\" class=\"elementor-element elementor-element-245bd80 e-con-full e-flex e-con e-child\" data-id=\"245bd80\" data-element_type=\"container\" data-e-type=\"container\">\n\t\t\t\t<div class=\"elementor-element elementor-element-a6f7544 elementor-widget-divider--view-line elementor-invisible elementor-widget elementor-widget-divider\" data-id=\"a6f7544\" data-element_type=\"widget\" data-e-type=\"widget\" data-settings=\"{&quot;_animation&quot;:&quot;fadeInRight&quot;}\" data-widget_type=\"divider.default\">\n\t\t\t\t<div class=\"elementor-widget-container\">\n\t\t\t\t\t\t\t<div class=\"elementor-divider\">\n\t\t\t<span class=\"elementor-divider-separator\">\n\t\t\t\t\t\t<\/span>\n\t\t<\/div>\n\t\t\t\t\t\t<\/div>\n\t\t\t\t<\/div>\n\t\t\t\t<div class=\"elementor-element elementor-element-46380f8 elementor-invisible elementor-widget elementor-widget-text-editor\" data-id=\"46380f8\" data-element_type=\"widget\" data-e-type=\"widget\" data-settings=\"{&quot;_animation&quot;:&quot;fadeInUp&quot;}\" data-widget_type=\"text-editor.default\">\n\t\t\t\t<div class=\"elementor-widget-container\">\n\t\t\t\t\t\t\t\t\t<p><em>\u00bfLas instituciones responden?<\/em><\/p>\t\t\t\t\t\t\t\t<\/div>\n\t\t\t\t<\/div>\n\t\t\t\t<div class=\"elementor-element elementor-element-c5b8a44 elementor-invisible elementor-widget elementor-widget-text-editor\" data-id=\"c5b8a44\" data-element_type=\"widget\" data-e-type=\"widget\" data-settings=\"{&quot;_animation&quot;:&quot;fadeInLeft&quot;}\" data-widget_type=\"text-editor.default\">\n\t\t\t\t<div class=\"elementor-widget-container\">\n\t\t\t\t\t\t\t\t\t<p>Es complicado, pero van respondiendo. Cuando vas a hablar te das cuenta de que tienen muchos frentes abiertos y que hasta hace poco y seg\u00fan en qu\u00e9 lugar, todav\u00eda ahora, nuestro sector lleva colgada la etiqueta de intrascendente o no prioritario. Ahora bien, tambi\u00e9n hace falta que nosotros hagamos los deberes, trabajar para obtener relevancia y colaborar codo con codo para que te tengan en consideraci\u00f3n, hacerte presente para poder jugar un papel relevante cuando se decidan cosas importantes para el sector.  <\/p>\t\t\t\t\t\t\t\t<\/div>\n\t\t\t\t<\/div>\n\t\t\t\t<\/div>\n\t\t\t\t<\/div>\n\t\t\t\t<\/div>\n\t\t<div data-particle_enable=\"false\" data-particle-mobile-disabled=\"false\" class=\"elementor-element elementor-element-6e76c91 e-con-full e-flex e-con e-parent\" data-id=\"6e76c91\" data-element_type=\"container\" data-e-type=\"container\" data-settings=\"{&quot;background_background&quot;:&quot;classic&quot;}\">\n\t\t<div data-particle_enable=\"false\" data-particle-mobile-disabled=\"false\" class=\"elementor-element elementor-element-27c2f68 e-con-full e-flex e-con e-child\" data-id=\"27c2f68\" data-element_type=\"container\" data-e-type=\"container\">\n\t\t\t\t<div class=\"elementor-element elementor-element-8ebcab4 elementor-widget-divider--view-line elementor-invisible elementor-widget elementor-widget-divider\" data-id=\"8ebcab4\" data-element_type=\"widget\" data-e-type=\"widget\" data-settings=\"{&quot;_animation&quot;:&quot;fadeInRight&quot;}\" data-widget_type=\"divider.default\">\n\t\t\t\t<div class=\"elementor-widget-container\">\n\t\t\t\t\t\t\t<div class=\"elementor-divider\">\n\t\t\t<span class=\"elementor-divider-separator\">\n\t\t\t\t\t\t<\/span>\n\t\t<\/div>\n\t\t\t\t\t\t<\/div>\n\t\t\t\t<\/div>\n\t\t\t\t<div class=\"elementor-element elementor-element-51398df elementor-invisible elementor-widget elementor-widget-heading\" data-id=\"51398df\" data-element_type=\"widget\" data-e-type=\"widget\" data-settings=\"{&quot;_animation&quot;:&quot;fadeInUp&quot;}\" data-widget_type=\"heading.default\">\n\t\t\t\t<div class=\"elementor-widget-container\">\n\t\t\t\t\t<p class=\"elementor-heading-title elementor-size-default\">Una de las batallas son las ayudas. \u00bfLos sistemas establecidos son necesarios? \u00bfFuncionan?  <\/p>\t\t\t\t<\/div>\n\t\t\t\t<\/div>\n\t\t\t\t<div class=\"elementor-element elementor-element-444c813 elementor-invisible elementor-widget elementor-widget-text-editor\" data-id=\"444c813\" data-element_type=\"widget\" data-e-type=\"widget\" data-settings=\"{&quot;_animation&quot;:&quot;fadeInLeft&quot;}\" data-widget_type=\"text-editor.default\">\n\t\t\t\t<div class=\"elementor-widget-container\">\n\t\t\t\t\t\t\t\t\t<p><span style=\"white-space-collapse: preserve;\">Hay que cambiar cosas que no funcionan, no nos enga\u00f1emos. Partimos del hecho somos un sector precario y que las ayudas son vitales para nosotros. Si no existieran, lo tendr\u00edamos m\u00e1s complicado para sobrevivir, pero debemos encontrar un equilibrio. Si s\u00f3lo te gu\u00edas por la rentabilidad econ\u00f3mica, est\u00e1 claro que habr\u00eda mucha cultura de la que no podr\u00edamos disfrutar, pero posiblemente es necesaria una ayuda inicial para producir, para poner en marcha espect\u00e1culos que despu\u00e9s se puedan vender. Es un tema complicado, porque no se puede vivir s\u00f3lo de las ayudas, no deber\u00eda ser as\u00ed y creo que no lo es, tambi\u00e9n es necesario encontrar la capacidad de comercializar de forma correcta tu espect\u00e1culo para mantener el equilibrio.     <\/span><\/p>\t\t\t\t\t\t\t\t<\/div>\n\t\t\t\t<\/div>\n\t\t\t\t<\/div>\n\t\t<div data-particle_enable=\"false\" data-particle-mobile-disabled=\"false\" class=\"elementor-element elementor-element-0dd2ae4 e-con-full e-flex e-con e-child\" data-id=\"0dd2ae4\" data-element_type=\"container\" data-e-type=\"container\">\n\t\t\t\t<\/div>\n\t\t\t\t<\/div>\n\t\t<div data-particle_enable=\"false\" data-particle-mobile-disabled=\"false\" class=\"elementor-element elementor-element-c59ece1 e-con-full e-flex e-con e-parent\" data-id=\"c59ece1\" data-element_type=\"container\" data-e-type=\"container\" data-settings=\"{&quot;background_background&quot;:&quot;classic&quot;}\">\n\t\t<div data-particle_enable=\"false\" data-particle-mobile-disabled=\"false\" class=\"elementor-element elementor-element-a3911b1 e-con-full e-flex e-con e-child\" data-id=\"a3911b1\" data-element_type=\"container\" data-e-type=\"container\">\n\t\t\t\t<div class=\"elementor-element elementor-element-aaf321f elementor-widget__width-initial elementor-widget-divider--view-line elementor-widget elementor-widget-divider\" data-id=\"aaf321f\" data-element_type=\"widget\" data-e-type=\"widget\" data-widget_type=\"divider.default\">\n\t\t\t\t<div class=\"elementor-widget-container\">\n\t\t\t\t\t\t\t<div class=\"elementor-divider\">\n\t\t\t<span class=\"elementor-divider-separator\">\n\t\t\t\t\t\t<\/span>\n\t\t<\/div>\n\t\t\t\t\t\t<\/div>\n\t\t\t\t<\/div>\n\t\t\t\t<div class=\"elementor-element elementor-element-7365f78 elementor-widget elementor-widget-heading\" data-id=\"7365f78\" data-element_type=\"widget\" data-e-type=\"widget\" data-widget_type=\"heading.default\">\n\t\t\t\t<div class=\"elementor-widget-container\">\n\t\t\t\t\t<p class=\"elementor-heading-title elementor-size-default\">\u00bfCu\u00e1n importante es la formaci\u00f3n de los profesionales del sector, en que me consta que la TTP aboca muchos esfuerzos?<\/p>\t\t\t\t<\/div>\n\t\t\t\t<\/div>\n\t\t\t\t<div class=\"elementor-element elementor-element-43816e5 elementor-widget elementor-widget-text-editor\" data-id=\"43816e5\" data-element_type=\"widget\" data-e-type=\"widget\" data-widget_type=\"text-editor.default\">\n\t\t\t\t<div class=\"elementor-widget-container\">\n\t\t\t\t\t\t\t\t\t<p>Tenemos dedicada una comisi\u00f3n y pensamos que es vital la formaci\u00f3n para que todas las compa\u00f1\u00edas estemos muy activas, incandescentes continuamente, tanto a nivel creativo como en aspectos referentes a la administraci\u00f3n, que todo el mundo est\u00e9 muy al d\u00eda de las ayudas a las que puede aspirar y que todo el mundo sea proactivo, que se puedan mover, reclamar y saber qu\u00e9 itinerarios deben. En cuanto a la cuesti\u00f3n art\u00edstica, c\u00f3mo dec\u00edamos antes el p\u00fablico cambia y evoluciona y debemos estar atentos de c\u00f3mo va cambiando su forma de ver los espect\u00e1culos, de consumir ocio y de c\u00f3mo cambia o se introducen nuevas tecnolog\u00edas. Esto tiene su influencia el mundo de las artes esc\u00e9nicas, en la dramaturgia, la forma de contar historias y ponerlas en escena y es por eso que es necesaria la formaci\u00f3n continua.  <\/p>\t\t\t\t\t\t\t\t<\/div>\n\t\t\t\t<\/div>\n\t\t\t\t<\/div>\n\t\t\t\t<\/div>\n\t\t<div data-particle_enable=\"false\" data-particle-mobile-disabled=\"false\" class=\"elementor-element elementor-element-5943f74 e-con-full e-flex e-con e-parent\" data-id=\"5943f74\" data-element_type=\"container\" data-e-type=\"container\" data-settings=\"{&quot;background_background&quot;:&quot;classic&quot;}\">\n\t\t<div data-particle_enable=\"false\" data-particle-mobile-disabled=\"false\" class=\"elementor-element elementor-element-da794d8 e-con-full e-flex e-con e-child\" data-id=\"da794d8\" data-element_type=\"container\" data-e-type=\"container\">\n\t\t\t\t<div class=\"elementor-element elementor-element-6fe04dd elementor-widget-divider--view-line elementor-invisible elementor-widget elementor-widget-divider\" data-id=\"6fe04dd\" data-element_type=\"widget\" data-e-type=\"widget\" data-settings=\"{&quot;_animation&quot;:&quot;fadeInRight&quot;}\" data-widget_type=\"divider.default\">\n\t\t\t\t<div class=\"elementor-widget-container\">\n\t\t\t\t\t\t\t<div class=\"elementor-divider\">\n\t\t\t<span class=\"elementor-divider-separator\">\n\t\t\t\t\t\t<\/span>\n\t\t<\/div>\n\t\t\t\t\t\t<\/div>\n\t\t\t\t<\/div>\n\t\t\t\t<div class=\"elementor-element elementor-element-da27da9 elementor-invisible elementor-widget elementor-widget-text-editor\" data-id=\"da27da9\" data-element_type=\"widget\" data-e-type=\"widget\" data-settings=\"{&quot;_animation&quot;:&quot;fadeInUp&quot;}\" data-widget_type=\"text-editor.default\">\n\t\t\t\t<div class=\"elementor-widget-container\">\n\t\t\t\t\t\t\t\t\t<p><em>En la TTP existe una gran diversidad en lo que se refiere a los lenguajes art\u00edsticos: teatro, t\u00edteres, circo, animaci\u00f3n, m\u00fasica, magia, danza&#8230; e instalaciones interactivas de autor. Estas \u00faltimas las acompa\u00f1\u00e1is en una lucha ante la administraci\u00f3n para que tengan la misma consideraci\u00f3n que las otras compa\u00f1\u00edas de artes esc\u00e9nicas, aunque Catalu\u00f1a es pionera en Europa en este tipo de lenguaje art\u00edstico. Esta condici\u00f3n se les niega -con todo lo que comporta- porque en las instalaciones \"no existe la dramaturgia\". \u00bfC\u00f3mo est\u00e1 la cuesti\u00f3n?    <\/em><\/p>\t\t\t\t\t\t\t\t<\/div>\n\t\t\t\t<\/div>\n\t\t\t\t<div class=\"elementor-element elementor-element-6b166d2 elementor-invisible elementor-widget elementor-widget-text-editor\" data-id=\"6b166d2\" data-element_type=\"widget\" data-e-type=\"widget\" data-settings=\"{&quot;_animation&quot;:&quot;fadeInLeft&quot;}\" data-widget_type=\"text-editor.default\">\n\t\t\t\t<div class=\"elementor-widget-container\">\n\t\t\t\t\t\t\t\t\t<p>Lo estamos batallando y creo que falta poco. Estas compa\u00f1\u00edas -Tombs Creatius, Itinerania, Katakrak, Toc de Fusta&#8230;- est\u00e1n muy insertadas tambi\u00e9n en ferias y muestras de artes esc\u00e9nicas, que es lo que son y se relacionan con el resto de compa\u00f1\u00edas, de lo que a menudo salen alianzas art\u00edsticas muy interesantes. Espero que este debate acabe pronto, porque hay que tener una mirada amplia sobre un sector en el que actualmente existe una gran hibridaci\u00f3n de g\u00e9neros. La administraci\u00f3n deber\u00eda entenderlo y remar a favor, porque no se pueden poner puertas al campo.   <\/p>\t\t\t\t\t\t\t\t<\/div>\n\t\t\t\t<\/div>\n\t\t\t\t<\/div>\n\t\t<div data-particle_enable=\"false\" data-particle-mobile-disabled=\"false\" class=\"elementor-element elementor-element-59c47a9 e-con-full e-flex e-con e-child\" data-id=\"59c47a9\" data-element_type=\"container\" data-e-type=\"container\">\n\t\t\t\t<div class=\"elementor-element elementor-element-44fb24e elementor-widget elementor-widget-image\" data-id=\"44fb24e\" data-element_type=\"widget\" data-e-type=\"widget\" data-widget_type=\"image.default\">\n\t\t\t\t<div class=\"elementor-widget-container\">\n\t\t\t\t\t\t\t\t\t\t\t\t\t\t\t<img loading=\"lazy\" decoding=\"async\" width=\"681\" height=\"1024\" src=\"https:\/\/revistes.proscenium.cat\/wp-content\/uploads\/2025\/06\/musico-masculino-tocando-la-guitarra-en-casa-681x1024.webp\" class=\"attachment-large size-large wp-image-3168\" alt=\"Guitarra\" srcset=\"https:\/\/revistes.proscenium.cat\/wp-content\/uploads\/2025\/06\/musico-masculino-tocando-la-guitarra-en-casa-681x1024.webp 681w, https:\/\/revistes.proscenium.cat\/wp-content\/uploads\/2025\/06\/musico-masculino-tocando-la-guitarra-en-casa-200x300.webp 200w, https:\/\/revistes.proscenium.cat\/wp-content\/uploads\/2025\/06\/musico-masculino-tocando-la-guitarra-en-casa-768x1154.webp 768w, https:\/\/revistes.proscenium.cat\/wp-content\/uploads\/2025\/06\/musico-masculino-tocando-la-guitarra-en-casa-1022x1536.webp 1022w, https:\/\/revistes.proscenium.cat\/wp-content\/uploads\/2025\/06\/musico-masculino-tocando-la-guitarra-en-casa-1363x2048.webp 1363w, https:\/\/revistes.proscenium.cat\/wp-content\/uploads\/2025\/06\/musico-masculino-tocando-la-guitarra-en-casa-scaled.webp 1703w\" sizes=\"(max-width: 681px) 100vw, 681px\" \/>\t\t\t\t\t\t\t\t\t\t\t\t\t\t\t<\/div>\n\t\t\t\t<\/div>\n\t\t\t\t<\/div>\n\t\t\t\t<\/div>\n\t\t<div data-particle_enable=\"false\" data-particle-mobile-disabled=\"false\" class=\"elementor-element elementor-element-2630eab e-con-full e-flex e-con e-parent\" data-id=\"2630eab\" data-element_type=\"container\" data-e-type=\"container\" data-settings=\"{&quot;background_background&quot;:&quot;classic&quot;}\">\n\t\t<div data-particle_enable=\"false\" data-particle-mobile-disabled=\"false\" class=\"elementor-element elementor-element-45b0c9e e-con-full e-flex e-con e-child\" data-id=\"45b0c9e\" data-element_type=\"container\" data-e-type=\"container\">\n\t\t\t\t<div class=\"elementor-element elementor-element-c4e9334 elementor-widget__width-initial elementor-widget-divider--view-line elementor-widget elementor-widget-divider\" data-id=\"c4e9334\" data-element_type=\"widget\" data-e-type=\"widget\" data-widget_type=\"divider.default\">\n\t\t\t\t<div class=\"elementor-widget-container\">\n\t\t\t\t\t\t\t<div class=\"elementor-divider\">\n\t\t\t<span class=\"elementor-divider-separator\">\n\t\t\t\t\t\t<\/span>\n\t\t<\/div>\n\t\t\t\t\t\t<\/div>\n\t\t\t\t<\/div>\n\t\t\t\t<div class=\"elementor-element elementor-element-eb138ad elementor-widget elementor-widget-heading\" data-id=\"eb138ad\" data-element_type=\"widget\" data-e-type=\"widget\" data-widget_type=\"heading.default\">\n\t\t\t\t<div class=\"elementor-widget-container\">\n\t\t\t\t\t<h3 class=\"elementor-heading-title elementor-size-default\">\u00daltima cuesti\u00f3n, \u00bfcu\u00e1les son los proyectos de futuro de la TTP?<\/h3>\t\t\t\t<\/div>\n\t\t\t\t<\/div>\n\t\t\t\t<div class=\"elementor-element elementor-element-80d3595 elementor-widget elementor-widget-text-editor\" data-id=\"80d3595\" data-element_type=\"widget\" data-e-type=\"widget\" data-widget_type=\"text-editor.default\">\n\t\t\t\t<div class=\"elementor-widget-container\">\n\t\t\t\t\t\t\t\t\t<p>Tiene bastante que ver con potenciar cosas que ya hacemos. Por ejemplo, queremos dar mucha importancia a las Jornadas CREA, porque tenemos mucho inter\u00e9s en que sea una marca de la TTP y un evento remarcable con periodicidad anual como es ahora. Que sea un punto ineludible en el calendario para la gente del sector. Tambi\u00e9n queremos convertir Escena Familiar en el portal de referencia de las artes esc\u00e9nicas para todos los p\u00fablicos, para lo cual es necesario potenciarlo y finalmente queremos potenciar la formaci\u00f3n continuada a lo largo del a\u00f1o, verter recursos para mantener a las compa\u00f1\u00edas activas y que est\u00e9n en el caso de todo lo que ocurre. Estas tres l\u00edneas me parecen muy importantes.     <\/p>\t\t\t\t\t\t\t\t<\/div>\n\t\t\t\t<\/div>\n\t\t\t\t<\/div>\n\t\t\t\t<\/div>\n\t\t\t\t<\/div>\n\t\t","protected":false},"excerpt":{"rendered":"<p>Edici\u00f3n 10 Entrevista \"Estoy sorprendido por la potencia creativa de las compa\u00f1\u00edas\" Joan Alfred Mengual, presidente de la TTP Joan Alfred Mengual es el actual presidente de la TTP -Asociaci\u00f3n Profesional de Teatro Para Todos los P\u00fablicos de Catalu\u00f1a- y es uno de los dos miembros de la compa\u00f1\u00eda De Paper, con N\u00faria Lozano. Hacen [&hellip;]<\/p>\n","protected":false},"author":1,"featured_media":3157,"parent":0,"menu_order":3,"comment_status":"closed","ping_status":"closed","template":"","meta":{"footnotes":""},"edicions":[11],"class_list":["post-3226","page","type-page","status-publish","has-post-thumbnail","hentry","edicions-11"],"yoast_head":"<!-- This site is optimized with the Yoast SEO plugin v27.4 - https:\/\/yoast.com\/product\/yoast-seo-wordpress\/ -->\n<title>Entrevista a Joan Alfred Mengual - Proscenium<\/title>\n<meta name=\"description\" content=\"Entrevista a Joan Alfred Mengual, presidente de la TTP, sobre la creatividad y el teatro familiar en Catalu\u00f1a.\" \/>\n<meta name=\"robots\" content=\"index, follow, max-snippet:-1, max-image-preview:large, max-video-preview:-1\" \/>\n<link rel=\"canonical\" href=\"https:\/\/revistes.proscenium.cat\/es\/entrevista-a-joan-alfred-mengual-ttp\/\" \/>\n<meta property=\"og:locale\" content=\"es_ES\" \/>\n<meta property=\"og:type\" content=\"article\" \/>\n<meta property=\"og:title\" content=\"Entrevista a Joan Alfred Mengual - Proscenium\" \/>\n<meta property=\"og:description\" content=\"Entrevista a Joan Alfred Mengual, presidente de la TTP, sobre la creatividad y el teatro familiar en Catalu\u00f1a.\" \/>\n<meta property=\"og:url\" content=\"https:\/\/revistes.proscenium.cat\/es\/entrevista-a-joan-alfred-mengual-ttp\/\" \/>\n<meta property=\"og:site_name\" content=\"Proscenium\" \/>\n<meta property=\"article:modified_time\" content=\"2026-01-05T11:45:46+00:00\" \/>\n<meta property=\"og:image\" content=\"https:\/\/revistes.proscenium.cat\/wp-content\/uploads\/2025\/06\/Mengual1_TXUS-GARCIA.jpg\" \/>\n\t<meta property=\"og:image:width\" content=\"1629\" \/>\n\t<meta property=\"og:image:height\" content=\"1629\" \/>\n\t<meta property=\"og:image:type\" content=\"image\/jpeg\" \/>\n<meta name=\"twitter:card\" content=\"summary_large_image\" \/>\n<meta name=\"twitter:label1\" content=\"Tiempo de lectura\" \/>\n\t<meta name=\"twitter:data1\" content=\"12 minutos\" \/>\n<script type=\"application\/ld+json\" class=\"yoast-schema-graph\">{\"@context\":\"https:\\\/\\\/schema.org\",\"@graph\":[{\"@type\":\"WebPage\",\"@id\":\"https:\\\/\\\/revistes.proscenium.cat\\\/es\\\/entrevista-a-joan-alfred-mengual-ttp\\\/\",\"url\":\"https:\\\/\\\/revistes.proscenium.cat\\\/es\\\/entrevista-a-joan-alfred-mengual-ttp\\\/\",\"name\":\"Entrevista a Joan Alfred Mengual - Proscenium\",\"isPartOf\":{\"@id\":\"https:\\\/\\\/revistes.proscenium.cat\\\/es\\\/#website\"},\"primaryImageOfPage\":{\"@id\":\"https:\\\/\\\/revistes.proscenium.cat\\\/es\\\/entrevista-a-joan-alfred-mengual-ttp\\\/#primaryimage\"},\"image\":{\"@id\":\"https:\\\/\\\/revistes.proscenium.cat\\\/es\\\/entrevista-a-joan-alfred-mengual-ttp\\\/#primaryimage\"},\"thumbnailUrl\":\"https:\\\/\\\/revistes.proscenium.cat\\\/wp-content\\\/uploads\\\/2025\\\/06\\\/Mengual1_TXUS-GARCIA.jpg\",\"datePublished\":\"2025-06-26T10:20:49+00:00\",\"dateModified\":\"2026-01-05T11:45:46+00:00\",\"description\":\"Entrevista a Joan Alfred Mengual, presidente de la TTP, sobre la creatividad y el teatro familiar en Catalu\u00f1a.\",\"breadcrumb\":{\"@id\":\"https:\\\/\\\/revistes.proscenium.cat\\\/es\\\/entrevista-a-joan-alfred-mengual-ttp\\\/#breadcrumb\"},\"inLanguage\":\"es\",\"potentialAction\":[{\"@type\":\"ReadAction\",\"target\":[\"https:\\\/\\\/revistes.proscenium.cat\\\/es\\\/entrevista-a-joan-alfred-mengual-ttp\\\/\"]}]},{\"@type\":\"ImageObject\",\"inLanguage\":\"es\",\"@id\":\"https:\\\/\\\/revistes.proscenium.cat\\\/es\\\/entrevista-a-joan-alfred-mengual-ttp\\\/#primaryimage\",\"url\":\"https:\\\/\\\/revistes.proscenium.cat\\\/wp-content\\\/uploads\\\/2025\\\/06\\\/Mengual1_TXUS-GARCIA.jpg\",\"contentUrl\":\"https:\\\/\\\/revistes.proscenium.cat\\\/wp-content\\\/uploads\\\/2025\\\/06\\\/Mengual1_TXUS-GARCIA.jpg\",\"width\":1629,\"height\":1629,\"caption\":\"Joan Alfred Mengual TTP\"},{\"@type\":\"BreadcrumbList\",\"@id\":\"https:\\\/\\\/revistes.proscenium.cat\\\/es\\\/entrevista-a-joan-alfred-mengual-ttp\\\/#breadcrumb\",\"itemListElement\":[{\"@type\":\"ListItem\",\"position\":1,\"name\":\"Inici\",\"item\":\"https:\\\/\\\/revistes.proscenium.cat\\\/es\\\/portada-y-sumario-2024-25\\\/\"},{\"@type\":\"ListItem\",\"position\":2,\"name\":\"Estoy sorprendido por la potencia creativa de las compa\u00f1\u00edas\"}]},{\"@type\":\"WebSite\",\"@id\":\"https:\\\/\\\/revistes.proscenium.cat\\\/es\\\/#website\",\"url\":\"https:\\\/\\\/revistes.proscenium.cat\\\/es\\\/\",\"name\":\"Revista Proscenium\",\"description\":\"Revista d&#039;arts esc\u00e8niques\",\"publisher\":{\"@id\":\"https:\\\/\\\/revistes.proscenium.cat\\\/es\\\/#organization\"},\"potentialAction\":[{\"@type\":\"SearchAction\",\"target\":{\"@type\":\"EntryPoint\",\"urlTemplate\":\"https:\\\/\\\/revistes.proscenium.cat\\\/es\\\/?s={search_term_string}\"},\"query-input\":{\"@type\":\"PropertyValueSpecification\",\"valueRequired\":true,\"valueName\":\"search_term_string\"}}],\"inLanguage\":\"es\"},{\"@type\":\"Organization\",\"@id\":\"https:\\\/\\\/revistes.proscenium.cat\\\/es\\\/#organization\",\"name\":\"Editorial Proscenium\",\"url\":\"https:\\\/\\\/revistes.proscenium.cat\\\/es\\\/\",\"logo\":{\"@type\":\"ImageObject\",\"inLanguage\":\"es\",\"@id\":\"https:\\\/\\\/revistes.proscenium.cat\\\/es\\\/#\\\/schema\\\/logo\\\/image\\\/\",\"url\":\"https:\\\/\\\/revistes.proscenium.cat\\\/wp-content\\\/uploads\\\/2023\\\/11\\\/proscenium-logo.jpg\",\"contentUrl\":\"https:\\\/\\\/revistes.proscenium.cat\\\/wp-content\\\/uploads\\\/2023\\\/11\\\/proscenium-logo.jpg\",\"width\":400,\"height\":310,\"caption\":\"Editorial Proscenium\"},\"image\":{\"@id\":\"https:\\\/\\\/revistes.proscenium.cat\\\/es\\\/#\\\/schema\\\/logo\\\/image\\\/\"}}]}<\/script>\n<!-- \/ Yoast SEO plugin. -->","yoast_head_json":{"title":"Entrevista a Joan Alfred Mengual - Proscenium","description":"Entrevista a Joan Alfred Mengual, presidente de la TTP, sobre la creatividad y el teatro familiar en Catalu\u00f1a.","robots":{"index":"index","follow":"follow","max-snippet":"max-snippet:-1","max-image-preview":"max-image-preview:large","max-video-preview":"max-video-preview:-1"},"canonical":"https:\/\/revistes.proscenium.cat\/es\/entrevista-a-joan-alfred-mengual-ttp\/","og_locale":"es_ES","og_type":"article","og_title":"Entrevista a Joan Alfred Mengual - Proscenium","og_description":"Entrevista a Joan Alfred Mengual, presidente de la TTP, sobre la creatividad y el teatro familiar en Catalu\u00f1a.","og_url":"https:\/\/revistes.proscenium.cat\/es\/entrevista-a-joan-alfred-mengual-ttp\/","og_site_name":"Proscenium","article_modified_time":"2026-01-05T11:45:46+00:00","og_image":[{"width":1629,"height":1629,"url":"https:\/\/revistes.proscenium.cat\/wp-content\/uploads\/2025\/06\/Mengual1_TXUS-GARCIA.jpg","type":"image\/jpeg"}],"twitter_card":"summary_large_image","twitter_misc":{"Tiempo de lectura":"12 minutos"},"schema":{"@context":"https:\/\/schema.org","@graph":[{"@type":"WebPage","@id":"https:\/\/revistes.proscenium.cat\/es\/entrevista-a-joan-alfred-mengual-ttp\/","url":"https:\/\/revistes.proscenium.cat\/es\/entrevista-a-joan-alfred-mengual-ttp\/","name":"Entrevista a Joan Alfred Mengual - Proscenium","isPartOf":{"@id":"https:\/\/revistes.proscenium.cat\/es\/#website"},"primaryImageOfPage":{"@id":"https:\/\/revistes.proscenium.cat\/es\/entrevista-a-joan-alfred-mengual-ttp\/#primaryimage"},"image":{"@id":"https:\/\/revistes.proscenium.cat\/es\/entrevista-a-joan-alfred-mengual-ttp\/#primaryimage"},"thumbnailUrl":"https:\/\/revistes.proscenium.cat\/wp-content\/uploads\/2025\/06\/Mengual1_TXUS-GARCIA.jpg","datePublished":"2025-06-26T10:20:49+00:00","dateModified":"2026-01-05T11:45:46+00:00","description":"Entrevista a Joan Alfred Mengual, presidente de la TTP, sobre la creatividad y el teatro familiar en Catalu\u00f1a.","breadcrumb":{"@id":"https:\/\/revistes.proscenium.cat\/es\/entrevista-a-joan-alfred-mengual-ttp\/#breadcrumb"},"inLanguage":"es","potentialAction":[{"@type":"ReadAction","target":["https:\/\/revistes.proscenium.cat\/es\/entrevista-a-joan-alfred-mengual-ttp\/"]}]},{"@type":"ImageObject","inLanguage":"es","@id":"https:\/\/revistes.proscenium.cat\/es\/entrevista-a-joan-alfred-mengual-ttp\/#primaryimage","url":"https:\/\/revistes.proscenium.cat\/wp-content\/uploads\/2025\/06\/Mengual1_TXUS-GARCIA.jpg","contentUrl":"https:\/\/revistes.proscenium.cat\/wp-content\/uploads\/2025\/06\/Mengual1_TXUS-GARCIA.jpg","width":1629,"height":1629,"caption":"Joan Alfred Mengual TTP"},{"@type":"BreadcrumbList","@id":"https:\/\/revistes.proscenium.cat\/es\/entrevista-a-joan-alfred-mengual-ttp\/#breadcrumb","itemListElement":[{"@type":"ListItem","position":1,"name":"Inici","item":"https:\/\/revistes.proscenium.cat\/es\/portada-y-sumario-2024-25\/"},{"@type":"ListItem","position":2,"name":"Estoy sorprendido por la potencia creativa de las compa\u00f1\u00edas"}]},{"@type":"WebSite","@id":"https:\/\/revistes.proscenium.cat\/es\/#website","url":"https:\/\/revistes.proscenium.cat\/es\/","name":"Revista Proscenium","description":"Revista d&#039;arts esc\u00e8niques","publisher":{"@id":"https:\/\/revistes.proscenium.cat\/es\/#organization"},"potentialAction":[{"@type":"SearchAction","target":{"@type":"EntryPoint","urlTemplate":"https:\/\/revistes.proscenium.cat\/es\/?s={search_term_string}"},"query-input":{"@type":"PropertyValueSpecification","valueRequired":true,"valueName":"search_term_string"}}],"inLanguage":"es"},{"@type":"Organization","@id":"https:\/\/revistes.proscenium.cat\/es\/#organization","name":"Editorial Proscenium","url":"https:\/\/revistes.proscenium.cat\/es\/","logo":{"@type":"ImageObject","inLanguage":"es","@id":"https:\/\/revistes.proscenium.cat\/es\/#\/schema\/logo\/image\/","url":"https:\/\/revistes.proscenium.cat\/wp-content\/uploads\/2023\/11\/proscenium-logo.jpg","contentUrl":"https:\/\/revistes.proscenium.cat\/wp-content\/uploads\/2023\/11\/proscenium-logo.jpg","width":400,"height":310,"caption":"Editorial Proscenium"},"image":{"@id":"https:\/\/revistes.proscenium.cat\/es\/#\/schema\/logo\/image\/"}}]}},"_links":{"self":[{"href":"https:\/\/revistes.proscenium.cat\/es\/wp-json\/wp\/v2\/pages\/3226","targetHints":{"allow":["GET"]}}],"collection":[{"href":"https:\/\/revistes.proscenium.cat\/es\/wp-json\/wp\/v2\/pages"}],"about":[{"href":"https:\/\/revistes.proscenium.cat\/es\/wp-json\/wp\/v2\/types\/page"}],"author":[{"embeddable":true,"href":"https:\/\/revistes.proscenium.cat\/es\/wp-json\/wp\/v2\/users\/1"}],"replies":[{"embeddable":true,"href":"https:\/\/revistes.proscenium.cat\/es\/wp-json\/wp\/v2\/comments?post=3226"}],"version-history":[{"count":11,"href":"https:\/\/revistes.proscenium.cat\/es\/wp-json\/wp\/v2\/pages\/3226\/revisions"}],"predecessor-version":[{"id":3458,"href":"https:\/\/revistes.proscenium.cat\/es\/wp-json\/wp\/v2\/pages\/3226\/revisions\/3458"}],"wp:featuredmedia":[{"embeddable":true,"href":"https:\/\/revistes.proscenium.cat\/es\/wp-json\/wp\/v2\/media\/3157"}],"wp:attachment":[{"href":"https:\/\/revistes.proscenium.cat\/es\/wp-json\/wp\/v2\/media?parent=3226"}],"wp:term":[{"taxonomy":"edicions","embeddable":true,"href":"https:\/\/revistes.proscenium.cat\/es\/wp-json\/wp\/v2\/edicions?post=3226"}],"curies":[{"name":"wp","href":"https:\/\/api.w.org\/{rel}","templated":true}]}}