{"id":3223,"date":"2025-06-27T10:49:50","date_gmt":"2025-06-27T08:49:50","guid":{"rendered":"https:\/\/revistes.proscenium.cat\/previa-de-la-muestra-igualada-2025\/"},"modified":"2025-07-03T12:45:04","modified_gmt":"2025-07-03T10:45:04","slug":"previa-de-la-muestra-igualada-2025","status":"publish","type":"page","link":"https:\/\/revistes.proscenium.cat\/es\/previa-de-la-muestra-igualada-2025\/","title":{"rendered":"36a Muestra Igualada"},"content":{"rendered":"\t\t<div data-elementor-type=\"wp-page\" data-elementor-id=\"3223\" class=\"elementor elementor-3223 elementor-2552\" data-elementor-post-type=\"page\">\n\t\t\t\t<div data-particle_enable=\"false\" data-particle-mobile-disabled=\"false\" class=\"elementor-element elementor-element-d1b321c e-con-full e-flex elementor-invisible e-con e-parent\" data-id=\"d1b321c\" data-element_type=\"container\" data-e-type=\"container\" data-settings=\"{&quot;animation&quot;:&quot;fadeIn&quot;,&quot;background_background&quot;:&quot;classic&quot;}\">\n\t\t<div data-particle_enable=\"false\" data-particle-mobile-disabled=\"false\" class=\"elementor-element elementor-element-650a28d e-con-full e-flex e-con e-child\" data-id=\"650a28d\" data-element_type=\"container\" data-e-type=\"container\">\n\t\t\t\t<\/div>\n\t\t<div data-particle_enable=\"false\" data-particle-mobile-disabled=\"false\" class=\"elementor-element elementor-element-eccad9e e-con-full e-flex e-con e-child\" data-id=\"eccad9e\" data-element_type=\"container\" data-e-type=\"container\">\n\t\t<div data-particle_enable=\"false\" data-particle-mobile-disabled=\"false\" class=\"elementor-element elementor-element-6fc69e7 e-flex e-con-boxed e-con e-child\" data-id=\"6fc69e7\" data-element_type=\"container\" data-e-type=\"container\">\n\t\t\t\t\t<div class=\"e-con-inner\">\n\t\t\t\t<div class=\"elementor-element elementor-element-cd5a348 elementor-invisible elementor-widget elementor-widget-image\" data-id=\"cd5a348\" data-element_type=\"widget\" data-e-type=\"widget\" data-settings=\"{&quot;_animation&quot;:&quot;fadeInRight&quot;}\" data-widget_type=\"image.default\">\n\t\t\t\t<div class=\"elementor-widget-container\">\n\t\t\t\t\t\t\t\t\t\t\t\t\t\t\t<img fetchpriority=\"high\" decoding=\"async\" width=\"266\" height=\"302\" src=\"https:\/\/revistes.proscenium.cat\/wp-content\/uploads\/2023\/08\/picto-favicon.svg\" class=\"attachment-medium size-medium wp-image-2922\" alt=\"\" \/>\t\t\t\t\t\t\t\t\t\t\t\t\t\t\t<\/div>\n\t\t\t\t<\/div>\n\t\t\t\t\t<\/div>\n\t\t\t\t<\/div>\n\t\t\t\t<div class=\"elementor-element elementor-element-3af0e0f elementor-invisible elementor-widget elementor-widget-text-editor\" data-id=\"3af0e0f\" data-element_type=\"widget\" data-e-type=\"widget\" data-settings=\"{&quot;_animation&quot;:&quot;fadeInDown&quot;}\" data-widget_type=\"text-editor.default\">\n\t\t\t\t<div class=\"elementor-widget-container\">\n\t\t\t\t\t\t\t\t\t<p>Edici\u00f3n 10<\/p>\t\t\t\t\t\t\t\t<\/div>\n\t\t\t\t<\/div>\n\t\t\t\t<div class=\"elementor-element elementor-element-4460f9d elementor-widget-divider--view-line elementor-invisible elementor-widget elementor-widget-divider\" data-id=\"4460f9d\" data-element_type=\"widget\" data-e-type=\"widget\" data-settings=\"{&quot;_animation&quot;:&quot;fadeIn&quot;}\" data-widget_type=\"divider.default\">\n\t\t\t\t<div class=\"elementor-widget-container\">\n\t\t\t\t\t\t\t<div class=\"elementor-divider\">\n\t\t\t<span class=\"elementor-divider-separator\">\n\t\t\t\t\t\t<\/span>\n\t\t<\/div>\n\t\t\t\t\t\t<\/div>\n\t\t\t\t<\/div>\n\t\t\t\t<div class=\"elementor-element elementor-element-98e8957 elementor-invisible elementor-widget elementor-widget-heading\" data-id=\"98e8957\" data-element_type=\"widget\" data-e-type=\"widget\" data-settings=\"{&quot;_animation&quot;:&quot;fadeInUp&quot;}\" data-widget_type=\"heading.default\">\n\t\t\t\t<div class=\"elementor-widget-container\">\n\t\t\t\t\t<p class=\"elementor-heading-title elementor-size-default\">Art\u00edculo<\/p>\t\t\t\t<\/div>\n\t\t\t\t<\/div>\n\t\t\t\t<div class=\"elementor-element elementor-element-d4d5525 elementor-invisible elementor-widget elementor-widget-heading\" data-id=\"d4d5525\" data-element_type=\"widget\" data-e-type=\"widget\" data-settings=\"{&quot;_animation&quot;:&quot;fadeInUp&quot;}\" data-widget_type=\"heading.default\">\n\t\t\t\t<div class=\"elementor-widget-container\">\n\t\t\t\t\t<h1 class=\"elementor-heading-title elementor-size-default\">36\u00aa MUESTRA IGUALADA<\/h1>\t\t\t\t<\/div>\n\t\t\t\t<\/div>\n\t\t\t\t<\/div>\n\t\t\t\t<\/div>\n\t\t<div data-particle_enable=\"false\" data-particle-mobile-disabled=\"false\" class=\"elementor-element elementor-element-f8b0388 e-con-full e-flex e-con e-parent\" data-id=\"f8b0388\" data-element_type=\"container\" data-e-type=\"container\" data-settings=\"{&quot;background_background&quot;:&quot;classic&quot;}\">\n\t\t<div data-particle_enable=\"false\" data-particle-mobile-disabled=\"false\" class=\"elementor-element elementor-element-19c6c10 e-con-full e-flex elementor-invisible e-con e-child\" data-id=\"19c6c10\" data-element_type=\"container\" data-e-type=\"container\" data-settings=\"{&quot;animation&quot;:&quot;fadeInLeft&quot;}\">\n\t\t\t\t<div class=\"elementor-element elementor-element-7129206 elementor-widget elementor-widget-heading\" data-id=\"7129206\" data-element_type=\"widget\" data-e-type=\"widget\" data-widget_type=\"heading.default\">\n\t\t\t\t<div class=\"elementor-widget-container\">\n\t\t\t\t\t<h2 class=\"elementor-heading-title elementor-size-default\">36 a\u00f1os demostrando la tenacidad del arte por todos los p\u00fablicos<\/h2>\t\t\t\t<\/div>\n\t\t\t\t<\/div>\n\t\t\t\t<div class=\"elementor-element elementor-element-a7934bd elementor-widget elementor-widget-heading\" data-id=\"a7934bd\" data-element_type=\"widget\" data-e-type=\"widget\" data-widget_type=\"heading.default\">\n\t\t\t\t<div class=\"elementor-widget-container\">\n\t\t\t\t\t<h3 class=\"elementor-heading-title elementor-size-default\">Marc Sabater, periodista<\/h3>\t\t\t\t<\/div>\n\t\t\t\t<\/div>\n\t\t\t\t<div class=\"elementor-element elementor-element-b87250d elementor-widget elementor-widget-text-editor\" data-id=\"b87250d\" data-element_type=\"widget\" data-e-type=\"widget\" data-widget_type=\"text-editor.default\">\n\t\t\t\t<div class=\"elementor-widget-container\">\n\t\t\t\t\t\t\t\t\t<p>Mercado estrat\u00e9gico, escaparate de espect\u00e1culos, encuentro del sector&#8230; Pero sobre todo una oportunidad para comprobar de primera mano cu\u00e1l es el momento actual del teatro para todos los p\u00fablicos. La Muestra de Igualada llega a su 36 edici\u00f3n del 3 al 6 de abril, con m\u00e1s de una cuarentena de propuestas y casi 90 sesiones repartidas por 13 espacios de la capital de Anoia. Y llega convertida en una cita imprescindible para programadores y programadoras, a las que se dirige en primera instancia, pero tambi\u00e9n para el p\u00fablico que encuentra, concentradas en cuatro d\u00edas, las \u00faltimas creaciones de compa\u00f1\u00edas catalanas y de m\u00e1s all\u00e1.<\/p>\t\t\t\t\t\t\t\t<\/div>\n\t\t\t\t<\/div>\n\t\t\t\t<\/div>\n\t\t<div data-particle_enable=\"false\" data-particle-mobile-disabled=\"false\" class=\"elementor-element elementor-element-14539f2 e-con-full e-flex e-con e-child\" data-id=\"14539f2\" data-element_type=\"container\" data-e-type=\"container\">\n\t\t\t\t<div class=\"elementor-element elementor-element-ce58ac8 e-transform e-transform elementor-invisible elementor-widget elementor-widget-image\" data-id=\"ce58ac8\" data-element_type=\"widget\" data-e-type=\"widget\" data-settings=\"{&quot;_transform_translateX_effect&quot;:{&quot;unit&quot;:&quot;px&quot;,&quot;size&quot;:0,&quot;sizes&quot;:[]},&quot;_transform_translateY_effect&quot;:{&quot;unit&quot;:&quot;px&quot;,&quot;size&quot;:0,&quot;sizes&quot;:[]},&quot;_transform_scale_effect&quot;:{&quot;unit&quot;:&quot;px&quot;,&quot;size&quot;:1.7,&quot;sizes&quot;:[]},&quot;_animation&quot;:&quot;fadeInRight&quot;,&quot;_transform_translateX_effect_tablet_extra&quot;:{&quot;unit&quot;:&quot;px&quot;,&quot;size&quot;:3,&quot;sizes&quot;:[]},&quot;_transform_translateX_effect_mobile&quot;:{&quot;unit&quot;:&quot;px&quot;,&quot;size&quot;:2,&quot;sizes&quot;:[]},&quot;_transform_translateY_effect_mobile&quot;:{&quot;unit&quot;:&quot;px&quot;,&quot;size&quot;:9,&quot;sizes&quot;:[]},&quot;_transform_translateX_effect_tablet&quot;:{&quot;unit&quot;:&quot;px&quot;,&quot;size&quot;:&quot;&quot;,&quot;sizes&quot;:[]},&quot;_transform_translateY_effect_tablet_extra&quot;:{&quot;unit&quot;:&quot;px&quot;,&quot;size&quot;:&quot;&quot;,&quot;sizes&quot;:[]},&quot;_transform_translateY_effect_tablet&quot;:{&quot;unit&quot;:&quot;px&quot;,&quot;size&quot;:&quot;&quot;,&quot;sizes&quot;:[]},&quot;_transform_scale_effect_tablet_extra&quot;:{&quot;unit&quot;:&quot;px&quot;,&quot;size&quot;:&quot;&quot;,&quot;sizes&quot;:[]},&quot;_transform_scale_effect_tablet&quot;:{&quot;unit&quot;:&quot;px&quot;,&quot;size&quot;:&quot;&quot;,&quot;sizes&quot;:[]},&quot;_transform_scale_effect_mobile&quot;:{&quot;unit&quot;:&quot;px&quot;,&quot;size&quot;:&quot;&quot;,&quot;sizes&quot;:[]}}\" data-widget_type=\"image.default\">\n\t\t\t\t<div class=\"elementor-widget-container\">\n\t\t\t\t\t\t\t\t\t\t\t\t\t\t\t<img decoding=\"async\" width=\"800\" height=\"800\" src=\"https:\/\/revistes.proscenium.cat\/wp-content\/uploads\/2025\/06\/mostreIgualada-1024x1024.webp\" class=\"attachment-large size-large wp-image-3185\" alt=\"Detall cartell\" srcset=\"https:\/\/revistes.proscenium.cat\/wp-content\/uploads\/2025\/06\/mostreIgualada-1024x1024.webp 1024w, https:\/\/revistes.proscenium.cat\/wp-content\/uploads\/2025\/06\/mostreIgualada-300x300.webp 300w, https:\/\/revistes.proscenium.cat\/wp-content\/uploads\/2025\/06\/mostreIgualada-150x150.webp 150w, https:\/\/revistes.proscenium.cat\/wp-content\/uploads\/2025\/06\/mostreIgualada-768x768.webp 768w, https:\/\/revistes.proscenium.cat\/wp-content\/uploads\/2025\/06\/mostreIgualada.webp 1512w\" sizes=\"(max-width: 800px) 100vw, 800px\" \/>\t\t\t\t\t\t\t\t\t\t\t\t\t\t\t<\/div>\n\t\t\t\t<\/div>\n\t\t\t\t<\/div>\n\t\t\t\t<\/div>\n\t\t<div data-particle_enable=\"false\" data-particle-mobile-disabled=\"false\" class=\"elementor-element elementor-element-0f2ea21 e-con-full e-flex e-con e-parent\" data-id=\"0f2ea21\" data-element_type=\"container\" data-e-type=\"container\" data-settings=\"{&quot;background_background&quot;:&quot;classic&quot;}\">\n\t\t<div data-particle_enable=\"false\" data-particle-mobile-disabled=\"false\" class=\"elementor-element elementor-element-53e51f6 e-con-full e-flex elementor-invisible e-con e-child\" data-id=\"53e51f6\" data-element_type=\"container\" data-e-type=\"container\" data-settings=\"{&quot;animation&quot;:&quot;fadeInDown&quot;}\">\n\t\t\t\t<div class=\"elementor-element elementor-element-f068764 elementor-widget__width-initial elementor-widget elementor-widget-text-editor\" data-id=\"f068764\" data-element_type=\"widget\" data-e-type=\"widget\" data-widget_type=\"text-editor.default\">\n\t\t\t\t<div class=\"elementor-widget-container\">\n\t\t\t\t\t\t\t\t\t<p>La Muestra demuestra, valga la redundancia, que lo que llamamos escena para todos los p\u00fablicos es un hervidero de creatividad donde, es decir, a menudo podemos encontrar m\u00e1s riesgo, m\u00e1s disrupci\u00f3n y y m\u00e1s contemporaneidad que en la escena (mal llamada) para adultos. Teatro, t\u00edteres, danza, circo, objetos e instalaciones se al\u00edan en una programaci\u00f3n en la que cada propuesta tiene su singularidad y un motivo por destacar. Sin \u00e1nimo de jerarquizar, sin embargo, aqu\u00ed va una de las infinitas elecciones posibles en la Muestra de este a\u00f1o.<\/p>\t\t\t\t\t\t\t\t<\/div>\n\t\t\t\t<\/div>\n\t\t\t\t<\/div>\n\t\t\t\t<\/div>\n\t\t<div data-particle_enable=\"false\" data-particle-mobile-disabled=\"false\" class=\"elementor-element elementor-element-a22c845 e-con-full e-flex e-con e-parent\" data-id=\"a22c845\" data-element_type=\"container\" data-e-type=\"container\" data-settings=\"{&quot;background_background&quot;:&quot;classic&quot;}\">\n\t\t<div data-particle_enable=\"false\" data-particle-mobile-disabled=\"false\" class=\"elementor-element elementor-element-b45caed e-con-full e-flex e-con e-child\" data-id=\"b45caed\" data-element_type=\"container\" data-e-type=\"container\">\n\t\t\t\t<div class=\"elementor-element elementor-element-0f3b8c1 elementor-widget elementor-widget-image\" data-id=\"0f3b8c1\" data-element_type=\"widget\" data-e-type=\"widget\" data-widget_type=\"image.default\">\n\t\t\t\t<div class=\"elementor-widget-container\">\n\t\t\t\t\t\t\t\t\t\t\t\t\t\t\t<img decoding=\"async\" width=\"800\" height=\"534\" src=\"https:\/\/revistes.proscenium.cat\/wp-content\/uploads\/2025\/06\/10_Museudeltemps-1024x683.jpg\" class=\"attachment-large size-large wp-image-3187\" alt=\"Noi amb una aixada\" srcset=\"https:\/\/revistes.proscenium.cat\/wp-content\/uploads\/2025\/06\/10_Museudeltemps-1024x683.jpg 1024w, https:\/\/revistes.proscenium.cat\/wp-content\/uploads\/2025\/06\/10_Museudeltemps-300x200.jpg 300w, https:\/\/revistes.proscenium.cat\/wp-content\/uploads\/2025\/06\/10_Museudeltemps-768x512.jpg 768w, https:\/\/revistes.proscenium.cat\/wp-content\/uploads\/2025\/06\/10_Museudeltemps-1536x1024.jpg 1536w, https:\/\/revistes.proscenium.cat\/wp-content\/uploads\/2025\/06\/10_Museudeltemps-2048x1365.jpg 2048w\" sizes=\"(max-width: 800px) 100vw, 800px\" \/>\t\t\t\t\t\t\t\t\t\t\t\t\t\t\t<\/div>\n\t\t\t\t<\/div>\n\t\t\t\t<\/div>\n\t\t<div data-particle_enable=\"false\" data-particle-mobile-disabled=\"false\" class=\"elementor-element elementor-element-f809844 e-con-full e-flex e-con e-child\" data-id=\"f809844\" data-element_type=\"container\" data-e-type=\"container\">\n\t\t\t\t<div class=\"elementor-element elementor-element-276006e elementor-widget-divider--view-line elementor-invisible elementor-widget elementor-widget-divider\" data-id=\"276006e\" data-element_type=\"widget\" data-e-type=\"widget\" data-settings=\"{&quot;_animation&quot;:&quot;fadeInRight&quot;}\" data-widget_type=\"divider.default\">\n\t\t\t\t<div class=\"elementor-widget-container\">\n\t\t\t\t\t\t\t<div class=\"elementor-divider\">\n\t\t\t<span class=\"elementor-divider-separator\">\n\t\t\t\t\t\t<\/span>\n\t\t<\/div>\n\t\t\t\t\t\t<\/div>\n\t\t\t\t<\/div>\n\t\t\t\t<div class=\"elementor-element elementor-element-43ff249 elementor-invisible elementor-widget elementor-widget-text-editor\" data-id=\"43ff249\" data-element_type=\"widget\" data-e-type=\"widget\" data-settings=\"{&quot;_animation&quot;:&quot;fadeInUp&quot;}\" data-widget_type=\"text-editor.default\">\n\t\t\t\t<div class=\"elementor-widget-container\">\n\t\t\t\t\t\t\t\t\t<p>Una de las grandes apuestas de la programaci\u00f3n de este a\u00f1o es Museu del Temps, no s\u00f3lo por su formato o su vocaci\u00f3n participativa sino porque detr\u00e1s hay un creador inclasificable como Jos\u00e9 Antonio Portillo, creador de maravillas como Biblioteca de cuerdas y nudos o Biblioteca de sonidos y ruidos. Este creador valenciano propone ahora un proyecto que combina teatro de calle, narraci\u00f3n y m\u00fasica, inspirado en el Momo de Michel Ende, y que invita a un grupo de personas a enterrar un objeto que guarde un recuerdo en las calles de Igualada para que otras personas, con la ayuda de un mapa, puedan recorrer el mismo viaje por la memoria. <\/p>\t\t\t\t\t\t\t\t<\/div>\n\t\t\t\t<\/div>\n\t\t\t\t<\/div>\n\t\t\t\t<\/div>\n\t\t<div data-particle_enable=\"false\" data-particle-mobile-disabled=\"false\" class=\"elementor-element elementor-element-69e9c9d e-con-full e-flex e-con e-parent\" data-id=\"69e9c9d\" data-element_type=\"container\" data-e-type=\"container\" data-settings=\"{&quot;background_background&quot;:&quot;classic&quot;}\">\n\t\t<div data-particle_enable=\"false\" data-particle-mobile-disabled=\"false\" class=\"elementor-element elementor-element-35f6026 e-con-full e-flex e-con e-child\" data-id=\"35f6026\" data-element_type=\"container\" data-e-type=\"container\">\n\t\t\t\t<div class=\"elementor-element elementor-element-e61156c elementor-widget-divider--view-line elementor-invisible elementor-widget elementor-widget-divider\" data-id=\"e61156c\" data-element_type=\"widget\" data-e-type=\"widget\" data-settings=\"{&quot;_animation&quot;:&quot;fadeInRight&quot;}\" data-widget_type=\"divider.default\">\n\t\t\t\t<div class=\"elementor-widget-container\">\n\t\t\t\t\t\t\t<div class=\"elementor-divider\">\n\t\t\t<span class=\"elementor-divider-separator\">\n\t\t\t\t\t\t<\/span>\n\t\t<\/div>\n\t\t\t\t\t\t<\/div>\n\t\t\t\t<\/div>\n\t\t\t\t<div class=\"elementor-element elementor-element-b9a86ad elementor-invisible elementor-widget elementor-widget-text-editor\" data-id=\"b9a86ad\" data-element_type=\"widget\" data-e-type=\"widget\" data-settings=\"{&quot;_animation&quot;:&quot;fadeInUp&quot;}\" data-widget_type=\"text-editor.default\">\n\t\t\t\t<div class=\"elementor-widget-container\">\n\t\t\t\t\t\t\t\t\t<p>Por Igualada tambi\u00e9n pasar\u00e1 Madame Lumi\u00e8re, el espect\u00e1culo de La Menuda dirigido a la primera infancia (0-5 a\u00f1os) y que se ha convertido en un aut\u00e9ntico fen\u00f3meno desde su estreno, hace dos a\u00f1os. Una propuesta basada en la m\u00fasica pero que trasciende lo que ser\u00eda un concierto para beb\u00e9s para convertirse en una experiencia sensorial con m\u00fasica, teatro, danza y luz.<\/p>\t\t\t\t\t\t\t\t<\/div>\n\t\t\t\t<\/div>\n\t\t\t\t<\/div>\n\t\t<div data-particle_enable=\"false\" data-particle-mobile-disabled=\"false\" class=\"elementor-element elementor-element-b770b0f e-con-full e-flex e-con e-child\" data-id=\"b770b0f\" data-element_type=\"container\" data-e-type=\"container\">\n\t\t\t\t<div class=\"elementor-element elementor-element-b420e6d elementor-widget elementor-widget-image\" data-id=\"b420e6d\" data-element_type=\"widget\" data-e-type=\"widget\" data-widget_type=\"image.default\">\n\t\t\t\t<div class=\"elementor-widget-container\">\n\t\t\t\t\t\t\t\t\t\t\t\t\t\t\t<img loading=\"lazy\" decoding=\"async\" width=\"800\" height=\"600\" src=\"https:\/\/revistes.proscenium.cat\/wp-content\/uploads\/2025\/06\/Rectangle-18-1024x768.webp\" class=\"attachment-large size-large wp-image-3188\" alt=\"Actor amb un zeppelin llumin\u00f3s\" srcset=\"https:\/\/revistes.proscenium.cat\/wp-content\/uploads\/2025\/06\/Rectangle-18-1024x768.webp 1024w, https:\/\/revistes.proscenium.cat\/wp-content\/uploads\/2025\/06\/Rectangle-18-300x225.webp 300w, https:\/\/revistes.proscenium.cat\/wp-content\/uploads\/2025\/06\/Rectangle-18-768x576.webp 768w, https:\/\/revistes.proscenium.cat\/wp-content\/uploads\/2025\/06\/Rectangle-18.webp 1093w\" sizes=\"(max-width: 800px) 100vw, 800px\" \/>\t\t\t\t\t\t\t\t\t\t\t\t\t\t\t<\/div>\n\t\t\t\t<\/div>\n\t\t\t\t<\/div>\n\t\t\t\t<\/div>\n\t\t<div data-particle_enable=\"false\" data-particle-mobile-disabled=\"false\" class=\"elementor-element elementor-element-195f35a e-con-full e-flex e-con e-parent\" data-id=\"195f35a\" data-element_type=\"container\" data-e-type=\"container\" data-settings=\"{&quot;background_background&quot;:&quot;classic&quot;}\">\n\t\t<div data-particle_enable=\"false\" data-particle-mobile-disabled=\"false\" class=\"elementor-element elementor-element-dbe3c3a e-con-full e-flex e-con e-child\" data-id=\"dbe3c3a\" data-element_type=\"container\" data-e-type=\"container\">\n\t\t\t\t<div class=\"elementor-element elementor-element-eb26b38 elementor-widget-divider--view-line elementor-invisible elementor-widget elementor-widget-divider\" data-id=\"eb26b38\" data-element_type=\"widget\" data-e-type=\"widget\" data-settings=\"{&quot;_animation&quot;:&quot;fadeInRight&quot;}\" data-widget_type=\"divider.default\">\n\t\t\t\t<div class=\"elementor-widget-container\">\n\t\t\t\t\t\t\t<div class=\"elementor-divider\">\n\t\t\t<span class=\"elementor-divider-separator\">\n\t\t\t\t\t\t<\/span>\n\t\t<\/div>\n\t\t\t\t\t\t<\/div>\n\t\t\t\t<\/div>\n\t\t\t\t<div class=\"elementor-element elementor-element-d925d48 elementor-invisible elementor-widget elementor-widget-heading\" data-id=\"d925d48\" data-element_type=\"widget\" data-e-type=\"widget\" data-settings=\"{&quot;_animation&quot;:&quot;fadeInUp&quot;}\" data-widget_type=\"heading.default\">\n\t\t\t\t<div class=\"elementor-widget-container\">\n\t\t\t\t\t<h2 class=\"elementor-heading-title elementor-size-default\">Jugar en casa<\/h2>\t\t\t\t<\/div>\n\t\t\t\t<\/div>\n\t\t\t\t<div class=\"elementor-element elementor-element-53d5ae1 elementor-invisible elementor-widget elementor-widget-text-editor\" data-id=\"53d5ae1\" data-element_type=\"widget\" data-e-type=\"widget\" data-settings=\"{&quot;_animation&quot;:&quot;fadeInLeft&quot;}\" data-widget_type=\"text-editor.default\">\n\t\t\t\t<div class=\"elementor-widget-container\">\n\t\t\t\t\t\t\t\t\t<p>En el campo de las apuestas seguras cabe citar tambi\u00e9n Dos alas, la \u00faltima producci\u00f3n de Farr\u00e9s Brothers, una compa\u00f1\u00eda de Anoia que en Igualada juega en casa. Despu\u00e9s de convencer el a\u00f1o pasado con Dentro de la madriguera del Tabalet, ahora vuelven a la Mostra con un espect\u00e1culo basado en el libro hom\u00f3nimo de Cristina Bellemo que homenajea a las personas mayores y la curiosidad que despiertan a los ojos de los ni\u00f1os.<br><br>Otra compa\u00f1\u00eda catalana, Animal Religion, pasar\u00e1 por la muestra con Copiar, un espect\u00e1culo participativo coproducido por el Mercat de les Flors y la Sala Centro de Creaci\u00f3n de Artes para las Familias de Sabadell y que invita al escenario a un grupo de ni\u00f1os y ni\u00f1as de 8 a 10 a\u00f1os para, sin ning\u00fan ensayo previo, reflexionar sobre la paradoja que reflexiona la paradoja. Una creaci\u00f3n juguetona y con un considerable componente visual e incluso performativo.<\/p><p>Este boquete es insalvable, no creo que tenga soluci\u00f3n. Por eso me sigo refugiando en la infancia, explicando el mundo desde all\u00ed, porque es desde donde puedo permitirme el lujo de no entenderlo. Y me gusta escribir por encargo porque es ponerme en el lugar del otro, como si mi voz tuviera m\u00e1s sentido en un cuerpo ajeno que en el m\u00edo.  <\/p>\t\t\t\t\t\t\t\t<\/div>\n\t\t\t\t<\/div>\n\t\t\t\t<\/div>\n\t\t<div data-particle_enable=\"false\" data-particle-mobile-disabled=\"false\" class=\"elementor-element elementor-element-28d3245 e-con-full e-flex e-con e-child\" data-id=\"28d3245\" data-element_type=\"container\" data-e-type=\"container\">\n\t\t\t\t<div class=\"elementor-element elementor-element-016835a elementor-invisible elementor-widget elementor-widget-text-editor\" data-id=\"016835a\" data-element_type=\"widget\" data-e-type=\"widget\" data-settings=\"{&quot;_animation&quot;:&quot;fadeInLeft&quot;}\" data-widget_type=\"text-editor.default\">\n\t\t\t\t<div class=\"elementor-widget-container\">\n\t\t\t\t\t\t\t\t\t<p>Son, algunas, de las muchas sorpresas que encontrar\u00e1 en una Muestra donde tambi\u00e9n se har\u00e1n una decena de estrenos absolutos de compa\u00f1\u00edas catalanas, como \u00c9ter, de la Silver Drops Dansa; U.F.A, de los Cris Clown; Kodama, de Blink Flash Danza; \u00c1frica, de La Romancera Teatre; o La tormenta, de Cero en Conducta. Y tambi\u00e9n de formaciones de fuera como La maestra de Anita Maravilla &amp; Portal 71 (Pa\u00eds Vasco) o \u00bfPor qu\u00e9 un \u00e1rbol es una gallina?, de los franceses Ma Compagnie.<br><br>Y uno de los momentos culminantes de la edici\u00f3n de este a\u00f1o ser\u00e1 la celebraci\u00f3n de los 50 a\u00f1os sobre los escenarios de Pep L\u00f3pez. Acompa\u00f1ado, como es habitual, por las Cenas de Duro este cl\u00e1sico del sector celebrar\u00e1 este medio siglo de trabajo con un espect\u00e1culo que recoge sus canciones indispensables envueltas con dibujos animados. <\/p><p>Otra compa\u00f1\u00eda catalana, Animal Religion, pasar\u00e1 por la muestra con Copiar, un espect\u00e1culo participativo coproducido por el Mercat de les Flors y la Sala Centro de Creaci\u00f3n de Artes para las Familias de Sabadell y que invita al escenario a un grupo de ni\u00f1os y ni\u00f1as de 8 a 10 a\u00f1os para, sin ning\u00fan ensayo previo, reflexionar sobre la paradoja que reflexiona la paradoja. Una creaci\u00f3n juguetona y con un considerable componente visual e incluso performativo.<\/p><p>Este boquete es insalvable, no creo que tenga soluci\u00f3n. Por eso me sigo refugiando en la infancia, explicando el mundo desde all\u00ed, porque es desde donde puedo permitirme el lujo de no entenderlo. Y me gusta escribir por encargo porque es ponerme en el lugar del otro, como si mi voz tuviera m\u00e1s sentido en un cuerpo ajeno que en el m\u00edo.  <\/p>\t\t\t\t\t\t\t\t<\/div>\n\t\t\t\t<\/div>\n\t\t\t\t<\/div>\n\t\t\t\t<\/div>\n\t\t<div data-particle_enable=\"false\" data-particle-mobile-disabled=\"false\" class=\"elementor-element elementor-element-7fd5f90 e-con-full e-flex e-con e-parent\" data-id=\"7fd5f90\" data-element_type=\"container\" data-e-type=\"container\" data-settings=\"{&quot;background_background&quot;:&quot;classic&quot;}\">\n\t\t<div data-particle_enable=\"false\" data-particle-mobile-disabled=\"false\" class=\"elementor-element elementor-element-c6a84fc e-con-full e-flex e-con e-child\" data-id=\"c6a84fc\" data-element_type=\"container\" data-e-type=\"container\">\n\t\t\t\t<div class=\"elementor-element elementor-element-c140319 elementor-widget-divider--view-line elementor-invisible elementor-widget elementor-widget-divider\" data-id=\"c140319\" data-element_type=\"widget\" data-e-type=\"widget\" data-settings=\"{&quot;_animation&quot;:&quot;fadeInRight&quot;}\" data-widget_type=\"divider.default\">\n\t\t\t\t<div class=\"elementor-widget-container\">\n\t\t\t\t\t\t\t<div class=\"elementor-divider\">\n\t\t\t<span class=\"elementor-divider-separator\">\n\t\t\t\t\t\t<\/span>\n\t\t<\/div>\n\t\t\t\t\t\t<\/div>\n\t\t\t\t<\/div>\n\t\t\t\t<div class=\"elementor-element elementor-element-e027e2a elementor-invisible elementor-widget elementor-widget-heading\" data-id=\"e027e2a\" data-element_type=\"widget\" data-e-type=\"widget\" data-settings=\"{&quot;_animation&quot;:&quot;fadeInUp&quot;}\" data-widget_type=\"heading.default\">\n\t\t\t\t<div class=\"elementor-widget-container\">\n\t\t\t\t\t<h3 class=\"elementor-heading-title elementor-size-default\">Enlaces de inter\u00e9s<\/h3>\t\t\t\t<\/div>\n\t\t\t\t<\/div>\n\t\t\t\t<\/div>\n\t\t<div data-particle_enable=\"false\" data-particle-mobile-disabled=\"false\" class=\"elementor-element elementor-element-23fdc17 e-con-full e-flex e-con e-child\" data-id=\"23fdc17\" data-element_type=\"container\" data-e-type=\"container\">\n\t\t\t\t<div class=\"elementor-element elementor-element-9982f0b elementor-mobile-align-justify elementor-invisible elementor-widget elementor-widget-button\" data-id=\"9982f0b\" data-element_type=\"widget\" data-e-type=\"widget\" data-settings=\"{&quot;_animation&quot;:&quot;fadeInUp&quot;}\" data-widget_type=\"button.default\">\n\t\t\t\t<div class=\"elementor-widget-container\">\n\t\t\t\t\t\t\t\t\t<div class=\"elementor-button-wrapper\">\n\t\t\t\t\t<a class=\"elementor-button elementor-button-link elementor-size-sm\" href=\"https:\/\/www.mostraigualada.cat\/\" target=\"_blank\">\n\t\t\t\t\t\t<span class=\"elementor-button-content-wrapper\">\n\t\t\t\t\t\t\t\t\t<span class=\"elementor-button-text\">Muestra Igualada - Web<\/span>\n\t\t\t\t\t<\/span>\n\t\t\t\t\t<\/a>\n\t\t\t\t<\/div>\n\t\t\t\t\t\t\t\t<\/div>\n\t\t\t\t<\/div>\n\t\t\t\t<div class=\"elementor-element elementor-element-8dcc00c elementor-mobile-align-justify elementor-invisible elementor-widget elementor-widget-button\" data-id=\"8dcc00c\" data-element_type=\"widget\" data-e-type=\"widget\" data-settings=\"{&quot;_animation&quot;:&quot;fadeInUp&quot;,&quot;_animation_delay&quot;:500}\" data-widget_type=\"button.default\">\n\t\t\t\t<div class=\"elementor-widget-container\">\n\t\t\t\t\t\t\t\t\t<div class=\"elementor-button-wrapper\">\n\t\t\t\t\t<a class=\"elementor-button elementor-button-link elementor-size-sm\" href=\"https:\/\/www.mostraigualada.cat\/ca\/programacio.html\" target=\"_blank\">\n\t\t\t\t\t\t<span class=\"elementor-button-content-wrapper\">\n\t\t\t\t\t\t\t\t\t<span class=\"elementor-button-text\">Muestra Igualada - Programaci\u00f3n<\/span>\n\t\t\t\t\t<\/span>\n\t\t\t\t\t<\/a>\n\t\t\t\t<\/div>\n\t\t\t\t\t\t\t\t<\/div>\n\t\t\t\t<\/div>\n\t\t\t\t<div class=\"elementor-element elementor-element-c79abd1 elementor-mobile-align-justify elementor-invisible elementor-widget elementor-widget-button\" data-id=\"c79abd1\" data-element_type=\"widget\" data-e-type=\"widget\" data-settings=\"{&quot;_animation&quot;:&quot;fadeInUp&quot;,&quot;_animation_delay&quot;:1000}\" data-widget_type=\"button.default\">\n\t\t\t\t<div class=\"elementor-widget-container\">\n\t\t\t\t\t\t\t\t\t<div class=\"elementor-button-wrapper\">\n\t\t\t\t\t<a class=\"elementor-button elementor-button-link elementor-size-sm\" href=\"https:\/\/www.youtube.com\/watch?v=h4ECrCfnyxA\" target=\"_blank\">\n\t\t\t\t\t\t<span class=\"elementor-button-content-wrapper\">\n\t\t\t\t\t\t\t\t\t<span class=\"elementor-button-text\">Espot 36a Muestra Igualada<\/span>\n\t\t\t\t\t<\/span>\n\t\t\t\t\t<\/a>\n\t\t\t\t<\/div>\n\t\t\t\t\t\t\t\t<\/div>\n\t\t\t\t<\/div>\n\t\t\t\t<\/div>\n\t\t\t\t<\/div>\n\t\t\t\t<\/div>\n\t\t","protected":false},"excerpt":{"rendered":"<p>Edici\u00f3n 10 Art\u00edculo 36\u00aa MUESTRA IGUALADA 36 a\u00f1os demostrando la tenacidad del arte por todos los p\u00fablicos Marc Sabater, periodista Mercado estrat\u00e9gico, escaparate de espect\u00e1culos, encuentro del sector&#8230; Pero sobre todo una oportunidad para comprobar de primera mano cu\u00e1l es el momento actual del teatro para todos los p\u00fablicos. La Muestra de Igualada llega a [&hellip;]<\/p>\n","protected":false},"author":1,"featured_media":3132,"parent":0,"menu_order":0,"comment_status":"closed","ping_status":"closed","template":"","meta":{"footnotes":""},"edicions":[11],"class_list":["post-3223","page","type-page","status-publish","has-post-thumbnail","hentry","edicions-11"],"yoast_head":"<!-- This site is optimized with the Yoast SEO plugin v27.4 - https:\/\/yoast.com\/product\/yoast-seo-wordpress\/ -->\n<title>Muestra Igualada 2025 - Proscenium<\/title>\n<meta name=\"description\" content=\"Descubre la 36a Muestra Igualada 2025, el mercado estrat\u00e9gico del teatro familiar y juvenil con m\u00e1s de 40 espect\u00e1culos en 4 d\u00edas.\" \/>\n<meta name=\"robots\" content=\"index, follow, max-snippet:-1, max-image-preview:large, max-video-preview:-1\" \/>\n<link rel=\"canonical\" href=\"https:\/\/revistes.proscenium.cat\/es\/previa-de-la-muestra-igualada-2025\/\" \/>\n<meta property=\"og:locale\" content=\"es_ES\" \/>\n<meta property=\"og:type\" content=\"article\" \/>\n<meta property=\"og:title\" content=\"Muestra Igualada 2025 - Proscenium\" \/>\n<meta property=\"og:description\" content=\"Descubre la 36a Muestra Igualada 2025, el mercado estrat\u00e9gico del teatro familiar y juvenil con m\u00e1s de 40 espect\u00e1culos en 4 d\u00edas.\" \/>\n<meta property=\"og:url\" content=\"https:\/\/revistes.proscenium.cat\/es\/previa-de-la-muestra-igualada-2025\/\" \/>\n<meta property=\"og:site_name\" content=\"Proscenium\" \/>\n<meta property=\"article:modified_time\" content=\"2025-07-03T10:45:04+00:00\" \/>\n<meta property=\"og:image\" content=\"https:\/\/revistes.proscenium.cat\/wp-content\/uploads\/2025\/06\/Rectangle-26.png\" \/>\n\t<meta property=\"og:image:width\" content=\"931\" \/>\n\t<meta property=\"og:image:height\" content=\"621\" \/>\n\t<meta property=\"og:image:type\" content=\"image\/png\" \/>\n<meta name=\"twitter:card\" content=\"summary_large_image\" \/>\n<meta name=\"twitter:label1\" content=\"Tiempo de lectura\" \/>\n\t<meta name=\"twitter:data1\" content=\"5 minutos\" \/>\n<script type=\"application\/ld+json\" class=\"yoast-schema-graph\">{\"@context\":\"https:\\\/\\\/schema.org\",\"@graph\":[{\"@type\":\"WebPage\",\"@id\":\"https:\\\/\\\/revistes.proscenium.cat\\\/es\\\/previa-de-la-muestra-igualada-2025\\\/\",\"url\":\"https:\\\/\\\/revistes.proscenium.cat\\\/es\\\/previa-de-la-muestra-igualada-2025\\\/\",\"name\":\"Muestra Igualada 2025 - Proscenium\",\"isPartOf\":{\"@id\":\"https:\\\/\\\/revistes.proscenium.cat\\\/es\\\/#website\"},\"primaryImageOfPage\":{\"@id\":\"https:\\\/\\\/revistes.proscenium.cat\\\/es\\\/previa-de-la-muestra-igualada-2025\\\/#primaryimage\"},\"image\":{\"@id\":\"https:\\\/\\\/revistes.proscenium.cat\\\/es\\\/previa-de-la-muestra-igualada-2025\\\/#primaryimage\"},\"thumbnailUrl\":\"https:\\\/\\\/revistes.proscenium.cat\\\/wp-content\\\/uploads\\\/2025\\\/06\\\/Rectangle-26.png\",\"datePublished\":\"2025-06-27T08:49:50+00:00\",\"dateModified\":\"2025-07-03T10:45:04+00:00\",\"description\":\"Descubre la 36a Muestra Igualada 2025, el mercado estrat\u00e9gico del teatro familiar y juvenil con m\u00e1s de 40 espect\u00e1culos en 4 d\u00edas.\",\"breadcrumb\":{\"@id\":\"https:\\\/\\\/revistes.proscenium.cat\\\/es\\\/previa-de-la-muestra-igualada-2025\\\/#breadcrumb\"},\"inLanguage\":\"es\",\"potentialAction\":[{\"@type\":\"ReadAction\",\"target\":[\"https:\\\/\\\/revistes.proscenium.cat\\\/es\\\/previa-de-la-muestra-igualada-2025\\\/\"]}]},{\"@type\":\"ImageObject\",\"inLanguage\":\"es\",\"@id\":\"https:\\\/\\\/revistes.proscenium.cat\\\/es\\\/previa-de-la-muestra-igualada-2025\\\/#primaryimage\",\"url\":\"https:\\\/\\\/revistes.proscenium.cat\\\/wp-content\\\/uploads\\\/2025\\\/06\\\/Rectangle-26.png\",\"contentUrl\":\"https:\\\/\\\/revistes.proscenium.cat\\\/wp-content\\\/uploads\\\/2025\\\/06\\\/Rectangle-26.png\",\"width\":931,\"height\":621,\"caption\":\"Mostra Igualada 2025\"},{\"@type\":\"BreadcrumbList\",\"@id\":\"https:\\\/\\\/revistes.proscenium.cat\\\/es\\\/previa-de-la-muestra-igualada-2025\\\/#breadcrumb\",\"itemListElement\":[{\"@type\":\"ListItem\",\"position\":1,\"name\":\"Inici\",\"item\":\"https:\\\/\\\/revistes.proscenium.cat\\\/es\\\/portada-y-sumario-2024-25\\\/\"},{\"@type\":\"ListItem\",\"position\":2,\"name\":\"36a Muestra Igualada\"}]},{\"@type\":\"WebSite\",\"@id\":\"https:\\\/\\\/revistes.proscenium.cat\\\/es\\\/#website\",\"url\":\"https:\\\/\\\/revistes.proscenium.cat\\\/es\\\/\",\"name\":\"Revista Proscenium\",\"description\":\"Revista d&#039;arts esc\u00e8niques\",\"publisher\":{\"@id\":\"https:\\\/\\\/revistes.proscenium.cat\\\/es\\\/#organization\"},\"potentialAction\":[{\"@type\":\"SearchAction\",\"target\":{\"@type\":\"EntryPoint\",\"urlTemplate\":\"https:\\\/\\\/revistes.proscenium.cat\\\/es\\\/?s={search_term_string}\"},\"query-input\":{\"@type\":\"PropertyValueSpecification\",\"valueRequired\":true,\"valueName\":\"search_term_string\"}}],\"inLanguage\":\"es\"},{\"@type\":\"Organization\",\"@id\":\"https:\\\/\\\/revistes.proscenium.cat\\\/es\\\/#organization\",\"name\":\"Editorial Proscenium\",\"url\":\"https:\\\/\\\/revistes.proscenium.cat\\\/es\\\/\",\"logo\":{\"@type\":\"ImageObject\",\"inLanguage\":\"es\",\"@id\":\"https:\\\/\\\/revistes.proscenium.cat\\\/es\\\/#\\\/schema\\\/logo\\\/image\\\/\",\"url\":\"https:\\\/\\\/revistes.proscenium.cat\\\/wp-content\\\/uploads\\\/2023\\\/11\\\/proscenium-logo.jpg\",\"contentUrl\":\"https:\\\/\\\/revistes.proscenium.cat\\\/wp-content\\\/uploads\\\/2023\\\/11\\\/proscenium-logo.jpg\",\"width\":400,\"height\":310,\"caption\":\"Editorial Proscenium\"},\"image\":{\"@id\":\"https:\\\/\\\/revistes.proscenium.cat\\\/es\\\/#\\\/schema\\\/logo\\\/image\\\/\"}}]}<\/script>\n<!-- \/ Yoast SEO plugin. -->","yoast_head_json":{"title":"Muestra Igualada 2025 - Proscenium","description":"Descubre la 36a Muestra Igualada 2025, el mercado estrat\u00e9gico del teatro familiar y juvenil con m\u00e1s de 40 espect\u00e1culos en 4 d\u00edas.","robots":{"index":"index","follow":"follow","max-snippet":"max-snippet:-1","max-image-preview":"max-image-preview:large","max-video-preview":"max-video-preview:-1"},"canonical":"https:\/\/revistes.proscenium.cat\/es\/previa-de-la-muestra-igualada-2025\/","og_locale":"es_ES","og_type":"article","og_title":"Muestra Igualada 2025 - Proscenium","og_description":"Descubre la 36a Muestra Igualada 2025, el mercado estrat\u00e9gico del teatro familiar y juvenil con m\u00e1s de 40 espect\u00e1culos en 4 d\u00edas.","og_url":"https:\/\/revistes.proscenium.cat\/es\/previa-de-la-muestra-igualada-2025\/","og_site_name":"Proscenium","article_modified_time":"2025-07-03T10:45:04+00:00","og_image":[{"width":931,"height":621,"url":"https:\/\/revistes.proscenium.cat\/wp-content\/uploads\/2025\/06\/Rectangle-26.png","type":"image\/png"}],"twitter_card":"summary_large_image","twitter_misc":{"Tiempo de lectura":"5 minutos"},"schema":{"@context":"https:\/\/schema.org","@graph":[{"@type":"WebPage","@id":"https:\/\/revistes.proscenium.cat\/es\/previa-de-la-muestra-igualada-2025\/","url":"https:\/\/revistes.proscenium.cat\/es\/previa-de-la-muestra-igualada-2025\/","name":"Muestra Igualada 2025 - Proscenium","isPartOf":{"@id":"https:\/\/revistes.proscenium.cat\/es\/#website"},"primaryImageOfPage":{"@id":"https:\/\/revistes.proscenium.cat\/es\/previa-de-la-muestra-igualada-2025\/#primaryimage"},"image":{"@id":"https:\/\/revistes.proscenium.cat\/es\/previa-de-la-muestra-igualada-2025\/#primaryimage"},"thumbnailUrl":"https:\/\/revistes.proscenium.cat\/wp-content\/uploads\/2025\/06\/Rectangle-26.png","datePublished":"2025-06-27T08:49:50+00:00","dateModified":"2025-07-03T10:45:04+00:00","description":"Descubre la 36a Muestra Igualada 2025, el mercado estrat\u00e9gico del teatro familiar y juvenil con m\u00e1s de 40 espect\u00e1culos en 4 d\u00edas.","breadcrumb":{"@id":"https:\/\/revistes.proscenium.cat\/es\/previa-de-la-muestra-igualada-2025\/#breadcrumb"},"inLanguage":"es","potentialAction":[{"@type":"ReadAction","target":["https:\/\/revistes.proscenium.cat\/es\/previa-de-la-muestra-igualada-2025\/"]}]},{"@type":"ImageObject","inLanguage":"es","@id":"https:\/\/revistes.proscenium.cat\/es\/previa-de-la-muestra-igualada-2025\/#primaryimage","url":"https:\/\/revistes.proscenium.cat\/wp-content\/uploads\/2025\/06\/Rectangle-26.png","contentUrl":"https:\/\/revistes.proscenium.cat\/wp-content\/uploads\/2025\/06\/Rectangle-26.png","width":931,"height":621,"caption":"Mostra Igualada 2025"},{"@type":"BreadcrumbList","@id":"https:\/\/revistes.proscenium.cat\/es\/previa-de-la-muestra-igualada-2025\/#breadcrumb","itemListElement":[{"@type":"ListItem","position":1,"name":"Inici","item":"https:\/\/revistes.proscenium.cat\/es\/portada-y-sumario-2024-25\/"},{"@type":"ListItem","position":2,"name":"36a Muestra Igualada"}]},{"@type":"WebSite","@id":"https:\/\/revistes.proscenium.cat\/es\/#website","url":"https:\/\/revistes.proscenium.cat\/es\/","name":"Revista Proscenium","description":"Revista d&#039;arts esc\u00e8niques","publisher":{"@id":"https:\/\/revistes.proscenium.cat\/es\/#organization"},"potentialAction":[{"@type":"SearchAction","target":{"@type":"EntryPoint","urlTemplate":"https:\/\/revistes.proscenium.cat\/es\/?s={search_term_string}"},"query-input":{"@type":"PropertyValueSpecification","valueRequired":true,"valueName":"search_term_string"}}],"inLanguage":"es"},{"@type":"Organization","@id":"https:\/\/revistes.proscenium.cat\/es\/#organization","name":"Editorial Proscenium","url":"https:\/\/revistes.proscenium.cat\/es\/","logo":{"@type":"ImageObject","inLanguage":"es","@id":"https:\/\/revistes.proscenium.cat\/es\/#\/schema\/logo\/image\/","url":"https:\/\/revistes.proscenium.cat\/wp-content\/uploads\/2023\/11\/proscenium-logo.jpg","contentUrl":"https:\/\/revistes.proscenium.cat\/wp-content\/uploads\/2023\/11\/proscenium-logo.jpg","width":400,"height":310,"caption":"Editorial Proscenium"},"image":{"@id":"https:\/\/revistes.proscenium.cat\/es\/#\/schema\/logo\/image\/"}}]}},"_links":{"self":[{"href":"https:\/\/revistes.proscenium.cat\/es\/wp-json\/wp\/v2\/pages\/3223","targetHints":{"allow":["GET"]}}],"collection":[{"href":"https:\/\/revistes.proscenium.cat\/es\/wp-json\/wp\/v2\/pages"}],"about":[{"href":"https:\/\/revistes.proscenium.cat\/es\/wp-json\/wp\/v2\/types\/page"}],"author":[{"embeddable":true,"href":"https:\/\/revistes.proscenium.cat\/es\/wp-json\/wp\/v2\/users\/1"}],"replies":[{"embeddable":true,"href":"https:\/\/revistes.proscenium.cat\/es\/wp-json\/wp\/v2\/comments?post=3223"}],"version-history":[{"count":5,"href":"https:\/\/revistes.proscenium.cat\/es\/wp-json\/wp\/v2\/pages\/3223\/revisions"}],"predecessor-version":[{"id":3450,"href":"https:\/\/revistes.proscenium.cat\/es\/wp-json\/wp\/v2\/pages\/3223\/revisions\/3450"}],"wp:featuredmedia":[{"embeddable":true,"href":"https:\/\/revistes.proscenium.cat\/es\/wp-json\/wp\/v2\/media\/3132"}],"wp:attachment":[{"href":"https:\/\/revistes.proscenium.cat\/es\/wp-json\/wp\/v2\/media?parent=3223"}],"wp:term":[{"taxonomy":"edicions","embeddable":true,"href":"https:\/\/revistes.proscenium.cat\/es\/wp-json\/wp\/v2\/edicions?post=3223"}],"curies":[{"name":"wp","href":"https:\/\/api.w.org\/{rel}","templated":true}]}}