{"id":3220,"date":"2025-06-27T12:03:45","date_gmt":"2025-06-27T10:03:45","guid":{"rendered":"https:\/\/revistes.proscenium.cat\/jordi-lopez-lo-llamabamos-animacion-infantil\/"},"modified":"2025-07-03T12:41:24","modified_gmt":"2025-07-03T10:41:24","slug":"jordi-lopez-lo-llamabamos-animacion-infantil","status":"publish","type":"page","link":"https:\/\/revistes.proscenium.cat\/es\/jordi-lopez-lo-llamabamos-animacion-infantil\/","title":{"rendered":"Lo llam\u00e1bamos animaci\u00f3n infantil"},"content":{"rendered":"\t\t<div data-elementor-type=\"wp-page\" data-elementor-id=\"3220\" class=\"elementor elementor-3220 elementor-2634\" data-elementor-post-type=\"page\">\n\t\t\t\t<div data-particle_enable=\"false\" data-particle-mobile-disabled=\"false\" class=\"elementor-element elementor-element-d1b321c e-con-full e-flex elementor-invisible e-con e-parent\" data-id=\"d1b321c\" data-element_type=\"container\" data-e-type=\"container\" data-settings=\"{&quot;animation&quot;:&quot;fadeIn&quot;,&quot;background_background&quot;:&quot;classic&quot;}\">\n\t\t<div data-particle_enable=\"false\" data-particle-mobile-disabled=\"false\" class=\"elementor-element elementor-element-650a28d e-con-full e-flex e-con e-child\" data-id=\"650a28d\" data-element_type=\"container\" data-e-type=\"container\">\n\t\t\t\t<\/div>\n\t\t<div data-particle_enable=\"false\" data-particle-mobile-disabled=\"false\" class=\"elementor-element elementor-element-eccad9e e-con-full e-flex e-con e-child\" data-id=\"eccad9e\" data-element_type=\"container\" data-e-type=\"container\">\n\t\t<div data-particle_enable=\"false\" data-particle-mobile-disabled=\"false\" class=\"elementor-element elementor-element-6fc69e7 e-flex e-con-boxed e-con e-child\" data-id=\"6fc69e7\" data-element_type=\"container\" data-e-type=\"container\">\n\t\t\t\t\t<div class=\"e-con-inner\">\n\t\t\t\t<div class=\"elementor-element elementor-element-cd5a348 elementor-invisible elementor-widget elementor-widget-image\" data-id=\"cd5a348\" data-element_type=\"widget\" data-e-type=\"widget\" data-settings=\"{&quot;_animation&quot;:&quot;fadeInRight&quot;}\" data-widget_type=\"image.default\">\n\t\t\t\t<div class=\"elementor-widget-container\">\n\t\t\t\t\t\t\t\t\t\t\t\t\t\t\t<img fetchpriority=\"high\" decoding=\"async\" width=\"266\" height=\"302\" src=\"https:\/\/revistes.proscenium.cat\/wp-content\/uploads\/2023\/08\/picto-favicon.svg\" class=\"attachment-medium size-medium wp-image-2922\" alt=\"\" \/>\t\t\t\t\t\t\t\t\t\t\t\t\t\t\t<\/div>\n\t\t\t\t<\/div>\n\t\t\t\t\t<\/div>\n\t\t\t\t<\/div>\n\t\t\t\t<div class=\"elementor-element elementor-element-3af0e0f elementor-invisible elementor-widget elementor-widget-text-editor\" data-id=\"3af0e0f\" data-element_type=\"widget\" data-e-type=\"widget\" data-settings=\"{&quot;_animation&quot;:&quot;fadeInDown&quot;}\" data-widget_type=\"text-editor.default\">\n\t\t\t\t<div class=\"elementor-widget-container\">\n\t\t\t\t\t\t\t\t\t<p>Edici\u00f3n 10<\/p>\t\t\t\t\t\t\t\t<\/div>\n\t\t\t\t<\/div>\n\t\t\t\t<div class=\"elementor-element elementor-element-4460f9d elementor-widget-divider--view-line elementor-invisible elementor-widget elementor-widget-divider\" data-id=\"4460f9d\" data-element_type=\"widget\" data-e-type=\"widget\" data-settings=\"{&quot;_animation&quot;:&quot;fadeIn&quot;}\" data-widget_type=\"divider.default\">\n\t\t\t\t<div class=\"elementor-widget-container\">\n\t\t\t\t\t\t\t<div class=\"elementor-divider\">\n\t\t\t<span class=\"elementor-divider-separator\">\n\t\t\t\t\t\t<\/span>\n\t\t<\/div>\n\t\t\t\t\t\t<\/div>\n\t\t\t\t<\/div>\n\t\t\t\t<div class=\"elementor-element elementor-element-98e8957 elementor-invisible elementor-widget elementor-widget-heading\" data-id=\"98e8957\" data-element_type=\"widget\" data-e-type=\"widget\" data-settings=\"{&quot;_animation&quot;:&quot;fadeInUp&quot;}\" data-widget_type=\"heading.default\">\n\t\t\t\t<div class=\"elementor-widget-container\">\n\t\t\t\t\t<p class=\"elementor-heading-title elementor-size-default\">Opini\u00f3n<\/p>\t\t\t\t<\/div>\n\t\t\t\t<\/div>\n\t\t\t\t<div class=\"elementor-element elementor-element-d4d5525 elementor-invisible elementor-widget elementor-widget-heading\" data-id=\"d4d5525\" data-element_type=\"widget\" data-e-type=\"widget\" data-settings=\"{&quot;_animation&quot;:&quot;fadeInUp&quot;}\" data-widget_type=\"heading.default\">\n\t\t\t\t<div class=\"elementor-widget-container\">\n\t\t\t\t\t<h1 class=\"elementor-heading-title elementor-size-default\">Lo llam\u00e1bamos animaci\u00f3n infantil<\/h1>\t\t\t\t<\/div>\n\t\t\t\t<\/div>\n\t\t\t\t<\/div>\n\t\t\t\t<\/div>\n\t\t<div data-particle_enable=\"false\" data-particle-mobile-disabled=\"false\" class=\"elementor-element elementor-element-f8b0388 e-con-full e-flex e-con e-parent\" data-id=\"f8b0388\" data-element_type=\"container\" data-e-type=\"container\" data-settings=\"{&quot;background_background&quot;:&quot;classic&quot;}\">\n\t\t<div data-particle_enable=\"false\" data-particle-mobile-disabled=\"false\" class=\"elementor-element elementor-element-19c6c10 e-con-full e-flex elementor-invisible e-con e-child\" data-id=\"19c6c10\" data-element_type=\"container\" data-e-type=\"container\" data-settings=\"{&quot;animation&quot;:&quot;fadeInLeft&quot;}\">\n\t\t\t\t<div class=\"elementor-element elementor-element-7129206 elementor-widget elementor-widget-heading\" data-id=\"7129206\" data-element_type=\"widget\" data-e-type=\"widget\" data-widget_type=\"heading.default\">\n\t\t\t\t<div class=\"elementor-widget-container\">\n\t\t\t\t\t<h2 class=\"elementor-heading-title elementor-size-default\">Jordi L\u00f3pez - M\u00fasico y miembro del grupo la Tresca y la Vendresca<\/h2>\t\t\t\t<\/div>\n\t\t\t\t<\/div>\n\t\t\t\t<div class=\"elementor-element elementor-element-b87250d elementor-widget elementor-widget-text-editor\" data-id=\"b87250d\" data-element_type=\"widget\" data-e-type=\"widget\" data-widget_type=\"text-editor.default\">\n\t\t\t\t<div class=\"elementor-widget-container\">\n\t\t\t\t\t\t\t\t\t<p>Ya hace m\u00e1s de veintis\u00e9is a\u00f1os, tres chicos que nos hab\u00edamos conocido al escultismo en el \u00e1rea metropolitana de Barcelona, \u200b\u200bmontamos La Tresca y la Verdesca. En ese momento, de una formaci\u00f3n como la nuestra, llamamos un grupo de animaci\u00f3n infantil. Un conjunto musical que interpret\u00e1bamos un repertorio de canciones y danzas dirigido a un p\u00fablico infantil y juvenil buscando su participaci\u00f3n e interacci\u00f3n (dice que el nombre hace la cosa). Pero parece que con el tiempo esta manera de llamar a nuestra disciplina art\u00edstica no ha envejecido bien y se han buscado otros eufemismos para llamar la m\u00fasica dirigida a ni\u00f1os y ni\u00f1as. Parece que \"m\u00fasica familiar\" es el que tiene mayor consenso. Por los motivos que sea, se ha despojado a la animaci\u00f3n de todo valor positivo y la hemos convertido en un concepto anacr\u00f3nico e incluso peyorativo.     <\/p>\t\t\t\t\t\t\t\t<\/div>\n\t\t\t\t<\/div>\n\t\t\t\t<\/div>\n\t\t<div data-particle_enable=\"false\" data-particle-mobile-disabled=\"false\" class=\"elementor-element elementor-element-14539f2 e-con-full e-flex e-con e-child\" data-id=\"14539f2\" data-element_type=\"container\" data-e-type=\"container\">\n\t\t\t\t<div class=\"elementor-element elementor-element-ce58ac8 e-transform e-transform elementor-invisible elementor-widget elementor-widget-image\" data-id=\"ce58ac8\" data-element_type=\"widget\" data-e-type=\"widget\" data-settings=\"{&quot;_transform_translateX_effect&quot;:{&quot;unit&quot;:&quot;px&quot;,&quot;size&quot;:0,&quot;sizes&quot;:[]},&quot;_transform_translateY_effect&quot;:{&quot;unit&quot;:&quot;px&quot;,&quot;size&quot;:0,&quot;sizes&quot;:[]},&quot;_transform_scale_effect&quot;:{&quot;unit&quot;:&quot;px&quot;,&quot;size&quot;:1.7,&quot;sizes&quot;:[]},&quot;_animation&quot;:&quot;fadeInRight&quot;,&quot;_transform_translateX_effect_tablet_extra&quot;:{&quot;unit&quot;:&quot;px&quot;,&quot;size&quot;:3,&quot;sizes&quot;:[]},&quot;_transform_translateX_effect_mobile&quot;:{&quot;unit&quot;:&quot;px&quot;,&quot;size&quot;:2,&quot;sizes&quot;:[]},&quot;_transform_translateY_effect_mobile&quot;:{&quot;unit&quot;:&quot;px&quot;,&quot;size&quot;:9,&quot;sizes&quot;:[]},&quot;_transform_translateX_effect_tablet&quot;:{&quot;unit&quot;:&quot;px&quot;,&quot;size&quot;:&quot;&quot;,&quot;sizes&quot;:[]},&quot;_transform_translateY_effect_tablet_extra&quot;:{&quot;unit&quot;:&quot;px&quot;,&quot;size&quot;:&quot;&quot;,&quot;sizes&quot;:[]},&quot;_transform_translateY_effect_tablet&quot;:{&quot;unit&quot;:&quot;px&quot;,&quot;size&quot;:&quot;&quot;,&quot;sizes&quot;:[]},&quot;_transform_scale_effect_tablet_extra&quot;:{&quot;unit&quot;:&quot;px&quot;,&quot;size&quot;:&quot;&quot;,&quot;sizes&quot;:[]},&quot;_transform_scale_effect_tablet&quot;:{&quot;unit&quot;:&quot;px&quot;,&quot;size&quot;:&quot;&quot;,&quot;sizes&quot;:[]},&quot;_transform_scale_effect_mobile&quot;:{&quot;unit&quot;:&quot;px&quot;,&quot;size&quot;:&quot;&quot;,&quot;sizes&quot;:[]}}\" data-widget_type=\"image.default\">\n\t\t\t\t<div class=\"elementor-widget-container\">\n\t\t\t\t\t\t\t\t\t\t\t\t\t\t\t<img decoding=\"async\" width=\"800\" height=\"800\" src=\"https:\/\/revistes.proscenium.cat\/wp-content\/uploads\/2025\/06\/retrat2.png\" class=\"attachment-large size-large wp-image-3190\" alt=\"Retrat\" srcset=\"https:\/\/revistes.proscenium.cat\/wp-content\/uploads\/2025\/06\/retrat2.png 836w, https:\/\/revistes.proscenium.cat\/wp-content\/uploads\/2025\/06\/retrat2-300x300.png 300w, https:\/\/revistes.proscenium.cat\/wp-content\/uploads\/2025\/06\/retrat2-150x150.png 150w, https:\/\/revistes.proscenium.cat\/wp-content\/uploads\/2025\/06\/retrat2-768x768.png 768w\" sizes=\"(max-width: 800px) 100vw, 800px\" \/>\t\t\t\t\t\t\t\t\t\t\t\t\t\t\t<\/div>\n\t\t\t\t<\/div>\n\t\t\t\t<\/div>\n\t\t\t\t<\/div>\n\t\t<div data-particle_enable=\"false\" data-particle-mobile-disabled=\"false\" class=\"elementor-element elementor-element-0f2ea21 e-con-full e-flex e-con e-parent\" data-id=\"0f2ea21\" data-element_type=\"container\" data-e-type=\"container\" data-settings=\"{&quot;background_background&quot;:&quot;classic&quot;}\">\n\t\t<div data-particle_enable=\"false\" data-particle-mobile-disabled=\"false\" class=\"elementor-element elementor-element-53e51f6 e-con-full e-flex elementor-invisible e-con e-child\" data-id=\"53e51f6\" data-element_type=\"container\" data-e-type=\"container\" data-settings=\"{&quot;animation&quot;:&quot;fadeInDown&quot;}\">\n\t\t\t\t<div class=\"elementor-element elementor-element-f068764 elementor-widget__width-initial elementor-widget elementor-widget-text-editor\" data-id=\"f068764\" data-element_type=\"widget\" data-e-type=\"widget\" data-widget_type=\"text-editor.default\">\n\t\t\t\t<div class=\"elementor-widget-container\">\n\t\t\t\t\t\t\t\t\t<p>Los a\u00f1os noventa fueron un terreno abonado para hacer crecer un proyecto como el nuestro. En Catalu\u00f1a el asociacionismo y la educaci\u00f3n en el ocio llevaba un buen empuje. Los movimientos participativos y de dinamizaci\u00f3n sociocultural que hab\u00edan surgido con la llegada de la democracia ya se hab\u00edan consolidado, recib\u00edan apoyo econ\u00f3mico de las administraciones y gozaban de buena salud. Por todas partes florec\u00edan actividades y fiestas populares que requer\u00edan a menudo un animador infantil o un grupo de animaci\u00f3n que dinamizase el acto mediante la m\u00fasica. En aquella \u00e9poca, de referentes donde reflejarnos cuando empezamos, tampoco faltaban. Hab\u00eda un buen n\u00famero de animadores y de grupos de animaci\u00f3n con estilos bastante diversos y suficientemente esparcidos por toda Catalu\u00f1a; Barcelona y sus alrededores, en las comarcas Gerundenses, en la llanura de Lleida, en pueblos de la Catalu\u00f1a central e, incluso, algunas propuestas en el Camp de Tarragona. Todo ello nos supuso una buena motivaci\u00f3n para poner en marcha nuestro propio proyecto y nos dio suficiente criterio para ir construyendo nuestra propia identidad art\u00edstica. Todo ese plantel crec\u00eda con un zapato y una alpargata y, seguramente, estaba todav\u00eda muy poco profesionalizado. Los precedentes de esa escena que se consolidaba ten\u00eda unos or\u00edgenes claros.        <\/p>\t\t\t\t\t\t\t\t<\/div>\n\t\t\t\t<\/div>\n\t\t\t\t<\/div>\n\t\t\t\t<\/div>\n\t\t<div data-particle_enable=\"false\" data-particle-mobile-disabled=\"false\" class=\"elementor-element elementor-element-a7e4820 e-con-full e-flex e-con e-parent\" data-id=\"a7e4820\" data-element_type=\"container\" data-e-type=\"container\" data-settings=\"{&quot;background_background&quot;:&quot;classic&quot;}\">\n\t\t<div data-particle_enable=\"false\" data-particle-mobile-disabled=\"false\" class=\"elementor-element elementor-element-4f0f11b e-con-full e-flex elementor-invisible e-con e-child\" data-id=\"4f0f11b\" data-element_type=\"container\" data-e-type=\"container\" data-settings=\"{&quot;animation&quot;:&quot;fadeInDown&quot;}\">\n\t\t\t\t<div class=\"elementor-element elementor-element-882ab5d elementor-widget elementor-widget-image\" data-id=\"882ab5d\" data-element_type=\"widget\" data-e-type=\"widget\" data-widget_type=\"image.default\">\n\t\t\t\t<div class=\"elementor-widget-container\">\n\t\t\t\t\t\t\t\t\t\t\t\t\t\t\t<img decoding=\"async\" width=\"800\" height=\"534\" src=\"https:\/\/revistes.proscenium.cat\/wp-content\/uploads\/2025\/06\/Rectangle-27.png\" class=\"attachment-large size-large wp-image-3133\" alt=\"En d\u00e8iem animaci\u00f3 infantil\" srcset=\"https:\/\/revistes.proscenium.cat\/wp-content\/uploads\/2025\/06\/Rectangle-27.png 931w, https:\/\/revistes.proscenium.cat\/wp-content\/uploads\/2025\/06\/Rectangle-27-300x200.png 300w, https:\/\/revistes.proscenium.cat\/wp-content\/uploads\/2025\/06\/Rectangle-27-768x512.png 768w\" sizes=\"(max-width: 800px) 100vw, 800px\" \/>\t\t\t\t\t\t\t\t\t\t\t\t\t\t\t<\/div>\n\t\t\t\t<\/div>\n\t\t\t\t<\/div>\n\t\t<div data-particle_enable=\"false\" data-particle-mobile-disabled=\"false\" class=\"elementor-element elementor-element-cd65e68 e-con-full e-flex e-con e-child\" data-id=\"cd65e68\" data-element_type=\"container\" data-e-type=\"container\">\n\t\t\t\t<div class=\"elementor-element elementor-element-2ccbace elementor-invisible elementor-widget elementor-widget-heading\" data-id=\"2ccbace\" data-element_type=\"widget\" data-e-type=\"widget\" data-settings=\"{&quot;_animation&quot;:&quot;fadeInUp&quot;}\" data-widget_type=\"heading.default\">\n\t\t\t\t<div class=\"elementor-widget-container\">\n\t\t\t\t\t<h2 class=\"elementor-heading-title elementor-size-default\">Xesco Boix, el referente<\/h2>\t\t\t\t<\/div>\n\t\t\t\t<\/div>\n\t\t\t\t<div class=\"elementor-element elementor-element-9d14964 elementor-invisible elementor-widget elementor-widget-text-editor\" data-id=\"9d14964\" data-element_type=\"widget\" data-e-type=\"widget\" data-settings=\"{&quot;_animation&quot;:&quot;fadeInLeft&quot;}\" data-widget_type=\"text-editor.default\">\n\t\t\t\t<div class=\"elementor-widget-container\">\n\t\t\t\t\t\t\t\t\t<p>A principios de los a\u00f1os setenta del siglo pasado, en el entorno del Grupo de Folk surge un movimiento de j\u00f3venes que quer\u00edan cantar canciones populares y m\u00fasicas tradicionales de todo el mundo, pero con un esp\u00edritu participativo y de comuni\u00f3n con el p\u00fablico, buscando la contraposici\u00f3n al movimiento de la Nova Can\u00e7\u00f3, que consider\u00e1bamos demasiado r\u00edgido. Era un movimiento muy transversal y con muchos intereses y los hubo que tambi\u00e9n les interesaba recuperar y cantar de nuevo las canciones populares para ni\u00f1os del repertorio tradicional catal\u00e1n y tambi\u00e9n de todo el mundo. De todos estos j\u00f3venes que deciden actuar para ni\u00f1os y ni\u00f1as destaca claramente el nombre de Xesco Boix. En 1971, junto con Josep Maria Pujol y Jordi Roura, N\u00faria Ventura y Laura P\u00e9rez deciden fundar el grupo Ara va de bo con esta intenci\u00f3n de hacer m\u00fasica para los ni\u00f1os. Xesco deja el grupo al cabo de un par de a\u00f1os para emprender una carrera en solitario. Ahora va de bueno, con una formaci\u00f3n cambiante, han continuado trabajando hasta hace poco y sus miembros han sido de los primeros m\u00fasicos en jubilarse despu\u00e9s de toda una carrera profesional dedicada al p\u00fablico m\u00e1s joven, dejando como legado una buena retah\u00edla de discos grabados.     <\/p>\t\t\t\t\t\t\t\t<\/div>\n\t\t\t\t<\/div>\n\t\t\t\t<\/div>\n\t\t\t\t<\/div>\n\t\t<div data-particle_enable=\"false\" data-particle-mobile-disabled=\"false\" class=\"elementor-element elementor-element-87ee5fd e-con-full e-flex e-con e-parent\" data-id=\"87ee5fd\" data-element_type=\"container\" data-e-type=\"container\" data-settings=\"{&quot;background_background&quot;:&quot;classic&quot;}\">\n\t\t<div data-particle_enable=\"false\" data-particle-mobile-disabled=\"false\" class=\"elementor-element elementor-element-c22dab0 e-con-full e-flex e-con e-child\" data-id=\"c22dab0\" data-element_type=\"container\" data-e-type=\"container\">\n\t\t\t\t<div class=\"elementor-element elementor-element-46fb85d elementor-widget-divider--view-line elementor-invisible elementor-widget elementor-widget-divider\" data-id=\"46fb85d\" data-element_type=\"widget\" data-e-type=\"widget\" data-settings=\"{&quot;_animation&quot;:&quot;fadeInRight&quot;}\" data-widget_type=\"divider.default\">\n\t\t\t\t<div class=\"elementor-widget-container\">\n\t\t\t\t\t\t\t<div class=\"elementor-divider\">\n\t\t\t<span class=\"elementor-divider-separator\">\n\t\t\t\t\t\t<\/span>\n\t\t<\/div>\n\t\t\t\t\t\t<\/div>\n\t\t\t\t<\/div>\n\t\t\t\t<div class=\"elementor-element elementor-element-5c2fc04 elementor-invisible elementor-widget elementor-widget-text-editor\" data-id=\"5c2fc04\" data-element_type=\"widget\" data-e-type=\"widget\" data-settings=\"{&quot;_animation&quot;:&quot;fadeInLeft&quot;}\" data-widget_type=\"text-editor.default\">\n\t\t\t\t<div class=\"elementor-widget-container\">\n\t\t\t\t\t\t\t\t\t<p>Sin embargo, dejadme destacar la figura de Xesco Boix. Cuando deja Ara va de bo, emprende en solitario el trabajo de cantar para ni\u00f1os y ni\u00f1as y forja con rigor, tenacidad y autenticidad una trayectoria profesional como cantante y divulgador. Se refleja en el cantante estadounidense Pete Seeger, al que conoci\u00f3 personalmente, pero le pone su sello propio, demuestra un talento y una fuerza especial al interpretar canciones y cuentos y un fuerte magnetismo para conectar con el p\u00fablico. Con su guitarra y su banjo recorri\u00f3 todo el pa\u00eds actuando en plazas, escuelas y donde sea necesario. Realiz\u00f3 un mont\u00f3n de grabaciones discogr\u00e1ficas y algunos libros. Su testimonio alienta a otros j\u00f3venes a emprender el mismo camino como animadores infantiles. Con algunos de estos animadores, Xesco organiza el colectivo Cinco dedos de una mano para compartir repertorios y vivencias que les ayudaran a hacer mejor su oficio. Pero en 1984 su muerte prematura desgarra todo el trabajo que a\u00fan le quedaba por hacer. El personaje se convierte en un mito y se amplifica su mensaje. Su trascendencia llega hasta nuestros d\u00edas. Durante los a\u00f1os ochenta la mancha se esparce y surgen nuevas generaciones de animadores y compa\u00f1\u00edas de artistas que utilizan la m\u00fasica para dirigirse al p\u00fablico infantil. Los proyectos se diversifican. Hay quien incorpora elementos del teatro de calle y de esta mezcla nacen muchos grupos de pasacalles donde la m\u00fasica en directo y la animaci\u00f3n sigue siendo una herramienta para llegar al p\u00fablico. Algunos incorporan t\u00edteres, otros se centran en la m\u00fasica tradicional, payasos que se acompa\u00f1an de bandas de rock\u2026 El abanico era rico y los circuitos de fiestas populares crec\u00eda y permit\u00eda que todo el mundo fuera trabajando.             <\/p>\t\t\t\t\t\t\t\t<\/div>\n\t\t\t\t<\/div>\n\t\t\t\t<\/div>\n\t\t\t\t<\/div>\n\t\t<div data-particle_enable=\"false\" data-particle-mobile-disabled=\"false\" class=\"elementor-element elementor-element-beec0d5 e-con-full e-flex e-con e-parent\" data-id=\"beec0d5\" data-element_type=\"container\" data-e-type=\"container\" data-settings=\"{&quot;background_background&quot;:&quot;classic&quot;}\">\n\t\t<div data-particle_enable=\"false\" data-particle-mobile-disabled=\"false\" class=\"elementor-element elementor-element-214909f e-con-full e-flex e-con e-child\" data-id=\"214909f\" data-element_type=\"container\" data-e-type=\"container\">\n\t\t\t\t<div class=\"elementor-element elementor-element-2ec4af3 elementor-invisible elementor-widget elementor-widget-heading\" data-id=\"2ec4af3\" data-element_type=\"widget\" data-e-type=\"widget\" data-settings=\"{&quot;_animation&quot;:&quot;fadeInUp&quot;}\" data-widget_type=\"heading.default\">\n\t\t\t\t<div class=\"elementor-widget-container\">\n\t\t\t\t\t<h2 class=\"elementor-heading-title elementor-size-default\">Estancamiento creativo<\/h2>\t\t\t\t<\/div>\n\t\t\t\t<\/div>\n\t\t\t\t<div class=\"elementor-element elementor-element-fc637ff elementor-invisible elementor-widget elementor-widget-text-editor\" data-id=\"fc637ff\" data-element_type=\"widget\" data-e-type=\"widget\" data-settings=\"{&quot;_animation&quot;:&quot;fadeInLeft&quot;}\" data-widget_type=\"text-editor.default\">\n\t\t\t\t<div class=\"elementor-widget-container\">\n\t\t\t\t\t\t\t\t\t<p>A finales de los a\u00f1os noventa los animadores y m\u00fasicos que se dedicaban profesionalmente a realizar espect\u00e1culos para los ni\u00f1os tienen la necesidad de agruparse en un colectivo. Un punto de encuentro y una especie de gremio para conocerse mejor, compartir inquietudes y tener m\u00e1s fuerza para reivindicar las necesidades que ten\u00edan como colectivo. En ese momento naci\u00f3 el AMAPEI (Asociaci\u00f3n de M\u00fasicos y Animadores Profesionales de Espect\u00e1culos Infantiles). Se hizo mucho trabajo y se establecieron v\u00ednculos, pero, por desavenencias, por el desgaste o la falta de motivaci\u00f3n, la asociaci\u00f3n se fue marchitando al cabo de 10 o 15 a\u00f1os. Tambi\u00e9n porque surg\u00edan con fuerza otras entidades que agrupaban a profesionales de todas las artes esc\u00e9nicas dirigidas a todos los p\u00fablicos como la TTP (Asociaci\u00f3n Profesional de Teatro para Todos los P\u00fablicos) que tambi\u00e9n acogi\u00f3 a la gente de la m\u00fasica. La mayor parte de las problem\u00e1ticas y necesidades del sector eran comunes a muchas disciplinas y todo el mundo se sent\u00eda representado.     <\/p>\t\t\t\t\t\t\t\t<\/div>\n\t\t\t\t<\/div>\n\t\t\t\t<\/div>\n\t\t<div data-particle_enable=\"false\" data-particle-mobile-disabled=\"false\" class=\"elementor-element elementor-element-bd878df e-con-full e-flex e-con e-child\" data-id=\"bd878df\" data-element_type=\"container\" data-e-type=\"container\">\n\t\t\t\t<div class=\"elementor-element elementor-element-cf0055e elementor-widget elementor-widget-image\" data-id=\"cf0055e\" data-element_type=\"widget\" data-e-type=\"widget\" data-widget_type=\"image.default\">\n\t\t\t\t<div class=\"elementor-widget-container\">\n\t\t\t\t\t\t\t\t\t\t\t\t\t\t\t<img loading=\"lazy\" decoding=\"async\" width=\"800\" height=\"450\" src=\"https:\/\/revistes.proscenium.cat\/wp-content\/uploads\/2025\/06\/abaefd18077a8eb8220ba79fb8e1c992dbfc90aa-2-1024x576.webp\" class=\"attachment-large size-large wp-image-3192\" alt=\"Capsa amb llum a dins\" srcset=\"https:\/\/revistes.proscenium.cat\/wp-content\/uploads\/2025\/06\/abaefd18077a8eb8220ba79fb8e1c992dbfc90aa-2-1024x576.webp 1024w, https:\/\/revistes.proscenium.cat\/wp-content\/uploads\/2025\/06\/abaefd18077a8eb8220ba79fb8e1c992dbfc90aa-2-300x169.webp 300w, https:\/\/revistes.proscenium.cat\/wp-content\/uploads\/2025\/06\/abaefd18077a8eb8220ba79fb8e1c992dbfc90aa-2-768x432.webp 768w, https:\/\/revistes.proscenium.cat\/wp-content\/uploads\/2025\/06\/abaefd18077a8eb8220ba79fb8e1c992dbfc90aa-2-1536x864.webp 1536w, https:\/\/revistes.proscenium.cat\/wp-content\/uploads\/2025\/06\/abaefd18077a8eb8220ba79fb8e1c992dbfc90aa-2.webp 2000w\" sizes=\"(max-width: 800px) 100vw, 800px\" \/>\t\t\t\t\t\t\t\t\t\t\t\t\t\t\t<\/div>\n\t\t\t\t<\/div>\n\t\t\t\t<\/div>\n\t\t\t\t<\/div>\n\t\t<div data-particle_enable=\"false\" data-particle-mobile-disabled=\"false\" class=\"elementor-element elementor-element-5ab6064 e-con-full e-flex e-con e-parent\" data-id=\"5ab6064\" data-element_type=\"container\" data-e-type=\"container\" data-settings=\"{&quot;background_background&quot;:&quot;classic&quot;}\">\n\t\t<div data-particle_enable=\"false\" data-particle-mobile-disabled=\"false\" class=\"elementor-element elementor-element-c1e0c88 e-con-full e-flex e-con e-child\" data-id=\"c1e0c88\" data-element_type=\"container\" data-e-type=\"container\">\n\t\t\t\t<div class=\"elementor-element elementor-element-a797af3 elementor-invisible elementor-widget elementor-widget-text-editor\" data-id=\"a797af3\" data-element_type=\"widget\" data-e-type=\"widget\" data-settings=\"{&quot;_animation&quot;:&quot;fadeInDown&quot;}\" data-widget_type=\"text-editor.default\">\n\t\t\t\t<div class=\"elementor-widget-container\">\n\t\t\t\t\t\t\t\t\t<p>En estos primeros a\u00f1os del cambio de siglo, mi opini\u00f3n es que la disciplina art\u00edstica de la animaci\u00f3n cae en un cierto estancamiento creativo. Las f\u00f3rmulas se repiten sin terminar de dar una respuesta que se adapte a los nuevos tiempos. La efervescencia que se hab\u00eda vivido y la potencia del referente que supon\u00eda la figura de Xesco Boix pienso que incluso pesa demasiado. Las propuestas caen en clich\u00e9s musicales y art\u00edsticos en general. Quedan encasilladas en una est\u00e9tica y una forma de hacer que desde fuera se ve antigua y que no encuentra el encaje en la modernidad de los tiempos. Llegan unos tiempos en los que la forma pesa demasiado y hace que los p\u00fablicos y los programadores pierdan el inter\u00e9s en el contenido de los espect\u00e1culos de animaci\u00f3n. Animadores y grupos siguen trabajando. Parece, sin embargo, que la animaci\u00f3n sigue haciendo falta en muchos momentos del ciclo festivo, pero todo se mueve en una esfera que no trasciende a los medios de comunicaci\u00f3n ni al p\u00fablico m\u00e1s general.       <\/p>\t\t\t\t\t\t\t\t<\/div>\n\t\t\t\t<\/div>\n\t\t\t\t<\/div>\n\t\t<div data-particle_enable=\"false\" data-particle-mobile-disabled=\"false\" class=\"elementor-element elementor-element-cdb5e58 e-con-full e-flex e-con e-child\" data-id=\"cdb5e58\" data-element_type=\"container\" data-e-type=\"container\">\n\t\t\t\t<div class=\"elementor-element elementor-element-39bfc31 elementor-invisible elementor-widget elementor-widget-text-editor\" data-id=\"39bfc31\" data-element_type=\"widget\" data-e-type=\"widget\" data-settings=\"{&quot;_animation&quot;:&quot;fadeInRight&quot;}\" data-widget_type=\"text-editor.default\">\n\t\t\t\t<div class=\"elementor-widget-container\">\n\t\t\t\t\t\t\t\t\t<p>Por contraste, en esta \u00e9poca, otras disciplinas art\u00edsticas de las artes esc\u00e9nicas dirigidas a la infancia s\u00ed han sufrido una evoluci\u00f3n y crecimiento. Las compa\u00f1\u00edas de teatro, de t\u00edteres, circo\u2026 se profesionalizan mucho y esto tiene un impacto en las creaciones de los espect\u00e1culos que surgen, que dan un salto de calidad. Se apuesta por invertir y poner m\u00e1s intenci\u00f3n en las dramaturgias, la construcci\u00f3n de escenograf\u00edas y de t\u00edteres, los vestuarios, los aspectos t\u00e9cnicos de iluminaci\u00f3n, sonido, proyecciones\u2026 Crece la calidad y el prestigio del espect\u00e1culo para ni\u00f1os. Esto se nota en las programaciones e incluso muchas compa\u00f1\u00edas catalanas entran en los circuitos de festivales internacionales. Exceptuando algunas compa\u00f1\u00edas del mundo de la m\u00fasica para ni\u00f1os y ni\u00f1as, los grupos y animadores siguen trabajando pero sin desarrollar demasiados muchos aspectos de sus creaciones.    <\/p>\t\t\t\t\t\t\t\t<\/div>\n\t\t\t\t<\/div>\n\t\t\t\t<\/div>\n\t\t<div data-particle_enable=\"false\" data-particle-mobile-disabled=\"false\" class=\"elementor-element elementor-element-b63f5aa e-con-full e-flex e-con e-child\" data-id=\"b63f5aa\" data-element_type=\"container\" data-e-type=\"container\">\n\t\t\t\t<div class=\"elementor-element elementor-element-87c531a elementor-invisible elementor-widget elementor-widget-text-editor\" data-id=\"87c531a\" data-element_type=\"widget\" data-e-type=\"widget\" data-settings=\"{&quot;_animation&quot;:&quot;fadeInLeft&quot;}\" data-widget_type=\"text-editor.default\">\n\t\t\t\t<div class=\"elementor-widget-container\">\n\t\t\t\t\t\t\t\t\t<p>Tambi\u00e9n es en esta primera d\u00e9cada de los a\u00f1os dos mil que desde todas las artes esc\u00e9nicas se cuestiona el t\u00e9rmino infantil para definir los espect\u00e1culos. Se busca reflejar que los espect\u00e1culos van dirigidos a un p\u00fablico m\u00e1s amplio, que los ni\u00f1os vienen a los espect\u00e1culos acompa\u00f1ados de adultos y que los espect\u00e1culos tambi\u00e9n tienen registros para agradar tanto a peque\u00f1os como a mayores. Se consolidan t\u00e9rminos como \"todos p\u00fablicos\" o \"p\u00fablico familiar\"  <\/p>\t\t\t\t\t\t\t\t<\/div>\n\t\t\t\t<\/div>\n\t\t\t\t<\/div>\n\t\t\t\t<\/div>\n\t\t<div data-particle_enable=\"false\" data-particle-mobile-disabled=\"false\" class=\"elementor-element elementor-element-1ee3fcd e-con-full e-flex e-con e-parent\" data-id=\"1ee3fcd\" data-element_type=\"container\" data-e-type=\"container\" data-settings=\"{&quot;background_background&quot;:&quot;classic&quot;}\">\n\t\t<div data-particle_enable=\"false\" data-particle-mobile-disabled=\"false\" class=\"elementor-element elementor-element-e80c5b9 e-con-full e-flex e-con e-child\" data-id=\"e80c5b9\" data-element_type=\"container\" data-e-type=\"container\">\n\t\t\t\t<div class=\"elementor-element elementor-element-279f4ae elementor-invisible elementor-widget elementor-widget-heading\" data-id=\"279f4ae\" data-element_type=\"widget\" data-e-type=\"widget\" data-settings=\"{&quot;_animation&quot;:&quot;fadeInUp&quot;}\" data-widget_type=\"heading.default\">\n\t\t\t\t<div class=\"elementor-widget-container\">\n\t\t\t\t\t<h2 class=\"elementor-heading-title elementor-size-default\">La Tresca, puesta en contexto<\/h2>\t\t\t\t<\/div>\n\t\t\t\t<\/div>\n\t\t\t\t<\/div>\n\t\t<div data-particle_enable=\"false\" data-particle-mobile-disabled=\"false\" class=\"elementor-element elementor-element-24a3f0e e-con-full e-flex e-con e-child\" data-id=\"24a3f0e\" data-element_type=\"container\" data-e-type=\"container\">\n\t\t<div data-particle_enable=\"false\" data-particle-mobile-disabled=\"false\" class=\"elementor-element elementor-element-9c1afc2 e-con-full e-flex e-con e-child\" data-id=\"9c1afc2\" data-element_type=\"container\" data-e-type=\"container\">\n\t\t\t\t<div class=\"elementor-element elementor-element-1ae18d6 elementor-invisible elementor-widget elementor-widget-image\" data-id=\"1ae18d6\" data-element_type=\"widget\" data-e-type=\"widget\" data-settings=\"{&quot;_animation&quot;:&quot;fadeInUp&quot;}\" data-widget_type=\"image.default\">\n\t\t\t\t<div class=\"elementor-widget-container\">\n\t\t\t\t\t\t\t\t\t\t\t\t\t\t\t<img loading=\"lazy\" decoding=\"async\" width=\"800\" height=\"531\" src=\"https:\/\/revistes.proscenium.cat\/wp-content\/uploads\/2025\/06\/La-tresca.-Enric-Lucena_-1024x680.webp\" class=\"attachment-large size-large wp-image-3194\" alt=\"Grup d&#039;animaci\u00f3 infantil\" srcset=\"https:\/\/revistes.proscenium.cat\/wp-content\/uploads\/2025\/06\/La-tresca.-Enric-Lucena_-1024x680.webp 1024w, https:\/\/revistes.proscenium.cat\/wp-content\/uploads\/2025\/06\/La-tresca.-Enric-Lucena_-300x199.webp 300w, https:\/\/revistes.proscenium.cat\/wp-content\/uploads\/2025\/06\/La-tresca.-Enric-Lucena_-768x510.webp 768w, https:\/\/revistes.proscenium.cat\/wp-content\/uploads\/2025\/06\/La-tresca.-Enric-Lucena_-1536x1020.webp 1536w, https:\/\/revistes.proscenium.cat\/wp-content\/uploads\/2025\/06\/La-tresca.-Enric-Lucena_.webp 1774w\" sizes=\"(max-width: 800px) 100vw, 800px\" \/>\t\t\t\t\t\t\t\t\t\t\t\t\t\t\t<\/div>\n\t\t\t\t<\/div>\n\t\t\t\t<\/div>\n\t\t<div data-particle_enable=\"false\" data-particle-mobile-disabled=\"false\" class=\"elementor-element elementor-element-8673995 e-con-full e-flex e-con e-child\" data-id=\"8673995\" data-element_type=\"container\" data-e-type=\"container\">\n\t\t\t\t<div class=\"elementor-element elementor-element-c4e7863 elementor-invisible elementor-widget elementor-widget-image\" data-id=\"c4e7863\" data-element_type=\"widget\" data-e-type=\"widget\" data-settings=\"{&quot;_animation&quot;:&quot;fadeInDown&quot;}\" data-widget_type=\"image.default\">\n\t\t\t\t<div class=\"elementor-widget-container\">\n\t\t\t\t\t\t\t\t\t\t\t\t\t\t\t<img loading=\"lazy\" decoding=\"async\" width=\"800\" height=\"533\" src=\"https:\/\/revistes.proscenium.cat\/wp-content\/uploads\/2025\/06\/Tresca_Verdesca2-1024x682.jpg\" class=\"attachment-large size-large wp-image-3195\" alt=\"Animadors dins d&#039;un cilindre\" srcset=\"https:\/\/revistes.proscenium.cat\/wp-content\/uploads\/2025\/06\/Tresca_Verdesca2-1024x682.jpg 1024w, https:\/\/revistes.proscenium.cat\/wp-content\/uploads\/2025\/06\/Tresca_Verdesca2-300x200.jpg 300w, https:\/\/revistes.proscenium.cat\/wp-content\/uploads\/2025\/06\/Tresca_Verdesca2-768x511.jpg 768w, https:\/\/revistes.proscenium.cat\/wp-content\/uploads\/2025\/06\/Tresca_Verdesca2.jpg 1200w\" sizes=\"(max-width: 800px) 100vw, 800px\" \/>\t\t\t\t\t\t\t\t\t\t\t\t\t\t\t<\/div>\n\t\t\t\t<\/div>\n\t\t\t\t<\/div>\n\t\t<div data-particle_enable=\"false\" data-particle-mobile-disabled=\"false\" class=\"elementor-element elementor-element-ea88a76 e-con-full e-flex e-con e-child\" data-id=\"ea88a76\" data-element_type=\"container\" data-e-type=\"container\">\n\t\t\t\t<div class=\"elementor-element elementor-element-657cf82 elementor-invisible elementor-widget elementor-widget-image\" data-id=\"657cf82\" data-element_type=\"widget\" data-e-type=\"widget\" data-settings=\"{&quot;_animation&quot;:&quot;fadeInUp&quot;}\" data-widget_type=\"image.default\">\n\t\t\t\t<div class=\"elementor-widget-container\">\n\t\t\t\t\t\t\t\t\t\t\t\t\t\t\t<img loading=\"lazy\" decoding=\"async\" width=\"800\" height=\"352\" src=\"https:\/\/revistes.proscenium.cat\/wp-content\/uploads\/2025\/06\/Tresca_Verdesca3-1024x451.webp\" class=\"attachment-large size-large wp-image-3196\" alt=\"Animadors infantils\" srcset=\"https:\/\/revistes.proscenium.cat\/wp-content\/uploads\/2025\/06\/Tresca_Verdesca3-1024x451.webp 1024w, https:\/\/revistes.proscenium.cat\/wp-content\/uploads\/2025\/06\/Tresca_Verdesca3-300x132.webp 300w, https:\/\/revistes.proscenium.cat\/wp-content\/uploads\/2025\/06\/Tresca_Verdesca3-768x338.webp 768w, https:\/\/revistes.proscenium.cat\/wp-content\/uploads\/2025\/06\/Tresca_Verdesca3-1536x676.webp 1536w, https:\/\/revistes.proscenium.cat\/wp-content\/uploads\/2025\/06\/Tresca_Verdesca3.webp 1600w\" sizes=\"(max-width: 800px) 100vw, 800px\" \/>\t\t\t\t\t\t\t\t\t\t\t\t\t\t\t<\/div>\n\t\t\t\t<\/div>\n\t\t\t\t<\/div>\n\t\t\t\t<\/div>\n\t\t\t\t<\/div>\n\t\t<div data-particle_enable=\"false\" data-particle-mobile-disabled=\"false\" class=\"elementor-element elementor-element-01fbe7a e-con-full e-flex e-con e-parent\" data-id=\"01fbe7a\" data-element_type=\"container\" data-e-type=\"container\" data-settings=\"{&quot;background_background&quot;:&quot;classic&quot;}\">\n\t\t<div data-particle_enable=\"false\" data-particle-mobile-disabled=\"false\" class=\"elementor-element elementor-element-891e91a e-con-full e-flex e-con e-child\" data-id=\"891e91a\" data-element_type=\"container\" data-e-type=\"container\">\n\t\t\t\t<div class=\"elementor-element elementor-element-402bf8b elementor-invisible elementor-widget elementor-widget-text-editor\" data-id=\"402bf8b\" data-element_type=\"widget\" data-e-type=\"widget\" data-settings=\"{&quot;_animation&quot;:&quot;fadeInRight&quot;}\" data-widget_type=\"text-editor.default\">\n\t\t\t\t<div class=\"elementor-widget-container\">\n\t\t\t\t\t\t\t\t\t<p><span style=\"white-space-collapse: preserve;\">Recuerdo que en estos momentos desde La Tresca todo esto lo viv\u00edamos con cierta crisis interna. La animaci\u00f3n nos daba trabajo, pero tambi\u00e9n nos hac\u00eda sentirse inc\u00f3modos. Nos sent\u00edamos un poco descolocados y estancados. Optamos por centrarnos en la m\u00fasica y no verla tanto como una herramienta de dinamizaci\u00f3n sino como nuestra finalidad. Intentamos ensanchar nuestro abanico de propuestas. La voluntad era crear espect\u00e1culos para realizar en los teatros sin buscar la participaci\u00f3n del p\u00fablico. Nos aventuramos con nuevos lenguajes y empezamos una \u00e9poca de coproducciones trabajando con compa\u00f1\u00edas de teatro familiar.      <\/span><\/p><p>Pero en los \u00faltimos a\u00f1os se ha producido un cambio espectacular en la escena de la m\u00fasica familiar (todo el mundo parece encontrarse mejor con esta etiqueta). Algunos grupos y artistas han roto el techo de cristal que hab\u00eda en lo que se refiere a la popularidad y llegan a un p\u00fablico m\u00e1s mayoritario que parece que descubra de nuevo que hay m\u00fasica para ni\u00f1os y familias. Nace un nuevo circuito con espect\u00e1culos mucho m\u00e1s multitudinarios. No os sabr\u00eda explicar a ciencia cierta cu\u00e1les son los motivos que han permitido este chasquido, pero intentar\u00e9 aportar algunos.   <\/p><p>De entrada la sociedad ha puesto un poco m\u00e1s en el centro a los ni\u00f1os y su crianza. Los nuevos padres y madres, o mejor dicho, las nuevas familias, han puesto mayor conciencia en la educaci\u00f3n de sus hijos e hijas. Quieren ofrecerles tambi\u00e9n una vida cultural rica y se buscan experiencias satisfactorias para vivir juntos en familia, sobre todo en la primera infancia. Esto tambi\u00e9n llega a la m\u00fasica y crece el n\u00famero de familias que prestan atenci\u00f3n en qu\u00e9 m\u00fasica quieren que escuche su descendencia.   <\/p>\t\t\t\t\t\t\t\t<\/div>\n\t\t\t\t<\/div>\n\t\t\t\t<\/div>\n\t\t<div data-particle_enable=\"false\" data-particle-mobile-disabled=\"false\" class=\"elementor-element elementor-element-77b0477 e-con-full e-flex e-con e-child\" data-id=\"77b0477\" data-element_type=\"container\" data-e-type=\"container\">\n\t\t\t\t<div class=\"elementor-element elementor-element-e664eba elementor-invisible elementor-widget elementor-widget-text-editor\" data-id=\"e664eba\" data-element_type=\"widget\" data-e-type=\"widget\" data-settings=\"{&quot;_animation&quot;:&quot;fadeInLeft&quot;}\" data-widget_type=\"text-editor.default\">\n\t\t\t\t<div class=\"elementor-widget-container\">\n\t\t\t\t\t\t\t\t\t<p>Otro motivo ser\u00eda el crecimiento exponencial del mundo audiovisual. Los ni\u00f1os y ni\u00f1as disponen de muchas m\u00e1s pantallas y los v\u00eddeos llegan por tierra, mar y aire. Algunos artistas han cuidado mucho su producci\u00f3n audiovisual y han crecido much\u00edsimo en las visualizaciones de los v\u00eddeos y, por tanto, en popularidad. Con la aparici\u00f3n de las plataformas de televisi\u00f3n esta vertiente ir\u00e1 seguro a m\u00e1s. Las redes sociales tambi\u00e9n han favorecido este proceso. Las \u00faltimas generaciones de padres y madres est\u00e1n muy conectadas y las redes son uno de los principales canales de informaci\u00f3n. Los artistas que han sabido entrar en este lenguaje pueden conectar muy f\u00e1cilmente con un grosor mucho m\u00e1s amplio de p\u00fablico y hacer llegar sus propuestas a mucha m\u00e1s gente.      <\/p><p>Las compa\u00f1\u00edas que crec\u00edan se han sabido profesionalizar y han hecho crecer sus productos art\u00edsticos a medida que se ensanchaba su base de p\u00fablico. Seguro que tambi\u00e9n ha ayudado el hecho de que en los \u00faltimos a\u00f1os el p\u00fablico escucha con muchos menos complejos m\u00fasica en catal\u00e1n. Hay mucha m\u00e1s producci\u00f3n de artistas j\u00f3venes catalanes que tienen talento y medios para llegar al p\u00fablico. Si el p\u00fablico consume con mayor normalidad m\u00fasica en catal\u00e1n, lo ofrecen a sus ni\u00f1os. Si crece el mercado crecen las producciones. Ahora falta que esta producci\u00f3n tambi\u00e9n crezca en calidad porque todo el mundo se apunta al carro de hacer m\u00fasica para ni\u00f1os y ni\u00f1as y en las plataformas hay un mont\u00f3n de producciones cargadas de clich\u00e9s y de pedagog\u00eda, entrada con calzador, que no acabo de averiguar de d\u00f3nde salen y que encuentro muy poco interesantes.     <\/p><p>En cualquier caso, la profesionalizaci\u00f3n ha llevado a esta nueva escena adaptarse mejor a los tiempos actuales y se ha dado una mejor respuesta a los tiempos. Parece que as\u00ed se ha llenado un poco ese vac\u00edo que existe de m\u00fasica para p\u00fablico familiar en catal\u00e1n para un p\u00fablico m\u00e1s mayoritario. <\/p><p> <\/p>\t\t\t\t\t\t\t\t<\/div>\n\t\t\t\t<\/div>\n\t\t\t\t<\/div>\n\t\t\t\t<\/div>\n\t\t<div data-particle_enable=\"false\" data-particle-mobile-disabled=\"false\" class=\"elementor-element elementor-element-71a56f5 e-con-full e-flex e-con e-parent\" data-id=\"71a56f5\" data-element_type=\"container\" data-e-type=\"container\">\n\t\t<div data-particle_enable=\"false\" data-particle-mobile-disabled=\"false\" class=\"elementor-element elementor-element-fe7dbbc e-con-full e-flex e-con e-child\" data-id=\"fe7dbbc\" data-element_type=\"container\" data-e-type=\"container\">\n\t\t\t\t<div class=\"elementor-element elementor-element-9f7e8dc elementor-widget elementor-widget-image\" data-id=\"9f7e8dc\" data-element_type=\"widget\" data-e-type=\"widget\" data-widget_type=\"image.default\">\n\t\t\t\t<div class=\"elementor-widget-container\">\n\t\t\t\t\t\t\t\t\t\t\t\t\t\t\t<img loading=\"lazy\" decoding=\"async\" width=\"800\" height=\"534\" src=\"https:\/\/revistes.proscenium.cat\/wp-content\/uploads\/2025\/06\/rikus_companyia-1024x683.webp\" class=\"attachment-large size-large wp-image-3197\" alt=\"Grup d&#039;animaci\u00f3 infantil\" srcset=\"https:\/\/revistes.proscenium.cat\/wp-content\/uploads\/2025\/06\/rikus_companyia-1024x683.webp 1024w, https:\/\/revistes.proscenium.cat\/wp-content\/uploads\/2025\/06\/rikus_companyia-300x200.webp 300w, https:\/\/revistes.proscenium.cat\/wp-content\/uploads\/2025\/06\/rikus_companyia-768x512.webp 768w, https:\/\/revistes.proscenium.cat\/wp-content\/uploads\/2025\/06\/rikus_companyia-1536x1024.webp 1536w, https:\/\/revistes.proscenium.cat\/wp-content\/uploads\/2025\/06\/rikus_companyia.webp 1800w\" sizes=\"(max-width: 800px) 100vw, 800px\" \/>\t\t\t\t\t\t\t\t\t\t\t\t\t\t\t<\/div>\n\t\t\t\t<\/div>\n\t\t\t\t<\/div>\n\t\t<div data-particle_enable=\"false\" data-particle-mobile-disabled=\"false\" class=\"elementor-element elementor-element-ba40215 e-con-full e-flex e-con e-child\" data-id=\"ba40215\" data-element_type=\"container\" data-e-type=\"container\">\n\t\t\t\t<div class=\"elementor-element elementor-element-0af4ca5 elementor-widget elementor-widget-image\" data-id=\"0af4ca5\" data-element_type=\"widget\" data-e-type=\"widget\" data-widget_type=\"image.default\">\n\t\t\t\t<div class=\"elementor-widget-container\">\n\t\t\t\t\t\t\t\t\t\t\t\t\t\t\t<img loading=\"lazy\" decoding=\"async\" width=\"800\" height=\"611\" src=\"https:\/\/revistes.proscenium.cat\/wp-content\/uploads\/2025\/06\/El_pot_petit-1024x782.webp\" class=\"attachment-large size-large wp-image-3198\" alt=\"Grup de m\u00fasica infantil\" srcset=\"https:\/\/revistes.proscenium.cat\/wp-content\/uploads\/2025\/06\/El_pot_petit-1024x782.webp 1024w, https:\/\/revistes.proscenium.cat\/wp-content\/uploads\/2025\/06\/El_pot_petit-300x229.webp 300w, https:\/\/revistes.proscenium.cat\/wp-content\/uploads\/2025\/06\/El_pot_petit-768x586.webp 768w, https:\/\/revistes.proscenium.cat\/wp-content\/uploads\/2025\/06\/El_pot_petit.webp 1074w\" sizes=\"(max-width: 800px) 100vw, 800px\" \/>\t\t\t\t\t\t\t\t\t\t\t\t\t\t\t<\/div>\n\t\t\t\t<\/div>\n\t\t\t\t<\/div>\n\t\t<div data-particle_enable=\"false\" data-particle-mobile-disabled=\"false\" class=\"elementor-element elementor-element-126321b e-con-full e-flex e-con e-child\" data-id=\"126321b\" data-element_type=\"container\" data-e-type=\"container\">\n\t\t\t\t<div class=\"elementor-element elementor-element-36eea9c elementor-widget elementor-widget-image\" data-id=\"36eea9c\" data-element_type=\"widget\" data-e-type=\"widget\" data-widget_type=\"image.default\">\n\t\t\t\t<div class=\"elementor-widget-container\">\n\t\t\t\t\t\t\t\t\t\t\t\t\t\t\t<img loading=\"lazy\" decoding=\"async\" width=\"800\" height=\"400\" src=\"https:\/\/revistes.proscenium.cat\/wp-content\/uploads\/2025\/06\/Pentina_el_gat-1024x512.webp\" class=\"attachment-large size-large wp-image-3199\" alt=\"\" srcset=\"https:\/\/revistes.proscenium.cat\/wp-content\/uploads\/2025\/06\/Pentina_el_gat-1024x512.webp 1024w, https:\/\/revistes.proscenium.cat\/wp-content\/uploads\/2025\/06\/Pentina_el_gat-300x150.webp 300w, https:\/\/revistes.proscenium.cat\/wp-content\/uploads\/2025\/06\/Pentina_el_gat-768x384.webp 768w, https:\/\/revistes.proscenium.cat\/wp-content\/uploads\/2025\/06\/Pentina_el_gat-1536x768.webp 1536w, https:\/\/revistes.proscenium.cat\/wp-content\/uploads\/2025\/06\/Pentina_el_gat.webp 1920w\" sizes=\"(max-width: 800px) 100vw, 800px\" \/>\t\t\t\t\t\t\t\t\t\t\t\t\t\t\t<\/div>\n\t\t\t\t<\/div>\n\t\t\t\t<\/div>\n\t\t\t\t<\/div>\n\t\t<div data-particle_enable=\"false\" data-particle-mobile-disabled=\"false\" class=\"elementor-element elementor-element-4fe1ccd e-con-full e-flex e-con e-parent\" data-id=\"4fe1ccd\" data-element_type=\"container\" data-e-type=\"container\" data-settings=\"{&quot;background_background&quot;:&quot;classic&quot;}\">\n\t\t<div data-particle_enable=\"false\" data-particle-mobile-disabled=\"false\" class=\"elementor-element elementor-element-b96a233 e-con-full e-flex e-con e-child\" data-id=\"b96a233\" data-element_type=\"container\" data-e-type=\"container\">\n\t\t\t\t<div class=\"elementor-element elementor-element-dbda845 elementor-invisible elementor-widget elementor-widget-heading\" data-id=\"dbda845\" data-element_type=\"widget\" data-e-type=\"widget\" data-settings=\"{&quot;_animation&quot;:&quot;fadeInUp&quot;}\" data-widget_type=\"heading.default\">\n\t\t\t\t<div class=\"elementor-widget-container\">\n\t\t\t\t\t<h3 class=\"elementor-heading-title elementor-size-default\">El papel de los festivales<\/h3>\t\t\t\t<\/div>\n\t\t\t\t<\/div>\n\t\t\t\t<div class=\"elementor-element elementor-element-8152f5c elementor-invisible elementor-widget elementor-widget-text-editor\" data-id=\"8152f5c\" data-element_type=\"widget\" data-e-type=\"widget\" data-settings=\"{&quot;_animation&quot;:&quot;fadeInLeft&quot;}\" data-widget_type=\"text-editor.default\">\n\t\t\t\t<div class=\"elementor-widget-container\">\n\t\t\t\t\t\t\t\t\t<p>Dejemos a\u00f1adir a todo esto que en los \u00faltimos a\u00f1os, dentro de la oferta musical del pa\u00eds, se han impuesto con mucha fuerza los festivales. Se han esparcido con gran \u00e9xito por todo el territorio. Los organizadores de estos festivales han olfateado que el p\u00fablico familiar es un cliente emergente que llega con mucha fuerza y \u200b\u200ben muchos de estos festivales han hecho un sitio dentro de su programaci\u00f3n dando cabida a esta nueva escena de grupos que despuntan. Y yo todav\u00eda dir\u00eda m\u00e1s; tambi\u00e9n han crecido por el territorio festivales que se dirigen s\u00f3lo a p\u00fablico familiar. En estas nuevas ventanas festivaleras para p\u00fablico familiar, aparte de acoger a algunos grupos dirigidos realmente a p\u00fablico familiar el criterio del programador es el de hacer actuar grupos de m\u00fasica de adultos ya populares que act\u00faan tambi\u00e9n para ni\u00f1os y ni\u00f1as. La adaptaci\u00f3n que parecen hacer en estos festivales para ajustarse al p\u00fablico m\u00e1s peque\u00f1o es dar un concierto m\u00e1s corto y bajar el volumen. Es totalmente l\u00edcito y respeto esta opci\u00f3n porque a muchos padres nos gusta ir a ver a los grupos que nos gustan con nuestros hijos (y me incluyo), pero cuando la mirada del grupo que se propone actuar por ni\u00f1os no es suficientemente respetuosa o no acaba de saber c\u00f3mo conectar con este p\u00fablico, siento que nos est\u00e1n dando gato por liebre. Cuando estos grupos son muy populares, creo que juegan injustamente con ventaja.       <\/p>\t\t\t\t\t\t\t\t<\/div>\n\t\t\t\t<\/div>\n\t\t\t\t<\/div>\n\t\t<div data-particle_enable=\"false\" data-particle-mobile-disabled=\"false\" class=\"elementor-element elementor-element-d6ed8f1 e-con-full e-flex e-con e-child\" data-id=\"d6ed8f1\" data-element_type=\"container\" data-e-type=\"container\">\n\t\t\t\t<div class=\"elementor-element elementor-element-88e11db elementor-widget elementor-widget-image\" data-id=\"88e11db\" data-element_type=\"widget\" data-e-type=\"widget\" data-widget_type=\"image.default\">\n\t\t\t\t<div class=\"elementor-widget-container\">\n\t\t\t\t\t\t\t\t\t\t\t\t\t\t\t<img loading=\"lazy\" decoding=\"async\" width=\"800\" height=\"800\" src=\"https:\/\/revistes.proscenium.cat\/wp-content\/uploads\/2025\/06\/festivalot.png\" class=\"attachment-large size-large wp-image-3200\" alt=\"\" srcset=\"https:\/\/revistes.proscenium.cat\/wp-content\/uploads\/2025\/06\/festivalot.png 864w, https:\/\/revistes.proscenium.cat\/wp-content\/uploads\/2025\/06\/festivalot-300x300.png 300w, https:\/\/revistes.proscenium.cat\/wp-content\/uploads\/2025\/06\/festivalot-150x150.png 150w, https:\/\/revistes.proscenium.cat\/wp-content\/uploads\/2025\/06\/festivalot-768x768.png 768w\" sizes=\"(max-width: 800px) 100vw, 800px\" \/>\t\t\t\t\t\t\t\t\t\t\t\t\t\t\t<\/div>\n\t\t\t\t<\/div>\n\t\t\t\t<\/div>\n\t\t\t\t<\/div>\n\t\t<div data-particle_enable=\"false\" data-particle-mobile-disabled=\"false\" class=\"elementor-element elementor-element-a504f25 e-con-full e-flex e-con e-parent\" data-id=\"a504f25\" data-element_type=\"container\" data-e-type=\"container\" data-settings=\"{&quot;background_background&quot;:&quot;classic&quot;}\">\n\t\t<div data-particle_enable=\"false\" data-particle-mobile-disabled=\"false\" class=\"elementor-element elementor-element-f44877f e-con-full e-flex e-con e-child\" data-id=\"f44877f\" data-element_type=\"container\" data-e-type=\"container\">\n\t\t\t\t<div class=\"elementor-element elementor-element-5eaf341 elementor-widget-divider--view-line elementor-invisible elementor-widget elementor-widget-divider\" data-id=\"5eaf341\" data-element_type=\"widget\" data-e-type=\"widget\" data-settings=\"{&quot;_animation&quot;:&quot;fadeInRight&quot;}\" data-widget_type=\"divider.default\">\n\t\t\t\t<div class=\"elementor-widget-container\">\n\t\t\t\t\t\t\t<div class=\"elementor-divider\">\n\t\t\t<span class=\"elementor-divider-separator\">\n\t\t\t\t\t\t<\/span>\n\t\t<\/div>\n\t\t\t\t\t\t<\/div>\n\t\t\t\t<\/div>\n\t\t\t\t<div class=\"elementor-element elementor-element-97b2027 elementor-invisible elementor-widget elementor-widget-text-editor\" data-id=\"97b2027\" data-element_type=\"widget\" data-e-type=\"widget\" data-settings=\"{&quot;_animation&quot;:&quot;fadeInLeft&quot;}\" data-widget_type=\"text-editor.default\">\n\t\t\t\t<div class=\"elementor-widget-container\">\n\t\t\t\t\t\t\t\t\t<p>En cualquier caso, tratando de concluir toda esta historia, tenemos un nuevo paradigma de la m\u00fasica para ni\u00f1os y ni\u00f1as que se est\u00e1 adaptando a la actualidad. Los artistas buscamos la modernidad rehuyendo de todo lo que pueda parecer \u201ckumbayano\u201d. Refugiados en la nueva etiqueta de m\u00fasica familiar, parece que hemos olvidado nuestros or\u00edgenes. De acuerdo en decir que el sector de la m\u00fasica para ni\u00f1os arrastra un deje de antig\u00fcedad. Que la profesionalizaci\u00f3n nos ayudar\u00e1 a subir la calidad de nuestras producciones, pero espero que velar demasiado por la forma no nos haga perder el contenido. Que un rebozado espectacular, crujiente y sabroso no nos haga olvidar que dentro de la rodaja debemos tener un calamar de calidad, nutritivo y cocinado en su punto. No quisiera ser de los que dan gato por liebre.      <br><br>Despu\u00e9s de todos estos a\u00f1os de dedicaci\u00f3n profesional a la m\u00fasica infantil o familiar (diga como quieras, que ya no s\u00e9 si el nombre hace la cosa) me siento reenamorado de nuevo por la disciplina de la animaci\u00f3n, por la capacidad de plantarse ante un auditorio que quiz\u00e1s no sabe ni qui\u00e9n eres y tener las herramientas para llamar su atenci\u00f3n, cautivarlo y y, en definitiva, modificarlo, tocarle \"el alma\". Pienso que \u00e9ste es nuestro oficio, que hay que ir puliendo, mejorando, renovando, actualizando, pero sin perder la esencia y la autenticidad. La m\u00fasica y las canciones son nuestra materia prima y debemos poner el coraz\u00f3n, el alma y nuestro saber al componerlas e interpretarlas, pero al subirlas a un escenario, si queremos conectar con nuestro p\u00fablico, deberemos utilizar las herramientas que nos da la animaci\u00f3n, un g\u00e9nero aut\u00f3ctono que en Catalu\u00f1a se ha desarrollado de una manera especial. Que, en lugar de rehuir, debemos estar orgullosos.   <\/p>\t\t\t\t\t\t\t\t<\/div>\n\t\t\t\t<\/div>\n\t\t\t\t<\/div>\n\t\t\t\t<\/div>\n\t\t\t\t<\/div>\n\t\t","protected":false},"excerpt":{"rendered":"<p>Edici\u00f3n 10 Opini\u00f3n Lo llam\u00e1bamos animaci\u00f3n infantil Jordi L\u00f3pez &#8211; M\u00fasico y miembro del grupo la Tresca y la Vendresca Ya hace m\u00e1s de veintis\u00e9is a\u00f1os, tres chicos que nos hab\u00edamos conocido al escultismo en el \u00e1rea metropolitana de Barcelona, \u200b\u200bmontamos La Tresca y la Verdesca. En ese momento, de una formaci\u00f3n como la nuestra, [&hellip;]<\/p>\n","protected":false},"author":1,"featured_media":3133,"parent":0,"menu_order":1,"comment_status":"closed","ping_status":"closed","template":"","meta":{"footnotes":""},"edicions":[11],"class_list":["post-3220","page","type-page","status-publish","has-post-thumbnail","hentry","edicions-11"],"yoast_head":"<!-- This site is optimized with the Yoast SEO plugin v27.4 - https:\/\/yoast.com\/product\/yoast-seo-wordpress\/ -->\n<title>Lo llam\u00e1bamos animaci\u00f3n infantil - Proscenium<\/title>\n<meta name=\"description\" content=\"Lo llam\u00e1bamos animaci\u00f3n infantil: Jordi L\u00f3pez explica el origen de La Tresca y la Verdesca y c\u00f3mo ha evolucionado hacia la m\u00fasica familiar.\" \/>\n<meta name=\"robots\" content=\"index, follow, max-snippet:-1, max-image-preview:large, max-video-preview:-1\" \/>\n<link rel=\"canonical\" href=\"https:\/\/revistes.proscenium.cat\/es\/jordi-lopez-lo-llamabamos-animacion-infantil\/\" \/>\n<meta property=\"og:locale\" content=\"es_ES\" \/>\n<meta property=\"og:type\" content=\"article\" \/>\n<meta property=\"og:title\" content=\"Lo llam\u00e1bamos animaci\u00f3n infantil - Proscenium\" \/>\n<meta property=\"og:description\" content=\"Lo llam\u00e1bamos animaci\u00f3n infantil: Jordi L\u00f3pez explica el origen de La Tresca y la Verdesca y c\u00f3mo ha evolucionado hacia la m\u00fasica familiar.\" \/>\n<meta property=\"og:url\" content=\"https:\/\/revistes.proscenium.cat\/es\/jordi-lopez-lo-llamabamos-animacion-infantil\/\" \/>\n<meta property=\"og:site_name\" content=\"Proscenium\" \/>\n<meta property=\"article:modified_time\" content=\"2025-07-03T10:41:24+00:00\" \/>\n<meta property=\"og:image\" content=\"https:\/\/revistes.proscenium.cat\/wp-content\/uploads\/2025\/06\/Rectangle-27.png\" \/>\n\t<meta property=\"og:image:width\" content=\"931\" \/>\n\t<meta property=\"og:image:height\" content=\"621\" \/>\n\t<meta property=\"og:image:type\" content=\"image\/png\" \/>\n<meta name=\"twitter:card\" content=\"summary_large_image\" \/>\n<meta name=\"twitter:label1\" content=\"Tiempo de lectura\" \/>\n\t<meta name=\"twitter:data1\" content=\"14 minutos\" \/>\n<script type=\"application\/ld+json\" class=\"yoast-schema-graph\">{\"@context\":\"https:\\\/\\\/schema.org\",\"@graph\":[{\"@type\":\"WebPage\",\"@id\":\"https:\\\/\\\/revistes.proscenium.cat\\\/es\\\/jordi-lopez-lo-llamabamos-animacion-infantil\\\/\",\"url\":\"https:\\\/\\\/revistes.proscenium.cat\\\/es\\\/jordi-lopez-lo-llamabamos-animacion-infantil\\\/\",\"name\":\"Lo llam\u00e1bamos animaci\u00f3n infantil - Proscenium\",\"isPartOf\":{\"@id\":\"https:\\\/\\\/revistes.proscenium.cat\\\/es\\\/#website\"},\"primaryImageOfPage\":{\"@id\":\"https:\\\/\\\/revistes.proscenium.cat\\\/es\\\/jordi-lopez-lo-llamabamos-animacion-infantil\\\/#primaryimage\"},\"image\":{\"@id\":\"https:\\\/\\\/revistes.proscenium.cat\\\/es\\\/jordi-lopez-lo-llamabamos-animacion-infantil\\\/#primaryimage\"},\"thumbnailUrl\":\"https:\\\/\\\/revistes.proscenium.cat\\\/wp-content\\\/uploads\\\/2025\\\/06\\\/Rectangle-27.png\",\"datePublished\":\"2025-06-27T10:03:45+00:00\",\"dateModified\":\"2025-07-03T10:41:24+00:00\",\"description\":\"Lo llam\u00e1bamos animaci\u00f3n infantil: Jordi L\u00f3pez explica el origen de La Tresca y la Verdesca y c\u00f3mo ha evolucionado hacia la m\u00fasica familiar.\",\"breadcrumb\":{\"@id\":\"https:\\\/\\\/revistes.proscenium.cat\\\/es\\\/jordi-lopez-lo-llamabamos-animacion-infantil\\\/#breadcrumb\"},\"inLanguage\":\"es\",\"potentialAction\":[{\"@type\":\"ReadAction\",\"target\":[\"https:\\\/\\\/revistes.proscenium.cat\\\/es\\\/jordi-lopez-lo-llamabamos-animacion-infantil\\\/\"]}]},{\"@type\":\"ImageObject\",\"inLanguage\":\"es\",\"@id\":\"https:\\\/\\\/revistes.proscenium.cat\\\/es\\\/jordi-lopez-lo-llamabamos-animacion-infantil\\\/#primaryimage\",\"url\":\"https:\\\/\\\/revistes.proscenium.cat\\\/wp-content\\\/uploads\\\/2025\\\/06\\\/Rectangle-27.png\",\"contentUrl\":\"https:\\\/\\\/revistes.proscenium.cat\\\/wp-content\\\/uploads\\\/2025\\\/06\\\/Rectangle-27.png\",\"width\":931,\"height\":621,\"caption\":\"En d\u00e8iem animaci\u00f3 infantil\"},{\"@type\":\"BreadcrumbList\",\"@id\":\"https:\\\/\\\/revistes.proscenium.cat\\\/es\\\/jordi-lopez-lo-llamabamos-animacion-infantil\\\/#breadcrumb\",\"itemListElement\":[{\"@type\":\"ListItem\",\"position\":1,\"name\":\"Inici\",\"item\":\"https:\\\/\\\/revistes.proscenium.cat\\\/es\\\/portada-y-sumario-2024-25\\\/\"},{\"@type\":\"ListItem\",\"position\":2,\"name\":\"Lo llam\u00e1bamos animaci\u00f3n infantil\"}]},{\"@type\":\"WebSite\",\"@id\":\"https:\\\/\\\/revistes.proscenium.cat\\\/es\\\/#website\",\"url\":\"https:\\\/\\\/revistes.proscenium.cat\\\/es\\\/\",\"name\":\"Revista Proscenium\",\"description\":\"Revista d&#039;arts esc\u00e8niques\",\"publisher\":{\"@id\":\"https:\\\/\\\/revistes.proscenium.cat\\\/es\\\/#organization\"},\"potentialAction\":[{\"@type\":\"SearchAction\",\"target\":{\"@type\":\"EntryPoint\",\"urlTemplate\":\"https:\\\/\\\/revistes.proscenium.cat\\\/es\\\/?s={search_term_string}\"},\"query-input\":{\"@type\":\"PropertyValueSpecification\",\"valueRequired\":true,\"valueName\":\"search_term_string\"}}],\"inLanguage\":\"es\"},{\"@type\":\"Organization\",\"@id\":\"https:\\\/\\\/revistes.proscenium.cat\\\/es\\\/#organization\",\"name\":\"Editorial Proscenium\",\"url\":\"https:\\\/\\\/revistes.proscenium.cat\\\/es\\\/\",\"logo\":{\"@type\":\"ImageObject\",\"inLanguage\":\"es\",\"@id\":\"https:\\\/\\\/revistes.proscenium.cat\\\/es\\\/#\\\/schema\\\/logo\\\/image\\\/\",\"url\":\"https:\\\/\\\/revistes.proscenium.cat\\\/wp-content\\\/uploads\\\/2023\\\/11\\\/proscenium-logo.jpg\",\"contentUrl\":\"https:\\\/\\\/revistes.proscenium.cat\\\/wp-content\\\/uploads\\\/2023\\\/11\\\/proscenium-logo.jpg\",\"width\":400,\"height\":310,\"caption\":\"Editorial Proscenium\"},\"image\":{\"@id\":\"https:\\\/\\\/revistes.proscenium.cat\\\/es\\\/#\\\/schema\\\/logo\\\/image\\\/\"}}]}<\/script>\n<!-- \/ Yoast SEO plugin. -->","yoast_head_json":{"title":"Lo llam\u00e1bamos animaci\u00f3n infantil - Proscenium","description":"Lo llam\u00e1bamos animaci\u00f3n infantil: Jordi L\u00f3pez explica el origen de La Tresca y la Verdesca y c\u00f3mo ha evolucionado hacia la m\u00fasica familiar.","robots":{"index":"index","follow":"follow","max-snippet":"max-snippet:-1","max-image-preview":"max-image-preview:large","max-video-preview":"max-video-preview:-1"},"canonical":"https:\/\/revistes.proscenium.cat\/es\/jordi-lopez-lo-llamabamos-animacion-infantil\/","og_locale":"es_ES","og_type":"article","og_title":"Lo llam\u00e1bamos animaci\u00f3n infantil - Proscenium","og_description":"Lo llam\u00e1bamos animaci\u00f3n infantil: Jordi L\u00f3pez explica el origen de La Tresca y la Verdesca y c\u00f3mo ha evolucionado hacia la m\u00fasica familiar.","og_url":"https:\/\/revistes.proscenium.cat\/es\/jordi-lopez-lo-llamabamos-animacion-infantil\/","og_site_name":"Proscenium","article_modified_time":"2025-07-03T10:41:24+00:00","og_image":[{"width":931,"height":621,"url":"https:\/\/revistes.proscenium.cat\/wp-content\/uploads\/2025\/06\/Rectangle-27.png","type":"image\/png"}],"twitter_card":"summary_large_image","twitter_misc":{"Tiempo de lectura":"14 minutos"},"schema":{"@context":"https:\/\/schema.org","@graph":[{"@type":"WebPage","@id":"https:\/\/revistes.proscenium.cat\/es\/jordi-lopez-lo-llamabamos-animacion-infantil\/","url":"https:\/\/revistes.proscenium.cat\/es\/jordi-lopez-lo-llamabamos-animacion-infantil\/","name":"Lo llam\u00e1bamos animaci\u00f3n infantil - Proscenium","isPartOf":{"@id":"https:\/\/revistes.proscenium.cat\/es\/#website"},"primaryImageOfPage":{"@id":"https:\/\/revistes.proscenium.cat\/es\/jordi-lopez-lo-llamabamos-animacion-infantil\/#primaryimage"},"image":{"@id":"https:\/\/revistes.proscenium.cat\/es\/jordi-lopez-lo-llamabamos-animacion-infantil\/#primaryimage"},"thumbnailUrl":"https:\/\/revistes.proscenium.cat\/wp-content\/uploads\/2025\/06\/Rectangle-27.png","datePublished":"2025-06-27T10:03:45+00:00","dateModified":"2025-07-03T10:41:24+00:00","description":"Lo llam\u00e1bamos animaci\u00f3n infantil: Jordi L\u00f3pez explica el origen de La Tresca y la Verdesca y c\u00f3mo ha evolucionado hacia la m\u00fasica familiar.","breadcrumb":{"@id":"https:\/\/revistes.proscenium.cat\/es\/jordi-lopez-lo-llamabamos-animacion-infantil\/#breadcrumb"},"inLanguage":"es","potentialAction":[{"@type":"ReadAction","target":["https:\/\/revistes.proscenium.cat\/es\/jordi-lopez-lo-llamabamos-animacion-infantil\/"]}]},{"@type":"ImageObject","inLanguage":"es","@id":"https:\/\/revistes.proscenium.cat\/es\/jordi-lopez-lo-llamabamos-animacion-infantil\/#primaryimage","url":"https:\/\/revistes.proscenium.cat\/wp-content\/uploads\/2025\/06\/Rectangle-27.png","contentUrl":"https:\/\/revistes.proscenium.cat\/wp-content\/uploads\/2025\/06\/Rectangle-27.png","width":931,"height":621,"caption":"En d\u00e8iem animaci\u00f3 infantil"},{"@type":"BreadcrumbList","@id":"https:\/\/revistes.proscenium.cat\/es\/jordi-lopez-lo-llamabamos-animacion-infantil\/#breadcrumb","itemListElement":[{"@type":"ListItem","position":1,"name":"Inici","item":"https:\/\/revistes.proscenium.cat\/es\/portada-y-sumario-2024-25\/"},{"@type":"ListItem","position":2,"name":"Lo llam\u00e1bamos animaci\u00f3n infantil"}]},{"@type":"WebSite","@id":"https:\/\/revistes.proscenium.cat\/es\/#website","url":"https:\/\/revistes.proscenium.cat\/es\/","name":"Revista Proscenium","description":"Revista d&#039;arts esc\u00e8niques","publisher":{"@id":"https:\/\/revistes.proscenium.cat\/es\/#organization"},"potentialAction":[{"@type":"SearchAction","target":{"@type":"EntryPoint","urlTemplate":"https:\/\/revistes.proscenium.cat\/es\/?s={search_term_string}"},"query-input":{"@type":"PropertyValueSpecification","valueRequired":true,"valueName":"search_term_string"}}],"inLanguage":"es"},{"@type":"Organization","@id":"https:\/\/revistes.proscenium.cat\/es\/#organization","name":"Editorial Proscenium","url":"https:\/\/revistes.proscenium.cat\/es\/","logo":{"@type":"ImageObject","inLanguage":"es","@id":"https:\/\/revistes.proscenium.cat\/es\/#\/schema\/logo\/image\/","url":"https:\/\/revistes.proscenium.cat\/wp-content\/uploads\/2023\/11\/proscenium-logo.jpg","contentUrl":"https:\/\/revistes.proscenium.cat\/wp-content\/uploads\/2023\/11\/proscenium-logo.jpg","width":400,"height":310,"caption":"Editorial Proscenium"},"image":{"@id":"https:\/\/revistes.proscenium.cat\/es\/#\/schema\/logo\/image\/"}}]}},"_links":{"self":[{"href":"https:\/\/revistes.proscenium.cat\/es\/wp-json\/wp\/v2\/pages\/3220","targetHints":{"allow":["GET"]}}],"collection":[{"href":"https:\/\/revistes.proscenium.cat\/es\/wp-json\/wp\/v2\/pages"}],"about":[{"href":"https:\/\/revistes.proscenium.cat\/es\/wp-json\/wp\/v2\/types\/page"}],"author":[{"embeddable":true,"href":"https:\/\/revistes.proscenium.cat\/es\/wp-json\/wp\/v2\/users\/1"}],"replies":[{"embeddable":true,"href":"https:\/\/revistes.proscenium.cat\/es\/wp-json\/wp\/v2\/comments?post=3220"}],"version-history":[{"count":3,"href":"https:\/\/revistes.proscenium.cat\/es\/wp-json\/wp\/v2\/pages\/3220\/revisions"}],"predecessor-version":[{"id":3440,"href":"https:\/\/revistes.proscenium.cat\/es\/wp-json\/wp\/v2\/pages\/3220\/revisions\/3440"}],"wp:featuredmedia":[{"embeddable":true,"href":"https:\/\/revistes.proscenium.cat\/es\/wp-json\/wp\/v2\/media\/3133"}],"wp:attachment":[{"href":"https:\/\/revistes.proscenium.cat\/es\/wp-json\/wp\/v2\/media?parent=3220"}],"wp:term":[{"taxonomy":"edicions","embeddable":true,"href":"https:\/\/revistes.proscenium.cat\/es\/wp-json\/wp\/v2\/edicions?post=3220"}],"curies":[{"name":"wp","href":"https:\/\/api.w.org\/{rel}","templated":true}]}}