{"version":"1.0","provider_name":"Proscenium","provider_url":"https:\/\/revistes.proscenium.cat\/es\/","author_name":"admin","author_url":"https:\/\/revistes.proscenium.cat\/es\/author\/foward_x0zqhwk6\/","title":"feria t\u00edteres lleida - Proscenium","type":"rich","width":600,"height":338,"html":"<blockquote class=\"wp-embedded-content\" data-secret=\"zHViX7lOWj\"><a href=\"https:\/\/revistes.proscenium.cat\/es\/feria-titeres-lleida\/\">feria t\u00edteres lleida<\/a><\/blockquote><iframe sandbox=\"allow-scripts\" security=\"restricted\" src=\"https:\/\/revistes.proscenium.cat\/es\/feria-titeres-lleida\/embed\/#?secret=zHViX7lOWj\" width=\"600\" height=\"338\" title=\"\u00abferia t\u00edteres lleida\u00bb \u2014 Proscenium\" data-secret=\"zHViX7lOWj\" frameborder=\"0\" marginwidth=\"0\" marginheight=\"0\" scrolling=\"no\" class=\"wp-embedded-content\"><\/iframe><script>\n\/*! This file is auto-generated *\/\n!function(d,l){\"use strict\";l.querySelector&&d.addEventListener&&\"undefined\"!=typeof URL&&(d.wp=d.wp||{},d.wp.receiveEmbedMessage||(d.wp.receiveEmbedMessage=function(e){var t=e.data;if((t||t.secret||t.message||t.value)&&!\/[^a-zA-Z0-9]\/.test(t.secret)){for(var s,r,n,a=l.querySelectorAll('iframe[data-secret=\"'+t.secret+'\"]'),o=l.querySelectorAll('blockquote[data-secret=\"'+t.secret+'\"]'),c=new RegExp(\"^https?:$\",\"i\"),i=0;i<o.length;i++)o[i].style.display=\"none\";for(i=0;i<a.length;i++)s=a[i],e.source===s.contentWindow&&(s.removeAttribute(\"style\"),\"height\"===t.message?(1e3<(r=parseInt(t.value,10))?r=1e3:~~r<200&&(r=200),s.height=r):\"link\"===t.message&&(r=new URL(s.getAttribute(\"src\")),n=new URL(t.value),c.test(n.protocol))&&n.host===r.host&&l.activeElement===s&&(d.top.location.href=t.value))}},d.addEventListener(\"message\",d.wp.receiveEmbedMessage,!1),l.addEventListener(\"DOMContentLoaded\",function(){for(var e,t,s=l.querySelectorAll(\"iframe.wp-embedded-content\"),r=0;r<s.length;r++)(t=(e=s[r]).getAttribute(\"data-secret\"))||(t=Math.random().toString(36).substring(2,12),e.src+=\"#?secret=\"+t,e.setAttribute(\"data-secret\",t)),e.contentWindow.postMessage({message:\"ready\",secret:t},\"*\")},!1)))}(window,document);\n\/\/# sourceURL=https:\/\/revistes.proscenium.cat\/wp-includes\/js\/wp-embed.min.js\n<\/script>\n","description":"EDICI\u00d3N 09 REPORTAJE FERIA T\u00cdTERES LLEIDA 2023 La Feria de T\u00edteres de El Testamento, Loco y Corpus Dani Chicano Ya son 34. Un a\u00f1o m\u00e1s ha sido una edici\u00f3n fascinante de la Feria de T\u00edteres de Lleida, la muestra m\u00e1s importante del g\u00e9nero en nuestro pa\u00eds. Recordaremos esta feria por la inauguraci\u00f3n, las ShortStories del [&hellip;]"}